{"id":3915,"date":"2023-04-18T17:26:39","date_gmt":"2023-04-18T15:26:39","guid":{"rendered":"https:\/\/brocoli-agency.fr\/interkultur\/all-visits\/"},"modified":"2024-02-16T18:18:08","modified_gmt":"2024-02-16T17:18:08","slug":"all-visits","status":"publish","type":"page","link":"https:\/\/interkultur.fr\/en\/all-visits\/","title":{"rendered":"All Visits"},"content":{"rendered":"<p><div class=\"fusion-fullwidth fullwidth-box fusion-builder-row-1 fusion-flex-container hundred-percent-fullwidth non-hundred-percent-height-scrolling\" style=\"--link_hover_color: #768e20;--link_color: var(--awb-color4);--awb-border-sizes-top:0;--awb-border-sizes-bottom:0;--awb-border-sizes-left:0;--awb-border-sizes-right:0;--awb-border-color:#ffffff;--awb-border-radius-top-left:0px;--awb-border-radius-top-right:0px;--awb-border-radius-bottom-right:0px;--awb-border-radius-bottom-left:0px;--awb-padding-top:35px;--awb-padding-right:35px;--awb-padding-bottom:140px;--awb-padding-left:35px;--awb-padding-top-medium:25px;--awb-padding-right-medium:25px;--awb-padding-left-medium:25px;--awb-margin-top:0px;--awb-margin-bottom:0px;--awb-margin-bottom-medium:70px;--awb-margin-bottom-small:60px;--awb-background-color:#ffffff;--awb-flex-wrap:wrap;\" ><div class=\"fusion-builder-row fusion-row fusion-flex-align-items-center fusion-flex-justify-content-center fusion-flex-content-wrap\" style=\"width:104% !important;max-width:104% !important;margin-left: calc(-4% \/ 2 );margin-right: calc(-4% \/ 2 );\"><div class=\"fusion-layout-column fusion_builder_column fusion-builder-column-0 fusion_builder_column_1_1 1_1 fusion-flex-column\" style=\"--awb-padding-top:10vw;--awb-padding-right:10vw;--awb-padding-bottom:10vw;--awb-padding-left:10vw;--awb-padding-top-medium:60px;--awb-padding-right-medium:60px;--awb-padding-bottom-medium:60px;--awb-padding-left-medium:60px;--awb-overflow:hidden;--awb-bg-image:linear-gradient(180deg, rgba(41,45,1,0.3) 0%,rgba(41,45,1,0.3) 100%),url(https:\/\/interkultur.fr\/wp-content\/uploads\/2024\/01\/interkultur_visite.jpg);;--awb-bg-position:center center;--awb-bg-blend:multiply;--awb-bg-size:cover;--awb-border-radius:20px 20px 20px 20px;--awb-width-large:100%;--awb-margin-top-large:0px;--awb-spacing-right-large:3.84%;--awb-margin-bottom-large:0px;--awb-spacing-left-large:3.84%;--awb-width-medium:100%;--awb-order-medium:0;--awb-spacing-right-medium:3.84%;--awb-spacing-left-medium:3.84%;--awb-width-small:100%;--awb-order-small:0;--awb-spacing-right-small:1.92%;--awb-spacing-left-small:1.92%;\"><div class=\"fusion-column-wrapper fusion-column-has-shadow fusion-flex-justify-content-flex-start fusion-content-layout-column fusion-column-has-bg-image\" data-bg-url=\"https:\/\/interkultur.fr\/wp-content\/uploads\/2024\/01\/interkultur_visite.jpg\"><div class=\"fusion-builder-row fusion-builder-row-inner fusion-row fusion-flex-align-items-center fusion-flex-justify-content-center fusion-flex-content-wrap\" style=\"width:104% !important;max-width:104% !important;margin-left: calc(-4% \/ 2 );margin-right: calc(-4% \/ 2 );\"><div class=\"fusion-layout-column fusion_builder_column_inner fusion-builder-nested-column-0 fusion_builder_column_inner_1_2 1_2 fusion-flex-column fusion-animated\" style=\"--awb-bg-size:cover;--awb-width-large:50%;--awb-margin-top-large:0px;--awb-spacing-right-large:3.84%;--awb-margin-bottom-large:0px;--awb-spacing-left-large:3.84%;--awb-width-medium:50%;--awb-order-medium:0;--awb-spacing-right-medium:3.84%;--awb-spacing-left-medium:3.84%;--awb-width-small:100%;--awb-order-small:0;--awb-spacing-right-small:1.92%;--awb-margin-bottom-small:50px;--awb-spacing-left-small:1.92%;\" data-animationType=\"fadeInUp\" data-animationDuration=\"1.3\" data-animationOffset=\"top-into-view\"><div class=\"fusion-column-wrapper fusion-column-has-shadow fusion-flex-justify-content-flex-start fusion-content-layout-column\"><div class=\"fusion-title title fusion-title-1 fusion-sep-none fusion-title-text fusion-title-size-one\" style=\"--awb-text-color:#ffffff;--awb-margin-top:0px;--awb-margin-bottom:30px;--awb-font-size:var(--awb-custom_typography_1-font-size);\"><h1 class=\"fusion-title-heading title-heading-left sm-text-align-center fusion-responsive-typography-calculated\" style=\"font-family:var(--awb-custom_typography_1-font-family);font-weight:var(--awb-custom_typography_1-font-weight);font-style:var(--awb-custom_typography_1-font-style);margin:0;letter-spacing:var(--awb-custom_typography_1-letter-spacing);text-transform:var(--awb-custom_typography_1-text-transform);font-size:1em;--fontSize:70;line-height:var(--awb-custom_typography_1-line-height);\">All Visits<\/h1><\/div><div class=\"fusion-text fusion-text-1 sm-text-align-center fusion-text-no-margin\" style=\"--awb-font-size:18px;--awb-line-height:var(--awb-typography4-line-height);--awb-letter-spacing:var(--awb-typography4-letter-spacing);--awb-text-transform:var(--awb-typography4-text-transform);--awb-text-color:rgba(255,255,255,0.9);--awb-text-font-family:var(--awb-typography4-font-family);--awb-text-font-weight:var(--awb-typography4-font-weight);--awb-text-font-style:var(--awb-typography4-font-style);\"><p>Interkultur offers tours in Paris and throughout France. Regular visits have already been scheduled, and others are to be organized with you.<br \/>\nDiscover them all!<\/p>\n<\/div><\/div><\/div><div class=\"fusion-layout-column fusion_builder_column_inner fusion-builder-nested-column-1 fusion_builder_column_inner_1_2 1_2 fusion-flex-column fusion-animated\" style=\"--awb-bg-size:cover;--awb-width-large:50%;--awb-margin-top-large:0px;--awb-spacing-right-large:3.84%;--awb-margin-bottom-large:0px;--awb-spacing-left-large:3.84%;--awb-width-medium:50%;--awb-order-medium:0;--awb-spacing-right-medium:3.84%;--awb-spacing-left-medium:3.84%;--awb-width-small:100%;--awb-order-small:0;--awb-spacing-right-small:1.92%;--awb-spacing-left-small:1.92%;\" data-animationType=\"fadeIn\" data-animationDuration=\"1.3\" data-animationOffset=\"top-into-view\"><div class=\"fusion-column-wrapper fusion-column-has-shadow fusion-flex-justify-content-flex-start fusion-content-layout-column\"><div class=\"sm-text-align-center\" style=\"text-align:right;\"><a class=\"fusion-button button-flat fusion-button-default-size button-default fusion-button-default button-1 fusion-button-default-span \" style=\"--button_text_transform:var(--awb-custom_typography_6-text-transform);--button_font_size:18px;--button_line_height:var(--awb-custom_typography_6-line-height);--button_padding-top:20px;--button_padding-right:25px;--button_padding-bottom:20px;--button_padding-left:25px;--button_typography-letter-spacing:var(--awb-custom_typography_6-letter-spacing);--button_typography-font-family:var(--awb-custom_typography_6-font-family);--button_typography-font-weight:var(--awb-custom_typography_6-font-weight);--button_typography-font-style:var(--awb-custom_typography_6-font-style);\" target=\"_self\" data-hover=\"icon_rotate\" href=\"\/en\/events\/\"><i class=\"fa-calendar-alt fas awb-button__icon awb-button__icon--default button-icon-left\" aria-hidden=\"true\"><\/i><span class=\"fusion-button-text awb-button__text awb-button__text--default\">Periodic visits<\/span><\/a><\/div><div class=\"sm-text-align-center\" style=\"text-align:right;\"><a class=\"fusion-button button-flat fusion-button-default-size button-default fusion-button-default button-2 fusion-button-default-span \" style=\"--button_text_transform:var(--awb-custom_typography_6-text-transform);--button_font_size:18px;--button_line_height:var(--awb-custom_typography_6-line-height);--button_padding-top:20px;--button_padding-right:25px;--button_padding-bottom:20px;--button_padding-left:25px;--button_typography-letter-spacing:var(--awb-custom_typography_6-letter-spacing);--button_typography-font-family:var(--awb-custom_typography_6-font-family);--button_typography-font-weight:var(--awb-custom_typography_6-font-weight);--button_typography-font-style:var(--awb-custom_typography_6-font-style);--button_margin-top:25px;--button_margin-bottom:25px;\" target=\"_self\" data-hover=\"icon_rotate\" href=\"\/en\/categorie-produit\/visit-paris\/\"><i class=\"fa-pencil-alt fas awb-button__icon awb-button__icon--default button-icon-left\" aria-hidden=\"true\"><\/i><span class=\"fusion-button-text awb-button__text awb-button__text--default\">On request visits<\/span><\/a><\/div><div class=\"sm-text-align-center\" style=\"text-align:right;\"><a class=\"fusion-button button-flat fusion-button-default-size button-default fusion-button-default button-3 fusion-button-default-span \" style=\"--button_text_transform:var(--awb-custom_typography_6-text-transform);--button_font_size:18px;--button_line_height:var(--awb-custom_typography_6-line-height);--button_padding-top:20px;--button_padding-right:25px;--button_padding-bottom:20px;--button_padding-left:25px;--button_typography-letter-spacing:var(--awb-custom_typography_6-letter-spacing);--button_typography-font-family:var(--awb-custom_typography_6-font-family);--button_typography-font-weight:var(--awb-custom_typography_6-font-weight);--button_typography-font-style:var(--awb-custom_typography_6-font-style);\" target=\"_self\" data-hover=\"icon_rotate\" href=\"\/en\/categorie-produit\/tours-france\/\"><i class=\"fa-pencil-alt fas awb-button__icon awb-button__icon--default button-icon-left\" aria-hidden=\"true\"><\/i><span class=\"fusion-button-text awb-button__text awb-button__text--default\">Tours in France<\/span><\/a><\/div><\/div><\/div><\/div><\/div><\/div><\/div><\/div><div class=\"fusion-fullwidth fullwidth-box fusion-builder-row-2 fusion-flex-container nonhundred-percent-fullwidth non-hundred-percent-height-scrolling\" style=\"--link_hover_color: #c0c479;--awb-border-sizes-top:0px;--awb-border-sizes-bottom:0px;--awb-border-sizes-left:0px;--awb-border-sizes-right:0px;--awb-border-radius-top-left:0px;--awb-border-radius-top-right:0px;--awb-border-radius-bottom-right:0px;--awb-border-radius-bottom-left:0px;--awb-padding-top:0px;--awb-padding-right:30px;--awb-padding-bottom:30px;--awb-padding-left:30px;--awb-margin-top:0px;--awb-margin-bottom:0px;--awb-margin-bottom-medium:70px;--awb-margin-bottom-small:60px;--awb-background-color:#ffffff;--awb-flex-wrap:wrap;\" ><div class=\"fusion-builder-row fusion-row fusion-flex-align-items-stretch fusion-flex-content-wrap\" style=\"max-width:1248px;margin-left: calc(-4% \/ 2 );margin-right: calc(-4% \/ 2 );\"><div class=\"fusion-layout-column fusion_builder_column fusion-builder-column-1 fusion_builder_column_3_5 3_5 fusion-flex-column\" style=\"--awb-bg-size:cover;--awb-width-large:60%;--awb-margin-top-large:0px;--awb-spacing-right-large:3.84%;--awb-margin-bottom-large:20px;--awb-spacing-left-large:3.2%;--awb-width-medium:50%;--awb-order-medium:0;--awb-spacing-right-medium:4.608%;--awb-spacing-left-medium:3.84%;--awb-width-small:100%;--awb-order-small:0;--awb-spacing-right-small:1.92%;--awb-margin-bottom-small:35px;--awb-spacing-left-small:1.92%;\"><div class=\"fusion-column-wrapper fusion-column-has-shadow fusion-flex-justify-content-flex-start fusion-content-layout-column\"><div class=\"fusion-image-element \" style=\"--awb-caption-title-font-family:var(--h2_typography-font-family);--awb-caption-title-font-weight:var(--h2_typography-font-weight);--awb-caption-title-font-style:var(--h2_typography-font-style);--awb-caption-title-size:var(--h2_typography-font-size);--awb-caption-title-transform:var(--h2_typography-text-transform);--awb-caption-title-line-height:var(--h2_typography-line-height);--awb-caption-title-letter-spacing:var(--h2_typography-letter-spacing);\"><span class=\" fusion-imageframe imageframe-none imageframe-1 hover-type-none\" style=\"border-radius:20px;\"><img decoding=\"async\" width=\"1300\" height=\"867\" title=\"paris_interkultur-paris\" src=\"https:\/\/interkultur.fr\/wp-content\/uploads\/2024\/01\/paris_interkultur-paris.jpg\" alt class=\"img-responsive wp-image-5305\" srcset=\"https:\/\/interkultur.fr\/wp-content\/uploads\/2024\/01\/paris_interkultur-paris-200x133.jpg 200w, https:\/\/interkultur.fr\/wp-content\/uploads\/2024\/01\/paris_interkultur-paris-400x267.jpg 400w, https:\/\/interkultur.fr\/wp-content\/uploads\/2024\/01\/paris_interkultur-paris-600x400.jpg 600w, https:\/\/interkultur.fr\/wp-content\/uploads\/2024\/01\/paris_interkultur-paris-800x534.jpg 800w, https:\/\/interkultur.fr\/wp-content\/uploads\/2024\/01\/paris_interkultur-paris-1200x800.jpg 1200w, https:\/\/interkultur.fr\/wp-content\/uploads\/2024\/01\/paris_interkultur-paris.jpg 1300w\" sizes=\"(max-width: 640px) 100vw, 800px\" \/><\/span><\/div><\/div><\/div><div class=\"fusion-layout-column fusion_builder_column fusion-builder-column-2 fusion_builder_column_2_5 2_5 fusion-flex-column fusion-flex-align-self-center fusion-animated\" style=\"--awb-bg-size:cover;--awb-width-large:40%;--awb-margin-top-large:0px;--awb-spacing-right-large:4.8%;--awb-margin-bottom-large:0px;--awb-spacing-left-large:12%;--awb-width-medium:50%;--awb-order-medium:0;--awb-spacing-right-medium:3.84%;--awb-margin-bottom-medium:0px;--awb-spacing-left-medium:9.6%;--awb-width-small:100%;--awb-order-small:1;--awb-spacing-right-small:1.92%;--awb-spacing-left-small:1.92%;\" data-animationType=\"fadeInLeft\" data-animationDuration=\"1.3\" data-animationOffset=\"top-into-view\"><div class=\"fusion-column-wrapper fusion-column-has-shadow fusion-flex-justify-content-flex-start fusion-content-layout-column\"><div class=\"fusion-title title fusion-title-2 fusion-sep-none fusion-title-text fusion-title-size-div\" style=\"--awb-text-color:var(--awb-color4);--awb-margin-top:0px;--awb-margin-bottom:10px;--awb-font-size:var(--awb-custom_typography_3-font-size);\"><div class=\"fusion-title-heading title-heading-left title-heading-tag fusion-responsive-typography-calculated\" style=\"font-family:var(--awb-custom_typography_3-font-family);font-weight:var(--awb-custom_typography_3-font-weight);font-style:var(--awb-custom_typography_3-font-style);margin:0;letter-spacing:var(--awb-custom_typography_3-letter-spacing);text-transform:var(--awb-custom_typography_3-text-transform);font-size:1em;--fontSize:22;--minFontSize:22;line-height:var(--awb-custom_typography_3-line-height);\">Periodic visits<\/div><\/div><div class=\"fusion-title title fusion-title-3 fusion-sep-none fusion-title-text fusion-title-size-two\" style=\"--awb-text-color:var(--awb-color8);--awb-margin-top:0px;--awb-margin-bottom:30px;--awb-font-size:var(--awb-custom_typography_2-font-size);\"><h2 class=\"fusion-title-heading title-heading-left fusion-responsive-typography-calculated\" style=\"font-family:var(--awb-custom_typography_2-font-family);font-weight:var(--awb-custom_typography_2-font-weight);font-style:var(--awb-custom_typography_2-font-style);margin:0;letter-spacing:var(--awb-custom_typography_2-letter-spacing);text-transform:var(--awb-custom_typography_2-text-transform);font-size:1em;--fontSize:46;line-height:var(--awb-custom_typography_2-line-height);\">Paris<\/h2><\/div><div class=\"fusion-text fusion-text-2\" style=\"--awb-content-alignment:left;--awb-font-size:var(--awb-typography4-font-size);--awb-line-height:var(--awb-typography4-line-height);--awb-letter-spacing:var(--awb-typography4-letter-spacing);--awb-text-transform:var(--awb-typography4-text-transform);--awb-text-color:var(--awb-color7);--awb-margin-right:15%;--awb-text-font-family:var(--awb-typography4-font-family);--awb-text-font-weight:var(--awb-typography4-font-weight);--awb-text-font-style:var(--awb-typography4-font-style);\"><p>Visits are already scheduled.<br \/>\nAll you have to do is buy a ticket!<\/p>\n<\/div><\/div><\/div><\/div><\/div><div class=\"fusion-fullwidth fullwidth-box fusion-builder-row-3 fusion-flex-container nonhundred-percent-fullwidth non-hundred-percent-height-scrolling\" style=\"--link_hover_color: #c0c479;--awb-border-sizes-top:0px;--awb-border-sizes-bottom:0px;--awb-border-sizes-left:0px;--awb-border-sizes-right:0px;--awb-border-radius-top-left:0px;--awb-border-radius-top-right:0px;--awb-border-radius-bottom-right:0px;--awb-border-radius-bottom-left:0px;--awb-padding-top:0px;--awb-padding-right:30px;--awb-padding-bottom:80px;--awb-padding-left:30px;--awb-margin-top:0px;--awb-margin-bottom:0px;--awb-margin-bottom-medium:70px;--awb-margin-bottom-small:60px;--awb-background-color:#ffffff;--awb-flex-wrap:wrap;\" ><div class=\"fusion-builder-row fusion-row fusion-flex-align-items-stretch fusion-flex-content-wrap\" style=\"max-width:1248px;margin-left: calc(-4% \/ 2 );margin-right: calc(-4% \/ 2 );\"><div class=\"fusion-layout-column fusion_builder_column fusion-builder-column-3 fusion_builder_column_1_1 1_1 fusion-flex-column\" style=\"--awb-bg-size:cover;--awb-width-large:100%;--awb-margin-top-large:0px;--awb-spacing-right-large:1.92%;--awb-margin-bottom-large:70px;--awb-spacing-left-large:1.92%;--awb-width-medium:100%;--awb-order-medium:0;--awb-spacing-right-medium:1.92%;--awb-margin-bottom-medium:70px;--awb-spacing-left-medium:1.92%;--awb-width-small:100%;--awb-order-small:0;--awb-spacing-right-small:1.92%;--awb-margin-bottom-small:60px;--awb-spacing-left-small:1.92%;\"><div class=\"fusion-column-wrapper fusion-column-has-shadow fusion-flex-justify-content-flex-start fusion-content-layout-column\"><div\n\t class=\"tribe-common tribe-events tribe-events-view tribe-events-view--month alignwide tribe-events-view--shortcode tribe-events-view--shortcode-394bcbf2\" \tdata-js=\"tribe-events-view\"\n\tdata-view-rest-url=\"https:\/\/interkultur.fr\/en\/wp-json\/tribe\/views\/v2\/html\"\n\tdata-view-rest-method=\"GET\"\n\tdata-view-manage-url=\"\"\n\t\t\tdata-view-shortcode=\"394bcbf2\"\n\t\t\t\tdata-view-breakpoint-pointer=\"8174c614-c615-44a0-9e38-f73e17bcdc59\"\n\t>\n\t<section class=\"tribe-common-l-container tribe-events-l-container\">\n\t\t<div\n\tclass=\"tribe-events-view-loader tribe-common-a11y-hidden\"\n\trole=\"alert\"\n\taria-live=\"polite\"\n>\n\t<span class=\"tribe-events-view-loader__text tribe-common-a11y-visual-hide\">\n\t\t35 events found.\t<\/span>\n\t<div class=\"tribe-events-view-loader__dots tribe-common-c-loader\">\n\t\t<svg\n\t class=\"tribe-common-c-svgicon tribe-common-c-svgicon--dot tribe-common-c-loader__dot tribe-common-c-loader__dot--first\" \taria-hidden=\"true\"\n\tviewBox=\"0 0 15 15\"\n\txmlns=\"http:\/\/www.w3.org\/2000\/svg\"\n>\n\t<circle cx=\"7.5\" cy=\"7.5\" r=\"7.5\"\/>\n<\/svg>\n\t\t<svg\n\t class=\"tribe-common-c-svgicon tribe-common-c-svgicon--dot tribe-common-c-loader__dot tribe-common-c-loader__dot--second\" \taria-hidden=\"true\"\n\tviewBox=\"0 0 15 15\"\n\txmlns=\"http:\/\/www.w3.org\/2000\/svg\"\n>\n\t<circle cx=\"7.5\" cy=\"7.5\" r=\"7.5\"\/>\n<\/svg>\n\t\t<svg\n\t class=\"tribe-common-c-svgicon tribe-common-c-svgicon--dot tribe-common-c-loader__dot tribe-common-c-loader__dot--third\" \taria-hidden=\"true\"\n\tviewBox=\"0 0 15 15\"\n\txmlns=\"http:\/\/www.w3.org\/2000\/svg\"\n>\n\t<circle cx=\"7.5\" cy=\"7.5\" r=\"7.5\"\/>\n<\/svg>\n\t<\/div>\n<\/div>\n\n\t\t<script type=\"application\/ld+json\">\r\n[{\"@context\":\"http:\/\/schema.org\",\"@type\":\"Event\",\"name\":\"Occupation and Liberation of Paris Mar\/30\/2026\",\"description\":\"\",\"image\":\"https:\/\/interkultur.fr\/wp-content\/uploads\/2023\/12\/e0.jpg\",\"url\":\"https:\/\/interkultur.fr\/en\/event\/occupation-and-liberation-of-paris-mar-30-2026\/\",\"offers\":[{\"@type\":\"Offer\",\"url\":\"https:\/\/interkultur.fr\/en\/event\/occupation-and-liberation-of-paris-mar-30-2026\/\",\"price\":\"50\",\"category\":\"primary\",\"availability\":\"InStock\",\"priceCurrency\":\"USD\",\"validFrom\":\"2024-03-01T00:00:00+00:00\",\"validThrough\":\"2026-03-30T00:00:00+00:00\"}],\"eventAttendanceMode\":\"https:\/\/schema.org\/OfflineEventAttendanceMode\",\"eventStatus\":\"https:\/\/schema.org\/EventScheduled\",\"startDate\":\"2026-03-30T10:30:00+02:00\",\"endDate\":\"2026-03-30T12:30:00+02:00\",\"location\":{\"@type\":\"Place\",\"name\":\"Outside paradox Museum\",\"description\":\"\",\"url\":\"https:\/\/interkultur.fr\/en\/venue\/outside-paradox-museum\/\",\"address\":{\"@type\":\"PostalAddress\",\"streetAddress\":\"38, Bd des Italiens\",\"addressLocality\":\"Paris\",\"postalCode\":\"75009\",\"addressCountry\":\"France\"},\"telephone\":\"\",\"sameAs\":\"\"},\"organizer\":{\"@type\":\"Person\",\"name\":\"Interkultur Paris\",\"description\":\"\",\"url\":\"\",\"telephone\":\"\",\"email\":\"c&#111;n&#116;&#97;&#99;&#116;&#64;in&#116;&#101;r&#107;ul&#116;u&#114;.&#102;r\",\"sameAs\":\"\"},\"performer\":\"Organization\"},{\"@context\":\"http:\/\/schema.org\",\"@type\":\"Event\",\"name\":\"Passages and Galeries &#8211; Apr\/01\/2026\",\"description\":\"&lt;p&gt;Where can you experience what Paris was like before Haussmann  [...]&lt;\/p&gt;\\\\n\",\"image\":\"https:\/\/interkultur.fr\/wp-content\/uploads\/2024\/02\/Passage-du-Grand-Cerf.jpg\",\"url\":\"https:\/\/interkultur.fr\/en\/event\/passages-and-galeries-apr-01-2026\/\",\"offers\":[{\"@type\":\"Offer\",\"url\":\"https:\/\/interkultur.fr\/en\/event\/passages-and-galeries-apr-01-2026\/\",\"price\":\"50\",\"category\":\"primary\",\"availability\":\"LimitedAvailability\",\"priceCurrency\":\"USD\",\"validFrom\":\"2024-08-01T00:00:00+00:00\",\"validThrough\":\"2026-04-01T00:00:00+00:00\"}],\"eventAttendanceMode\":\"https:\/\/schema.org\/OfflineEventAttendanceMode\",\"eventStatus\":\"https:\/\/schema.org\/EventScheduled\",\"startDate\":\"2026-04-01T14:00:00+02:00\",\"endDate\":\"2026-04-01T16:00:00+02:00\",\"location\":{\"@type\":\"Place\",\"name\":\"Outside Grands Boulevards metro station exit 1\",\"description\":\"\",\"url\":\"https:\/\/interkultur.fr\/en\/venue\/outside-grands-boulevards-metro-station-exit-1\/\",\"address\":{\"@type\":\"PostalAddress\",\"streetAddress\":\"32, Boulevard Poissonni\\u00e8re\",\"addressLocality\":\"Paris\",\"postalCode\":\"75009\",\"addressCountry\":\"France\"},\"telephone\":\"\",\"sameAs\":\"\"},\"organizer\":{\"@type\":\"Person\",\"name\":\"Interkultur Paris\",\"description\":\"\",\"url\":\"\",\"telephone\":\"\",\"email\":\"&#99;o&#110;&#116;&#97;&#99;t&#64;&#105;nt&#101;rk&#117;&#108;t&#117;r.fr\",\"sameAs\":\"\"},\"performer\":\"Organization\"},{\"@context\":\"http:\/\/schema.org\",\"@type\":\"Event\",\"name\":\"The Jewish Marais &#8211; Apr\/03\/2026\",\"description\":\"&lt;p&gt;Historical walk into the most emblematic Jewish quarter of Paris  [...]&lt;\/p&gt;\\\\n\",\"image\":\"https:\/\/interkultur.fr\/wp-content\/uploads\/2025\/02\/Synagogue-facade-scaled.jpg\",\"url\":\"https:\/\/interkultur.fr\/en\/event\/the-jewish-marais-apr-04-2026\/\",\"offers\":[{\"@type\":\"Offer\",\"url\":\"https:\/\/interkultur.fr\/en\/event\/the-jewish-marais-apr-04-2026\/\",\"price\":\"50\",\"category\":\"primary\",\"availability\":\"LimitedAvailability\",\"priceCurrency\":\"USD\",\"validFrom\":\"2024-01-01T00:00:00+00:00\",\"validThrough\":\"2026-04-03T00:00:00+00:00\"}],\"eventAttendanceMode\":\"https:\/\/schema.org\/OfflineEventAttendanceMode\",\"eventStatus\":\"https:\/\/schema.org\/EventScheduled\",\"startDate\":\"2026-04-03T10:30:00+02:00\",\"endDate\":\"2026-04-03T12:30:00+02:00\",\"location\":{\"@type\":\"Place\",\"name\":\"Exit metro Saint Paul\",\"description\":\"\",\"url\":\"https:\/\/interkultur.fr\/en\/venue\/exit-metro-saint-paul\/\",\"address\":{\"@type\":\"PostalAddress\",\"streetAddress\":\"133, rue Saint Antoine\",\"addressLocality\":\"Paris\",\"postalCode\":\"75004\",\"addressCountry\":\"France\"},\"telephone\":\"\",\"sameAs\":\"\"},\"organizer\":{\"@type\":\"Person\",\"name\":\"Interkultur Paris\",\"description\":\"\",\"url\":\"\",\"telephone\":\"\",\"email\":\"&#99;o&#110;&#116;ac&#116;&#64;i&#110;&#116;&#101;&#114;k&#117;&#108;t&#117;r.&#102;&#114;\",\"sameAs\":\"\"},\"performer\":\"Organization\"},{\"@context\":\"http:\/\/schema.org\",\"@type\":\"Event\",\"name\":\"Vintage shops fun walk\",\"description\":\"&lt;p&gt;&nbsp; Step into the vibrant world of vintage fashion with  [...]&lt;\/p&gt;\\\\n\",\"image\":\"https:\/\/interkultur.fr\/wp-content\/uploads\/2024\/10\/vintage-shop-collage.png\",\"url\":\"https:\/\/interkultur.fr\/en\/event\/vintage-shops-fun-walk\/\",\"offers\":[{\"@type\":\"Offer\",\"url\":\"https:\/\/interkultur.fr\/en\/event\/vintage-shops-fun-walk\/\",\"price\":\"60\",\"category\":\"primary\",\"availability\":\"InStock\",\"priceCurrency\":\"USD\",\"validFrom\":\"2024-08-01T00:00:00+00:00\",\"validThrough\":\"2026-04-03T00:00:00+00:00\"}],\"eventAttendanceMode\":\"https:\/\/schema.org\/OfflineEventAttendanceMode\",\"eventStatus\":\"https:\/\/schema.org\/EventScheduled\",\"startDate\":\"2026-04-03T14:00:00+02:00\",\"endDate\":\"2026-04-03T16:00:00+02:00\",\"organizer\":{\"@type\":\"Person\",\"name\":\"Interkultur Paris\",\"description\":\"\",\"url\":\"\",\"telephone\":\"\",\"email\":\"c&#111;&#110;tact&#64;&#105;nte&#114;&#107;ultu&#114;&#46;f&#114;\",\"sameAs\":\"\"},\"performer\":\"Organization\"},{\"@context\":\"http:\/\/schema.org\",\"@type\":\"Event\",\"name\":\"Occupation and Liberation of Paris Apr\/06\/2026\",\"description\":\"\",\"image\":\"https:\/\/interkultur.fr\/wp-content\/uploads\/2023\/12\/e0.jpg\",\"url\":\"https:\/\/interkultur.fr\/en\/event\/occupation-and-liberation-of-paris-apr-06-2026\/\",\"offers\":[{\"@type\":\"Offer\",\"url\":\"https:\/\/interkultur.fr\/en\/event\/occupation-and-liberation-of-paris-apr-06-2026\/\",\"price\":\"50\",\"category\":\"primary\",\"availability\":\"InStock\",\"priceCurrency\":\"USD\",\"validFrom\":\"2024-03-01T00:00:00+00:00\",\"validThrough\":\"2026-06-15T00:00:00+00:00\"}],\"eventAttendanceMode\":\"https:\/\/schema.org\/OfflineEventAttendanceMode\",\"eventStatus\":\"https:\/\/schema.org\/EventScheduled\",\"startDate\":\"2026-04-06T10:30:00+02:00\",\"endDate\":\"2026-04-06T12:30:00+02:00\",\"location\":{\"@type\":\"Place\",\"name\":\"Outside paradox Museum\",\"description\":\"\",\"url\":\"https:\/\/interkultur.fr\/en\/venue\/outside-paradox-museum\/\",\"address\":{\"@type\":\"PostalAddress\",\"streetAddress\":\"38, Bd des Italiens\",\"addressLocality\":\"Paris\",\"postalCode\":\"75009\",\"addressCountry\":\"France\"},\"telephone\":\"\",\"sameAs\":\"\"},\"organizer\":{\"@type\":\"Person\",\"name\":\"Interkultur Paris\",\"description\":\"\",\"url\":\"\",\"telephone\":\"\",\"email\":\"&#99;ontact&#64;i&#110;&#116;e&#114;&#107;ul&#116;ur.f&#114;\",\"sameAs\":\"\"},\"performer\":\"Organization\"},{\"@context\":\"http:\/\/schema.org\",\"@type\":\"Event\",\"name\":\"Passages and Galeries &#8211; Apr\/08\/2026\",\"description\":\"&lt;p&gt;Where can you experience what Paris was like before Haussmann  [...]&lt;\/p&gt;\\\\n\",\"image\":\"https:\/\/interkultur.fr\/wp-content\/uploads\/2024\/02\/Passage-du-Grand-Cerf.jpg\",\"url\":\"https:\/\/interkultur.fr\/en\/event\/passages-and-galeries-apr-08-2026\/\",\"offers\":[{\"@type\":\"Offer\",\"url\":\"https:\/\/interkultur.fr\/en\/event\/passages-and-galeries-apr-08-2026\/\",\"price\":\"50\",\"category\":\"primary\",\"availability\":\"LimitedAvailability\",\"priceCurrency\":\"USD\",\"validFrom\":\"2024-08-01T00:00:00+00:00\",\"validThrough\":\"2026-04-08T14:00:00+00:00\"}],\"eventAttendanceMode\":\"https:\/\/schema.org\/OfflineEventAttendanceMode\",\"eventStatus\":\"https:\/\/schema.org\/EventScheduled\",\"startDate\":\"2026-04-08T14:00:00+02:00\",\"endDate\":\"2026-04-08T16:00:00+02:00\",\"location\":{\"@type\":\"Place\",\"name\":\"Outside Grands Boulevards metro station exit 1\",\"description\":\"\",\"url\":\"https:\/\/interkultur.fr\/en\/venue\/outside-grands-boulevards-metro-station-exit-1\/\",\"address\":{\"@type\":\"PostalAddress\",\"streetAddress\":\"32, Boulevard Poissonni\\u00e8re\",\"addressLocality\":\"Paris\",\"postalCode\":\"75009\",\"addressCountry\":\"France\"},\"telephone\":\"\",\"sameAs\":\"\"},\"organizer\":{\"@type\":\"Person\",\"name\":\"Interkultur Paris\",\"description\":\"\",\"url\":\"\",\"telephone\":\"\",\"email\":\"cont&#97;&#99;&#116;&#64;in&#116;er&#107;&#117;lt&#117;&#114;&#46;f&#114;\",\"sameAs\":\"\"},\"performer\":\"Organization\"},{\"@context\":\"http:\/\/schema.org\",\"@type\":\"Event\",\"name\":\"The Jewish Marais &#8211; Apr\/10\/2026\",\"description\":\"&lt;p&gt;Historical walk into the most emblematic Jewish quarter of Paris  [...]&lt;\/p&gt;\\\\n\",\"image\":\"https:\/\/interkultur.fr\/wp-content\/uploads\/2025\/02\/Synagogue-facade-scaled.jpg\",\"url\":\"https:\/\/interkultur.fr\/en\/event\/the-jewish-marais-apr-10-2026\/\",\"offers\":[{\"@type\":\"Offer\",\"url\":\"https:\/\/interkultur.fr\/en\/event\/the-jewish-marais-apr-10-2026\/\",\"price\":\"50\",\"category\":\"primary\",\"availability\":\"LimitedAvailability\",\"priceCurrency\":\"USD\",\"validFrom\":\"2024-01-01T00:00:00+00:00\",\"validThrough\":\"2026-04-10T00:00:00+00:00\"}],\"eventAttendanceMode\":\"https:\/\/schema.org\/OfflineEventAttendanceMode\",\"eventStatus\":\"https:\/\/schema.org\/EventScheduled\",\"startDate\":\"2026-04-10T10:30:00+02:00\",\"endDate\":\"2026-04-10T12:30:00+02:00\",\"location\":{\"@type\":\"Place\",\"name\":\"Exit metro Saint Paul\",\"description\":\"\",\"url\":\"https:\/\/interkultur.fr\/en\/venue\/exit-metro-saint-paul\/\",\"address\":{\"@type\":\"PostalAddress\",\"streetAddress\":\"133, rue Saint Antoine\",\"addressLocality\":\"Paris\",\"postalCode\":\"75004\",\"addressCountry\":\"France\"},\"telephone\":\"\",\"sameAs\":\"\"},\"organizer\":{\"@type\":\"Person\",\"name\":\"Interkultur Paris\",\"description\":\"\",\"url\":\"\",\"telephone\":\"\",\"email\":\"&#99;on&#116;a&#99;&#116;&#64;&#105;n&#116;er&#107;&#117;&#108;t&#117;&#114;.f&#114;\",\"sameAs\":\"\"},\"performer\":\"Organization\"},{\"@context\":\"http:\/\/schema.org\",\"@type\":\"Event\",\"name\":\"Occupation and Liberation of Paris Apr\/13\/2026\",\"description\":\"\",\"image\":\"https:\/\/interkultur.fr\/wp-content\/uploads\/2023\/12\/e0.jpg\",\"url\":\"https:\/\/interkultur.fr\/en\/event\/occupation-and-liberation-of-paris-apr-13-2026\/\",\"offers\":[{\"@type\":\"Offer\",\"url\":\"https:\/\/interkultur.fr\/en\/event\/occupation-and-liberation-of-paris-apr-13-2026\/\",\"price\":\"50\",\"category\":\"primary\",\"availability\":\"InStock\",\"priceCurrency\":\"USD\",\"validFrom\":\"2024-03-01T00:00:00+00:00\",\"validThrough\":\"2026-04-13T00:00:00+00:00\"}],\"eventAttendanceMode\":\"https:\/\/schema.org\/OfflineEventAttendanceMode\",\"eventStatus\":\"https:\/\/schema.org\/EventScheduled\",\"startDate\":\"2026-04-13T10:30:00+02:00\",\"endDate\":\"2026-04-13T12:30:00+02:00\",\"location\":{\"@type\":\"Place\",\"name\":\"Outside paradox Museum\",\"description\":\"\",\"url\":\"https:\/\/interkultur.fr\/en\/venue\/outside-paradox-museum\/\",\"address\":{\"@type\":\"PostalAddress\",\"streetAddress\":\"38, Bd des Italiens\",\"addressLocality\":\"Paris\",\"postalCode\":\"75009\",\"addressCountry\":\"France\"},\"telephone\":\"\",\"sameAs\":\"\"},\"organizer\":{\"@type\":\"Person\",\"name\":\"Interkultur Paris\",\"description\":\"\",\"url\":\"\",\"telephone\":\"\",\"email\":\"c&#111;&#110;t&#97;&#99;t&#64;int&#101;rk&#117;l&#116;u&#114;.f&#114;\",\"sameAs\":\"\"},\"performer\":\"Organization\"},{\"@context\":\"http:\/\/schema.org\",\"@type\":\"Event\",\"name\":\"Passages and Galeries &#8211; Apr\/15\/2026\",\"description\":\"&lt;p&gt;Where can you experience what Paris was like before Haussmann  [...]&lt;\/p&gt;\\\\n\",\"image\":\"https:\/\/interkultur.fr\/wp-content\/uploads\/2024\/02\/Passage-du-Grand-Cerf.jpg\",\"url\":\"https:\/\/interkultur.fr\/en\/event\/passages-and-galeries-apr-15-2026\/\",\"offers\":[{\"@type\":\"Offer\",\"url\":\"https:\/\/interkultur.fr\/en\/event\/passages-and-galeries-apr-15-2026\/\",\"price\":\"50\",\"category\":\"primary\",\"availability\":\"LimitedAvailability\",\"priceCurrency\":\"USD\",\"validFrom\":\"2024-08-01T00:00:00+00:00\",\"validThrough\":\"2026-04-15T00:00:00+00:00\"}],\"eventAttendanceMode\":\"https:\/\/schema.org\/OfflineEventAttendanceMode\",\"eventStatus\":\"https:\/\/schema.org\/EventScheduled\",\"startDate\":\"2026-04-15T14:00:00+02:00\",\"endDate\":\"2026-04-15T16:00:00+02:00\",\"location\":{\"@type\":\"Place\",\"name\":\"Outside Grands Boulevards metro station exit 1\",\"description\":\"\",\"url\":\"https:\/\/interkultur.fr\/en\/venue\/outside-grands-boulevards-metro-station-exit-1\/\",\"address\":{\"@type\":\"PostalAddress\",\"streetAddress\":\"32, Boulevard Poissonni\\u00e8re\",\"addressLocality\":\"Paris\",\"postalCode\":\"75009\",\"addressCountry\":\"France\"},\"telephone\":\"\",\"sameAs\":\"\"},\"organizer\":{\"@type\":\"Person\",\"name\":\"Interkultur Paris\",\"description\":\"\",\"url\":\"\",\"telephone\":\"\",\"email\":\"con&#116;&#97;&#99;&#116;&#64;&#105;n&#116;erku&#108;&#116;&#117;r.&#102;r\",\"sameAs\":\"\"},\"performer\":\"Organization\"},{\"@context\":\"http:\/\/schema.org\",\"@type\":\"Event\",\"name\":\"The Jewish Marais &#8211; Apr\/17\/2026\",\"description\":\"&lt;p&gt;Historical walk into the most emblematic Jewish quarter of Paris  [...]&lt;\/p&gt;\\\\n\",\"image\":\"https:\/\/interkultur.fr\/wp-content\/uploads\/2025\/02\/Synagogue-facade-scaled.jpg\",\"url\":\"https:\/\/interkultur.fr\/en\/event\/the-jewish-marais-apr-17-2026\/\",\"offers\":[{\"@type\":\"Offer\",\"url\":\"https:\/\/interkultur.fr\/en\/event\/the-jewish-marais-apr-17-2026\/\",\"price\":\"50\",\"category\":\"primary\",\"availability\":\"LimitedAvailability\",\"priceCurrency\":\"USD\",\"validFrom\":\"2024-01-01T00:00:00+00:00\",\"validThrough\":\"2026-04-17T00:00:00+00:00\"}],\"eventAttendanceMode\":\"https:\/\/schema.org\/OfflineEventAttendanceMode\",\"eventStatus\":\"https:\/\/schema.org\/EventScheduled\",\"startDate\":\"2026-04-17T10:30:00+02:00\",\"endDate\":\"2026-04-17T12:30:00+02:00\",\"location\":{\"@type\":\"Place\",\"name\":\"Exit metro Saint Paul\",\"description\":\"\",\"url\":\"https:\/\/interkultur.fr\/en\/venue\/exit-metro-saint-paul\/\",\"address\":{\"@type\":\"PostalAddress\",\"streetAddress\":\"133, rue Saint Antoine\",\"addressLocality\":\"Paris\",\"postalCode\":\"75004\",\"addressCountry\":\"France\"},\"telephone\":\"\",\"sameAs\":\"\"},\"organizer\":{\"@type\":\"Person\",\"name\":\"Interkultur Paris\",\"description\":\"\",\"url\":\"\",\"telephone\":\"\",\"email\":\"cont&#97;ct&#64;inte&#114;&#107;&#117;&#108;&#116;u&#114;&#46;f&#114;\",\"sameAs\":\"\"},\"performer\":\"Organization\"},{\"@context\":\"http:\/\/schema.org\",\"@type\":\"Event\",\"name\":\"Occupation and Liberation of Paris Apr\/20\/2026\",\"description\":\"\",\"image\":\"https:\/\/interkultur.fr\/wp-content\/uploads\/2023\/12\/e0.jpg\",\"url\":\"https:\/\/interkultur.fr\/en\/event\/occupation-and-liberation-of-paris-apr-20-2026\/\",\"offers\":[{\"@type\":\"Offer\",\"url\":\"https:\/\/interkultur.fr\/en\/event\/occupation-and-liberation-of-paris-apr-20-2026\/\",\"price\":\"50\",\"category\":\"primary\",\"availability\":\"InStock\",\"priceCurrency\":\"USD\",\"validFrom\":\"2024-03-01T00:00:00+00:00\",\"validThrough\":\"2026-04-20T00:00:00+00:00\"}],\"eventAttendanceMode\":\"https:\/\/schema.org\/OfflineEventAttendanceMode\",\"eventStatus\":\"https:\/\/schema.org\/EventScheduled\",\"startDate\":\"2026-04-20T10:30:00+02:00\",\"endDate\":\"2026-04-20T12:30:00+02:00\",\"location\":{\"@type\":\"Place\",\"name\":\"Outside paradox Museum\",\"description\":\"\",\"url\":\"https:\/\/interkultur.fr\/en\/venue\/outside-paradox-museum\/\",\"address\":{\"@type\":\"PostalAddress\",\"streetAddress\":\"38, Bd des Italiens\",\"addressLocality\":\"Paris\",\"postalCode\":\"75009\",\"addressCountry\":\"France\"},\"telephone\":\"\",\"sameAs\":\"\"},\"organizer\":{\"@type\":\"Person\",\"name\":\"Interkultur Paris\",\"description\":\"\",\"url\":\"\",\"telephone\":\"\",\"email\":\"&#99;onta&#99;t&#64;&#105;&#110;&#116;&#101;&#114;&#107;&#117;l&#116;&#117;&#114;.fr\",\"sameAs\":\"\"},\"performer\":\"Organization\"},{\"@context\":\"http:\/\/schema.org\",\"@type\":\"Event\",\"name\":\"Passages and Galeries &#8211; Apr\/22\/2026\",\"description\":\"&lt;p&gt;Where can you experience what Paris was like before Haussmann  [...]&lt;\/p&gt;\\\\n\",\"image\":\"https:\/\/interkultur.fr\/wp-content\/uploads\/2024\/02\/Passage-du-Grand-Cerf.jpg\",\"url\":\"https:\/\/interkultur.fr\/en\/event\/passages-and-galeries-apr-22-2026\/\",\"offers\":[{\"@type\":\"Offer\",\"url\":\"https:\/\/interkultur.fr\/en\/event\/passages-and-galeries-apr-22-2026\/\",\"price\":\"50\",\"category\":\"primary\",\"availability\":\"LimitedAvailability\",\"priceCurrency\":\"USD\",\"validFrom\":\"2024-08-01T00:00:00+00:00\",\"validThrough\":\"2026-04-22T00:00:00+00:00\"}],\"eventAttendanceMode\":\"https:\/\/schema.org\/OfflineEventAttendanceMode\",\"eventStatus\":\"https:\/\/schema.org\/EventScheduled\",\"startDate\":\"2026-04-22T14:00:00+02:00\",\"endDate\":\"2026-04-22T16:00:00+02:00\",\"location\":{\"@type\":\"Place\",\"name\":\"Outside Grands Boulevards metro station exit 1\",\"description\":\"\",\"url\":\"https:\/\/interkultur.fr\/en\/venue\/outside-grands-boulevards-metro-station-exit-1\/\",\"address\":{\"@type\":\"PostalAddress\",\"streetAddress\":\"32, Boulevard Poissonni\\u00e8re\",\"addressLocality\":\"Paris\",\"postalCode\":\"75009\",\"addressCountry\":\"France\"},\"telephone\":\"\",\"sameAs\":\"\"},\"organizer\":{\"@type\":\"Person\",\"name\":\"Interkultur Paris\",\"description\":\"\",\"url\":\"\",\"telephone\":\"\",\"email\":\"&#99;o&#110;&#116;&#97;&#99;&#116;&#64;i&#110;te&#114;&#107;&#117;&#108;t&#117;&#114;&#46;&#102;r\",\"sameAs\":\"\"},\"performer\":\"Organization\"},{\"@context\":\"http:\/\/schema.org\",\"@type\":\"Event\",\"name\":\"The Jewish Marais &#8211; Apr\/24\/2026\",\"description\":\"&lt;p&gt;Historical walk into the most emblematic Jewish quarter of Paris  [...]&lt;\/p&gt;\\\\n\",\"image\":\"https:\/\/interkultur.fr\/wp-content\/uploads\/2025\/02\/Synagogue-facade-scaled.jpg\",\"url\":\"https:\/\/interkultur.fr\/en\/event\/the-jewish-marais-apr-24-2026\/\",\"offers\":[{\"@type\":\"Offer\",\"url\":\"https:\/\/interkultur.fr\/en\/event\/the-jewish-marais-apr-24-2026\/\",\"price\":\"50\",\"category\":\"primary\",\"availability\":\"LimitedAvailability\",\"priceCurrency\":\"USD\",\"validFrom\":\"2024-01-01T00:00:00+00:00\",\"validThrough\":\"2026-04-24T00:00:00+00:00\"}],\"eventAttendanceMode\":\"https:\/\/schema.org\/OfflineEventAttendanceMode\",\"eventStatus\":\"https:\/\/schema.org\/EventScheduled\",\"startDate\":\"2026-04-24T10:30:00+02:00\",\"endDate\":\"2026-04-24T12:30:00+02:00\",\"location\":{\"@type\":\"Place\",\"name\":\"Exit metro Saint Paul\",\"description\":\"\",\"url\":\"https:\/\/interkultur.fr\/en\/venue\/exit-metro-saint-paul\/\",\"address\":{\"@type\":\"PostalAddress\",\"streetAddress\":\"133, rue Saint Antoine\",\"addressLocality\":\"Paris\",\"postalCode\":\"75004\",\"addressCountry\":\"France\"},\"telephone\":\"\",\"sameAs\":\"\"},\"organizer\":{\"@type\":\"Person\",\"name\":\"Interkultur Paris\",\"description\":\"\",\"url\":\"\",\"telephone\":\"\",\"email\":\"&#99;o&#110;ta&#99;&#116;&#64;int&#101;r&#107;&#117;&#108;t&#117;r.&#102;&#114;\",\"sameAs\":\"\"},\"performer\":\"Organization\"},{\"@context\":\"http:\/\/schema.org\",\"@type\":\"Event\",\"name\":\"Occupation and Liberation of Paris Apr\/27\/2026\",\"description\":\"\",\"image\":\"https:\/\/interkultur.fr\/wp-content\/uploads\/2023\/12\/e0.jpg\",\"url\":\"https:\/\/interkultur.fr\/en\/event\/occupation-and-liberation-of-paris-apr-27-2026\/\",\"offers\":[{\"@type\":\"Offer\",\"url\":\"https:\/\/interkultur.fr\/en\/event\/occupation-and-liberation-of-paris-apr-27-2026\/\",\"price\":\"50\",\"category\":\"primary\",\"availability\":\"InStock\",\"priceCurrency\":\"USD\",\"validFrom\":\"2024-03-01T00:00:00+00:00\",\"validThrough\":\"2026-04-27T00:00:00+00:00\"}],\"eventAttendanceMode\":\"https:\/\/schema.org\/OfflineEventAttendanceMode\",\"eventStatus\":\"https:\/\/schema.org\/EventScheduled\",\"startDate\":\"2026-04-27T10:30:00+02:00\",\"endDate\":\"2026-04-27T12:30:00+02:00\",\"location\":{\"@type\":\"Place\",\"name\":\"Outside paradox Museum\",\"description\":\"\",\"url\":\"https:\/\/interkultur.fr\/en\/venue\/outside-paradox-museum\/\",\"address\":{\"@type\":\"PostalAddress\",\"streetAddress\":\"38, Bd des Italiens\",\"addressLocality\":\"Paris\",\"postalCode\":\"75009\",\"addressCountry\":\"France\"},\"telephone\":\"\",\"sameAs\":\"\"},\"organizer\":{\"@type\":\"Person\",\"name\":\"Interkultur Paris\",\"description\":\"\",\"url\":\"\",\"telephone\":\"\",\"email\":\"c&#111;n&#116;ac&#116;&#64;in&#116;e&#114;k&#117;l&#116;ur.fr\",\"sameAs\":\"\"},\"performer\":\"Organization\"},{\"@context\":\"http:\/\/schema.org\",\"@type\":\"Event\",\"name\":\"A day in Rouen\",\"description\":\"&lt;p&gt;A Day in Rouen Visit the capital of Normandy, with  [...]&lt;\/p&gt;\\\\n\",\"image\":\"https:\/\/interkultur.fr\/wp-content\/uploads\/2026\/03\/rouen-centre-ville-gros-horloge.webp\",\"url\":\"https:\/\/interkultur.fr\/en\/event\/a-day-in-rouen\/\",\"offers\":[{\"@type\":\"Offer\",\"url\":\"https:\/\/interkultur.fr\/en\/event\/a-day-in-rouen\/\",\"price\":\"80\",\"category\":\"primary\",\"availability\":\"InStock\",\"priceCurrency\":\"USD\",\"validFrom\":\"2026-02-26T00:00:00+00:00\",\"validThrough\":\"2026-04-28T00:00:00+00:00\"}],\"eventAttendanceMode\":\"https:\/\/schema.org\/OfflineEventAttendanceMode\",\"eventStatus\":\"https:\/\/schema.org\/EventScheduled\",\"startDate\":\"2026-04-28T09:00:00+02:00\",\"endDate\":\"2026-04-28T18:00:00+02:00\",\"location\":{\"@type\":\"Place\",\"name\":\"Gare Saint Lazare\",\"description\":\"\",\"url\":\"https:\/\/interkultur.fr\/venue\/gare-saint-lazare\/\",\"address\":{\"@type\":\"PostalAddress\",\"streetAddress\":\"Gare Saint lazare\",\"addressLocality\":\"Paris\",\"postalCode\":\"75008\",\"addressCountry\":\"France\"},\"telephone\":\"\",\"sameAs\":\"\"},\"organizer\":{\"@type\":\"Person\",\"name\":\"Interkultur Paris\",\"description\":\"\",\"url\":\"\",\"telephone\":\"\",\"email\":\"co&#110;&#116;&#97;&#99;t&#64;&#105;n&#116;er&#107;&#117;&#108;t&#117;&#114;.f&#114;\",\"sameAs\":\"\"},\"performer\":\"Organization\"},{\"@context\":\"http:\/\/schema.org\",\"@type\":\"Event\",\"name\":\"Passages and Galeries &#8211; Apr\/29\/2026\",\"description\":\"&lt;p&gt;Where can you experience what Paris was like before Haussmann  [...]&lt;\/p&gt;\\\\n\",\"image\":\"https:\/\/interkultur.fr\/wp-content\/uploads\/2024\/02\/Passage-du-Grand-Cerf.jpg\",\"url\":\"https:\/\/interkultur.fr\/en\/event\/passages-and-galeries-apr-29-2026\/\",\"offers\":[{\"@type\":\"Offer\",\"url\":\"https:\/\/interkultur.fr\/en\/event\/passages-and-galeries-apr-29-2026\/\",\"price\":\"50\",\"category\":\"primary\",\"availability\":\"LimitedAvailability\",\"priceCurrency\":\"USD\",\"validFrom\":\"2024-08-01T00:00:00+00:00\",\"validThrough\":\"2026-04-29T00:00:00+00:00\"}],\"eventAttendanceMode\":\"https:\/\/schema.org\/OfflineEventAttendanceMode\",\"eventStatus\":\"https:\/\/schema.org\/EventScheduled\",\"startDate\":\"2026-04-29T14:00:00+02:00\",\"endDate\":\"2026-04-29T16:00:00+02:00\",\"location\":{\"@type\":\"Place\",\"name\":\"Outside Grands Boulevards metro station exit 1\",\"description\":\"\",\"url\":\"https:\/\/interkultur.fr\/en\/venue\/outside-grands-boulevards-metro-station-exit-1\/\",\"address\":{\"@type\":\"PostalAddress\",\"streetAddress\":\"32, Boulevard Poissonni\\u00e8re\",\"addressLocality\":\"Paris\",\"postalCode\":\"75009\",\"addressCountry\":\"France\"},\"telephone\":\"\",\"sameAs\":\"\"},\"organizer\":{\"@type\":\"Person\",\"name\":\"Interkultur Paris\",\"description\":\"\",\"url\":\"\",\"telephone\":\"\",\"email\":\"&#99;o&#110;tact&#64;in&#116;erk&#117;ltur.&#102;r\",\"sameAs\":\"\"},\"performer\":\"Organization\"},{\"@context\":\"http:\/\/schema.org\",\"@type\":\"Event\",\"name\":\"The Jewish Marais &#8211; May\/01\/2026\",\"description\":\"&lt;p&gt;Historical walk into the most emblematic Jewish quarter of Paris  [...]&lt;\/p&gt;\\\\n\",\"image\":\"https:\/\/interkultur.fr\/wp-content\/uploads\/2025\/02\/Synagogue-facade-scaled.jpg\",\"url\":\"https:\/\/interkultur.fr\/en\/event\/the-jewish-marais-may-01-2026\/\",\"offers\":[{\"@type\":\"Offer\",\"url\":\"https:\/\/interkultur.fr\/en\/event\/the-jewish-marais-may-01-2026\/\",\"price\":\"50\",\"category\":\"primary\",\"availability\":\"LimitedAvailability\",\"priceCurrency\":\"USD\",\"validFrom\":\"2024-01-01T00:00:00+00:00\",\"validThrough\":\"2026-05-01T00:00:00+00:00\"}],\"eventAttendanceMode\":\"https:\/\/schema.org\/OfflineEventAttendanceMode\",\"eventStatus\":\"https:\/\/schema.org\/EventScheduled\",\"startDate\":\"2026-05-01T10:30:00+02:00\",\"endDate\":\"2026-05-01T12:30:00+02:00\",\"location\":{\"@type\":\"Place\",\"name\":\"Exit metro Saint Paul\",\"description\":\"\",\"url\":\"https:\/\/interkultur.fr\/en\/venue\/exit-metro-saint-paul\/\",\"address\":{\"@type\":\"PostalAddress\",\"streetAddress\":\"133, rue Saint Antoine\",\"addressLocality\":\"Paris\",\"postalCode\":\"75004\",\"addressCountry\":\"France\"},\"telephone\":\"\",\"sameAs\":\"\"},\"organizer\":{\"@type\":\"Person\",\"name\":\"Interkultur Paris\",\"description\":\"\",\"url\":\"\",\"telephone\":\"\",\"email\":\"&#99;onta&#99;&#116;&#64;&#105;n&#116;&#101;r&#107;ul&#116;&#117;&#114;.f&#114;\",\"sameAs\":\"\"},\"performer\":\"Organization\"}]\r\n<\/script>\n\t\t<script data-js=\"tribe-events-view-data\" type=\"application\/json\">\n\t{\"slug\":\"month\",\"prev_url\":\"https:\\\/\\\/interkultur.fr\\\/en\\\/events\\\/month\\\/2026-03\\\/?shortcode=394bcbf2\",\"next_url\":\"https:\\\/\\\/interkultur.fr\\\/en\\\/events\\\/month\\\/2026-05\\\/?shortcode=394bcbf2\",\"view_class\":\"Tribe\\\\Events\\\\Views\\\\V2\\\\Views\\\\Month_View\",\"view_slug\":\"month\",\"view_label\":\"Month\",\"title\":\"Events for April 2026 \\u2013 Interkultur\",\"events\":{\"2026-03-30\":[10002151],\"2026-03-31\":[],\"2026-04-01\":[10002170],\"2026-04-02\":[],\"2026-04-03\":[10001851,10002144],\"2026-04-04\":[],\"2026-04-05\":[],\"2026-04-06\":[10002152],\"2026-04-07\":[],\"2026-04-08\":[10002187],\"2026-04-09\":[],\"2026-04-10\":[10002172],\"2026-04-11\":[],\"2026-04-12\":[],\"2026-04-13\":[10002153],\"2026-04-14\":[],\"2026-04-15\":[10002186],\"2026-04-16\":[],\"2026-04-17\":[10002173],\"2026-04-18\":[],\"2026-04-19\":[],\"2026-04-20\":[10002154],\"2026-04-21\":[],\"2026-04-22\":[10002188],\"2026-04-23\":[],\"2026-04-24\":[10002174],\"2026-04-25\":[],\"2026-04-26\":[],\"2026-04-27\":[10002157],\"2026-04-28\":[10002145],\"2026-04-29\":[10002191],\"2026-04-30\":[],\"2026-05-01\":[10002175],\"2026-05-02\":[],\"2026-05-03\":[]},\"url\":\"https:\\\/\\\/interkultur.fr\\\/en\\\/events\\\/month\\\/?shortcode=394bcbf2\",\"url_event_date\":false,\"bar\":{\"keyword\":\"\",\"date\":\"\"},\"today\":\"2026-04-28 00:00:00\",\"now\":\"2026-04-28 10:34:23\",\"home_url\":\"https:\\\/\\\/interkultur.fr\\\/en\\\/\",\"rest_url\":\"https:\\\/\\\/interkultur.fr\\\/en\\\/wp-json\\\/tribe\\\/views\\\/v2\\\/html\",\"rest_method\":\"GET\",\"rest_nonce\":\"\",\"should_manage_url\":false,\"today_url\":\"https:\\\/\\\/interkultur.fr\\\/en\\\/events\\\/month\\\/?rest_route=%2Fwp%2Fv2%2Fpages%2F3915&shortcode=394bcbf2\",\"today_title\":\"Click to select the current month\",\"today_label\":\"This Month\",\"prev_label\":\"Mar\",\"next_label\":\"May\",\"date_formats\":{\"compact\":\"j\\\/n\\\/Y\",\"month_and_year_compact\":\"n\\\/Y\",\"month_and_year\":\"F Y\",\"time_range_separator\":\" - \",\"date_time_separator\":\" @ \"},\"messages\":[],\"start_of_week\":\"1\",\"header_title\":\"\",\"header_title_element\":\"h1\",\"content_title\":\"\",\"show_content_title\":false,\"breadcrumbs\":[],\"backlink\":false,\"before_events\":\"\",\"after_events\":\"\",\"display_events_bar\":true,\"disable_event_search\":false,\"live_refresh\":true,\"ical\":{\"display_link\":true,\"link\":{\"url\":\"https:\\\/\\\/interkultur.fr\\\/en\\\/events\\\/month\\\/?shortcode=394bcbf2&#038;ical=1\",\"text\":\"Export Events\",\"title\":\"Use this to share calendar data with Google Calendar, Apple iCal and other compatible apps\"}},\"container_classes\":[\"tribe-common\",\"tribe-events\",\"tribe-events-view\",\"tribe-events-view--month\",\"alignwide\",\"tribe-events-view--shortcode\",\"tribe-events-view--shortcode-394bcbf2\"],\"container_data\":{\"shortcode\":\"394bcbf2\"},\"is_past\":false,\"breakpoints\":{\"xsmall\":500,\"medium\":768,\"full\":960},\"breakpoint_pointer\":\"8174c614-c615-44a0-9e38-f73e17bcdc59\",\"is_initial_load\":false,\"public_views\":{\"list\":{\"view_class\":\"Tribe\\\\Events\\\\Views\\\\V2\\\\Views\\\\List_View\",\"view_url\":\"https:\\\/\\\/interkultur.fr\\\/en\\\/events\\\/list\\\/?shortcode=394bcbf2\",\"view_label\":\"List\",\"aria_label\":\"Display Events in List View\"},\"month\":{\"view_class\":\"Tribe\\\\Events\\\\Views\\\\V2\\\\Views\\\\Month_View\",\"view_url\":\"https:\\\/\\\/interkultur.fr\\\/en\\\/events\\\/month\\\/?shortcode=394bcbf2\",\"view_label\":\"Month\",\"aria_label\":\"Display Events in Month View\"},\"day\":{\"view_class\":\"Tribe\\\\Events\\\\Views\\\\V2\\\\Views\\\\Day_View\",\"view_url\":\"https:\\\/\\\/interkultur.fr\\\/en\\\/events\\\/today\\\/?shortcode=394bcbf2\",\"view_label\":\"Day\",\"aria_label\":\"Display Events in Day View\"}},\"show_latest_past\":true,\"past\":false,\"today_date\":\"2026-04-28\",\"grid_date\":\"2026-04-28\",\"formatted_grid_date\":\"April 2026\",\"formatted_grid_date_mobile\":\"28\\\/4\\\/2026\",\"days\":{\"2026-03-30\":{\"date\":\"2026-03-30\",\"is_start_of_week\":true,\"year_number\":\"2026\",\"month_number\":\"03\",\"day_number\":\"30\",\"events\":[10002151],\"featured_events\":[],\"multiday_events\":[],\"found_events\":1,\"more_events\":0,\"day_url\":\"https:\\\/\\\/interkultur.fr\\\/en\\\/events\\\/2026-03-30\\\/?shortcode=394bcbf2\"},\"2026-03-31\":{\"date\":\"2026-03-31\",\"is_start_of_week\":false,\"year_number\":\"2026\",\"month_number\":\"03\",\"day_number\":\"31\",\"events\":[],\"featured_events\":[],\"multiday_events\":[],\"found_events\":0,\"more_events\":0,\"day_url\":\"https:\\\/\\\/interkultur.fr\\\/en\\\/events\\\/2026-03-31\\\/?shortcode=394bcbf2\"},\"2026-04-01\":{\"date\":\"2026-04-01\",\"is_start_of_week\":false,\"year_number\":\"2026\",\"month_number\":\"04\",\"day_number\":\"1\",\"events\":[10002170],\"featured_events\":[],\"multiday_events\":[],\"found_events\":1,\"more_events\":0,\"day_url\":\"https:\\\/\\\/interkultur.fr\\\/en\\\/events\\\/2026-04-01\\\/?shortcode=394bcbf2\"},\"2026-04-02\":{\"date\":\"2026-04-02\",\"is_start_of_week\":false,\"year_number\":\"2026\",\"month_number\":\"04\",\"day_number\":\"2\",\"events\":[],\"featured_events\":[],\"multiday_events\":[],\"found_events\":0,\"more_events\":0,\"day_url\":\"https:\\\/\\\/interkultur.fr\\\/en\\\/events\\\/2026-04-02\\\/?shortcode=394bcbf2\"},\"2026-04-03\":{\"date\":\"2026-04-03\",\"is_start_of_week\":false,\"year_number\":\"2026\",\"month_number\":\"04\",\"day_number\":\"3\",\"events\":[10001851,10002144],\"featured_events\":[],\"multiday_events\":[],\"found_events\":2,\"more_events\":0,\"day_url\":\"https:\\\/\\\/interkultur.fr\\\/en\\\/events\\\/2026-04-03\\\/?shortcode=394bcbf2\"},\"2026-04-04\":{\"date\":\"2026-04-04\",\"is_start_of_week\":false,\"year_number\":\"2026\",\"month_number\":\"04\",\"day_number\":\"4\",\"events\":[],\"featured_events\":[],\"multiday_events\":[],\"found_events\":0,\"more_events\":0,\"day_url\":\"https:\\\/\\\/interkultur.fr\\\/en\\\/events\\\/2026-04-04\\\/?shortcode=394bcbf2\"},\"2026-04-05\":{\"date\":\"2026-04-05\",\"is_start_of_week\":false,\"year_number\":\"2026\",\"month_number\":\"04\",\"day_number\":\"5\",\"events\":[],\"featured_events\":[],\"multiday_events\":[],\"found_events\":0,\"more_events\":0,\"day_url\":\"https:\\\/\\\/interkultur.fr\\\/en\\\/events\\\/2026-04-05\\\/?shortcode=394bcbf2\"},\"2026-04-06\":{\"date\":\"2026-04-06\",\"is_start_of_week\":true,\"year_number\":\"2026\",\"month_number\":\"04\",\"day_number\":\"6\",\"events\":[10002152],\"featured_events\":[],\"multiday_events\":[],\"found_events\":1,\"more_events\":0,\"day_url\":\"https:\\\/\\\/interkultur.fr\\\/en\\\/events\\\/2026-04-06\\\/?shortcode=394bcbf2\"},\"2026-04-07\":{\"date\":\"2026-04-07\",\"is_start_of_week\":false,\"year_number\":\"2026\",\"month_number\":\"04\",\"day_number\":\"7\",\"events\":[],\"featured_events\":[],\"multiday_events\":[],\"found_events\":0,\"more_events\":0,\"day_url\":\"https:\\\/\\\/interkultur.fr\\\/en\\\/events\\\/2026-04-07\\\/?shortcode=394bcbf2\"},\"2026-04-08\":{\"date\":\"2026-04-08\",\"is_start_of_week\":false,\"year_number\":\"2026\",\"month_number\":\"04\",\"day_number\":\"8\",\"events\":[10002187],\"featured_events\":[],\"multiday_events\":[],\"found_events\":1,\"more_events\":0,\"day_url\":\"https:\\\/\\\/interkultur.fr\\\/en\\\/events\\\/2026-04-08\\\/?shortcode=394bcbf2\"},\"2026-04-09\":{\"date\":\"2026-04-09\",\"is_start_of_week\":false,\"year_number\":\"2026\",\"month_number\":\"04\",\"day_number\":\"9\",\"events\":[],\"featured_events\":[],\"multiday_events\":[],\"found_events\":0,\"more_events\":0,\"day_url\":\"https:\\\/\\\/interkultur.fr\\\/en\\\/events\\\/2026-04-09\\\/?shortcode=394bcbf2\"},\"2026-04-10\":{\"date\":\"2026-04-10\",\"is_start_of_week\":false,\"year_number\":\"2026\",\"month_number\":\"04\",\"day_number\":\"10\",\"events\":[10002172],\"featured_events\":[],\"multiday_events\":[],\"found_events\":1,\"more_events\":0,\"day_url\":\"https:\\\/\\\/interkultur.fr\\\/en\\\/events\\\/2026-04-10\\\/?shortcode=394bcbf2\"},\"2026-04-11\":{\"date\":\"2026-04-11\",\"is_start_of_week\":false,\"year_number\":\"2026\",\"month_number\":\"04\",\"day_number\":\"11\",\"events\":[],\"featured_events\":[],\"multiday_events\":[],\"found_events\":0,\"more_events\":0,\"day_url\":\"https:\\\/\\\/interkultur.fr\\\/en\\\/events\\\/2026-04-11\\\/?shortcode=394bcbf2\"},\"2026-04-12\":{\"date\":\"2026-04-12\",\"is_start_of_week\":false,\"year_number\":\"2026\",\"month_number\":\"04\",\"day_number\":\"12\",\"events\":[],\"featured_events\":[],\"multiday_events\":[],\"found_events\":0,\"more_events\":0,\"day_url\":\"https:\\\/\\\/interkultur.fr\\\/en\\\/events\\\/2026-04-12\\\/?shortcode=394bcbf2\"},\"2026-04-13\":{\"date\":\"2026-04-13\",\"is_start_of_week\":true,\"year_number\":\"2026\",\"month_number\":\"04\",\"day_number\":\"13\",\"events\":[10002153],\"featured_events\":[],\"multiday_events\":[],\"found_events\":1,\"more_events\":0,\"day_url\":\"https:\\\/\\\/interkultur.fr\\\/en\\\/events\\\/2026-04-13\\\/?shortcode=394bcbf2\"},\"2026-04-14\":{\"date\":\"2026-04-14\",\"is_start_of_week\":false,\"year_number\":\"2026\",\"month_number\":\"04\",\"day_number\":\"14\",\"events\":[],\"featured_events\":[],\"multiday_events\":[],\"found_events\":0,\"more_events\":0,\"day_url\":\"https:\\\/\\\/interkultur.fr\\\/en\\\/events\\\/2026-04-14\\\/?shortcode=394bcbf2\"},\"2026-04-15\":{\"date\":\"2026-04-15\",\"is_start_of_week\":false,\"year_number\":\"2026\",\"month_number\":\"04\",\"day_number\":\"15\",\"events\":[10002186],\"featured_events\":[],\"multiday_events\":[],\"found_events\":1,\"more_events\":0,\"day_url\":\"https:\\\/\\\/interkultur.fr\\\/en\\\/events\\\/2026-04-15\\\/?shortcode=394bcbf2\"},\"2026-04-16\":{\"date\":\"2026-04-16\",\"is_start_of_week\":false,\"year_number\":\"2026\",\"month_number\":\"04\",\"day_number\":\"16\",\"events\":[],\"featured_events\":[],\"multiday_events\":[],\"found_events\":0,\"more_events\":0,\"day_url\":\"https:\\\/\\\/interkultur.fr\\\/en\\\/events\\\/2026-04-16\\\/?shortcode=394bcbf2\"},\"2026-04-17\":{\"date\":\"2026-04-17\",\"is_start_of_week\":false,\"year_number\":\"2026\",\"month_number\":\"04\",\"day_number\":\"17\",\"events\":[10002173],\"featured_events\":[],\"multiday_events\":[],\"found_events\":1,\"more_events\":0,\"day_url\":\"https:\\\/\\\/interkultur.fr\\\/en\\\/events\\\/2026-04-17\\\/?shortcode=394bcbf2\"},\"2026-04-18\":{\"date\":\"2026-04-18\",\"is_start_of_week\":false,\"year_number\":\"2026\",\"month_number\":\"04\",\"day_number\":\"18\",\"events\":[],\"featured_events\":[],\"multiday_events\":[],\"found_events\":0,\"more_events\":0,\"day_url\":\"https:\\\/\\\/interkultur.fr\\\/en\\\/events\\\/2026-04-18\\\/?shortcode=394bcbf2\"},\"2026-04-19\":{\"date\":\"2026-04-19\",\"is_start_of_week\":false,\"year_number\":\"2026\",\"month_number\":\"04\",\"day_number\":\"19\",\"events\":[],\"featured_events\":[],\"multiday_events\":[],\"found_events\":0,\"more_events\":0,\"day_url\":\"https:\\\/\\\/interkultur.fr\\\/en\\\/events\\\/2026-04-19\\\/?shortcode=394bcbf2\"},\"2026-04-20\":{\"date\":\"2026-04-20\",\"is_start_of_week\":true,\"year_number\":\"2026\",\"month_number\":\"04\",\"day_number\":\"20\",\"events\":[10002154],\"featured_events\":[],\"multiday_events\":[],\"found_events\":1,\"more_events\":0,\"day_url\":\"https:\\\/\\\/interkultur.fr\\\/en\\\/events\\\/2026-04-20\\\/?shortcode=394bcbf2\"},\"2026-04-21\":{\"date\":\"2026-04-21\",\"is_start_of_week\":false,\"year_number\":\"2026\",\"month_number\":\"04\",\"day_number\":\"21\",\"events\":[],\"featured_events\":[],\"multiday_events\":[],\"found_events\":0,\"more_events\":0,\"day_url\":\"https:\\\/\\\/interkultur.fr\\\/en\\\/events\\\/2026-04-21\\\/?shortcode=394bcbf2\"},\"2026-04-22\":{\"date\":\"2026-04-22\",\"is_start_of_week\":false,\"year_number\":\"2026\",\"month_number\":\"04\",\"day_number\":\"22\",\"events\":[10002188],\"featured_events\":[],\"multiday_events\":[],\"found_events\":1,\"more_events\":0,\"day_url\":\"https:\\\/\\\/interkultur.fr\\\/en\\\/events\\\/2026-04-22\\\/?shortcode=394bcbf2\"},\"2026-04-23\":{\"date\":\"2026-04-23\",\"is_start_of_week\":false,\"year_number\":\"2026\",\"month_number\":\"04\",\"day_number\":\"23\",\"events\":[],\"featured_events\":[],\"multiday_events\":[],\"found_events\":0,\"more_events\":0,\"day_url\":\"https:\\\/\\\/interkultur.fr\\\/en\\\/events\\\/2026-04-23\\\/?shortcode=394bcbf2\"},\"2026-04-24\":{\"date\":\"2026-04-24\",\"is_start_of_week\":false,\"year_number\":\"2026\",\"month_number\":\"04\",\"day_number\":\"24\",\"events\":[10002174],\"featured_events\":[],\"multiday_events\":[],\"found_events\":1,\"more_events\":0,\"day_url\":\"https:\\\/\\\/interkultur.fr\\\/en\\\/events\\\/2026-04-24\\\/?shortcode=394bcbf2\"},\"2026-04-25\":{\"date\":\"2026-04-25\",\"is_start_of_week\":false,\"year_number\":\"2026\",\"month_number\":\"04\",\"day_number\":\"25\",\"events\":[],\"featured_events\":[],\"multiday_events\":[],\"found_events\":0,\"more_events\":0,\"day_url\":\"https:\\\/\\\/interkultur.fr\\\/en\\\/events\\\/2026-04-25\\\/?shortcode=394bcbf2\"},\"2026-04-26\":{\"date\":\"2026-04-26\",\"is_start_of_week\":false,\"year_number\":\"2026\",\"month_number\":\"04\",\"day_number\":\"26\",\"events\":[],\"featured_events\":[],\"multiday_events\":[],\"found_events\":0,\"more_events\":0,\"day_url\":\"https:\\\/\\\/interkultur.fr\\\/en\\\/events\\\/2026-04-26\\\/?shortcode=394bcbf2\"},\"2026-04-27\":{\"date\":\"2026-04-27\",\"is_start_of_week\":true,\"year_number\":\"2026\",\"month_number\":\"04\",\"day_number\":\"27\",\"events\":[10002157],\"featured_events\":[],\"multiday_events\":[],\"found_events\":1,\"more_events\":0,\"day_url\":\"https:\\\/\\\/interkultur.fr\\\/en\\\/events\\\/2026-04-27\\\/?shortcode=394bcbf2\"},\"2026-04-28\":{\"date\":\"2026-04-28\",\"is_start_of_week\":false,\"year_number\":\"2026\",\"month_number\":\"04\",\"day_number\":\"28\",\"events\":[10002145],\"featured_events\":[10002145],\"multiday_events\":[],\"found_events\":1,\"more_events\":0,\"day_url\":\"https:\\\/\\\/interkultur.fr\\\/en\\\/events\\\/2026-04-28\\\/?shortcode=394bcbf2\"},\"2026-04-29\":{\"date\":\"2026-04-29\",\"is_start_of_week\":false,\"year_number\":\"2026\",\"month_number\":\"04\",\"day_number\":\"29\",\"events\":[10002191],\"featured_events\":[],\"multiday_events\":[],\"found_events\":1,\"more_events\":0,\"day_url\":\"https:\\\/\\\/interkultur.fr\\\/en\\\/events\\\/2026-04-29\\\/?shortcode=394bcbf2\"},\"2026-04-30\":{\"date\":\"2026-04-30\",\"is_start_of_week\":false,\"year_number\":\"2026\",\"month_number\":\"04\",\"day_number\":\"30\",\"events\":[],\"featured_events\":[],\"multiday_events\":[],\"found_events\":0,\"more_events\":0,\"day_url\":\"https:\\\/\\\/interkultur.fr\\\/en\\\/events\\\/2026-04-30\\\/?shortcode=394bcbf2\"},\"2026-05-01\":{\"date\":\"2026-05-01\",\"is_start_of_week\":false,\"year_number\":\"2026\",\"month_number\":\"05\",\"day_number\":\"1\",\"events\":[10002175],\"featured_events\":[],\"multiday_events\":[],\"found_events\":1,\"more_events\":0,\"day_url\":\"https:\\\/\\\/interkultur.fr\\\/en\\\/events\\\/2026-05-01\\\/?shortcode=394bcbf2\"},\"2026-05-02\":{\"date\":\"2026-05-02\",\"is_start_of_week\":false,\"year_number\":\"2026\",\"month_number\":\"05\",\"day_number\":\"2\",\"events\":[],\"featured_events\":[],\"multiday_events\":[],\"found_events\":0,\"more_events\":0,\"day_url\":\"https:\\\/\\\/interkultur.fr\\\/en\\\/events\\\/2026-05-02\\\/?shortcode=394bcbf2\"},\"2026-05-03\":{\"date\":\"2026-05-03\",\"is_start_of_week\":false,\"year_number\":\"2026\",\"month_number\":\"05\",\"day_number\":\"3\",\"events\":[],\"featured_events\":[],\"multiday_events\":[],\"found_events\":0,\"more_events\":0,\"day_url\":\"https:\\\/\\\/interkultur.fr\\\/en\\\/events\\\/2026-05-03\\\/?shortcode=394bcbf2\"}},\"next_month\":\"5\",\"prev_month\":\"3\",\"next_rel\":\"next\",\"prev_rel\":\"prev\",\"mobile_messages\":{\"notice\":{\"no-events-in-day\":\"There are no events on this day.\"}},\"grid_start_date\":\"2026-03-30\",\"subscribe_links\":[],\"display_recurring_toggle\":false,\"_context\":{\"slug\":\"month\",\"should_manage_url\":false},\"text\":\"Loading...\",\"classes\":[\"tribe-common-c-loader__dot\",\"tribe-common-c-loader__dot--third\"]}<\/script>\n\n\t\t\n\t\t\n<header  class=\"tribe-events-header tribe-events-header--has-event-search\" >\n\t<div class=\"tribe-events-header__content-title\">\n\t<h1 class=\"screen-reader-text tec-a11y-title-hidden\">Events<\/h1><\/div>\n\n\t\n\t\n\t\n\t<div class=\"tribe-events-c-top-bar tribe-events-header__top-bar\">\n\n\t<nav class=\"tribe-events-c-top-bar__nav tribe-common-a11y-hidden\" aria-label=\"Events Pagination\">\n\t<ul class=\"tribe-events-c-top-bar__nav-list\">\n\t\t<li class=\"tribe-events-c-top-bar__nav-list-item\">\n\t<a\n\t\thref=\"https:\/\/interkultur.fr\/en\/events\/month\/2026-03\/?shortcode=394bcbf2\"\n\t\tclass=\"tribe-common-c-btn-icon tribe-common-c-btn-icon--caret-left tribe-events-c-top-bar__nav-link tribe-events-c-top-bar__nav-link--prev\"\n\t\taria-label=\"Previous month\"\n\t\ttitle=\"Previous month\"\n\t\tdata-js=\"tribe-events-view-link\"\n\t\trel=\"prev\"\n\t>\n\t\t<svg\n\t class=\"tribe-common-c-svgicon tribe-common-c-svgicon--caret-left tribe-common-c-btn-icon__icon-svg tribe-events-c-top-bar__nav-link-icon-svg\" \taria-hidden=\"true\"\n\tviewBox=\"0 0 10 16\"\n\txmlns=\"http:\/\/www.w3.org\/2000\/svg\"\n>\n\t<path d=\"M9.7 14.4l-1.5 1.5L.3 8 8.2.1l1.5 1.5L3.3 8l6.4 6.4z\"\/>\n<\/svg>\n\t<\/a>\n<\/li>\n\n\t\t<li class=\"tribe-events-c-top-bar__nav-list-item\">\n\t<a\n\t\thref=\"https:\/\/interkultur.fr\/en\/events\/month\/2026-05\/?shortcode=394bcbf2\"\n\t\tclass=\"tribe-common-c-btn-icon tribe-common-c-btn-icon--caret-right tribe-events-c-top-bar__nav-link tribe-events-c-top-bar__nav-link--next\"\n\t\taria-label=\"Next month\"\n\t\ttitle=\"Next month\"\n\t\tdata-js=\"tribe-events-view-link\"\n\t\trel=\"next\"\n\t>\n\t\t<svg\n\t class=\"tribe-common-c-svgicon tribe-common-c-svgicon--caret-right tribe-common-c-btn-icon__icon-svg tribe-events-c-top-bar__nav-link-icon-svg\" \taria-hidden=\"true\"\n\tviewBox=\"0 0 10 16\"\n\txmlns=\"http:\/\/www.w3.org\/2000\/svg\"\n>\n\t<path d=\"M.3 1.6L1.8.1 9.7 8l-7.9 7.9-1.5-1.5L6.7 8 .3 1.6z\"\/>\n<\/svg>\n\t<\/a>\n<\/li>\n\t<\/ul>\n<\/nav>\n\n\t<a\n\thref=\"https:\/\/interkultur.fr\/en\/events\/month\/?rest_route=%2Fwp%2Fv2%2Fpages%2F3915&#038;shortcode=394bcbf2\"\n\tclass=\"tribe-common-c-btn-border-small tribe-events-c-top-bar__today-button tribe-common-a11y-hidden\"\n\tdata-js=\"tribe-events-view-link\"\n\taria-description=\"Click to select the current month\"\n>\n\tThis Month<\/a>\n\n\t<div class=\"tribe-events-c-top-bar__datepicker\">\n\t<button\n\t\tclass=\"tribe-common-c-btn__clear tribe-common-h3 tribe-common-h--alt tribe-events-c-top-bar__datepicker-button\"\n\t\tdata-js=\"tribe-events-top-bar-datepicker-button\"\n\t\ttype=\"button\"\n\t\taria-description=\"Click to toggle datepicker\"\n\t>\n\t\t<time\n\t\t\tdatetime=\"2026-04\"\n\t\t\tclass=\"tribe-events-c-top-bar__datepicker-time\"\n\t\t>\n\t\t\t<span class=\"tribe-events-c-top-bar__datepicker-mobile\">\n\t\t\t\t28\/4\/2026\t\t\t<\/span>\n\t\t\t<span class=\"tribe-events-c-top-bar__datepicker-desktop tribe-common-a11y-hidden\">\n\t\t\t\tApril 2026\t\t\t<\/span>\n\t\t<\/time>\n\t\t<svg\n\t class=\"tribe-common-c-svgicon tribe-common-c-svgicon--caret-down tribe-events-c-top-bar__datepicker-button-icon-svg\" \taria-hidden=\"true\"\n\tviewBox=\"0 0 10 7\"\n\txmlns=\"http:\/\/www.w3.org\/2000\/svg\"\n>\n\t<path fill-rule=\"evenodd\" clip-rule=\"evenodd\" d=\"M1.008.609L5 4.6 8.992.61l.958.958L5 6.517.05 1.566l.958-.958z\" class=\"tribe-common-c-svgicon__svg-fill\"\/>\n<\/svg>\n\t<\/button>\n\t<label\n\t\tclass=\"tribe-events-c-top-bar__datepicker-label tribe-common-a11y-visual-hide\"\n\t\tfor=\"tribe-events-top-bar-date\"\n\t>\n\t\tSelect date.\t<\/label>\n\t<input\n\t\ttype=\"text\"\n\t\tclass=\"tribe-events-c-top-bar__datepicker-input tribe-common-a11y-visual-hide\"\n\t\tdata-js=\"tribe-events-top-bar-date\"\n\t\tid=\"tribe-events-top-bar-date\"\n\t\tname=\"tribe-events-views[tribe-bar-date]\"\n\t\tvalue=\"28\/4\/2026\"\n\t\ttabindex=\"-1\"\n\t\tautocomplete=\"off\"\n\t\treadonly=\"readonly\"\n\t\t\t\/>\n\t<div class=\"tribe-events-c-top-bar__datepicker-container\" data-js=\"tribe-events-top-bar-datepicker-container\"><\/div>\n\t<template class=\"tribe-events-c-top-bar__datepicker-template-prev-icon\">\n\t\t<svg\n\t class=\"tribe-common-c-svgicon tribe-common-c-svgicon--caret-left tribe-events-c-top-bar__datepicker-nav-icon-svg\" \taria-hidden=\"true\"\n\tviewBox=\"0 0 10 16\"\n\txmlns=\"http:\/\/www.w3.org\/2000\/svg\"\n>\n\t<path d=\"M9.7 14.4l-1.5 1.5L.3 8 8.2.1l1.5 1.5L3.3 8l6.4 6.4z\"\/>\n<\/svg>\n\t<\/template>\n\t<template class=\"tribe-events-c-top-bar__datepicker-template-next-icon\">\n\t\t<svg\n\t class=\"tribe-common-c-svgicon tribe-common-c-svgicon--caret-right tribe-events-c-top-bar__datepicker-nav-icon-svg\" \taria-hidden=\"true\"\n\tviewBox=\"0 0 10 16\"\n\txmlns=\"http:\/\/www.w3.org\/2000\/svg\"\n>\n\t<path d=\"M.3 1.6L1.8.1 9.7 8l-7.9 7.9-1.5-1.5L6.7 8 .3 1.6z\"\/>\n<\/svg>\n\t<\/template>\n<\/div>\n\n\t\n\t<div class=\"tribe-events-c-top-bar__actions tribe-common-a11y-hidden\">\n\t<\/div>\n\n<\/div>\n<\/header>\n\n\t\t\n\t\t<h2 class=\"tribe-common-a11y-visual-hide\" id=\"tribe-events-calendar-header\">\n\t\t\t\t\t\tCalendar of Events\t\t<\/h2>\n\t\t<table\n\t\t\tclass=\"tribe-events-calendar-month\"\n\t\t\tdata-js=\"tribe-events-month-grid\"\n\t\t>\n\n\t\t\t<thead class=\"tribe-events-calendar-month__header\">\n<tr>\n\t\t\t<th\n\t\t\tclass=\"tribe-events-calendar-month__header-column\"\n\t\t\tscope=\"col\"\n\t\t\tabbr=\"Mon\"\n\t\t>\n\t\t\t<div class=\"tribe-events-calendar-month__header-column-title tribe-common-b3\">\n\t\t\t\t\t<span aria-hidden=\"true\">\n\t\t\t\t\t\tM\t\t\t\t\t<\/span>\n\t\t\t\t<span class=\"screen-reader-text\">\n\t\t\t\t\t\tMonday\t\t\t\t\t<\/span>\n\t\t\t<\/div>\n\t\t<\/th>\n\t\t\t<th\n\t\t\tclass=\"tribe-events-calendar-month__header-column\"\n\t\t\tscope=\"col\"\n\t\t\tabbr=\"Tue\"\n\t\t>\n\t\t\t<div class=\"tribe-events-calendar-month__header-column-title tribe-common-b3\">\n\t\t\t\t\t<span aria-hidden=\"true\">\n\t\t\t\t\t\tT\t\t\t\t\t<\/span>\n\t\t\t\t<span class=\"screen-reader-text\">\n\t\t\t\t\t\tTuesday\t\t\t\t\t<\/span>\n\t\t\t<\/div>\n\t\t<\/th>\n\t\t\t<th\n\t\t\tclass=\"tribe-events-calendar-month__header-column\"\n\t\t\tscope=\"col\"\n\t\t\tabbr=\"Wed\"\n\t\t>\n\t\t\t<div class=\"tribe-events-calendar-month__header-column-title tribe-common-b3\">\n\t\t\t\t\t<span aria-hidden=\"true\">\n\t\t\t\t\t\tW\t\t\t\t\t<\/span>\n\t\t\t\t<span class=\"screen-reader-text\">\n\t\t\t\t\t\tWednesday\t\t\t\t\t<\/span>\n\t\t\t<\/div>\n\t\t<\/th>\n\t\t\t<th\n\t\t\tclass=\"tribe-events-calendar-month__header-column\"\n\t\t\tscope=\"col\"\n\t\t\tabbr=\"Thu\"\n\t\t>\n\t\t\t<div class=\"tribe-events-calendar-month__header-column-title tribe-common-b3\">\n\t\t\t\t\t<span aria-hidden=\"true\">\n\t\t\t\t\t\tT\t\t\t\t\t<\/span>\n\t\t\t\t<span class=\"screen-reader-text\">\n\t\t\t\t\t\tThursday\t\t\t\t\t<\/span>\n\t\t\t<\/div>\n\t\t<\/th>\n\t\t\t<th\n\t\t\tclass=\"tribe-events-calendar-month__header-column\"\n\t\t\tscope=\"col\"\n\t\t\tabbr=\"Fri\"\n\t\t>\n\t\t\t<div class=\"tribe-events-calendar-month__header-column-title tribe-common-b3\">\n\t\t\t\t\t<span aria-hidden=\"true\">\n\t\t\t\t\t\tF\t\t\t\t\t<\/span>\n\t\t\t\t<span class=\"screen-reader-text\">\n\t\t\t\t\t\tFriday\t\t\t\t\t<\/span>\n\t\t\t<\/div>\n\t\t<\/th>\n\t\t\t<th\n\t\t\tclass=\"tribe-events-calendar-month__header-column\"\n\t\t\tscope=\"col\"\n\t\t\tabbr=\"Sat\"\n\t\t>\n\t\t\t<div class=\"tribe-events-calendar-month__header-column-title tribe-common-b3\">\n\t\t\t\t\t<span aria-hidden=\"true\">\n\t\t\t\t\t\tS\t\t\t\t\t<\/span>\n\t\t\t\t<span class=\"screen-reader-text\">\n\t\t\t\t\t\tSaturday\t\t\t\t\t<\/span>\n\t\t\t<\/div>\n\t\t<\/th>\n\t\t\t<th\n\t\t\tclass=\"tribe-events-calendar-month__header-column\"\n\t\t\tscope=\"col\"\n\t\t\tabbr=\"Sun\"\n\t\t>\n\t\t\t<div class=\"tribe-events-calendar-month__header-column-title tribe-common-b3\">\n\t\t\t\t\t<span aria-hidden=\"true\">\n\t\t\t\t\t\tS\t\t\t\t\t<\/span>\n\t\t\t\t<span class=\"screen-reader-text\">\n\t\t\t\t\t\tSunday\t\t\t\t\t<\/span>\n\t\t\t<\/div>\n\t\t<\/th>\n\t<\/tr>\n<\/thead>\n\n\t\t\t\n<tbody class=\"tribe-events-calendar-month__body\">\n\t\t\t<tr class=\"tribe-events-calendar-month__week\" data-js=\"tribe-events-month-grid-row\">\n\t\t\t\n\t\t\t\t<td\n\t class=\"tribe-events-calendar-month__day tribe-events-calendar-month__day--past tribe-events-calendar-month__day--other-month tribe-events-calendar-month__day--past-month\" \taria-labelledby=\"tribe-events-calendar-day-2026-03-30\"\n\tdata-js=\"tribe-events-month-grid-cell\"\n>\n\t<button\n\taria-expanded=\"false\"\n\taria-controls=\"tribe-events-calendar-mobile-day-2026-03-30\"\n\taria-label=\"March 30, 1 event, past day\"\n\t class=\"tribe-events-calendar-month__day-cell tribe-events-calendar-month__day-cell--mobile\" \tdata-js=\"tribe-events-calendar-month-day-cell-mobile\"\n>\n\t<h3 class=\"tribe-events-calendar-month__day-date tribe-common-h6 tribe-common-h--alt\">\n\t\t<span class=\"tribe-common-a11y-visual-hide\">\n\t\t\t1 event\t\t<\/span>\n\t\t<time\n\t\t\tclass=\"tribe-events-calendar-month__day-date-daynum\"\n\t\t\tdatetime=\"2026-03-30\"\n\t\t>\n\t\t\t30\t\t<\/time>\n\t<\/h3>\n\t\n\t<span class=\"tribe-events-calendar-month__mobile-events-icon tribe-events-calendar-month__mobile-events-icon--event\" >\n\t<\/span>\n<\/button>\n\t\n<div\n\tid=\"tribe-events-calendar-day-2026-03-30\"\n\tclass=\"tribe-events-calendar-month__day-cell tribe-events-calendar-month__day-cell--desktop tribe-common-a11y-hidden\"\n>\n\t\n<h3 class=\"tribe-events-calendar-month__day-date tribe-common-h4\">\n\t<span class=\"tribe-common-a11y-visual-hide\">\n\t\t1 event,\n\t<\/span>\n\t<time\n\t\tclass=\"tribe-events-calendar-month__day-date-daynum\"\n\t\tdatetime=\"2026-03-30\"\n\t>\n\t\t\t\t\t<a\n\t\t\t\thref=\"https:\/\/interkultur.fr\/en\/events\/2026-03-30\/?shortcode=394bcbf2\"\n\t\t\t\tclass=\"tribe-events-calendar-month__day-date-link\"\n\t\t\t\tdata-js=\"tribe-events-view-link\"\n\t\t\t\taria-label=\"30 March\"\n\t\t\t>\n\t\t\t\t30\t\t\t<\/a>\n\t\t\t<\/time>\n<\/h3>\n\n\t<div class=\"tribe-events-calendar-month__events\">\n\t\t\n\t\t\n\t\n\t\n<article  class=\"tribe-events-calendar-month__calendar-event post-10002151 tribe_events type-tribe_events status-publish has-post-thumbnail hentry tribe_events_cat-periodic-visits-paris tribe_events_cat-visit-paris cat_periodic-visits-paris cat_visit-paris\" >\n\n\t\n\t<div class=\"tribe-events-calendar-month__calendar-event-details\">\n\n\t\t<div class=\"tribe-events-calendar-month__calendar-event-datetime\">\n\t\t<time datetime=\"10:30\">\n\t\t10h30\t<\/time>\n\t\t\t<span class=\"tribe-events-calendar-month__calendar-event-datetime-separator\"> - <\/span>\n\t\t<time datetime=\"12:30\">\n\t\t\t12h30\t\t<\/time>\n\t\t<\/div>\n\t\t<div class=\"tribe-events-calendar-month__calendar-event-title tribe-common-h8 tribe-common-h--alt\">\n\t<a\n\t\thref=\"https:\/\/interkultur.fr\/en\/event\/occupation-and-liberation-of-paris-mar-30-2026\/\"\n\t\ttitle=\"Occupation and Liberation of Paris Mar\/30\/2026\"\n\t\trel=\"bookmark\"\n\t\tclass=\"tribe-events-calendar-month__calendar-event-title-link tribe-common-anchor-thin\"\n\t\tdata-js=\"tribe-events-tooltip\"\n\t\tdata-tooltip-content=\"#tribe-events-tooltip-content-10002151\"\n\t\taria-describedby=\"tribe-events-tooltip-content-10002151\"\n\t>\n\t\tOccupation and Liberation of Paris Mar\/30\/2026\t<\/a>\n<\/div>\n\n\t\t<div class=\"tribe-events-calendar-month__calendar-event-tooltip-template tribe-common-a11y-hidden\">\n\t<div\n\t\tclass=\"tribe-events-calendar-month__calendar-event-tooltip\"\n\t\tid=\"tribe-events-tooltip-content-10002151\"\n\t\trole=\"tooltip\"\n\t>\n\t\t<div class=\"tribe-events-calendar-month__calendar-event-tooltip-featured-image-wrapper\">\n\t<img\n\t\tclass=\"tribe-events-calendar-month__calendar-event-tooltip-featured-image\"\n\t\tsrc=\"https:\/\/interkultur.fr\/wp-content\/uploads\/2023\/12\/e0.jpg\"\n\t\t\t\t\tsrcset=\"https:\/\/interkultur.fr\/wp-content\/uploads\/2023\/12\/e0-200x134.jpg 200w, https:\/\/interkultur.fr\/wp-content\/uploads\/2023\/12\/e0-300x200.jpg 300w, https:\/\/interkultur.fr\/wp-content\/uploads\/2023\/12\/e0-400x267.jpg 400w, https:\/\/interkultur.fr\/wp-content\/uploads\/2023\/12\/e0-600x401.jpg 600w, https:\/\/interkultur.fr\/wp-content\/uploads\/2023\/12\/e0-700x467.jpg 700w, https:\/\/interkultur.fr\/wp-content\/uploads\/2023\/12\/e0.jpg 719w\"\n\t\t\t\t\t\t\talt=\"\"\n\t\t\t\/>\n<\/div>\n\t\t<div class=\"tribe-events-calendar-month__calendar-event-tooltip-datetime\">\n\t\t<time datetime=\"2026-03-30\">\n\t\t<span class=\"tribe-event-date-start\">30 March @ 10h30<\/span> - <span class=\"tribe-event-time\">12h30<\/span>\t<\/time>\n\t<\/div>\n\t\t<div class=\"tribe-events-calendar-month__calendar-event-tooltip-title tribe-common-h7\">\n\t<a\n\t\thref=\"https:\/\/interkultur.fr\/en\/event\/occupation-and-liberation-of-paris-mar-30-2026\/\"\n\t\ttitle=\"Occupation and Liberation of Paris Mar\/30\/2026\"\n\t\trel=\"bookmark\"\n\t\tclass=\"tribe-events-calendar-month__calendar-event-tooltip-title-link tribe-common-anchor-thin\"\n\t>\n\t\tOccupation and Liberation of Paris Mar\/30\/2026\t<\/a>\n<\/div>\n\t\t\t\t<div class=\"tribe-events-c-small-cta tribe-common-b3 tribe-events-calendar-month__calendar-event-tooltip-cost\">\n\t\t\t<span class=\"tribe-events-c-small-cta__price\">\n\t\t&#8364;50.00\t<\/span>\n<\/div>\n\t<\/div>\n<\/div>\n\n\t<\/div>\n\n<\/article>\n\n\t<\/div>\n\n\t\n<\/div>\n<\/td>\n\n\t\t\t\n\t\t\t\t<td\n\t class=\"tribe-events-calendar-month__day tribe-events-calendar-month__day--past tribe-events-calendar-month__day--other-month tribe-events-calendar-month__day--past-month\" \taria-labelledby=\"tribe-events-calendar-day-2026-03-31\"\n\tdata-js=\"tribe-events-month-grid-cell\"\n>\n\t<button\n\taria-expanded=\"false\"\n\taria-controls=\"tribe-events-calendar-mobile-day-2026-03-31\"\n\taria-label=\"March 31, 0 events, past day\"\n\t class=\"tribe-events-calendar-month__day-cell tribe-events-calendar-month__day-cell--mobile\" \tdata-js=\"tribe-events-calendar-month-day-cell-mobile\"\n>\n\t<div class=\"tribe-events-calendar-month__day-date tribe-common-h6 tribe-common-h--alt\">\n\t\t<span class=\"tribe-common-a11y-visual-hide\">\n\t\t\t0 events\t\t<\/span>\n\t\t<time\n\t\t\tclass=\"tribe-events-calendar-month__day-date-daynum\"\n\t\t\tdatetime=\"2026-03-31\"\n\t\t>\n\t\t\t31\t\t<\/time>\n\t<\/div>\n\t\n<\/button>\n\t\n<div\n\tid=\"tribe-events-calendar-day-2026-03-31\"\n\tclass=\"tribe-events-calendar-month__day-cell tribe-events-calendar-month__day-cell--desktop tribe-common-a11y-hidden\"\n>\n\t\n<div class=\"tribe-events-calendar-month__day-date tribe-common-h4\">\n\t<span class=\"tribe-common-a11y-visual-hide\">\n\t\t0 events,\n\t<\/span>\n\t<time\n\t\tclass=\"tribe-events-calendar-month__day-date-daynum\"\n\t\tdatetime=\"2026-03-31\"\n\t>\n\t\t\t\t\t31\t\t\t<\/time>\n<\/div>\n\n\t<div class=\"tribe-events-calendar-month__events\">\n\t\t\n\t\t\t<\/div>\n\n\t\n<\/div>\n<\/td>\n\n\t\t\t\n\t\t\t\t<td\n\t class=\"tribe-events-calendar-month__day tribe-events-calendar-month__day--past\" \taria-labelledby=\"tribe-events-calendar-day-2026-04-01\"\n\tdata-js=\"tribe-events-month-grid-cell\"\n>\n\t<button\n\taria-expanded=\"false\"\n\taria-controls=\"tribe-events-calendar-mobile-day-2026-04-1\"\n\taria-label=\"April 1, 1 event, past day\"\n\t class=\"tribe-events-calendar-month__day-cell tribe-events-calendar-month__day-cell--mobile\" \tdata-js=\"tribe-events-calendar-month-day-cell-mobile\"\n>\n\t<h3 class=\"tribe-events-calendar-month__day-date tribe-common-h6 tribe-common-h--alt\">\n\t\t<span class=\"tribe-common-a11y-visual-hide\">\n\t\t\t1 event\t\t<\/span>\n\t\t<time\n\t\t\tclass=\"tribe-events-calendar-month__day-date-daynum\"\n\t\t\tdatetime=\"2026-04-01\"\n\t\t>\n\t\t\t1\t\t<\/time>\n\t<\/h3>\n\t\n\t<span class=\"tribe-events-calendar-month__mobile-events-icon tribe-events-calendar-month__mobile-events-icon--event\" >\n\t<\/span>\n<\/button>\n\t\n<div\n\tid=\"tribe-events-calendar-day-2026-04-01\"\n\tclass=\"tribe-events-calendar-month__day-cell tribe-events-calendar-month__day-cell--desktop tribe-common-a11y-hidden\"\n>\n\t\n<h3 class=\"tribe-events-calendar-month__day-date tribe-common-h4\">\n\t<span class=\"tribe-common-a11y-visual-hide\">\n\t\t1 event,\n\t<\/span>\n\t<time\n\t\tclass=\"tribe-events-calendar-month__day-date-daynum\"\n\t\tdatetime=\"2026-04-01\"\n\t>\n\t\t\t\t\t<a\n\t\t\t\thref=\"https:\/\/interkultur.fr\/en\/events\/2026-04-01\/?shortcode=394bcbf2\"\n\t\t\t\tclass=\"tribe-events-calendar-month__day-date-link\"\n\t\t\t\tdata-js=\"tribe-events-view-link\"\n\t\t\t\taria-label=\"1 April\"\n\t\t\t>\n\t\t\t\t1\t\t\t<\/a>\n\t\t\t<\/time>\n<\/h3>\n\n\t<div class=\"tribe-events-calendar-month__events\">\n\t\t\n\t\t\n\t\n\t\n<article  class=\"tribe-events-calendar-month__calendar-event post-10002170 tribe_events type-tribe_events status-publish has-post-thumbnail hentry tribe_events_cat-periodic-visits-paris tribe_events_cat-visit-paris cat_periodic-visits-paris cat_visit-paris\" >\n\n\t\n\t<div class=\"tribe-events-calendar-month__calendar-event-details\">\n\n\t\t<div class=\"tribe-events-calendar-month__calendar-event-datetime\">\n\t\t<time datetime=\"14:00\">\n\t\t14h00\t<\/time>\n\t\t\t<span class=\"tribe-events-calendar-month__calendar-event-datetime-separator\"> - <\/span>\n\t\t<time datetime=\"16:00\">\n\t\t\t16h00\t\t<\/time>\n\t\t<\/div>\n\t\t<div class=\"tribe-events-calendar-month__calendar-event-title tribe-common-h8 tribe-common-h--alt\">\n\t<a\n\t\thref=\"https:\/\/interkultur.fr\/en\/event\/passages-and-galeries-apr-01-2026\/\"\n\t\ttitle=\"Passages and Galeries &#8211; Apr\/01\/2026\"\n\t\trel=\"bookmark\"\n\t\tclass=\"tribe-events-calendar-month__calendar-event-title-link tribe-common-anchor-thin\"\n\t\tdata-js=\"tribe-events-tooltip\"\n\t\tdata-tooltip-content=\"#tribe-events-tooltip-content-10002170\"\n\t\taria-describedby=\"tribe-events-tooltip-content-10002170\"\n\t>\n\t\tPassages and Galeries &#8211; Apr\/01\/2026\t<\/a>\n<\/div>\n\n\t\t<div class=\"tribe-events-calendar-month__calendar-event-tooltip-template tribe-common-a11y-hidden\">\n\t<div\n\t\tclass=\"tribe-events-calendar-month__calendar-event-tooltip\"\n\t\tid=\"tribe-events-tooltip-content-10002170\"\n\t\trole=\"tooltip\"\n\t>\n\t\t<div class=\"tribe-events-calendar-month__calendar-event-tooltip-featured-image-wrapper\">\n\t<img\n\t\tclass=\"tribe-events-calendar-month__calendar-event-tooltip-featured-image\"\n\t\tsrc=\"https:\/\/interkultur.fr\/wp-content\/uploads\/2024\/02\/Passage-du-Grand-Cerf.jpg\"\n\t\t\t\t\tsrcset=\"https:\/\/interkultur.fr\/wp-content\/uploads\/2024\/02\/Passage-du-Grand-Cerf-200x267.jpg 200w, https:\/\/interkultur.fr\/wp-content\/uploads\/2024\/02\/Passage-du-Grand-Cerf-225x300.jpg 225w, https:\/\/interkultur.fr\/wp-content\/uploads\/2024\/02\/Passage-du-Grand-Cerf-400x534.jpg 400w, https:\/\/interkultur.fr\/wp-content\/uploads\/2024\/02\/Passage-du-Grand-Cerf.jpg 509w\"\n\t\t\t\t\t\t\talt=\"\"\n\t\t\t\/>\n<\/div>\n\t\t<div class=\"tribe-events-calendar-month__calendar-event-tooltip-datetime\">\n\t\t<time datetime=\"2026-04-01\">\n\t\t<span class=\"tribe-event-date-start\">1 April @ 14h00<\/span> - <span class=\"tribe-event-time\">16h00<\/span>\t<\/time>\n\t<\/div>\n\t\t<div class=\"tribe-events-calendar-month__calendar-event-tooltip-title tribe-common-h7\">\n\t<a\n\t\thref=\"https:\/\/interkultur.fr\/en\/event\/passages-and-galeries-apr-01-2026\/\"\n\t\ttitle=\"Passages and Galeries &#8211; Apr\/01\/2026\"\n\t\trel=\"bookmark\"\n\t\tclass=\"tribe-events-calendar-month__calendar-event-tooltip-title-link tribe-common-anchor-thin\"\n\t>\n\t\tPassages and Galeries &#8211; Apr\/01\/2026\t<\/a>\n<\/div>\n\t\t<div class=\"tribe-events-calendar-month__calendar-event-tooltip-description tribe-common-b3\">\n\t<p>Where can you experience what Paris was like before Haussmann  [...]<\/p>\n<\/div>\n\t\t<div class=\"tribe-events-c-small-cta tribe-common-b3 tribe-events-calendar-month__calendar-event-tooltip-cost\">\n\t\t\t<span class=\"tribe-events-c-small-cta__price\">\n\t\t&#8364;50.00\t<\/span>\n<\/div>\n\t<\/div>\n<\/div>\n\n\t<\/div>\n\n<\/article>\n\n\t<\/div>\n\n\t\n<\/div>\n<\/td>\n\n\t\t\t\n\t\t\t\t<td\n\t class=\"tribe-events-calendar-month__day tribe-events-calendar-month__day--past\" \taria-labelledby=\"tribe-events-calendar-day-2026-04-02\"\n\tdata-js=\"tribe-events-month-grid-cell\"\n>\n\t<button\n\taria-expanded=\"false\"\n\taria-controls=\"tribe-events-calendar-mobile-day-2026-04-2\"\n\taria-label=\"April 2, 0 events, past day\"\n\t class=\"tribe-events-calendar-month__day-cell tribe-events-calendar-month__day-cell--mobile\" \tdata-js=\"tribe-events-calendar-month-day-cell-mobile\"\n>\n\t<div class=\"tribe-events-calendar-month__day-date tribe-common-h6 tribe-common-h--alt\">\n\t\t<span class=\"tribe-common-a11y-visual-hide\">\n\t\t\t0 events\t\t<\/span>\n\t\t<time\n\t\t\tclass=\"tribe-events-calendar-month__day-date-daynum\"\n\t\t\tdatetime=\"2026-04-02\"\n\t\t>\n\t\t\t2\t\t<\/time>\n\t<\/div>\n\t\n<\/button>\n\t\n<div\n\tid=\"tribe-events-calendar-day-2026-04-02\"\n\tclass=\"tribe-events-calendar-month__day-cell tribe-events-calendar-month__day-cell--desktop tribe-common-a11y-hidden\"\n>\n\t\n<div class=\"tribe-events-calendar-month__day-date tribe-common-h4\">\n\t<span class=\"tribe-common-a11y-visual-hide\">\n\t\t0 events,\n\t<\/span>\n\t<time\n\t\tclass=\"tribe-events-calendar-month__day-date-daynum\"\n\t\tdatetime=\"2026-04-02\"\n\t>\n\t\t\t\t\t2\t\t\t<\/time>\n<\/div>\n\n\t<div class=\"tribe-events-calendar-month__events\">\n\t\t\n\t\t\t<\/div>\n\n\t\n<\/div>\n<\/td>\n\n\t\t\t\n\t\t\t\t<td\n\t class=\"tribe-events-calendar-month__day tribe-events-calendar-month__day--past\" \taria-labelledby=\"tribe-events-calendar-day-2026-04-03\"\n\tdata-js=\"tribe-events-month-grid-cell\"\n>\n\t<button\n\taria-expanded=\"false\"\n\taria-controls=\"tribe-events-calendar-mobile-day-2026-04-3\"\n\taria-label=\"April 3, 2 events, past day\"\n\t class=\"tribe-events-calendar-month__day-cell tribe-events-calendar-month__day-cell--mobile\" \tdata-js=\"tribe-events-calendar-month-day-cell-mobile\"\n>\n\t<h3 class=\"tribe-events-calendar-month__day-date tribe-common-h6 tribe-common-h--alt\">\n\t\t<span class=\"tribe-common-a11y-visual-hide\">\n\t\t\t2 events\t\t<\/span>\n\t\t<time\n\t\t\tclass=\"tribe-events-calendar-month__day-date-daynum\"\n\t\t\tdatetime=\"2026-04-03\"\n\t\t>\n\t\t\t3\t\t<\/time>\n\t<\/h3>\n\t\n\t<span class=\"tribe-events-calendar-month__mobile-events-icon tribe-events-calendar-month__mobile-events-icon--event\" >\n\t<\/span>\n<\/button>\n\t\n<div\n\tid=\"tribe-events-calendar-day-2026-04-03\"\n\tclass=\"tribe-events-calendar-month__day-cell tribe-events-calendar-month__day-cell--desktop tribe-common-a11y-hidden\"\n>\n\t\n<h3 class=\"tribe-events-calendar-month__day-date tribe-common-h4\">\n\t<span class=\"tribe-common-a11y-visual-hide\">\n\t\t2 events,\n\t<\/span>\n\t<time\n\t\tclass=\"tribe-events-calendar-month__day-date-daynum\"\n\t\tdatetime=\"2026-04-03\"\n\t>\n\t\t\t\t\t<a\n\t\t\t\thref=\"https:\/\/interkultur.fr\/en\/events\/2026-04-03\/?shortcode=394bcbf2\"\n\t\t\t\tclass=\"tribe-events-calendar-month__day-date-link\"\n\t\t\t\tdata-js=\"tribe-events-view-link\"\n\t\t\t\taria-label=\"3 April\"\n\t\t\t>\n\t\t\t\t3\t\t\t<\/a>\n\t\t\t<\/time>\n<\/h3>\n\n\t<div class=\"tribe-events-calendar-month__events\">\n\t\t\n\t\t\n\t\n\t\n<article  class=\"tribe-events-calendar-month__calendar-event post-10001851 tribe_events type-tribe_events status-publish has-post-thumbnail hentry tribe_events_cat-periodic-visits-paris tribe_events_cat-visit-paris cat_periodic-visits-paris cat_visit-paris\" >\n\n\t\n\t<div class=\"tribe-events-calendar-month__calendar-event-details\">\n\n\t\t<div class=\"tribe-events-calendar-month__calendar-event-datetime\">\n\t\t<time datetime=\"10:30\">\n\t\t10h30\t<\/time>\n\t\t\t<span class=\"tribe-events-calendar-month__calendar-event-datetime-separator\"> - <\/span>\n\t\t<time datetime=\"12:30\">\n\t\t\t12h30\t\t<\/time>\n\t\t<\/div>\n\t\t<div class=\"tribe-events-calendar-month__calendar-event-title tribe-common-h8 tribe-common-h--alt\">\n\t<a\n\t\thref=\"https:\/\/interkultur.fr\/en\/event\/the-jewish-marais-apr-04-2026\/\"\n\t\ttitle=\"The Jewish Marais &#8211; Apr\/03\/2026\"\n\t\trel=\"bookmark\"\n\t\tclass=\"tribe-events-calendar-month__calendar-event-title-link tribe-common-anchor-thin\"\n\t\tdata-js=\"tribe-events-tooltip\"\n\t\tdata-tooltip-content=\"#tribe-events-tooltip-content-10001851\"\n\t\taria-describedby=\"tribe-events-tooltip-content-10001851\"\n\t>\n\t\tThe Jewish Marais &#8211; Apr\/03\/2026\t<\/a>\n<\/div>\n\n\t\t<div class=\"tribe-events-calendar-month__calendar-event-tooltip-template tribe-common-a11y-hidden\">\n\t<div\n\t\tclass=\"tribe-events-calendar-month__calendar-event-tooltip\"\n\t\tid=\"tribe-events-tooltip-content-10001851\"\n\t\trole=\"tooltip\"\n\t>\n\t\t<div class=\"tribe-events-calendar-month__calendar-event-tooltip-featured-image-wrapper\">\n\t<img\n\t\tclass=\"tribe-events-calendar-month__calendar-event-tooltip-featured-image\"\n\t\tsrc=\"https:\/\/interkultur.fr\/wp-content\/uploads\/2025\/02\/Synagogue-facade-scaled.jpg\"\n\t\t\t\t\tsrcset=\"https:\/\/interkultur.fr\/wp-content\/uploads\/2025\/02\/Synagogue-facade-200x267.jpg 200w, https:\/\/interkultur.fr\/wp-content\/uploads\/2025\/02\/Synagogue-facade-225x300.jpg 225w, https:\/\/interkultur.fr\/wp-content\/uploads\/2025\/02\/Synagogue-facade-400x533.jpg 400w, https:\/\/interkultur.fr\/wp-content\/uploads\/2025\/02\/Synagogue-facade-600x800.jpg 600w, https:\/\/interkultur.fr\/wp-content\/uploads\/2025\/02\/Synagogue-facade-700x933.jpg 700w, https:\/\/interkultur.fr\/wp-content\/uploads\/2025\/02\/Synagogue-facade-768x1024.jpg 768w, https:\/\/interkultur.fr\/wp-content\/uploads\/2025\/02\/Synagogue-facade-800x1067.jpg 800w, https:\/\/interkultur.fr\/wp-content\/uploads\/2025\/02\/Synagogue-facade-1152x1536.jpg 1152w, https:\/\/interkultur.fr\/wp-content\/uploads\/2025\/02\/Synagogue-facade-1200x1600.jpg 1200w, https:\/\/interkultur.fr\/wp-content\/uploads\/2025\/02\/Synagogue-facade-1536x2048.jpg 1536w, https:\/\/interkultur.fr\/wp-content\/uploads\/2025\/02\/Synagogue-facade-scaled.jpg 1920w\"\n\t\t\t\t\t\t\talt=\"\"\n\t\t\t\/>\n<\/div>\n\t\t<div class=\"tribe-events-calendar-month__calendar-event-tooltip-datetime\">\n\t\t<time datetime=\"2026-04-03\">\n\t\t<span class=\"tribe-event-date-start\">3 April @ 10h30<\/span> - <span class=\"tribe-event-time\">12h30<\/span>\t<\/time>\n\t<\/div>\n\t\t<div class=\"tribe-events-calendar-month__calendar-event-tooltip-title tribe-common-h7\">\n\t<a\n\t\thref=\"https:\/\/interkultur.fr\/en\/event\/the-jewish-marais-apr-04-2026\/\"\n\t\ttitle=\"The Jewish Marais &#8211; Apr\/03\/2026\"\n\t\trel=\"bookmark\"\n\t\tclass=\"tribe-events-calendar-month__calendar-event-tooltip-title-link tribe-common-anchor-thin\"\n\t>\n\t\tThe Jewish Marais &#8211; Apr\/03\/2026\t<\/a>\n<\/div>\n\t\t<div class=\"tribe-events-calendar-month__calendar-event-tooltip-description tribe-common-b3\">\n\t<p>Historical walk into the most emblematic Jewish quarter of Paris  [...]<\/p>\n<\/div>\n\t\t<div class=\"tribe-events-c-small-cta tribe-common-b3 tribe-events-calendar-month__calendar-event-tooltip-cost\">\n\t\t\t<span class=\"tribe-events-c-small-cta__price\">\n\t\t&#8364;50.00\t<\/span>\n<\/div>\n\t<\/div>\n<\/div>\n\n\t<\/div>\n\n<\/article>\n\n\t\n\t\n<article  class=\"tribe-events-calendar-month__calendar-event post-10002144 tribe_events type-tribe_events status-publish has-post-thumbnail hentry tribe_events_cat-periodic-visits-paris tribe_events_cat-visit-paris cat_periodic-visits-paris cat_visit-paris\" >\n\n\t\n\t<div class=\"tribe-events-calendar-month__calendar-event-details\">\n\n\t\t<div class=\"tribe-events-calendar-month__calendar-event-datetime\">\n\t\t<time datetime=\"14:00\">\n\t\t14h00\t<\/time>\n\t\t\t<span class=\"tribe-events-calendar-month__calendar-event-datetime-separator\"> - <\/span>\n\t\t<time datetime=\"16:00\">\n\t\t\t16h00\t\t<\/time>\n\t\t<\/div>\n\t\t<div class=\"tribe-events-calendar-month__calendar-event-title tribe-common-h8 tribe-common-h--alt\">\n\t<a\n\t\thref=\"https:\/\/interkultur.fr\/en\/event\/vintage-shops-fun-walk\/\"\n\t\ttitle=\"Vintage shops fun walk\"\n\t\trel=\"bookmark\"\n\t\tclass=\"tribe-events-calendar-month__calendar-event-title-link tribe-common-anchor-thin\"\n\t\tdata-js=\"tribe-events-tooltip\"\n\t\tdata-tooltip-content=\"#tribe-events-tooltip-content-10002144\"\n\t\taria-describedby=\"tribe-events-tooltip-content-10002144\"\n\t>\n\t\tVintage shops fun walk\t<\/a>\n<\/div>\n\n\t\t<div class=\"tribe-events-calendar-month__calendar-event-tooltip-template tribe-common-a11y-hidden\">\n\t<div\n\t\tclass=\"tribe-events-calendar-month__calendar-event-tooltip\"\n\t\tid=\"tribe-events-tooltip-content-10002144\"\n\t\trole=\"tooltip\"\n\t>\n\t\t<div class=\"tribe-events-calendar-month__calendar-event-tooltip-featured-image-wrapper\">\n\t<img\n\t\tclass=\"tribe-events-calendar-month__calendar-event-tooltip-featured-image\"\n\t\tsrc=\"https:\/\/interkultur.fr\/wp-content\/uploads\/2024\/10\/vintage-shop-collage.png\"\n\t\t\t\t\tsrcset=\"https:\/\/interkultur.fr\/wp-content\/uploads\/2024\/10\/vintage-shop-collage-200x124.png 200w, https:\/\/interkultur.fr\/wp-content\/uploads\/2024\/10\/vintage-shop-collage-300x187.png 300w, https:\/\/interkultur.fr\/wp-content\/uploads\/2024\/10\/vintage-shop-collage-400x249.png 400w, https:\/\/interkultur.fr\/wp-content\/uploads\/2024\/10\/vintage-shop-collage-600x373.png 600w, https:\/\/interkultur.fr\/wp-content\/uploads\/2024\/10\/vintage-shop-collage-700x435.png 700w, https:\/\/interkultur.fr\/wp-content\/uploads\/2024\/10\/vintage-shop-collage-768x478.png 768w, https:\/\/interkultur.fr\/wp-content\/uploads\/2024\/10\/vintage-shop-collage-800x498.png 800w, https:\/\/interkultur.fr\/wp-content\/uploads\/2024\/10\/vintage-shop-collage-1024x637.png 1024w, https:\/\/interkultur.fr\/wp-content\/uploads\/2024\/10\/vintage-shop-collage-1200x746.png 1200w, https:\/\/interkultur.fr\/wp-content\/uploads\/2024\/10\/vintage-shop-collage-1536x955.png 1536w\"\n\t\t\t\t\t\t\talt=\"\"\n\t\t\t\/>\n<\/div>\n\t\t<div class=\"tribe-events-calendar-month__calendar-event-tooltip-datetime\">\n\t\t<time datetime=\"2026-04-03\">\n\t\t<span class=\"tribe-event-date-start\">3 April @ 14h00<\/span> - <span class=\"tribe-event-time\">16h00<\/span>\t<\/time>\n\t<\/div>\n\t\t<div class=\"tribe-events-calendar-month__calendar-event-tooltip-title tribe-common-h7\">\n\t<a\n\t\thref=\"https:\/\/interkultur.fr\/en\/event\/vintage-shops-fun-walk\/\"\n\t\ttitle=\"Vintage shops fun walk\"\n\t\trel=\"bookmark\"\n\t\tclass=\"tribe-events-calendar-month__calendar-event-tooltip-title-link tribe-common-anchor-thin\"\n\t>\n\t\tVintage shops fun walk\t<\/a>\n<\/div>\n\t\t<div class=\"tribe-events-calendar-month__calendar-event-tooltip-description tribe-common-b3\">\n\t<p>&nbsp; Step into the vibrant world of vintage fashion with  [...]<\/p>\n<\/div>\n\t\t<div class=\"tribe-events-c-small-cta tribe-common-b3 tribe-events-calendar-month__calendar-event-tooltip-cost\">\n\t\t\t<span class=\"tribe-events-c-small-cta__price\">\n\t\t&#8364;30.00\t<\/span>\n<\/div>\n\t<\/div>\n<\/div>\n\n\t<\/div>\n\n<\/article>\n\n\t<\/div>\n\n\t\n<\/div>\n<\/td>\n\n\t\t\t\n\t\t\t\t<td\n\t class=\"tribe-events-calendar-month__day tribe-events-calendar-month__day--past\" \taria-labelledby=\"tribe-events-calendar-day-2026-04-04\"\n\tdata-js=\"tribe-events-month-grid-cell\"\n>\n\t<button\n\taria-expanded=\"false\"\n\taria-controls=\"tribe-events-calendar-mobile-day-2026-04-4\"\n\taria-label=\"April 4, 0 events, past day\"\n\t class=\"tribe-events-calendar-month__day-cell tribe-events-calendar-month__day-cell--mobile\" \tdata-js=\"tribe-events-calendar-month-day-cell-mobile\"\n>\n\t<div class=\"tribe-events-calendar-month__day-date tribe-common-h6 tribe-common-h--alt\">\n\t\t<span class=\"tribe-common-a11y-visual-hide\">\n\t\t\t0 events\t\t<\/span>\n\t\t<time\n\t\t\tclass=\"tribe-events-calendar-month__day-date-daynum\"\n\t\t\tdatetime=\"2026-04-04\"\n\t\t>\n\t\t\t4\t\t<\/time>\n\t<\/div>\n\t\n<\/button>\n\t\n<div\n\tid=\"tribe-events-calendar-day-2026-04-04\"\n\tclass=\"tribe-events-calendar-month__day-cell tribe-events-calendar-month__day-cell--desktop tribe-common-a11y-hidden\"\n>\n\t\n<div class=\"tribe-events-calendar-month__day-date tribe-common-h4\">\n\t<span class=\"tribe-common-a11y-visual-hide\">\n\t\t0 events,\n\t<\/span>\n\t<time\n\t\tclass=\"tribe-events-calendar-month__day-date-daynum\"\n\t\tdatetime=\"2026-04-04\"\n\t>\n\t\t\t\t\t4\t\t\t<\/time>\n<\/div>\n\n\t<div class=\"tribe-events-calendar-month__events\">\n\t\t\n\t\t\t<\/div>\n\n\t\n<\/div>\n<\/td>\n\n\t\t\t\n\t\t\t\t<td\n\t class=\"tribe-events-calendar-month__day tribe-events-calendar-month__day--past\" \taria-labelledby=\"tribe-events-calendar-day-2026-04-05\"\n\tdata-js=\"tribe-events-month-grid-cell\"\n>\n\t<button\n\taria-expanded=\"false\"\n\taria-controls=\"tribe-events-calendar-mobile-day-2026-04-5\"\n\taria-label=\"April 5, 0 events, past day\"\n\t class=\"tribe-events-calendar-month__day-cell tribe-events-calendar-month__day-cell--mobile\" \tdata-js=\"tribe-events-calendar-month-day-cell-mobile\"\n>\n\t<div class=\"tribe-events-calendar-month__day-date tribe-common-h6 tribe-common-h--alt\">\n\t\t<span class=\"tribe-common-a11y-visual-hide\">\n\t\t\t0 events\t\t<\/span>\n\t\t<time\n\t\t\tclass=\"tribe-events-calendar-month__day-date-daynum\"\n\t\t\tdatetime=\"2026-04-05\"\n\t\t>\n\t\t\t5\t\t<\/time>\n\t<\/div>\n\t\n<\/button>\n\t\n<div\n\tid=\"tribe-events-calendar-day-2026-04-05\"\n\tclass=\"tribe-events-calendar-month__day-cell tribe-events-calendar-month__day-cell--desktop tribe-common-a11y-hidden\"\n>\n\t\n<div class=\"tribe-events-calendar-month__day-date tribe-common-h4\">\n\t<span class=\"tribe-common-a11y-visual-hide\">\n\t\t0 events,\n\t<\/span>\n\t<time\n\t\tclass=\"tribe-events-calendar-month__day-date-daynum\"\n\t\tdatetime=\"2026-04-05\"\n\t>\n\t\t\t\t\t5\t\t\t<\/time>\n<\/div>\n\n\t<div class=\"tribe-events-calendar-month__events\">\n\t\t\n\t\t\t<\/div>\n\n\t\n<\/div>\n<\/td>\n\n\t\t\t\t\t<\/tr>\n\t\t\t<tr class=\"tribe-events-calendar-month__week\" data-js=\"tribe-events-month-grid-row\">\n\t\t\t\n\t\t\t\t<td\n\t class=\"tribe-events-calendar-month__day tribe-events-calendar-month__day--past\" \taria-labelledby=\"tribe-events-calendar-day-2026-04-06\"\n\tdata-js=\"tribe-events-month-grid-cell\"\n>\n\t<button\n\taria-expanded=\"false\"\n\taria-controls=\"tribe-events-calendar-mobile-day-2026-04-6\"\n\taria-label=\"April 6, 1 event, past day\"\n\t class=\"tribe-events-calendar-month__day-cell tribe-events-calendar-month__day-cell--mobile\" \tdata-js=\"tribe-events-calendar-month-day-cell-mobile\"\n>\n\t<h3 class=\"tribe-events-calendar-month__day-date tribe-common-h6 tribe-common-h--alt\">\n\t\t<span class=\"tribe-common-a11y-visual-hide\">\n\t\t\t1 event\t\t<\/span>\n\t\t<time\n\t\t\tclass=\"tribe-events-calendar-month__day-date-daynum\"\n\t\t\tdatetime=\"2026-04-06\"\n\t\t>\n\t\t\t6\t\t<\/time>\n\t<\/h3>\n\t\n\t<span class=\"tribe-events-calendar-month__mobile-events-icon tribe-events-calendar-month__mobile-events-icon--event\" >\n\t<\/span>\n<\/button>\n\t\n<div\n\tid=\"tribe-events-calendar-day-2026-04-06\"\n\tclass=\"tribe-events-calendar-month__day-cell tribe-events-calendar-month__day-cell--desktop tribe-common-a11y-hidden\"\n>\n\t\n<h3 class=\"tribe-events-calendar-month__day-date tribe-common-h4\">\n\t<span class=\"tribe-common-a11y-visual-hide\">\n\t\t1 event,\n\t<\/span>\n\t<time\n\t\tclass=\"tribe-events-calendar-month__day-date-daynum\"\n\t\tdatetime=\"2026-04-06\"\n\t>\n\t\t\t\t\t<a\n\t\t\t\thref=\"https:\/\/interkultur.fr\/en\/events\/2026-04-06\/?shortcode=394bcbf2\"\n\t\t\t\tclass=\"tribe-events-calendar-month__day-date-link\"\n\t\t\t\tdata-js=\"tribe-events-view-link\"\n\t\t\t\taria-label=\"6 April\"\n\t\t\t>\n\t\t\t\t6\t\t\t<\/a>\n\t\t\t<\/time>\n<\/h3>\n\n\t<div class=\"tribe-events-calendar-month__events\">\n\t\t\n\t\t\n\t\n\t\n<article  class=\"tribe-events-calendar-month__calendar-event post-10002152 tribe_events type-tribe_events status-publish has-post-thumbnail hentry tribe_events_cat-periodic-visits-paris tribe_events_cat-visit-paris cat_periodic-visits-paris cat_visit-paris\" >\n\n\t\n\t<div class=\"tribe-events-calendar-month__calendar-event-details\">\n\n\t\t<div class=\"tribe-events-calendar-month__calendar-event-datetime\">\n\t\t<time datetime=\"10:30\">\n\t\t10h30\t<\/time>\n\t\t\t<span class=\"tribe-events-calendar-month__calendar-event-datetime-separator\"> - <\/span>\n\t\t<time datetime=\"12:30\">\n\t\t\t12h30\t\t<\/time>\n\t\t<\/div>\n\t\t<div class=\"tribe-events-calendar-month__calendar-event-title tribe-common-h8 tribe-common-h--alt\">\n\t<a\n\t\thref=\"https:\/\/interkultur.fr\/en\/event\/occupation-and-liberation-of-paris-apr-06-2026\/\"\n\t\ttitle=\"Occupation and Liberation of Paris Apr\/06\/2026\"\n\t\trel=\"bookmark\"\n\t\tclass=\"tribe-events-calendar-month__calendar-event-title-link tribe-common-anchor-thin\"\n\t\tdata-js=\"tribe-events-tooltip\"\n\t\tdata-tooltip-content=\"#tribe-events-tooltip-content-10002152\"\n\t\taria-describedby=\"tribe-events-tooltip-content-10002152\"\n\t>\n\t\tOccupation and Liberation of Paris Apr\/06\/2026\t<\/a>\n<\/div>\n\n\t\t<div class=\"tribe-events-calendar-month__calendar-event-tooltip-template tribe-common-a11y-hidden\">\n\t<div\n\t\tclass=\"tribe-events-calendar-month__calendar-event-tooltip\"\n\t\tid=\"tribe-events-tooltip-content-10002152\"\n\t\trole=\"tooltip\"\n\t>\n\t\t<div class=\"tribe-events-calendar-month__calendar-event-tooltip-featured-image-wrapper\">\n\t<img\n\t\tclass=\"tribe-events-calendar-month__calendar-event-tooltip-featured-image\"\n\t\tsrc=\"https:\/\/interkultur.fr\/wp-content\/uploads\/2023\/12\/e0.jpg\"\n\t\t\t\t\tsrcset=\"https:\/\/interkultur.fr\/wp-content\/uploads\/2023\/12\/e0-200x134.jpg 200w, https:\/\/interkultur.fr\/wp-content\/uploads\/2023\/12\/e0-300x200.jpg 300w, https:\/\/interkultur.fr\/wp-content\/uploads\/2023\/12\/e0-400x267.jpg 400w, https:\/\/interkultur.fr\/wp-content\/uploads\/2023\/12\/e0-600x401.jpg 600w, https:\/\/interkultur.fr\/wp-content\/uploads\/2023\/12\/e0-700x467.jpg 700w, https:\/\/interkultur.fr\/wp-content\/uploads\/2023\/12\/e0.jpg 719w\"\n\t\t\t\t\t\t\talt=\"\"\n\t\t\t\/>\n<\/div>\n\t\t<div class=\"tribe-events-calendar-month__calendar-event-tooltip-datetime\">\n\t\t<time datetime=\"2026-04-06\">\n\t\t<span class=\"tribe-event-date-start\">6 April @ 10h30<\/span> - <span class=\"tribe-event-time\">12h30<\/span>\t<\/time>\n\t<\/div>\n\t\t<div class=\"tribe-events-calendar-month__calendar-event-tooltip-title tribe-common-h7\">\n\t<a\n\t\thref=\"https:\/\/interkultur.fr\/en\/event\/occupation-and-liberation-of-paris-apr-06-2026\/\"\n\t\ttitle=\"Occupation and Liberation of Paris Apr\/06\/2026\"\n\t\trel=\"bookmark\"\n\t\tclass=\"tribe-events-calendar-month__calendar-event-tooltip-title-link tribe-common-anchor-thin\"\n\t>\n\t\tOccupation and Liberation of Paris Apr\/06\/2026\t<\/a>\n<\/div>\n\t\t\t\t<div class=\"tribe-events-c-small-cta tribe-common-b3 tribe-events-calendar-month__calendar-event-tooltip-cost\">\n\t\t\t<a\n\t\t\thref=\"https:\/\/interkultur.fr\/en\/event\/occupation-and-liberation-of-paris-apr-06-2026\/#tribe-tickets__tickets-form\"\n\t\t\tclass=\"tribe-events-c-small-cta__link tribe-common-cta tribe-common-cta--thin-alt\"\n\t\t>\n\t\t\tGet Tickets\t\t<\/a>\n\t\t\t<span class=\"tribe-events-c-small-cta__price\">\n\t\t&#8364;50.00\t<\/span>\n<\/div>\n\t<\/div>\n<\/div>\n\n\t<\/div>\n\n<\/article>\n\n\t<\/div>\n\n\t\n<\/div>\n<\/td>\n\n\t\t\t\n\t\t\t\t<td\n\t class=\"tribe-events-calendar-month__day tribe-events-calendar-month__day--past\" \taria-labelledby=\"tribe-events-calendar-day-2026-04-07\"\n\tdata-js=\"tribe-events-month-grid-cell\"\n>\n\t<button\n\taria-expanded=\"false\"\n\taria-controls=\"tribe-events-calendar-mobile-day-2026-04-7\"\n\taria-label=\"April 7, 0 events, past day\"\n\t class=\"tribe-events-calendar-month__day-cell tribe-events-calendar-month__day-cell--mobile\" \tdata-js=\"tribe-events-calendar-month-day-cell-mobile\"\n>\n\t<div class=\"tribe-events-calendar-month__day-date tribe-common-h6 tribe-common-h--alt\">\n\t\t<span class=\"tribe-common-a11y-visual-hide\">\n\t\t\t0 events\t\t<\/span>\n\t\t<time\n\t\t\tclass=\"tribe-events-calendar-month__day-date-daynum\"\n\t\t\tdatetime=\"2026-04-07\"\n\t\t>\n\t\t\t7\t\t<\/time>\n\t<\/div>\n\t\n<\/button>\n\t\n<div\n\tid=\"tribe-events-calendar-day-2026-04-07\"\n\tclass=\"tribe-events-calendar-month__day-cell tribe-events-calendar-month__day-cell--desktop tribe-common-a11y-hidden\"\n>\n\t\n<div class=\"tribe-events-calendar-month__day-date tribe-common-h4\">\n\t<span class=\"tribe-common-a11y-visual-hide\">\n\t\t0 events,\n\t<\/span>\n\t<time\n\t\tclass=\"tribe-events-calendar-month__day-date-daynum\"\n\t\tdatetime=\"2026-04-07\"\n\t>\n\t\t\t\t\t7\t\t\t<\/time>\n<\/div>\n\n\t<div class=\"tribe-events-calendar-month__events\">\n\t\t\n\t\t\t<\/div>\n\n\t\n<\/div>\n<\/td>\n\n\t\t\t\n\t\t\t\t<td\n\t class=\"tribe-events-calendar-month__day tribe-events-calendar-month__day--past\" \taria-labelledby=\"tribe-events-calendar-day-2026-04-08\"\n\tdata-js=\"tribe-events-month-grid-cell\"\n>\n\t<button\n\taria-expanded=\"false\"\n\taria-controls=\"tribe-events-calendar-mobile-day-2026-04-8\"\n\taria-label=\"April 8, 1 event, past day\"\n\t class=\"tribe-events-calendar-month__day-cell tribe-events-calendar-month__day-cell--mobile\" \tdata-js=\"tribe-events-calendar-month-day-cell-mobile\"\n>\n\t<h3 class=\"tribe-events-calendar-month__day-date tribe-common-h6 tribe-common-h--alt\">\n\t\t<span class=\"tribe-common-a11y-visual-hide\">\n\t\t\t1 event\t\t<\/span>\n\t\t<time\n\t\t\tclass=\"tribe-events-calendar-month__day-date-daynum\"\n\t\t\tdatetime=\"2026-04-08\"\n\t\t>\n\t\t\t8\t\t<\/time>\n\t<\/h3>\n\t\n\t<span class=\"tribe-events-calendar-month__mobile-events-icon tribe-events-calendar-month__mobile-events-icon--event\" >\n\t<\/span>\n<\/button>\n\t\n<div\n\tid=\"tribe-events-calendar-day-2026-04-08\"\n\tclass=\"tribe-events-calendar-month__day-cell tribe-events-calendar-month__day-cell--desktop tribe-common-a11y-hidden\"\n>\n\t\n<h3 class=\"tribe-events-calendar-month__day-date tribe-common-h4\">\n\t<span class=\"tribe-common-a11y-visual-hide\">\n\t\t1 event,\n\t<\/span>\n\t<time\n\t\tclass=\"tribe-events-calendar-month__day-date-daynum\"\n\t\tdatetime=\"2026-04-08\"\n\t>\n\t\t\t\t\t<a\n\t\t\t\thref=\"https:\/\/interkultur.fr\/en\/events\/2026-04-08\/?shortcode=394bcbf2\"\n\t\t\t\tclass=\"tribe-events-calendar-month__day-date-link\"\n\t\t\t\tdata-js=\"tribe-events-view-link\"\n\t\t\t\taria-label=\"8 April\"\n\t\t\t>\n\t\t\t\t8\t\t\t<\/a>\n\t\t\t<\/time>\n<\/h3>\n\n\t<div class=\"tribe-events-calendar-month__events\">\n\t\t\n\t\t\n\t\n\t\n<article  class=\"tribe-events-calendar-month__calendar-event post-10002187 tribe_events type-tribe_events status-publish has-post-thumbnail hentry tribe_events_cat-periodic-visits-paris tribe_events_cat-visit-paris cat_periodic-visits-paris cat_visit-paris\" >\n\n\t\n\t<div class=\"tribe-events-calendar-month__calendar-event-details\">\n\n\t\t<div class=\"tribe-events-calendar-month__calendar-event-datetime\">\n\t\t<time datetime=\"14:00\">\n\t\t14h00\t<\/time>\n\t\t\t<span class=\"tribe-events-calendar-month__calendar-event-datetime-separator\"> - <\/span>\n\t\t<time datetime=\"16:00\">\n\t\t\t16h00\t\t<\/time>\n\t\t<\/div>\n\t\t<div class=\"tribe-events-calendar-month__calendar-event-title tribe-common-h8 tribe-common-h--alt\">\n\t<a\n\t\thref=\"https:\/\/interkultur.fr\/en\/event\/passages-and-galeries-apr-08-2026\/\"\n\t\ttitle=\"Passages and Galeries &#8211; Apr\/08\/2026\"\n\t\trel=\"bookmark\"\n\t\tclass=\"tribe-events-calendar-month__calendar-event-title-link tribe-common-anchor-thin\"\n\t\tdata-js=\"tribe-events-tooltip\"\n\t\tdata-tooltip-content=\"#tribe-events-tooltip-content-10002187\"\n\t\taria-describedby=\"tribe-events-tooltip-content-10002187\"\n\t>\n\t\tPassages and Galeries &#8211; Apr\/08\/2026\t<\/a>\n<\/div>\n\n\t\t<div class=\"tribe-events-calendar-month__calendar-event-tooltip-template tribe-common-a11y-hidden\">\n\t<div\n\t\tclass=\"tribe-events-calendar-month__calendar-event-tooltip\"\n\t\tid=\"tribe-events-tooltip-content-10002187\"\n\t\trole=\"tooltip\"\n\t>\n\t\t<div class=\"tribe-events-calendar-month__calendar-event-tooltip-featured-image-wrapper\">\n\t<img\n\t\tclass=\"tribe-events-calendar-month__calendar-event-tooltip-featured-image\"\n\t\tsrc=\"https:\/\/interkultur.fr\/wp-content\/uploads\/2024\/02\/Passage-du-Grand-Cerf.jpg\"\n\t\t\t\t\tsrcset=\"https:\/\/interkultur.fr\/wp-content\/uploads\/2024\/02\/Passage-du-Grand-Cerf-200x267.jpg 200w, https:\/\/interkultur.fr\/wp-content\/uploads\/2024\/02\/Passage-du-Grand-Cerf-225x300.jpg 225w, https:\/\/interkultur.fr\/wp-content\/uploads\/2024\/02\/Passage-du-Grand-Cerf-400x534.jpg 400w, https:\/\/interkultur.fr\/wp-content\/uploads\/2024\/02\/Passage-du-Grand-Cerf.jpg 509w\"\n\t\t\t\t\t\t\talt=\"\"\n\t\t\t\/>\n<\/div>\n\t\t<div class=\"tribe-events-calendar-month__calendar-event-tooltip-datetime\">\n\t\t<time datetime=\"2026-04-08\">\n\t\t<span class=\"tribe-event-date-start\">8 April @ 14h00<\/span> - <span class=\"tribe-event-time\">16h00<\/span>\t<\/time>\n\t<\/div>\n\t\t<div class=\"tribe-events-calendar-month__calendar-event-tooltip-title tribe-common-h7\">\n\t<a\n\t\thref=\"https:\/\/interkultur.fr\/en\/event\/passages-and-galeries-apr-08-2026\/\"\n\t\ttitle=\"Passages and Galeries &#8211; Apr\/08\/2026\"\n\t\trel=\"bookmark\"\n\t\tclass=\"tribe-events-calendar-month__calendar-event-tooltip-title-link tribe-common-anchor-thin\"\n\t>\n\t\tPassages and Galeries &#8211; Apr\/08\/2026\t<\/a>\n<\/div>\n\t\t<div class=\"tribe-events-calendar-month__calendar-event-tooltip-description tribe-common-b3\">\n\t<p>Where can you experience what Paris was like before Haussmann  [...]<\/p>\n<\/div>\n\t\t<div class=\"tribe-events-c-small-cta tribe-common-b3 tribe-events-calendar-month__calendar-event-tooltip-cost\">\n\t\t\t<a\n\t\t\thref=\"https:\/\/interkultur.fr\/en\/event\/passages-and-galeries-apr-08-2026\/#tribe-tickets__tickets-form\"\n\t\t\tclass=\"tribe-events-c-small-cta__link tribe-common-cta tribe-common-cta--thin-alt\"\n\t\t>\n\t\t\tGet Tickets\t\t<\/a>\n\t\t\t<span class=\"tribe-events-c-small-cta__price\">\n\t\t&#8364;50.00\t<\/span>\n<\/div>\n\t<\/div>\n<\/div>\n\n\t<\/div>\n\n<\/article>\n\n\t<\/div>\n\n\t\n<\/div>\n<\/td>\n\n\t\t\t\n\t\t\t\t<td\n\t class=\"tribe-events-calendar-month__day tribe-events-calendar-month__day--past\" \taria-labelledby=\"tribe-events-calendar-day-2026-04-09\"\n\tdata-js=\"tribe-events-month-grid-cell\"\n>\n\t<button\n\taria-expanded=\"false\"\n\taria-controls=\"tribe-events-calendar-mobile-day-2026-04-9\"\n\taria-label=\"April 9, 0 events, past day\"\n\t class=\"tribe-events-calendar-month__day-cell tribe-events-calendar-month__day-cell--mobile\" \tdata-js=\"tribe-events-calendar-month-day-cell-mobile\"\n>\n\t<div class=\"tribe-events-calendar-month__day-date tribe-common-h6 tribe-common-h--alt\">\n\t\t<span class=\"tribe-common-a11y-visual-hide\">\n\t\t\t0 events\t\t<\/span>\n\t\t<time\n\t\t\tclass=\"tribe-events-calendar-month__day-date-daynum\"\n\t\t\tdatetime=\"2026-04-09\"\n\t\t>\n\t\t\t9\t\t<\/time>\n\t<\/div>\n\t\n<\/button>\n\t\n<div\n\tid=\"tribe-events-calendar-day-2026-04-09\"\n\tclass=\"tribe-events-calendar-month__day-cell tribe-events-calendar-month__day-cell--desktop tribe-common-a11y-hidden\"\n>\n\t\n<div class=\"tribe-events-calendar-month__day-date tribe-common-h4\">\n\t<span class=\"tribe-common-a11y-visual-hide\">\n\t\t0 events,\n\t<\/span>\n\t<time\n\t\tclass=\"tribe-events-calendar-month__day-date-daynum\"\n\t\tdatetime=\"2026-04-09\"\n\t>\n\t\t\t\t\t9\t\t\t<\/time>\n<\/div>\n\n\t<div class=\"tribe-events-calendar-month__events\">\n\t\t\n\t\t\t<\/div>\n\n\t\n<\/div>\n<\/td>\n\n\t\t\t\n\t\t\t\t<td\n\t class=\"tribe-events-calendar-month__day tribe-events-calendar-month__day--past\" \taria-labelledby=\"tribe-events-calendar-day-2026-04-10\"\n\tdata-js=\"tribe-events-month-grid-cell\"\n>\n\t<button\n\taria-expanded=\"false\"\n\taria-controls=\"tribe-events-calendar-mobile-day-2026-04-10\"\n\taria-label=\"April 10, 1 event, past day\"\n\t class=\"tribe-events-calendar-month__day-cell tribe-events-calendar-month__day-cell--mobile\" \tdata-js=\"tribe-events-calendar-month-day-cell-mobile\"\n>\n\t<h3 class=\"tribe-events-calendar-month__day-date tribe-common-h6 tribe-common-h--alt\">\n\t\t<span class=\"tribe-common-a11y-visual-hide\">\n\t\t\t1 event\t\t<\/span>\n\t\t<time\n\t\t\tclass=\"tribe-events-calendar-month__day-date-daynum\"\n\t\t\tdatetime=\"2026-04-10\"\n\t\t>\n\t\t\t10\t\t<\/time>\n\t<\/h3>\n\t\n\t<span class=\"tribe-events-calendar-month__mobile-events-icon tribe-events-calendar-month__mobile-events-icon--event\" >\n\t<\/span>\n<\/button>\n\t\n<div\n\tid=\"tribe-events-calendar-day-2026-04-10\"\n\tclass=\"tribe-events-calendar-month__day-cell tribe-events-calendar-month__day-cell--desktop tribe-common-a11y-hidden\"\n>\n\t\n<h3 class=\"tribe-events-calendar-month__day-date tribe-common-h4\">\n\t<span class=\"tribe-common-a11y-visual-hide\">\n\t\t1 event,\n\t<\/span>\n\t<time\n\t\tclass=\"tribe-events-calendar-month__day-date-daynum\"\n\t\tdatetime=\"2026-04-10\"\n\t>\n\t\t\t\t\t<a\n\t\t\t\thref=\"https:\/\/interkultur.fr\/en\/events\/2026-04-10\/?shortcode=394bcbf2\"\n\t\t\t\tclass=\"tribe-events-calendar-month__day-date-link\"\n\t\t\t\tdata-js=\"tribe-events-view-link\"\n\t\t\t\taria-label=\"10 April\"\n\t\t\t>\n\t\t\t\t10\t\t\t<\/a>\n\t\t\t<\/time>\n<\/h3>\n\n\t<div class=\"tribe-events-calendar-month__events\">\n\t\t\n\t\t\n\t\n\t\n<article  class=\"tribe-events-calendar-month__calendar-event post-10002172 tribe_events type-tribe_events status-publish has-post-thumbnail hentry tribe_events_cat-periodic-visits-paris tribe_events_cat-visit-paris cat_periodic-visits-paris cat_visit-paris\" >\n\n\t\n\t<div class=\"tribe-events-calendar-month__calendar-event-details\">\n\n\t\t<div class=\"tribe-events-calendar-month__calendar-event-datetime\">\n\t\t<time datetime=\"10:30\">\n\t\t10h30\t<\/time>\n\t\t\t<span class=\"tribe-events-calendar-month__calendar-event-datetime-separator\"> - <\/span>\n\t\t<time datetime=\"12:30\">\n\t\t\t12h30\t\t<\/time>\n\t\t<\/div>\n\t\t<div class=\"tribe-events-calendar-month__calendar-event-title tribe-common-h8 tribe-common-h--alt\">\n\t<a\n\t\thref=\"https:\/\/interkultur.fr\/en\/event\/the-jewish-marais-apr-10-2026\/\"\n\t\ttitle=\"The Jewish Marais &#8211; Apr\/10\/2026\"\n\t\trel=\"bookmark\"\n\t\tclass=\"tribe-events-calendar-month__calendar-event-title-link tribe-common-anchor-thin\"\n\t\tdata-js=\"tribe-events-tooltip\"\n\t\tdata-tooltip-content=\"#tribe-events-tooltip-content-10002172\"\n\t\taria-describedby=\"tribe-events-tooltip-content-10002172\"\n\t>\n\t\tThe Jewish Marais &#8211; Apr\/10\/2026\t<\/a>\n<\/div>\n\n\t\t<div class=\"tribe-events-calendar-month__calendar-event-tooltip-template tribe-common-a11y-hidden\">\n\t<div\n\t\tclass=\"tribe-events-calendar-month__calendar-event-tooltip\"\n\t\tid=\"tribe-events-tooltip-content-10002172\"\n\t\trole=\"tooltip\"\n\t>\n\t\t<div class=\"tribe-events-calendar-month__calendar-event-tooltip-featured-image-wrapper\">\n\t<img\n\t\tclass=\"tribe-events-calendar-month__calendar-event-tooltip-featured-image\"\n\t\tsrc=\"https:\/\/interkultur.fr\/wp-content\/uploads\/2025\/02\/Synagogue-facade-scaled.jpg\"\n\t\t\t\t\tsrcset=\"https:\/\/interkultur.fr\/wp-content\/uploads\/2025\/02\/Synagogue-facade-200x267.jpg 200w, https:\/\/interkultur.fr\/wp-content\/uploads\/2025\/02\/Synagogue-facade-225x300.jpg 225w, https:\/\/interkultur.fr\/wp-content\/uploads\/2025\/02\/Synagogue-facade-400x533.jpg 400w, https:\/\/interkultur.fr\/wp-content\/uploads\/2025\/02\/Synagogue-facade-600x800.jpg 600w, https:\/\/interkultur.fr\/wp-content\/uploads\/2025\/02\/Synagogue-facade-700x933.jpg 700w, https:\/\/interkultur.fr\/wp-content\/uploads\/2025\/02\/Synagogue-facade-768x1024.jpg 768w, https:\/\/interkultur.fr\/wp-content\/uploads\/2025\/02\/Synagogue-facade-800x1067.jpg 800w, https:\/\/interkultur.fr\/wp-content\/uploads\/2025\/02\/Synagogue-facade-1152x1536.jpg 1152w, https:\/\/interkultur.fr\/wp-content\/uploads\/2025\/02\/Synagogue-facade-1200x1600.jpg 1200w, https:\/\/interkultur.fr\/wp-content\/uploads\/2025\/02\/Synagogue-facade-1536x2048.jpg 1536w, https:\/\/interkultur.fr\/wp-content\/uploads\/2025\/02\/Synagogue-facade-scaled.jpg 1920w\"\n\t\t\t\t\t\t\talt=\"\"\n\t\t\t\/>\n<\/div>\n\t\t<div class=\"tribe-events-calendar-month__calendar-event-tooltip-datetime\">\n\t\t<time datetime=\"2026-04-10\">\n\t\t<span class=\"tribe-event-date-start\">10 April @ 10h30<\/span> - <span class=\"tribe-event-time\">12h30<\/span>\t<\/time>\n\t<\/div>\n\t\t<div class=\"tribe-events-calendar-month__calendar-event-tooltip-title tribe-common-h7\">\n\t<a\n\t\thref=\"https:\/\/interkultur.fr\/en\/event\/the-jewish-marais-apr-10-2026\/\"\n\t\ttitle=\"The Jewish Marais &#8211; Apr\/10\/2026\"\n\t\trel=\"bookmark\"\n\t\tclass=\"tribe-events-calendar-month__calendar-event-tooltip-title-link tribe-common-anchor-thin\"\n\t>\n\t\tThe Jewish Marais &#8211; Apr\/10\/2026\t<\/a>\n<\/div>\n\t\t<div class=\"tribe-events-calendar-month__calendar-event-tooltip-description tribe-common-b3\">\n\t<p>Historical walk into the most emblematic Jewish quarter of Paris  [...]<\/p>\n<\/div>\n\t\t<div class=\"tribe-events-c-small-cta tribe-common-b3 tribe-events-calendar-month__calendar-event-tooltip-cost\">\n\t\t\t<span class=\"tribe-events-c-small-cta__price\">\n\t\t&#8364;50.00\t<\/span>\n<\/div>\n\t<\/div>\n<\/div>\n\n\t<\/div>\n\n<\/article>\n\n\t<\/div>\n\n\t\n<\/div>\n<\/td>\n\n\t\t\t\n\t\t\t\t<td\n\t class=\"tribe-events-calendar-month__day tribe-events-calendar-month__day--past\" \taria-labelledby=\"tribe-events-calendar-day-2026-04-11\"\n\tdata-js=\"tribe-events-month-grid-cell\"\n>\n\t<button\n\taria-expanded=\"false\"\n\taria-controls=\"tribe-events-calendar-mobile-day-2026-04-11\"\n\taria-label=\"April 11, 0 events, past day\"\n\t class=\"tribe-events-calendar-month__day-cell tribe-events-calendar-month__day-cell--mobile\" \tdata-js=\"tribe-events-calendar-month-day-cell-mobile\"\n>\n\t<div class=\"tribe-events-calendar-month__day-date tribe-common-h6 tribe-common-h--alt\">\n\t\t<span class=\"tribe-common-a11y-visual-hide\">\n\t\t\t0 events\t\t<\/span>\n\t\t<time\n\t\t\tclass=\"tribe-events-calendar-month__day-date-daynum\"\n\t\t\tdatetime=\"2026-04-11\"\n\t\t>\n\t\t\t11\t\t<\/time>\n\t<\/div>\n\t\n<\/button>\n\t\n<div\n\tid=\"tribe-events-calendar-day-2026-04-11\"\n\tclass=\"tribe-events-calendar-month__day-cell tribe-events-calendar-month__day-cell--desktop tribe-common-a11y-hidden\"\n>\n\t\n<div class=\"tribe-events-calendar-month__day-date tribe-common-h4\">\n\t<span class=\"tribe-common-a11y-visual-hide\">\n\t\t0 events,\n\t<\/span>\n\t<time\n\t\tclass=\"tribe-events-calendar-month__day-date-daynum\"\n\t\tdatetime=\"2026-04-11\"\n\t>\n\t\t\t\t\t11\t\t\t<\/time>\n<\/div>\n\n\t<div class=\"tribe-events-calendar-month__events\">\n\t\t\n\t\t\t<\/div>\n\n\t\n<\/div>\n<\/td>\n\n\t\t\t\n\t\t\t\t<td\n\t class=\"tribe-events-calendar-month__day tribe-events-calendar-month__day--past\" \taria-labelledby=\"tribe-events-calendar-day-2026-04-12\"\n\tdata-js=\"tribe-events-month-grid-cell\"\n>\n\t<button\n\taria-expanded=\"false\"\n\taria-controls=\"tribe-events-calendar-mobile-day-2026-04-12\"\n\taria-label=\"April 12, 0 events, past day\"\n\t class=\"tribe-events-calendar-month__day-cell tribe-events-calendar-month__day-cell--mobile\" \tdata-js=\"tribe-events-calendar-month-day-cell-mobile\"\n>\n\t<div class=\"tribe-events-calendar-month__day-date tribe-common-h6 tribe-common-h--alt\">\n\t\t<span class=\"tribe-common-a11y-visual-hide\">\n\t\t\t0 events\t\t<\/span>\n\t\t<time\n\t\t\tclass=\"tribe-events-calendar-month__day-date-daynum\"\n\t\t\tdatetime=\"2026-04-12\"\n\t\t>\n\t\t\t12\t\t<\/time>\n\t<\/div>\n\t\n<\/button>\n\t\n<div\n\tid=\"tribe-events-calendar-day-2026-04-12\"\n\tclass=\"tribe-events-calendar-month__day-cell tribe-events-calendar-month__day-cell--desktop tribe-common-a11y-hidden\"\n>\n\t\n<div class=\"tribe-events-calendar-month__day-date tribe-common-h4\">\n\t<span class=\"tribe-common-a11y-visual-hide\">\n\t\t0 events,\n\t<\/span>\n\t<time\n\t\tclass=\"tribe-events-calendar-month__day-date-daynum\"\n\t\tdatetime=\"2026-04-12\"\n\t>\n\t\t\t\t\t12\t\t\t<\/time>\n<\/div>\n\n\t<div class=\"tribe-events-calendar-month__events\">\n\t\t\n\t\t\t<\/div>\n\n\t\n<\/div>\n<\/td>\n\n\t\t\t\t\t<\/tr>\n\t\t\t<tr class=\"tribe-events-calendar-month__week\" data-js=\"tribe-events-month-grid-row\">\n\t\t\t\n\t\t\t\t<td\n\t class=\"tribe-events-calendar-month__day tribe-events-calendar-month__day--past\" \taria-labelledby=\"tribe-events-calendar-day-2026-04-13\"\n\tdata-js=\"tribe-events-month-grid-cell\"\n>\n\t<button\n\taria-expanded=\"false\"\n\taria-controls=\"tribe-events-calendar-mobile-day-2026-04-13\"\n\taria-label=\"April 13, 1 event, past day\"\n\t class=\"tribe-events-calendar-month__day-cell tribe-events-calendar-month__day-cell--mobile\" \tdata-js=\"tribe-events-calendar-month-day-cell-mobile\"\n>\n\t<h3 class=\"tribe-events-calendar-month__day-date tribe-common-h6 tribe-common-h--alt\">\n\t\t<span class=\"tribe-common-a11y-visual-hide\">\n\t\t\t1 event\t\t<\/span>\n\t\t<time\n\t\t\tclass=\"tribe-events-calendar-month__day-date-daynum\"\n\t\t\tdatetime=\"2026-04-13\"\n\t\t>\n\t\t\t13\t\t<\/time>\n\t<\/h3>\n\t\n\t<span class=\"tribe-events-calendar-month__mobile-events-icon tribe-events-calendar-month__mobile-events-icon--event\" >\n\t<\/span>\n<\/button>\n\t\n<div\n\tid=\"tribe-events-calendar-day-2026-04-13\"\n\tclass=\"tribe-events-calendar-month__day-cell tribe-events-calendar-month__day-cell--desktop tribe-common-a11y-hidden\"\n>\n\t\n<h3 class=\"tribe-events-calendar-month__day-date tribe-common-h4\">\n\t<span class=\"tribe-common-a11y-visual-hide\">\n\t\t1 event,\n\t<\/span>\n\t<time\n\t\tclass=\"tribe-events-calendar-month__day-date-daynum\"\n\t\tdatetime=\"2026-04-13\"\n\t>\n\t\t\t\t\t<a\n\t\t\t\thref=\"https:\/\/interkultur.fr\/en\/events\/2026-04-13\/?shortcode=394bcbf2\"\n\t\t\t\tclass=\"tribe-events-calendar-month__day-date-link\"\n\t\t\t\tdata-js=\"tribe-events-view-link\"\n\t\t\t\taria-label=\"13 April\"\n\t\t\t>\n\t\t\t\t13\t\t\t<\/a>\n\t\t\t<\/time>\n<\/h3>\n\n\t<div class=\"tribe-events-calendar-month__events\">\n\t\t\n\t\t\n\t\n\t\n<article  class=\"tribe-events-calendar-month__calendar-event post-10002153 tribe_events type-tribe_events status-publish has-post-thumbnail hentry tribe_events_cat-periodic-visits-paris tribe_events_cat-visit-paris cat_periodic-visits-paris cat_visit-paris\" >\n\n\t\n\t<div class=\"tribe-events-calendar-month__calendar-event-details\">\n\n\t\t<div class=\"tribe-events-calendar-month__calendar-event-datetime\">\n\t\t<time datetime=\"10:30\">\n\t\t10h30\t<\/time>\n\t\t\t<span class=\"tribe-events-calendar-month__calendar-event-datetime-separator\"> - <\/span>\n\t\t<time datetime=\"12:30\">\n\t\t\t12h30\t\t<\/time>\n\t\t<\/div>\n\t\t<div class=\"tribe-events-calendar-month__calendar-event-title tribe-common-h8 tribe-common-h--alt\">\n\t<a\n\t\thref=\"https:\/\/interkultur.fr\/en\/event\/occupation-and-liberation-of-paris-apr-13-2026\/\"\n\t\ttitle=\"Occupation and Liberation of Paris Apr\/13\/2026\"\n\t\trel=\"bookmark\"\n\t\tclass=\"tribe-events-calendar-month__calendar-event-title-link tribe-common-anchor-thin\"\n\t\tdata-js=\"tribe-events-tooltip\"\n\t\tdata-tooltip-content=\"#tribe-events-tooltip-content-10002153\"\n\t\taria-describedby=\"tribe-events-tooltip-content-10002153\"\n\t>\n\t\tOccupation and Liberation of Paris Apr\/13\/2026\t<\/a>\n<\/div>\n\n\t\t<div class=\"tribe-events-calendar-month__calendar-event-tooltip-template tribe-common-a11y-hidden\">\n\t<div\n\t\tclass=\"tribe-events-calendar-month__calendar-event-tooltip\"\n\t\tid=\"tribe-events-tooltip-content-10002153\"\n\t\trole=\"tooltip\"\n\t>\n\t\t<div class=\"tribe-events-calendar-month__calendar-event-tooltip-featured-image-wrapper\">\n\t<img\n\t\tclass=\"tribe-events-calendar-month__calendar-event-tooltip-featured-image\"\n\t\tsrc=\"https:\/\/interkultur.fr\/wp-content\/uploads\/2023\/12\/e0.jpg\"\n\t\t\t\t\tsrcset=\"https:\/\/interkultur.fr\/wp-content\/uploads\/2023\/12\/e0-200x134.jpg 200w, https:\/\/interkultur.fr\/wp-content\/uploads\/2023\/12\/e0-300x200.jpg 300w, https:\/\/interkultur.fr\/wp-content\/uploads\/2023\/12\/e0-400x267.jpg 400w, https:\/\/interkultur.fr\/wp-content\/uploads\/2023\/12\/e0-600x401.jpg 600w, https:\/\/interkultur.fr\/wp-content\/uploads\/2023\/12\/e0-700x467.jpg 700w, https:\/\/interkultur.fr\/wp-content\/uploads\/2023\/12\/e0.jpg 719w\"\n\t\t\t\t\t\t\talt=\"\"\n\t\t\t\/>\n<\/div>\n\t\t<div class=\"tribe-events-calendar-month__calendar-event-tooltip-datetime\">\n\t\t<time datetime=\"2026-04-13\">\n\t\t<span class=\"tribe-event-date-start\">13 April @ 10h30<\/span> - <span class=\"tribe-event-time\">12h30<\/span>\t<\/time>\n\t<\/div>\n\t\t<div class=\"tribe-events-calendar-month__calendar-event-tooltip-title tribe-common-h7\">\n\t<a\n\t\thref=\"https:\/\/interkultur.fr\/en\/event\/occupation-and-liberation-of-paris-apr-13-2026\/\"\n\t\ttitle=\"Occupation and Liberation of Paris Apr\/13\/2026\"\n\t\trel=\"bookmark\"\n\t\tclass=\"tribe-events-calendar-month__calendar-event-tooltip-title-link tribe-common-anchor-thin\"\n\t>\n\t\tOccupation and Liberation of Paris Apr\/13\/2026\t<\/a>\n<\/div>\n\t\t\t\t<div class=\"tribe-events-c-small-cta tribe-common-b3 tribe-events-calendar-month__calendar-event-tooltip-cost\">\n\t\t\t<span class=\"tribe-events-c-small-cta__price\">\n\t\t&#8364;50.00\t<\/span>\n<\/div>\n\t<\/div>\n<\/div>\n\n\t<\/div>\n\n<\/article>\n\n\t<\/div>\n\n\t\n<\/div>\n<\/td>\n\n\t\t\t\n\t\t\t\t<td\n\t class=\"tribe-events-calendar-month__day tribe-events-calendar-month__day--past\" \taria-labelledby=\"tribe-events-calendar-day-2026-04-14\"\n\tdata-js=\"tribe-events-month-grid-cell\"\n>\n\t<button\n\taria-expanded=\"false\"\n\taria-controls=\"tribe-events-calendar-mobile-day-2026-04-14\"\n\taria-label=\"April 14, 0 events, past day\"\n\t class=\"tribe-events-calendar-month__day-cell tribe-events-calendar-month__day-cell--mobile\" \tdata-js=\"tribe-events-calendar-month-day-cell-mobile\"\n>\n\t<div class=\"tribe-events-calendar-month__day-date tribe-common-h6 tribe-common-h--alt\">\n\t\t<span class=\"tribe-common-a11y-visual-hide\">\n\t\t\t0 events\t\t<\/span>\n\t\t<time\n\t\t\tclass=\"tribe-events-calendar-month__day-date-daynum\"\n\t\t\tdatetime=\"2026-04-14\"\n\t\t>\n\t\t\t14\t\t<\/time>\n\t<\/div>\n\t\n<\/button>\n\t\n<div\n\tid=\"tribe-events-calendar-day-2026-04-14\"\n\tclass=\"tribe-events-calendar-month__day-cell tribe-events-calendar-month__day-cell--desktop tribe-common-a11y-hidden\"\n>\n\t\n<div class=\"tribe-events-calendar-month__day-date tribe-common-h4\">\n\t<span class=\"tribe-common-a11y-visual-hide\">\n\t\t0 events,\n\t<\/span>\n\t<time\n\t\tclass=\"tribe-events-calendar-month__day-date-daynum\"\n\t\tdatetime=\"2026-04-14\"\n\t>\n\t\t\t\t\t14\t\t\t<\/time>\n<\/div>\n\n\t<div class=\"tribe-events-calendar-month__events\">\n\t\t\n\t\t\t<\/div>\n\n\t\n<\/div>\n<\/td>\n\n\t\t\t\n\t\t\t\t<td\n\t class=\"tribe-events-calendar-month__day tribe-events-calendar-month__day--past\" \taria-labelledby=\"tribe-events-calendar-day-2026-04-15\"\n\tdata-js=\"tribe-events-month-grid-cell\"\n>\n\t<button\n\taria-expanded=\"false\"\n\taria-controls=\"tribe-events-calendar-mobile-day-2026-04-15\"\n\taria-label=\"April 15, 1 event, past day\"\n\t class=\"tribe-events-calendar-month__day-cell tribe-events-calendar-month__day-cell--mobile\" \tdata-js=\"tribe-events-calendar-month-day-cell-mobile\"\n>\n\t<h3 class=\"tribe-events-calendar-month__day-date tribe-common-h6 tribe-common-h--alt\">\n\t\t<span class=\"tribe-common-a11y-visual-hide\">\n\t\t\t1 event\t\t<\/span>\n\t\t<time\n\t\t\tclass=\"tribe-events-calendar-month__day-date-daynum\"\n\t\t\tdatetime=\"2026-04-15\"\n\t\t>\n\t\t\t15\t\t<\/time>\n\t<\/h3>\n\t\n\t<span class=\"tribe-events-calendar-month__mobile-events-icon tribe-events-calendar-month__mobile-events-icon--event\" >\n\t<\/span>\n<\/button>\n\t\n<div\n\tid=\"tribe-events-calendar-day-2026-04-15\"\n\tclass=\"tribe-events-calendar-month__day-cell tribe-events-calendar-month__day-cell--desktop tribe-common-a11y-hidden\"\n>\n\t\n<h3 class=\"tribe-events-calendar-month__day-date tribe-common-h4\">\n\t<span class=\"tribe-common-a11y-visual-hide\">\n\t\t1 event,\n\t<\/span>\n\t<time\n\t\tclass=\"tribe-events-calendar-month__day-date-daynum\"\n\t\tdatetime=\"2026-04-15\"\n\t>\n\t\t\t\t\t<a\n\t\t\t\thref=\"https:\/\/interkultur.fr\/en\/events\/2026-04-15\/?shortcode=394bcbf2\"\n\t\t\t\tclass=\"tribe-events-calendar-month__day-date-link\"\n\t\t\t\tdata-js=\"tribe-events-view-link\"\n\t\t\t\taria-label=\"15 April\"\n\t\t\t>\n\t\t\t\t15\t\t\t<\/a>\n\t\t\t<\/time>\n<\/h3>\n\n\t<div class=\"tribe-events-calendar-month__events\">\n\t\t\n\t\t\n\t\n\t\n<article  class=\"tribe-events-calendar-month__calendar-event post-10002186 tribe_events type-tribe_events status-publish has-post-thumbnail hentry tribe_events_cat-periodic-visits-paris tribe_events_cat-visit-paris cat_periodic-visits-paris cat_visit-paris\" >\n\n\t\n\t<div class=\"tribe-events-calendar-month__calendar-event-details\">\n\n\t\t<div class=\"tribe-events-calendar-month__calendar-event-datetime\">\n\t\t<time datetime=\"14:00\">\n\t\t14h00\t<\/time>\n\t\t\t<span class=\"tribe-events-calendar-month__calendar-event-datetime-separator\"> - <\/span>\n\t\t<time datetime=\"16:00\">\n\t\t\t16h00\t\t<\/time>\n\t\t<\/div>\n\t\t<div class=\"tribe-events-calendar-month__calendar-event-title tribe-common-h8 tribe-common-h--alt\">\n\t<a\n\t\thref=\"https:\/\/interkultur.fr\/en\/event\/passages-and-galeries-apr-15-2026\/\"\n\t\ttitle=\"Passages and Galeries &#8211; Apr\/15\/2026\"\n\t\trel=\"bookmark\"\n\t\tclass=\"tribe-events-calendar-month__calendar-event-title-link tribe-common-anchor-thin\"\n\t\tdata-js=\"tribe-events-tooltip\"\n\t\tdata-tooltip-content=\"#tribe-events-tooltip-content-10002186\"\n\t\taria-describedby=\"tribe-events-tooltip-content-10002186\"\n\t>\n\t\tPassages and Galeries &#8211; Apr\/15\/2026\t<\/a>\n<\/div>\n\n\t\t<div class=\"tribe-events-calendar-month__calendar-event-tooltip-template tribe-common-a11y-hidden\">\n\t<div\n\t\tclass=\"tribe-events-calendar-month__calendar-event-tooltip\"\n\t\tid=\"tribe-events-tooltip-content-10002186\"\n\t\trole=\"tooltip\"\n\t>\n\t\t<div class=\"tribe-events-calendar-month__calendar-event-tooltip-featured-image-wrapper\">\n\t<img\n\t\tclass=\"tribe-events-calendar-month__calendar-event-tooltip-featured-image\"\n\t\tsrc=\"https:\/\/interkultur.fr\/wp-content\/uploads\/2024\/02\/Passage-du-Grand-Cerf.jpg\"\n\t\t\t\t\tsrcset=\"https:\/\/interkultur.fr\/wp-content\/uploads\/2024\/02\/Passage-du-Grand-Cerf-200x267.jpg 200w, https:\/\/interkultur.fr\/wp-content\/uploads\/2024\/02\/Passage-du-Grand-Cerf-225x300.jpg 225w, https:\/\/interkultur.fr\/wp-content\/uploads\/2024\/02\/Passage-du-Grand-Cerf-400x534.jpg 400w, https:\/\/interkultur.fr\/wp-content\/uploads\/2024\/02\/Passage-du-Grand-Cerf.jpg 509w\"\n\t\t\t\t\t\t\talt=\"\"\n\t\t\t\/>\n<\/div>\n\t\t<div class=\"tribe-events-calendar-month__calendar-event-tooltip-datetime\">\n\t\t<time datetime=\"2026-04-15\">\n\t\t<span class=\"tribe-event-date-start\">15 April @ 14h00<\/span> - <span class=\"tribe-event-time\">16h00<\/span>\t<\/time>\n\t<\/div>\n\t\t<div class=\"tribe-events-calendar-month__calendar-event-tooltip-title tribe-common-h7\">\n\t<a\n\t\thref=\"https:\/\/interkultur.fr\/en\/event\/passages-and-galeries-apr-15-2026\/\"\n\t\ttitle=\"Passages and Galeries &#8211; Apr\/15\/2026\"\n\t\trel=\"bookmark\"\n\t\tclass=\"tribe-events-calendar-month__calendar-event-tooltip-title-link tribe-common-anchor-thin\"\n\t>\n\t\tPassages and Galeries &#8211; Apr\/15\/2026\t<\/a>\n<\/div>\n\t\t<div class=\"tribe-events-calendar-month__calendar-event-tooltip-description tribe-common-b3\">\n\t<p>Where can you experience what Paris was like before Haussmann  [...]<\/p>\n<\/div>\n\t\t<div class=\"tribe-events-c-small-cta tribe-common-b3 tribe-events-calendar-month__calendar-event-tooltip-cost\">\n\t\t\t<span class=\"tribe-events-c-small-cta__price\">\n\t\t&#8364;50.00\t<\/span>\n<\/div>\n\t<\/div>\n<\/div>\n\n\t<\/div>\n\n<\/article>\n\n\t<\/div>\n\n\t\n<\/div>\n<\/td>\n\n\t\t\t\n\t\t\t\t<td\n\t class=\"tribe-events-calendar-month__day tribe-events-calendar-month__day--past\" \taria-labelledby=\"tribe-events-calendar-day-2026-04-16\"\n\tdata-js=\"tribe-events-month-grid-cell\"\n>\n\t<button\n\taria-expanded=\"false\"\n\taria-controls=\"tribe-events-calendar-mobile-day-2026-04-16\"\n\taria-label=\"April 16, 0 events, past day\"\n\t class=\"tribe-events-calendar-month__day-cell tribe-events-calendar-month__day-cell--mobile\" \tdata-js=\"tribe-events-calendar-month-day-cell-mobile\"\n>\n\t<div class=\"tribe-events-calendar-month__day-date tribe-common-h6 tribe-common-h--alt\">\n\t\t<span class=\"tribe-common-a11y-visual-hide\">\n\t\t\t0 events\t\t<\/span>\n\t\t<time\n\t\t\tclass=\"tribe-events-calendar-month__day-date-daynum\"\n\t\t\tdatetime=\"2026-04-16\"\n\t\t>\n\t\t\t16\t\t<\/time>\n\t<\/div>\n\t\n<\/button>\n\t\n<div\n\tid=\"tribe-events-calendar-day-2026-04-16\"\n\tclass=\"tribe-events-calendar-month__day-cell tribe-events-calendar-month__day-cell--desktop tribe-common-a11y-hidden\"\n>\n\t\n<div class=\"tribe-events-calendar-month__day-date tribe-common-h4\">\n\t<span class=\"tribe-common-a11y-visual-hide\">\n\t\t0 events,\n\t<\/span>\n\t<time\n\t\tclass=\"tribe-events-calendar-month__day-date-daynum\"\n\t\tdatetime=\"2026-04-16\"\n\t>\n\t\t\t\t\t16\t\t\t<\/time>\n<\/div>\n\n\t<div class=\"tribe-events-calendar-month__events\">\n\t\t\n\t\t\t<\/div>\n\n\t\n<\/div>\n<\/td>\n\n\t\t\t\n\t\t\t\t<td\n\t class=\"tribe-events-calendar-month__day tribe-events-calendar-month__day--past\" \taria-labelledby=\"tribe-events-calendar-day-2026-04-17\"\n\tdata-js=\"tribe-events-month-grid-cell\"\n>\n\t<button\n\taria-expanded=\"false\"\n\taria-controls=\"tribe-events-calendar-mobile-day-2026-04-17\"\n\taria-label=\"April 17, 1 event, past day\"\n\t class=\"tribe-events-calendar-month__day-cell tribe-events-calendar-month__day-cell--mobile\" \tdata-js=\"tribe-events-calendar-month-day-cell-mobile\"\n>\n\t<h3 class=\"tribe-events-calendar-month__day-date tribe-common-h6 tribe-common-h--alt\">\n\t\t<span class=\"tribe-common-a11y-visual-hide\">\n\t\t\t1 event\t\t<\/span>\n\t\t<time\n\t\t\tclass=\"tribe-events-calendar-month__day-date-daynum\"\n\t\t\tdatetime=\"2026-04-17\"\n\t\t>\n\t\t\t17\t\t<\/time>\n\t<\/h3>\n\t\n\t<span class=\"tribe-events-calendar-month__mobile-events-icon tribe-events-calendar-month__mobile-events-icon--event\" >\n\t<\/span>\n<\/button>\n\t\n<div\n\tid=\"tribe-events-calendar-day-2026-04-17\"\n\tclass=\"tribe-events-calendar-month__day-cell tribe-events-calendar-month__day-cell--desktop tribe-common-a11y-hidden\"\n>\n\t\n<h3 class=\"tribe-events-calendar-month__day-date tribe-common-h4\">\n\t<span class=\"tribe-common-a11y-visual-hide\">\n\t\t1 event,\n\t<\/span>\n\t<time\n\t\tclass=\"tribe-events-calendar-month__day-date-daynum\"\n\t\tdatetime=\"2026-04-17\"\n\t>\n\t\t\t\t\t<a\n\t\t\t\thref=\"https:\/\/interkultur.fr\/en\/events\/2026-04-17\/?shortcode=394bcbf2\"\n\t\t\t\tclass=\"tribe-events-calendar-month__day-date-link\"\n\t\t\t\tdata-js=\"tribe-events-view-link\"\n\t\t\t\taria-label=\"17 April\"\n\t\t\t>\n\t\t\t\t17\t\t\t<\/a>\n\t\t\t<\/time>\n<\/h3>\n\n\t<div class=\"tribe-events-calendar-month__events\">\n\t\t\n\t\t\n\t\n\t\n<article  class=\"tribe-events-calendar-month__calendar-event post-10002173 tribe_events type-tribe_events status-publish has-post-thumbnail hentry tribe_events_cat-periodic-visits-paris tribe_events_cat-visit-paris cat_periodic-visits-paris cat_visit-paris\" >\n\n\t\n\t<div class=\"tribe-events-calendar-month__calendar-event-details\">\n\n\t\t<div class=\"tribe-events-calendar-month__calendar-event-datetime\">\n\t\t<time datetime=\"10:30\">\n\t\t10h30\t<\/time>\n\t\t\t<span class=\"tribe-events-calendar-month__calendar-event-datetime-separator\"> - <\/span>\n\t\t<time datetime=\"12:30\">\n\t\t\t12h30\t\t<\/time>\n\t\t<\/div>\n\t\t<div class=\"tribe-events-calendar-month__calendar-event-title tribe-common-h8 tribe-common-h--alt\">\n\t<a\n\t\thref=\"https:\/\/interkultur.fr\/en\/event\/the-jewish-marais-apr-17-2026\/\"\n\t\ttitle=\"The Jewish Marais &#8211; Apr\/17\/2026\"\n\t\trel=\"bookmark\"\n\t\tclass=\"tribe-events-calendar-month__calendar-event-title-link tribe-common-anchor-thin\"\n\t\tdata-js=\"tribe-events-tooltip\"\n\t\tdata-tooltip-content=\"#tribe-events-tooltip-content-10002173\"\n\t\taria-describedby=\"tribe-events-tooltip-content-10002173\"\n\t>\n\t\tThe Jewish Marais &#8211; Apr\/17\/2026\t<\/a>\n<\/div>\n\n\t\t<div class=\"tribe-events-calendar-month__calendar-event-tooltip-template tribe-common-a11y-hidden\">\n\t<div\n\t\tclass=\"tribe-events-calendar-month__calendar-event-tooltip\"\n\t\tid=\"tribe-events-tooltip-content-10002173\"\n\t\trole=\"tooltip\"\n\t>\n\t\t<div class=\"tribe-events-calendar-month__calendar-event-tooltip-featured-image-wrapper\">\n\t<img\n\t\tclass=\"tribe-events-calendar-month__calendar-event-tooltip-featured-image\"\n\t\tsrc=\"https:\/\/interkultur.fr\/wp-content\/uploads\/2025\/02\/Synagogue-facade-scaled.jpg\"\n\t\t\t\t\tsrcset=\"https:\/\/interkultur.fr\/wp-content\/uploads\/2025\/02\/Synagogue-facade-200x267.jpg 200w, https:\/\/interkultur.fr\/wp-content\/uploads\/2025\/02\/Synagogue-facade-225x300.jpg 225w, https:\/\/interkultur.fr\/wp-content\/uploads\/2025\/02\/Synagogue-facade-400x533.jpg 400w, https:\/\/interkultur.fr\/wp-content\/uploads\/2025\/02\/Synagogue-facade-600x800.jpg 600w, https:\/\/interkultur.fr\/wp-content\/uploads\/2025\/02\/Synagogue-facade-700x933.jpg 700w, https:\/\/interkultur.fr\/wp-content\/uploads\/2025\/02\/Synagogue-facade-768x1024.jpg 768w, https:\/\/interkultur.fr\/wp-content\/uploads\/2025\/02\/Synagogue-facade-800x1067.jpg 800w, https:\/\/interkultur.fr\/wp-content\/uploads\/2025\/02\/Synagogue-facade-1152x1536.jpg 1152w, https:\/\/interkultur.fr\/wp-content\/uploads\/2025\/02\/Synagogue-facade-1200x1600.jpg 1200w, https:\/\/interkultur.fr\/wp-content\/uploads\/2025\/02\/Synagogue-facade-1536x2048.jpg 1536w, https:\/\/interkultur.fr\/wp-content\/uploads\/2025\/02\/Synagogue-facade-scaled.jpg 1920w\"\n\t\t\t\t\t\t\talt=\"\"\n\t\t\t\/>\n<\/div>\n\t\t<div class=\"tribe-events-calendar-month__calendar-event-tooltip-datetime\">\n\t\t<time datetime=\"2026-04-17\">\n\t\t<span class=\"tribe-event-date-start\">17 April @ 10h30<\/span> - <span class=\"tribe-event-time\">12h30<\/span>\t<\/time>\n\t<\/div>\n\t\t<div class=\"tribe-events-calendar-month__calendar-event-tooltip-title tribe-common-h7\">\n\t<a\n\t\thref=\"https:\/\/interkultur.fr\/en\/event\/the-jewish-marais-apr-17-2026\/\"\n\t\ttitle=\"The Jewish Marais &#8211; Apr\/17\/2026\"\n\t\trel=\"bookmark\"\n\t\tclass=\"tribe-events-calendar-month__calendar-event-tooltip-title-link tribe-common-anchor-thin\"\n\t>\n\t\tThe Jewish Marais &#8211; Apr\/17\/2026\t<\/a>\n<\/div>\n\t\t<div class=\"tribe-events-calendar-month__calendar-event-tooltip-description tribe-common-b3\">\n\t<p>Historical walk into the most emblematic Jewish quarter of Paris  [...]<\/p>\n<\/div>\n\t\t<div class=\"tribe-events-c-small-cta tribe-common-b3 tribe-events-calendar-month__calendar-event-tooltip-cost\">\n\t\t\t<span class=\"tribe-events-c-small-cta__price\">\n\t\t&#8364;50.00\t<\/span>\n<\/div>\n\t<\/div>\n<\/div>\n\n\t<\/div>\n\n<\/article>\n\n\t<\/div>\n\n\t\n<\/div>\n<\/td>\n\n\t\t\t\n\t\t\t\t<td\n\t class=\"tribe-events-calendar-month__day tribe-events-calendar-month__day--past\" \taria-labelledby=\"tribe-events-calendar-day-2026-04-18\"\n\tdata-js=\"tribe-events-month-grid-cell\"\n>\n\t<button\n\taria-expanded=\"false\"\n\taria-controls=\"tribe-events-calendar-mobile-day-2026-04-18\"\n\taria-label=\"April 18, 0 events, past day\"\n\t class=\"tribe-events-calendar-month__day-cell tribe-events-calendar-month__day-cell--mobile\" \tdata-js=\"tribe-events-calendar-month-day-cell-mobile\"\n>\n\t<div class=\"tribe-events-calendar-month__day-date tribe-common-h6 tribe-common-h--alt\">\n\t\t<span class=\"tribe-common-a11y-visual-hide\">\n\t\t\t0 events\t\t<\/span>\n\t\t<time\n\t\t\tclass=\"tribe-events-calendar-month__day-date-daynum\"\n\t\t\tdatetime=\"2026-04-18\"\n\t\t>\n\t\t\t18\t\t<\/time>\n\t<\/div>\n\t\n<\/button>\n\t\n<div\n\tid=\"tribe-events-calendar-day-2026-04-18\"\n\tclass=\"tribe-events-calendar-month__day-cell tribe-events-calendar-month__day-cell--desktop tribe-common-a11y-hidden\"\n>\n\t\n<div class=\"tribe-events-calendar-month__day-date tribe-common-h4\">\n\t<span class=\"tribe-common-a11y-visual-hide\">\n\t\t0 events,\n\t<\/span>\n\t<time\n\t\tclass=\"tribe-events-calendar-month__day-date-daynum\"\n\t\tdatetime=\"2026-04-18\"\n\t>\n\t\t\t\t\t18\t\t\t<\/time>\n<\/div>\n\n\t<div class=\"tribe-events-calendar-month__events\">\n\t\t\n\t\t\t<\/div>\n\n\t\n<\/div>\n<\/td>\n\n\t\t\t\n\t\t\t\t<td\n\t class=\"tribe-events-calendar-month__day tribe-events-calendar-month__day--past\" \taria-labelledby=\"tribe-events-calendar-day-2026-04-19\"\n\tdata-js=\"tribe-events-month-grid-cell\"\n>\n\t<button\n\taria-expanded=\"false\"\n\taria-controls=\"tribe-events-calendar-mobile-day-2026-04-19\"\n\taria-label=\"April 19, 0 events, past day\"\n\t class=\"tribe-events-calendar-month__day-cell tribe-events-calendar-month__day-cell--mobile\" \tdata-js=\"tribe-events-calendar-month-day-cell-mobile\"\n>\n\t<div class=\"tribe-events-calendar-month__day-date tribe-common-h6 tribe-common-h--alt\">\n\t\t<span class=\"tribe-common-a11y-visual-hide\">\n\t\t\t0 events\t\t<\/span>\n\t\t<time\n\t\t\tclass=\"tribe-events-calendar-month__day-date-daynum\"\n\t\t\tdatetime=\"2026-04-19\"\n\t\t>\n\t\t\t19\t\t<\/time>\n\t<\/div>\n\t\n<\/button>\n\t\n<div\n\tid=\"tribe-events-calendar-day-2026-04-19\"\n\tclass=\"tribe-events-calendar-month__day-cell tribe-events-calendar-month__day-cell--desktop tribe-common-a11y-hidden\"\n>\n\t\n<div class=\"tribe-events-calendar-month__day-date tribe-common-h4\">\n\t<span class=\"tribe-common-a11y-visual-hide\">\n\t\t0 events,\n\t<\/span>\n\t<time\n\t\tclass=\"tribe-events-calendar-month__day-date-daynum\"\n\t\tdatetime=\"2026-04-19\"\n\t>\n\t\t\t\t\t19\t\t\t<\/time>\n<\/div>\n\n\t<div class=\"tribe-events-calendar-month__events\">\n\t\t\n\t\t\t<\/div>\n\n\t\n<\/div>\n<\/td>\n\n\t\t\t\t\t<\/tr>\n\t\t\t<tr class=\"tribe-events-calendar-month__week\" data-js=\"tribe-events-month-grid-row\">\n\t\t\t\n\t\t\t\t<td\n\t class=\"tribe-events-calendar-month__day tribe-events-calendar-month__day--past\" \taria-labelledby=\"tribe-events-calendar-day-2026-04-20\"\n\tdata-js=\"tribe-events-month-grid-cell\"\n>\n\t<button\n\taria-expanded=\"false\"\n\taria-controls=\"tribe-events-calendar-mobile-day-2026-04-20\"\n\taria-label=\"April 20, 1 event, past day\"\n\t class=\"tribe-events-calendar-month__day-cell tribe-events-calendar-month__day-cell--mobile\" \tdata-js=\"tribe-events-calendar-month-day-cell-mobile\"\n>\n\t<h3 class=\"tribe-events-calendar-month__day-date tribe-common-h6 tribe-common-h--alt\">\n\t\t<span class=\"tribe-common-a11y-visual-hide\">\n\t\t\t1 event\t\t<\/span>\n\t\t<time\n\t\t\tclass=\"tribe-events-calendar-month__day-date-daynum\"\n\t\t\tdatetime=\"2026-04-20\"\n\t\t>\n\t\t\t20\t\t<\/time>\n\t<\/h3>\n\t\n\t<span class=\"tribe-events-calendar-month__mobile-events-icon tribe-events-calendar-month__mobile-events-icon--event\" >\n\t<\/span>\n<\/button>\n\t\n<div\n\tid=\"tribe-events-calendar-day-2026-04-20\"\n\tclass=\"tribe-events-calendar-month__day-cell tribe-events-calendar-month__day-cell--desktop tribe-common-a11y-hidden\"\n>\n\t\n<h3 class=\"tribe-events-calendar-month__day-date tribe-common-h4\">\n\t<span class=\"tribe-common-a11y-visual-hide\">\n\t\t1 event,\n\t<\/span>\n\t<time\n\t\tclass=\"tribe-events-calendar-month__day-date-daynum\"\n\t\tdatetime=\"2026-04-20\"\n\t>\n\t\t\t\t\t<a\n\t\t\t\thref=\"https:\/\/interkultur.fr\/en\/events\/2026-04-20\/?shortcode=394bcbf2\"\n\t\t\t\tclass=\"tribe-events-calendar-month__day-date-link\"\n\t\t\t\tdata-js=\"tribe-events-view-link\"\n\t\t\t\taria-label=\"20 April\"\n\t\t\t>\n\t\t\t\t20\t\t\t<\/a>\n\t\t\t<\/time>\n<\/h3>\n\n\t<div class=\"tribe-events-calendar-month__events\">\n\t\t\n\t\t\n\t\n\t\n<article  class=\"tribe-events-calendar-month__calendar-event post-10002154 tribe_events type-tribe_events status-publish has-post-thumbnail hentry tribe_events_cat-periodic-visits-paris tribe_events_cat-visit-paris cat_periodic-visits-paris cat_visit-paris\" >\n\n\t\n\t<div class=\"tribe-events-calendar-month__calendar-event-details\">\n\n\t\t<div class=\"tribe-events-calendar-month__calendar-event-datetime\">\n\t\t<time datetime=\"10:30\">\n\t\t10h30\t<\/time>\n\t\t\t<span class=\"tribe-events-calendar-month__calendar-event-datetime-separator\"> - <\/span>\n\t\t<time datetime=\"12:30\">\n\t\t\t12h30\t\t<\/time>\n\t\t<\/div>\n\t\t<div class=\"tribe-events-calendar-month__calendar-event-title tribe-common-h8 tribe-common-h--alt\">\n\t<a\n\t\thref=\"https:\/\/interkultur.fr\/en\/event\/occupation-and-liberation-of-paris-apr-20-2026\/\"\n\t\ttitle=\"Occupation and Liberation of Paris Apr\/20\/2026\"\n\t\trel=\"bookmark\"\n\t\tclass=\"tribe-events-calendar-month__calendar-event-title-link tribe-common-anchor-thin\"\n\t\tdata-js=\"tribe-events-tooltip\"\n\t\tdata-tooltip-content=\"#tribe-events-tooltip-content-10002154\"\n\t\taria-describedby=\"tribe-events-tooltip-content-10002154\"\n\t>\n\t\tOccupation and Liberation of Paris Apr\/20\/2026\t<\/a>\n<\/div>\n\n\t\t<div class=\"tribe-events-calendar-month__calendar-event-tooltip-template tribe-common-a11y-hidden\">\n\t<div\n\t\tclass=\"tribe-events-calendar-month__calendar-event-tooltip\"\n\t\tid=\"tribe-events-tooltip-content-10002154\"\n\t\trole=\"tooltip\"\n\t>\n\t\t<div class=\"tribe-events-calendar-month__calendar-event-tooltip-featured-image-wrapper\">\n\t<img\n\t\tclass=\"tribe-events-calendar-month__calendar-event-tooltip-featured-image\"\n\t\tsrc=\"https:\/\/interkultur.fr\/wp-content\/uploads\/2023\/12\/e0.jpg\"\n\t\t\t\t\tsrcset=\"https:\/\/interkultur.fr\/wp-content\/uploads\/2023\/12\/e0-200x134.jpg 200w, https:\/\/interkultur.fr\/wp-content\/uploads\/2023\/12\/e0-300x200.jpg 300w, https:\/\/interkultur.fr\/wp-content\/uploads\/2023\/12\/e0-400x267.jpg 400w, https:\/\/interkultur.fr\/wp-content\/uploads\/2023\/12\/e0-600x401.jpg 600w, https:\/\/interkultur.fr\/wp-content\/uploads\/2023\/12\/e0-700x467.jpg 700w, https:\/\/interkultur.fr\/wp-content\/uploads\/2023\/12\/e0.jpg 719w\"\n\t\t\t\t\t\t\talt=\"\"\n\t\t\t\/>\n<\/div>\n\t\t<div class=\"tribe-events-calendar-month__calendar-event-tooltip-datetime\">\n\t\t<time datetime=\"2026-04-20\">\n\t\t<span class=\"tribe-event-date-start\">20 April @ 10h30<\/span> - <span class=\"tribe-event-time\">12h30<\/span>\t<\/time>\n\t<\/div>\n\t\t<div class=\"tribe-events-calendar-month__calendar-event-tooltip-title tribe-common-h7\">\n\t<a\n\t\thref=\"https:\/\/interkultur.fr\/en\/event\/occupation-and-liberation-of-paris-apr-20-2026\/\"\n\t\ttitle=\"Occupation and Liberation of Paris Apr\/20\/2026\"\n\t\trel=\"bookmark\"\n\t\tclass=\"tribe-events-calendar-month__calendar-event-tooltip-title-link tribe-common-anchor-thin\"\n\t>\n\t\tOccupation and Liberation of Paris Apr\/20\/2026\t<\/a>\n<\/div>\n\t\t\t\t<div class=\"tribe-events-c-small-cta tribe-common-b3 tribe-events-calendar-month__calendar-event-tooltip-cost\">\n\t\t\t<span class=\"tribe-events-c-small-cta__price\">\n\t\t&#8364;50.00\t<\/span>\n<\/div>\n\t<\/div>\n<\/div>\n\n\t<\/div>\n\n<\/article>\n\n\t<\/div>\n\n\t\n<\/div>\n<\/td>\n\n\t\t\t\n\t\t\t\t<td\n\t class=\"tribe-events-calendar-month__day tribe-events-calendar-month__day--past\" \taria-labelledby=\"tribe-events-calendar-day-2026-04-21\"\n\tdata-js=\"tribe-events-month-grid-cell\"\n>\n\t<button\n\taria-expanded=\"false\"\n\taria-controls=\"tribe-events-calendar-mobile-day-2026-04-21\"\n\taria-label=\"April 21, 0 events, past day\"\n\t class=\"tribe-events-calendar-month__day-cell tribe-events-calendar-month__day-cell--mobile\" \tdata-js=\"tribe-events-calendar-month-day-cell-mobile\"\n>\n\t<div class=\"tribe-events-calendar-month__day-date tribe-common-h6 tribe-common-h--alt\">\n\t\t<span class=\"tribe-common-a11y-visual-hide\">\n\t\t\t0 events\t\t<\/span>\n\t\t<time\n\t\t\tclass=\"tribe-events-calendar-month__day-date-daynum\"\n\t\t\tdatetime=\"2026-04-21\"\n\t\t>\n\t\t\t21\t\t<\/time>\n\t<\/div>\n\t\n<\/button>\n\t\n<div\n\tid=\"tribe-events-calendar-day-2026-04-21\"\n\tclass=\"tribe-events-calendar-month__day-cell tribe-events-calendar-month__day-cell--desktop tribe-common-a11y-hidden\"\n>\n\t\n<div class=\"tribe-events-calendar-month__day-date tribe-common-h4\">\n\t<span class=\"tribe-common-a11y-visual-hide\">\n\t\t0 events,\n\t<\/span>\n\t<time\n\t\tclass=\"tribe-events-calendar-month__day-date-daynum\"\n\t\tdatetime=\"2026-04-21\"\n\t>\n\t\t\t\t\t21\t\t\t<\/time>\n<\/div>\n\n\t<div class=\"tribe-events-calendar-month__events\">\n\t\t\n\t\t\t<\/div>\n\n\t\n<\/div>\n<\/td>\n\n\t\t\t\n\t\t\t\t<td\n\t class=\"tribe-events-calendar-month__day tribe-events-calendar-month__day--past\" \taria-labelledby=\"tribe-events-calendar-day-2026-04-22\"\n\tdata-js=\"tribe-events-month-grid-cell\"\n>\n\t<button\n\taria-expanded=\"false\"\n\taria-controls=\"tribe-events-calendar-mobile-day-2026-04-22\"\n\taria-label=\"April 22, 1 event, past day\"\n\t class=\"tribe-events-calendar-month__day-cell tribe-events-calendar-month__day-cell--mobile\" \tdata-js=\"tribe-events-calendar-month-day-cell-mobile\"\n>\n\t<h3 class=\"tribe-events-calendar-month__day-date tribe-common-h6 tribe-common-h--alt\">\n\t\t<span class=\"tribe-common-a11y-visual-hide\">\n\t\t\t1 event\t\t<\/span>\n\t\t<time\n\t\t\tclass=\"tribe-events-calendar-month__day-date-daynum\"\n\t\t\tdatetime=\"2026-04-22\"\n\t\t>\n\t\t\t22\t\t<\/time>\n\t<\/h3>\n\t\n\t<span class=\"tribe-events-calendar-month__mobile-events-icon tribe-events-calendar-month__mobile-events-icon--event\" >\n\t<\/span>\n<\/button>\n\t\n<div\n\tid=\"tribe-events-calendar-day-2026-04-22\"\n\tclass=\"tribe-events-calendar-month__day-cell tribe-events-calendar-month__day-cell--desktop tribe-common-a11y-hidden\"\n>\n\t\n<h3 class=\"tribe-events-calendar-month__day-date tribe-common-h4\">\n\t<span class=\"tribe-common-a11y-visual-hide\">\n\t\t1 event,\n\t<\/span>\n\t<time\n\t\tclass=\"tribe-events-calendar-month__day-date-daynum\"\n\t\tdatetime=\"2026-04-22\"\n\t>\n\t\t\t\t\t<a\n\t\t\t\thref=\"https:\/\/interkultur.fr\/en\/events\/2026-04-22\/?shortcode=394bcbf2\"\n\t\t\t\tclass=\"tribe-events-calendar-month__day-date-link\"\n\t\t\t\tdata-js=\"tribe-events-view-link\"\n\t\t\t\taria-label=\"22 April\"\n\t\t\t>\n\t\t\t\t22\t\t\t<\/a>\n\t\t\t<\/time>\n<\/h3>\n\n\t<div class=\"tribe-events-calendar-month__events\">\n\t\t\n\t\t\n\t\n\t\n<article  class=\"tribe-events-calendar-month__calendar-event post-10002188 tribe_events type-tribe_events status-publish has-post-thumbnail hentry tribe_events_cat-periodic-visits-paris tribe_events_cat-visit-paris cat_periodic-visits-paris cat_visit-paris\" >\n\n\t\n\t<div class=\"tribe-events-calendar-month__calendar-event-details\">\n\n\t\t<div class=\"tribe-events-calendar-month__calendar-event-datetime\">\n\t\t<time datetime=\"14:00\">\n\t\t14h00\t<\/time>\n\t\t\t<span class=\"tribe-events-calendar-month__calendar-event-datetime-separator\"> - <\/span>\n\t\t<time datetime=\"16:00\">\n\t\t\t16h00\t\t<\/time>\n\t\t<\/div>\n\t\t<div class=\"tribe-events-calendar-month__calendar-event-title tribe-common-h8 tribe-common-h--alt\">\n\t<a\n\t\thref=\"https:\/\/interkultur.fr\/en\/event\/passages-and-galeries-apr-22-2026\/\"\n\t\ttitle=\"Passages and Galeries &#8211; Apr\/22\/2026\"\n\t\trel=\"bookmark\"\n\t\tclass=\"tribe-events-calendar-month__calendar-event-title-link tribe-common-anchor-thin\"\n\t\tdata-js=\"tribe-events-tooltip\"\n\t\tdata-tooltip-content=\"#tribe-events-tooltip-content-10002188\"\n\t\taria-describedby=\"tribe-events-tooltip-content-10002188\"\n\t>\n\t\tPassages and Galeries &#8211; Apr\/22\/2026\t<\/a>\n<\/div>\n\n\t\t<div class=\"tribe-events-calendar-month__calendar-event-tooltip-template tribe-common-a11y-hidden\">\n\t<div\n\t\tclass=\"tribe-events-calendar-month__calendar-event-tooltip\"\n\t\tid=\"tribe-events-tooltip-content-10002188\"\n\t\trole=\"tooltip\"\n\t>\n\t\t<div class=\"tribe-events-calendar-month__calendar-event-tooltip-featured-image-wrapper\">\n\t<img\n\t\tclass=\"tribe-events-calendar-month__calendar-event-tooltip-featured-image\"\n\t\tsrc=\"https:\/\/interkultur.fr\/wp-content\/uploads\/2024\/02\/Passage-du-Grand-Cerf.jpg\"\n\t\t\t\t\tsrcset=\"https:\/\/interkultur.fr\/wp-content\/uploads\/2024\/02\/Passage-du-Grand-Cerf-200x267.jpg 200w, https:\/\/interkultur.fr\/wp-content\/uploads\/2024\/02\/Passage-du-Grand-Cerf-225x300.jpg 225w, https:\/\/interkultur.fr\/wp-content\/uploads\/2024\/02\/Passage-du-Grand-Cerf-400x534.jpg 400w, https:\/\/interkultur.fr\/wp-content\/uploads\/2024\/02\/Passage-du-Grand-Cerf.jpg 509w\"\n\t\t\t\t\t\t\talt=\"\"\n\t\t\t\/>\n<\/div>\n\t\t<div class=\"tribe-events-calendar-month__calendar-event-tooltip-datetime\">\n\t\t<time datetime=\"2026-04-22\">\n\t\t<span class=\"tribe-event-date-start\">22 April @ 14h00<\/span> - <span class=\"tribe-event-time\">16h00<\/span>\t<\/time>\n\t<\/div>\n\t\t<div class=\"tribe-events-calendar-month__calendar-event-tooltip-title tribe-common-h7\">\n\t<a\n\t\thref=\"https:\/\/interkultur.fr\/en\/event\/passages-and-galeries-apr-22-2026\/\"\n\t\ttitle=\"Passages and Galeries &#8211; Apr\/22\/2026\"\n\t\trel=\"bookmark\"\n\t\tclass=\"tribe-events-calendar-month__calendar-event-tooltip-title-link tribe-common-anchor-thin\"\n\t>\n\t\tPassages and Galeries &#8211; Apr\/22\/2026\t<\/a>\n<\/div>\n\t\t<div class=\"tribe-events-calendar-month__calendar-event-tooltip-description tribe-common-b3\">\n\t<p>Where can you experience what Paris was like before Haussmann  [...]<\/p>\n<\/div>\n\t\t<div class=\"tribe-events-c-small-cta tribe-common-b3 tribe-events-calendar-month__calendar-event-tooltip-cost\">\n\t\t\t<span class=\"tribe-events-c-small-cta__price\">\n\t\t&#8364;50.00\t<\/span>\n<\/div>\n\t<\/div>\n<\/div>\n\n\t<\/div>\n\n<\/article>\n\n\t<\/div>\n\n\t\n<\/div>\n<\/td>\n\n\t\t\t\n\t\t\t\t<td\n\t class=\"tribe-events-calendar-month__day tribe-events-calendar-month__day--past\" \taria-labelledby=\"tribe-events-calendar-day-2026-04-23\"\n\tdata-js=\"tribe-events-month-grid-cell\"\n>\n\t<button\n\taria-expanded=\"false\"\n\taria-controls=\"tribe-events-calendar-mobile-day-2026-04-23\"\n\taria-label=\"April 23, 0 events, past day\"\n\t class=\"tribe-events-calendar-month__day-cell tribe-events-calendar-month__day-cell--mobile\" \tdata-js=\"tribe-events-calendar-month-day-cell-mobile\"\n>\n\t<div class=\"tribe-events-calendar-month__day-date tribe-common-h6 tribe-common-h--alt\">\n\t\t<span class=\"tribe-common-a11y-visual-hide\">\n\t\t\t0 events\t\t<\/span>\n\t\t<time\n\t\t\tclass=\"tribe-events-calendar-month__day-date-daynum\"\n\t\t\tdatetime=\"2026-04-23\"\n\t\t>\n\t\t\t23\t\t<\/time>\n\t<\/div>\n\t\n<\/button>\n\t\n<div\n\tid=\"tribe-events-calendar-day-2026-04-23\"\n\tclass=\"tribe-events-calendar-month__day-cell tribe-events-calendar-month__day-cell--desktop tribe-common-a11y-hidden\"\n>\n\t\n<div class=\"tribe-events-calendar-month__day-date tribe-common-h4\">\n\t<span class=\"tribe-common-a11y-visual-hide\">\n\t\t0 events,\n\t<\/span>\n\t<time\n\t\tclass=\"tribe-events-calendar-month__day-date-daynum\"\n\t\tdatetime=\"2026-04-23\"\n\t>\n\t\t\t\t\t23\t\t\t<\/time>\n<\/div>\n\n\t<div class=\"tribe-events-calendar-month__events\">\n\t\t\n\t\t\t<\/div>\n\n\t\n<\/div>\n<\/td>\n\n\t\t\t\n\t\t\t\t<td\n\t class=\"tribe-events-calendar-month__day tribe-events-calendar-month__day--past\" \taria-labelledby=\"tribe-events-calendar-day-2026-04-24\"\n\tdata-js=\"tribe-events-month-grid-cell\"\n>\n\t<button\n\taria-expanded=\"false\"\n\taria-controls=\"tribe-events-calendar-mobile-day-2026-04-24\"\n\taria-label=\"April 24, 1 event, past day\"\n\t class=\"tribe-events-calendar-month__day-cell tribe-events-calendar-month__day-cell--mobile\" \tdata-js=\"tribe-events-calendar-month-day-cell-mobile\"\n>\n\t<h3 class=\"tribe-events-calendar-month__day-date tribe-common-h6 tribe-common-h--alt\">\n\t\t<span class=\"tribe-common-a11y-visual-hide\">\n\t\t\t1 event\t\t<\/span>\n\t\t<time\n\t\t\tclass=\"tribe-events-calendar-month__day-date-daynum\"\n\t\t\tdatetime=\"2026-04-24\"\n\t\t>\n\t\t\t24\t\t<\/time>\n\t<\/h3>\n\t\n\t<span class=\"tribe-events-calendar-month__mobile-events-icon tribe-events-calendar-month__mobile-events-icon--event\" >\n\t<\/span>\n<\/button>\n\t\n<div\n\tid=\"tribe-events-calendar-day-2026-04-24\"\n\tclass=\"tribe-events-calendar-month__day-cell tribe-events-calendar-month__day-cell--desktop tribe-common-a11y-hidden\"\n>\n\t\n<h3 class=\"tribe-events-calendar-month__day-date tribe-common-h4\">\n\t<span class=\"tribe-common-a11y-visual-hide\">\n\t\t1 event,\n\t<\/span>\n\t<time\n\t\tclass=\"tribe-events-calendar-month__day-date-daynum\"\n\t\tdatetime=\"2026-04-24\"\n\t>\n\t\t\t\t\t<a\n\t\t\t\thref=\"https:\/\/interkultur.fr\/en\/events\/2026-04-24\/?shortcode=394bcbf2\"\n\t\t\t\tclass=\"tribe-events-calendar-month__day-date-link\"\n\t\t\t\tdata-js=\"tribe-events-view-link\"\n\t\t\t\taria-label=\"24 April\"\n\t\t\t>\n\t\t\t\t24\t\t\t<\/a>\n\t\t\t<\/time>\n<\/h3>\n\n\t<div class=\"tribe-events-calendar-month__events\">\n\t\t\n\t\t\n\t\n\t\n<article  class=\"tribe-events-calendar-month__calendar-event post-10002174 tribe_events type-tribe_events status-publish has-post-thumbnail hentry tribe_events_cat-periodic-visits-paris tribe_events_cat-visit-paris cat_periodic-visits-paris cat_visit-paris\" >\n\n\t\n\t<div class=\"tribe-events-calendar-month__calendar-event-details\">\n\n\t\t<div class=\"tribe-events-calendar-month__calendar-event-datetime\">\n\t\t<time datetime=\"10:30\">\n\t\t10h30\t<\/time>\n\t\t\t<span class=\"tribe-events-calendar-month__calendar-event-datetime-separator\"> - <\/span>\n\t\t<time datetime=\"12:30\">\n\t\t\t12h30\t\t<\/time>\n\t\t<\/div>\n\t\t<div class=\"tribe-events-calendar-month__calendar-event-title tribe-common-h8 tribe-common-h--alt\">\n\t<a\n\t\thref=\"https:\/\/interkultur.fr\/en\/event\/the-jewish-marais-apr-24-2026\/\"\n\t\ttitle=\"The Jewish Marais &#8211; Apr\/24\/2026\"\n\t\trel=\"bookmark\"\n\t\tclass=\"tribe-events-calendar-month__calendar-event-title-link tribe-common-anchor-thin\"\n\t\tdata-js=\"tribe-events-tooltip\"\n\t\tdata-tooltip-content=\"#tribe-events-tooltip-content-10002174\"\n\t\taria-describedby=\"tribe-events-tooltip-content-10002174\"\n\t>\n\t\tThe Jewish Marais &#8211; Apr\/24\/2026\t<\/a>\n<\/div>\n\n\t\t<div class=\"tribe-events-calendar-month__calendar-event-tooltip-template tribe-common-a11y-hidden\">\n\t<div\n\t\tclass=\"tribe-events-calendar-month__calendar-event-tooltip\"\n\t\tid=\"tribe-events-tooltip-content-10002174\"\n\t\trole=\"tooltip\"\n\t>\n\t\t<div class=\"tribe-events-calendar-month__calendar-event-tooltip-featured-image-wrapper\">\n\t<img\n\t\tclass=\"tribe-events-calendar-month__calendar-event-tooltip-featured-image\"\n\t\tsrc=\"https:\/\/interkultur.fr\/wp-content\/uploads\/2025\/02\/Synagogue-facade-scaled.jpg\"\n\t\t\t\t\tsrcset=\"https:\/\/interkultur.fr\/wp-content\/uploads\/2025\/02\/Synagogue-facade-200x267.jpg 200w, https:\/\/interkultur.fr\/wp-content\/uploads\/2025\/02\/Synagogue-facade-225x300.jpg 225w, https:\/\/interkultur.fr\/wp-content\/uploads\/2025\/02\/Synagogue-facade-400x533.jpg 400w, https:\/\/interkultur.fr\/wp-content\/uploads\/2025\/02\/Synagogue-facade-600x800.jpg 600w, https:\/\/interkultur.fr\/wp-content\/uploads\/2025\/02\/Synagogue-facade-700x933.jpg 700w, https:\/\/interkultur.fr\/wp-content\/uploads\/2025\/02\/Synagogue-facade-768x1024.jpg 768w, https:\/\/interkultur.fr\/wp-content\/uploads\/2025\/02\/Synagogue-facade-800x1067.jpg 800w, https:\/\/interkultur.fr\/wp-content\/uploads\/2025\/02\/Synagogue-facade-1152x1536.jpg 1152w, https:\/\/interkultur.fr\/wp-content\/uploads\/2025\/02\/Synagogue-facade-1200x1600.jpg 1200w, https:\/\/interkultur.fr\/wp-content\/uploads\/2025\/02\/Synagogue-facade-1536x2048.jpg 1536w, https:\/\/interkultur.fr\/wp-content\/uploads\/2025\/02\/Synagogue-facade-scaled.jpg 1920w\"\n\t\t\t\t\t\t\talt=\"\"\n\t\t\t\/>\n<\/div>\n\t\t<div class=\"tribe-events-calendar-month__calendar-event-tooltip-datetime\">\n\t\t<time datetime=\"2026-04-24\">\n\t\t<span class=\"tribe-event-date-start\">24 April @ 10h30<\/span> - <span class=\"tribe-event-time\">12h30<\/span>\t<\/time>\n\t<\/div>\n\t\t<div class=\"tribe-events-calendar-month__calendar-event-tooltip-title tribe-common-h7\">\n\t<a\n\t\thref=\"https:\/\/interkultur.fr\/en\/event\/the-jewish-marais-apr-24-2026\/\"\n\t\ttitle=\"The Jewish Marais &#8211; Apr\/24\/2026\"\n\t\trel=\"bookmark\"\n\t\tclass=\"tribe-events-calendar-month__calendar-event-tooltip-title-link tribe-common-anchor-thin\"\n\t>\n\t\tThe Jewish Marais &#8211; Apr\/24\/2026\t<\/a>\n<\/div>\n\t\t<div class=\"tribe-events-calendar-month__calendar-event-tooltip-description tribe-common-b3\">\n\t<p>Historical walk into the most emblematic Jewish quarter of Paris  [...]<\/p>\n<\/div>\n\t\t<div class=\"tribe-events-c-small-cta tribe-common-b3 tribe-events-calendar-month__calendar-event-tooltip-cost\">\n\t\t\t<span class=\"tribe-events-c-small-cta__price\">\n\t\t&#8364;50.00\t<\/span>\n<\/div>\n\t<\/div>\n<\/div>\n\n\t<\/div>\n\n<\/article>\n\n\t<\/div>\n\n\t\n<\/div>\n<\/td>\n\n\t\t\t\n\t\t\t\t<td\n\t class=\"tribe-events-calendar-month__day tribe-events-calendar-month__day--past\" \taria-labelledby=\"tribe-events-calendar-day-2026-04-25\"\n\tdata-js=\"tribe-events-month-grid-cell\"\n>\n\t<button\n\taria-expanded=\"false\"\n\taria-controls=\"tribe-events-calendar-mobile-day-2026-04-25\"\n\taria-label=\"April 25, 0 events, past day\"\n\t class=\"tribe-events-calendar-month__day-cell tribe-events-calendar-month__day-cell--mobile\" \tdata-js=\"tribe-events-calendar-month-day-cell-mobile\"\n>\n\t<div class=\"tribe-events-calendar-month__day-date tribe-common-h6 tribe-common-h--alt\">\n\t\t<span class=\"tribe-common-a11y-visual-hide\">\n\t\t\t0 events\t\t<\/span>\n\t\t<time\n\t\t\tclass=\"tribe-events-calendar-month__day-date-daynum\"\n\t\t\tdatetime=\"2026-04-25\"\n\t\t>\n\t\t\t25\t\t<\/time>\n\t<\/div>\n\t\n<\/button>\n\t\n<div\n\tid=\"tribe-events-calendar-day-2026-04-25\"\n\tclass=\"tribe-events-calendar-month__day-cell tribe-events-calendar-month__day-cell--desktop tribe-common-a11y-hidden\"\n>\n\t\n<div class=\"tribe-events-calendar-month__day-date tribe-common-h4\">\n\t<span class=\"tribe-common-a11y-visual-hide\">\n\t\t0 events,\n\t<\/span>\n\t<time\n\t\tclass=\"tribe-events-calendar-month__day-date-daynum\"\n\t\tdatetime=\"2026-04-25\"\n\t>\n\t\t\t\t\t25\t\t\t<\/time>\n<\/div>\n\n\t<div class=\"tribe-events-calendar-month__events\">\n\t\t\n\t\t\t<\/div>\n\n\t\n<\/div>\n<\/td>\n\n\t\t\t\n\t\t\t\t<td\n\t class=\"tribe-events-calendar-month__day tribe-events-calendar-month__day--past\" \taria-labelledby=\"tribe-events-calendar-day-2026-04-26\"\n\tdata-js=\"tribe-events-month-grid-cell\"\n>\n\t<button\n\taria-expanded=\"false\"\n\taria-controls=\"tribe-events-calendar-mobile-day-2026-04-26\"\n\taria-label=\"April 26, 0 events, past day\"\n\t class=\"tribe-events-calendar-month__day-cell tribe-events-calendar-month__day-cell--mobile\" \tdata-js=\"tribe-events-calendar-month-day-cell-mobile\"\n>\n\t<div class=\"tribe-events-calendar-month__day-date tribe-common-h6 tribe-common-h--alt\">\n\t\t<span class=\"tribe-common-a11y-visual-hide\">\n\t\t\t0 events\t\t<\/span>\n\t\t<time\n\t\t\tclass=\"tribe-events-calendar-month__day-date-daynum\"\n\t\t\tdatetime=\"2026-04-26\"\n\t\t>\n\t\t\t26\t\t<\/time>\n\t<\/div>\n\t\n<\/button>\n\t\n<div\n\tid=\"tribe-events-calendar-day-2026-04-26\"\n\tclass=\"tribe-events-calendar-month__day-cell tribe-events-calendar-month__day-cell--desktop tribe-common-a11y-hidden\"\n>\n\t\n<div class=\"tribe-events-calendar-month__day-date tribe-common-h4\">\n\t<span class=\"tribe-common-a11y-visual-hide\">\n\t\t0 events,\n\t<\/span>\n\t<time\n\t\tclass=\"tribe-events-calendar-month__day-date-daynum\"\n\t\tdatetime=\"2026-04-26\"\n\t>\n\t\t\t\t\t26\t\t\t<\/time>\n<\/div>\n\n\t<div class=\"tribe-events-calendar-month__events\">\n\t\t\n\t\t\t<\/div>\n\n\t\n<\/div>\n<\/td>\n\n\t\t\t\t\t<\/tr>\n\t\t\t<tr class=\"tribe-events-calendar-month__week\" data-js=\"tribe-events-month-grid-row\">\n\t\t\t\n\t\t\t\t<td\n\t class=\"tribe-events-calendar-month__day tribe-events-calendar-month__day--past\" \taria-labelledby=\"tribe-events-calendar-day-2026-04-27\"\n\tdata-js=\"tribe-events-month-grid-cell\"\n>\n\t<button\n\taria-expanded=\"false\"\n\taria-controls=\"tribe-events-calendar-mobile-day-2026-04-27\"\n\taria-label=\"April 27, 1 event, past day\"\n\t class=\"tribe-events-calendar-month__day-cell tribe-events-calendar-month__day-cell--mobile\" \tdata-js=\"tribe-events-calendar-month-day-cell-mobile\"\n>\n\t<h3 class=\"tribe-events-calendar-month__day-date tribe-common-h6 tribe-common-h--alt\">\n\t\t<span class=\"tribe-common-a11y-visual-hide\">\n\t\t\t1 event\t\t<\/span>\n\t\t<time\n\t\t\tclass=\"tribe-events-calendar-month__day-date-daynum\"\n\t\t\tdatetime=\"2026-04-27\"\n\t\t>\n\t\t\t27\t\t<\/time>\n\t<\/h3>\n\t\n\t<span class=\"tribe-events-calendar-month__mobile-events-icon tribe-events-calendar-month__mobile-events-icon--event\" >\n\t<\/span>\n<\/button>\n\t\n<div\n\tid=\"tribe-events-calendar-day-2026-04-27\"\n\tclass=\"tribe-events-calendar-month__day-cell tribe-events-calendar-month__day-cell--desktop tribe-common-a11y-hidden\"\n>\n\t\n<h3 class=\"tribe-events-calendar-month__day-date tribe-common-h4\">\n\t<span class=\"tribe-common-a11y-visual-hide\">\n\t\t1 event,\n\t<\/span>\n\t<time\n\t\tclass=\"tribe-events-calendar-month__day-date-daynum\"\n\t\tdatetime=\"2026-04-27\"\n\t>\n\t\t\t\t\t<a\n\t\t\t\thref=\"https:\/\/interkultur.fr\/en\/events\/2026-04-27\/?shortcode=394bcbf2\"\n\t\t\t\tclass=\"tribe-events-calendar-month__day-date-link\"\n\t\t\t\tdata-js=\"tribe-events-view-link\"\n\t\t\t\taria-label=\"27 April\"\n\t\t\t>\n\t\t\t\t27\t\t\t<\/a>\n\t\t\t<\/time>\n<\/h3>\n\n\t<div class=\"tribe-events-calendar-month__events\">\n\t\t\n\t\t\n\t\n\t\n<article  class=\"tribe-events-calendar-month__calendar-event post-10002157 tribe_events type-tribe_events status-publish has-post-thumbnail hentry tribe_events_cat-periodic-visits-paris tribe_events_cat-visit-paris cat_periodic-visits-paris cat_visit-paris\" >\n\n\t\n\t<div class=\"tribe-events-calendar-month__calendar-event-details\">\n\n\t\t<div class=\"tribe-events-calendar-month__calendar-event-datetime\">\n\t\t<time datetime=\"10:30\">\n\t\t10h30\t<\/time>\n\t\t\t<span class=\"tribe-events-calendar-month__calendar-event-datetime-separator\"> - <\/span>\n\t\t<time datetime=\"12:30\">\n\t\t\t12h30\t\t<\/time>\n\t\t<\/div>\n\t\t<div class=\"tribe-events-calendar-month__calendar-event-title tribe-common-h8 tribe-common-h--alt\">\n\t<a\n\t\thref=\"https:\/\/interkultur.fr\/en\/event\/occupation-and-liberation-of-paris-apr-27-2026\/\"\n\t\ttitle=\"Occupation and Liberation of Paris Apr\/27\/2026\"\n\t\trel=\"bookmark\"\n\t\tclass=\"tribe-events-calendar-month__calendar-event-title-link tribe-common-anchor-thin\"\n\t\tdata-js=\"tribe-events-tooltip\"\n\t\tdata-tooltip-content=\"#tribe-events-tooltip-content-10002157\"\n\t\taria-describedby=\"tribe-events-tooltip-content-10002157\"\n\t>\n\t\tOccupation and Liberation of Paris Apr\/27\/2026\t<\/a>\n<\/div>\n\n\t\t<div class=\"tribe-events-calendar-month__calendar-event-tooltip-template tribe-common-a11y-hidden\">\n\t<div\n\t\tclass=\"tribe-events-calendar-month__calendar-event-tooltip\"\n\t\tid=\"tribe-events-tooltip-content-10002157\"\n\t\trole=\"tooltip\"\n\t>\n\t\t<div class=\"tribe-events-calendar-month__calendar-event-tooltip-featured-image-wrapper\">\n\t<img\n\t\tclass=\"tribe-events-calendar-month__calendar-event-tooltip-featured-image\"\n\t\tsrc=\"https:\/\/interkultur.fr\/wp-content\/uploads\/2023\/12\/e0.jpg\"\n\t\t\t\t\tsrcset=\"https:\/\/interkultur.fr\/wp-content\/uploads\/2023\/12\/e0-200x134.jpg 200w, https:\/\/interkultur.fr\/wp-content\/uploads\/2023\/12\/e0-300x200.jpg 300w, https:\/\/interkultur.fr\/wp-content\/uploads\/2023\/12\/e0-400x267.jpg 400w, https:\/\/interkultur.fr\/wp-content\/uploads\/2023\/12\/e0-600x401.jpg 600w, https:\/\/interkultur.fr\/wp-content\/uploads\/2023\/12\/e0-700x467.jpg 700w, https:\/\/interkultur.fr\/wp-content\/uploads\/2023\/12\/e0.jpg 719w\"\n\t\t\t\t\t\t\talt=\"\"\n\t\t\t\/>\n<\/div>\n\t\t<div class=\"tribe-events-calendar-month__calendar-event-tooltip-datetime\">\n\t\t<time datetime=\"2026-04-27\">\n\t\t<span class=\"tribe-event-date-start\">27 April @ 10h30<\/span> - <span class=\"tribe-event-time\">12h30<\/span>\t<\/time>\n\t<\/div>\n\t\t<div class=\"tribe-events-calendar-month__calendar-event-tooltip-title tribe-common-h7\">\n\t<a\n\t\thref=\"https:\/\/interkultur.fr\/en\/event\/occupation-and-liberation-of-paris-apr-27-2026\/\"\n\t\ttitle=\"Occupation and Liberation of Paris Apr\/27\/2026\"\n\t\trel=\"bookmark\"\n\t\tclass=\"tribe-events-calendar-month__calendar-event-tooltip-title-link tribe-common-anchor-thin\"\n\t>\n\t\tOccupation and Liberation of Paris Apr\/27\/2026\t<\/a>\n<\/div>\n\t\t\t\t<div class=\"tribe-events-c-small-cta tribe-common-b3 tribe-events-calendar-month__calendar-event-tooltip-cost\">\n\t\t\t<span class=\"tribe-events-c-small-cta__price\">\n\t\t&#8364;50.00\t<\/span>\n<\/div>\n\t<\/div>\n<\/div>\n\n\t<\/div>\n\n<\/article>\n\n\t<\/div>\n\n\t\n<\/div>\n<\/td>\n\n\t\t\t\n\t\t\t\t<td\n\t class=\"tribe-events-calendar-month__day tribe-events-calendar-month__day--current\" \taria-labelledby=\"tribe-events-calendar-day-2026-04-28\"\n\tdata-js=\"tribe-events-month-grid-cell\"\n>\n\t<button\n\taria-expanded=\"true\"\n\taria-controls=\"tribe-events-calendar-mobile-day-2026-04-28\"\n\taria-label=\"April 28, 1 event, today\"\n\t class=\"tribe-events-calendar-month__day-cell tribe-events-calendar-month__day-cell--mobile tribe-events-calendar-month__day-cell--selected\" \tdata-js=\"tribe-events-calendar-month-day-cell-mobile\"\n>\n\t<h3 class=\"tribe-events-calendar-month__day-date tribe-common-h6 tribe-common-h--alt\">\n\t\t<span class=\"tribe-common-a11y-visual-hide\">\n\t\t\t1 event\t\t<\/span>\n\t\t<time\n\t\t\tclass=\"tribe-events-calendar-month__day-date-daynum\"\n\t\t\tdatetime=\"2026-04-28\"\n\t\t>\n\t\t\t28\t\t<\/time>\n\t<\/h3>\n\t\n\t\t<span class=\"tribe-events-calendar-month__mobile-events-icon tribe-events-calendar-month__mobile-events-icon--featured\" >\n\t\t<svg\n\t class=\"tribe-common-c-svgicon tribe-common-c-svgicon--featured tribe-events-calendar-month__mobile-events-icon-svg\" \taria-hidden=\"true\"\n\tviewBox=\"0 0 8 10\"\n\txmlns=\"http:\/\/www.w3.org\/2000\/svg\"\n>\n\t<path fill-rule=\"evenodd\" clip-rule=\"evenodd\" d=\"M0 0h8v10L4.049 7.439 0 10V0z\"\/>\n<\/svg>\n\t<\/span>\n\t<span class=\"tribe-events-calendar-month__mobile-events-icon-text tribe-common-a11y-visual-hide\">\n\t\thas featured events\t<\/span>\n<\/button>\n\t\n<div\n\tid=\"tribe-events-calendar-day-2026-04-28\"\n\tclass=\"tribe-events-calendar-month__day-cell tribe-events-calendar-month__day-cell--desktop tribe-common-a11y-hidden\"\n>\n\t\n<h3 class=\"tribe-events-calendar-month__day-date tribe-common-h4\">\n\t<span class=\"tribe-common-a11y-visual-hide\">\n\t\t1 event,\n\t<\/span>\n\t<time\n\t\tclass=\"tribe-events-calendar-month__day-date-daynum\"\n\t\tdatetime=\"2026-04-28\"\n\t>\n\t\t\t\t\t<a\n\t\t\t\thref=\"https:\/\/interkultur.fr\/en\/events\/2026-04-28\/?shortcode=394bcbf2\"\n\t\t\t\tclass=\"tribe-events-calendar-month__day-date-link\"\n\t\t\t\tdata-js=\"tribe-events-view-link\"\n\t\t\t\taria-label=\"28 April\"\n\t\t\t>\n\t\t\t\t28\t\t\t<\/a>\n\t\t\t<\/time>\n<\/h3>\n\n\t<div class=\"tribe-events-calendar-month__events\">\n\t\t\n\t\t\n\t\n\t\n<article  class=\"tribe-events-calendar-month__calendar-event post-10002145 tribe_events type-tribe_events status-publish has-post-thumbnail hentry tribe_events_cat-request-visits-outside-paris tribe_events_cat-tours-france cat_request-visits-outside-paris cat_tours-france tribe-events-calendar-month__calendar-event--featured tribe-events-calendar-month__calendar-event--sticky\" >\n\n\t<div class=\"tribe-events-calendar-month__calendar-event-featured-image-wrapper\">\n\t<img\n\t\tclass=\"tribe-events-calendar-month__calendar-event-featured-image\"\n\t\tsrc=\"https:\/\/interkultur.fr\/wp-content\/uploads\/2026\/03\/rouen-centre-ville-gros-horloge.webp\"\n\t\t\t\t\tsrcset=\"https:\/\/interkultur.fr\/wp-content\/uploads\/2026\/03\/rouen-centre-ville-gros-horloge-200x133.webp 200w, https:\/\/interkultur.fr\/wp-content\/uploads\/2026\/03\/rouen-centre-ville-gros-horloge-300x200.webp 300w, https:\/\/interkultur.fr\/wp-content\/uploads\/2026\/03\/rouen-centre-ville-gros-horloge-400x266.webp 400w, https:\/\/interkultur.fr\/wp-content\/uploads\/2026\/03\/rouen-centre-ville-gros-horloge-600x400.webp 600w, https:\/\/interkultur.fr\/wp-content\/uploads\/2026\/03\/rouen-centre-ville-gros-horloge-700x466.webp 700w, https:\/\/interkultur.fr\/wp-content\/uploads\/2026\/03\/rouen-centre-ville-gros-horloge-768x512.webp 768w, https:\/\/interkultur.fr\/wp-content\/uploads\/2026\/03\/rouen-centre-ville-gros-horloge-800x533.webp 800w, https:\/\/interkultur.fr\/wp-content\/uploads\/2026\/03\/rouen-centre-ville-gros-horloge-1024x682.webp 1024w, https:\/\/interkultur.fr\/wp-content\/uploads\/2026\/03\/rouen-centre-ville-gros-horloge-1200x799.webp 1200w, https:\/\/interkultur.fr\/wp-content\/uploads\/2026\/03\/rouen-centre-ville-gros-horloge.webp 1536w\"\n\t\t\t\t\t\t\talt=\"\"\n\t\t\t\t\t\t\ttitle=\"rouen-centre-ville-gros-horloge\"\n\t\t\t\tclass=\"tribe-events-calendar-month__calendar-event-featured-image\"\n\t\t\t\t\twidth=\"1536\"\n\t\t\t\t\t\t\theight=\"1023\"\n\t\t\t\/>\n<\/div>\n\n\t<div class=\"tribe-events-calendar-month__calendar-event-details\">\n\n\t\t<div class=\"tribe-events-calendar-month__calendar-event-datetime\">\n\t<em class=\"tribe-events-calendar-month__calendar-event-datetime-featured-icon\">\n\t<svg\n\t class=\"tribe-common-c-svgicon tribe-common-c-svgicon--featured tribe-events-calendar-month__calendar-event-datetime-featured-icon-svg\" \taria-hidden=\"true\"\n\tviewBox=\"0 0 8 10\"\n\txmlns=\"http:\/\/www.w3.org\/2000\/svg\"\n>\n\t<path fill-rule=\"evenodd\" clip-rule=\"evenodd\" d=\"M0 0h8v10L4.049 7.439 0 10V0z\"\/>\n<\/svg>\n<\/em>\n<span class=\"tribe-events-calendar-month__calendar-event-datetime-featured-text tribe-common-a11y-visual-hide\">\n\tFeatured<\/span>\n\t<time datetime=\"09:00\">\n\t\t9h00\t<\/time>\n\t\t\t<span class=\"tribe-events-calendar-month__calendar-event-datetime-separator\"> - <\/span>\n\t\t<time datetime=\"18:00\">\n\t\t\t18h00\t\t<\/time>\n\t\t<\/div>\n\t\t<div class=\"tribe-events-calendar-month__calendar-event-title tribe-common-h8 tribe-common-h--alt\">\n\t<a\n\t\thref=\"https:\/\/interkultur.fr\/en\/event\/a-day-in-rouen\/\"\n\t\ttitle=\"A day in Rouen\"\n\t\trel=\"bookmark\"\n\t\tclass=\"tribe-events-calendar-month__calendar-event-title-link tribe-common-anchor-thin\"\n\t\tdata-js=\"tribe-events-tooltip\"\n\t\tdata-tooltip-content=\"#tribe-events-tooltip-content-10002145\"\n\t\taria-describedby=\"tribe-events-tooltip-content-10002145\"\n\t>\n\t\tA day in Rouen\t<\/a>\n<\/div>\n\n\t\t<div class=\"tribe-events-calendar-month__calendar-event-tooltip-template tribe-common-a11y-hidden\">\n\t<div\n\t\tclass=\"tribe-events-calendar-month__calendar-event-tooltip\"\n\t\tid=\"tribe-events-tooltip-content-10002145\"\n\t\trole=\"tooltip\"\n\t>\n\t\t<div class=\"tribe-events-calendar-month__calendar-event-tooltip-featured-image-wrapper\">\n\t<img\n\t\tclass=\"tribe-events-calendar-month__calendar-event-tooltip-featured-image\"\n\t\tsrc=\"https:\/\/interkultur.fr\/wp-content\/uploads\/2026\/03\/rouen-centre-ville-gros-horloge.webp\"\n\t\t\t\t\tsrcset=\"https:\/\/interkultur.fr\/wp-content\/uploads\/2026\/03\/rouen-centre-ville-gros-horloge-200x133.webp 200w, https:\/\/interkultur.fr\/wp-content\/uploads\/2026\/03\/rouen-centre-ville-gros-horloge-300x200.webp 300w, https:\/\/interkultur.fr\/wp-content\/uploads\/2026\/03\/rouen-centre-ville-gros-horloge-400x266.webp 400w, https:\/\/interkultur.fr\/wp-content\/uploads\/2026\/03\/rouen-centre-ville-gros-horloge-600x400.webp 600w, https:\/\/interkultur.fr\/wp-content\/uploads\/2026\/03\/rouen-centre-ville-gros-horloge-700x466.webp 700w, https:\/\/interkultur.fr\/wp-content\/uploads\/2026\/03\/rouen-centre-ville-gros-horloge-768x512.webp 768w, https:\/\/interkultur.fr\/wp-content\/uploads\/2026\/03\/rouen-centre-ville-gros-horloge-800x533.webp 800w, https:\/\/interkultur.fr\/wp-content\/uploads\/2026\/03\/rouen-centre-ville-gros-horloge-1024x682.webp 1024w, https:\/\/interkultur.fr\/wp-content\/uploads\/2026\/03\/rouen-centre-ville-gros-horloge-1200x799.webp 1200w, https:\/\/interkultur.fr\/wp-content\/uploads\/2026\/03\/rouen-centre-ville-gros-horloge.webp 1536w\"\n\t\t\t\t\t\t\talt=\"\"\n\t\t\t\/>\n<\/div>\n\t\t<div class=\"tribe-events-calendar-month__calendar-event-tooltip-datetime\">\n\t<em class=\"tribe-events-calendar-month__calendar-event-tooltip-datetime-featured-icon\">\n\t<svg\n\t class=\"tribe-common-c-svgicon tribe-common-c-svgicon--featured tribe-events-calendar-month__calendar-event-tooltip-datetime-featured-icon-svg\" \taria-hidden=\"true\"\n\tviewBox=\"0 0 8 10\"\n\txmlns=\"http:\/\/www.w3.org\/2000\/svg\"\n>\n\t<path fill-rule=\"evenodd\" clip-rule=\"evenodd\" d=\"M0 0h8v10L4.049 7.439 0 10V0z\"\/>\n<\/svg>\n<\/em>\n<span class=\"tribe-events-calendar-month__calendar-event-tooltip-datetime-featured-text tribe-common-a11y-visual-hide\">\n\tFeatured<\/span>\n\t<time datetime=\"2026-04-28\">\n\t\t<span class=\"tribe-event-date-start\">28 April @ 9h00<\/span> - <span class=\"tribe-event-time\">18h00<\/span>\t<\/time>\n\t<\/div>\n\t\t<div class=\"tribe-events-calendar-month__calendar-event-tooltip-title tribe-common-h7\">\n\t<a\n\t\thref=\"https:\/\/interkultur.fr\/en\/event\/a-day-in-rouen\/\"\n\t\ttitle=\"A day in Rouen\"\n\t\trel=\"bookmark\"\n\t\tclass=\"tribe-events-calendar-month__calendar-event-tooltip-title-link tribe-common-anchor-thin\"\n\t>\n\t\tA day in Rouen\t<\/a>\n<\/div>\n\t\t<div class=\"tribe-events-calendar-month__calendar-event-tooltip-description tribe-common-b3\">\n\t<p>A Day in Rouen Visit the capital of Normandy, with  [...]<\/p>\n<\/div>\n\t\t<div class=\"tribe-events-c-small-cta tribe-common-b3 tribe-events-calendar-month__calendar-event-tooltip-cost\">\n\t\t\t<span class=\"tribe-events-c-small-cta__price\">\n\t\t&#8364;80.00\t<\/span>\n<\/div>\n\t<\/div>\n<\/div>\n\n\t<\/div>\n\n<\/article>\n\n\t<\/div>\n\n\t\n<\/div>\n<\/td>\n\n\t\t\t\n\t\t\t\t<td\n\t class=\"tribe-events-calendar-month__day\" \taria-labelledby=\"tribe-events-calendar-day-2026-04-29\"\n\tdata-js=\"tribe-events-month-grid-cell\"\n>\n\t<button\n\taria-expanded=\"false\"\n\taria-controls=\"tribe-events-calendar-mobile-day-2026-04-29\"\n\taria-label=\"April 29, 1 event, upcoming day\"\n\t class=\"tribe-events-calendar-month__day-cell tribe-events-calendar-month__day-cell--mobile\" \tdata-js=\"tribe-events-calendar-month-day-cell-mobile\"\n>\n\t<h3 class=\"tribe-events-calendar-month__day-date tribe-common-h6 tribe-common-h--alt\">\n\t\t<span class=\"tribe-common-a11y-visual-hide\">\n\t\t\t1 event\t\t<\/span>\n\t\t<time\n\t\t\tclass=\"tribe-events-calendar-month__day-date-daynum\"\n\t\t\tdatetime=\"2026-04-29\"\n\t\t>\n\t\t\t29\t\t<\/time>\n\t<\/h3>\n\t\n\t<span class=\"tribe-events-calendar-month__mobile-events-icon tribe-events-calendar-month__mobile-events-icon--event\" >\n\t<\/span>\n<\/button>\n\t\n<div\n\tid=\"tribe-events-calendar-day-2026-04-29\"\n\tclass=\"tribe-events-calendar-month__day-cell tribe-events-calendar-month__day-cell--desktop tribe-common-a11y-hidden\"\n>\n\t\n<h3 class=\"tribe-events-calendar-month__day-date tribe-common-h4\">\n\t<span class=\"tribe-common-a11y-visual-hide\">\n\t\t1 event,\n\t<\/span>\n\t<time\n\t\tclass=\"tribe-events-calendar-month__day-date-daynum\"\n\t\tdatetime=\"2026-04-29\"\n\t>\n\t\t\t\t\t<a\n\t\t\t\thref=\"https:\/\/interkultur.fr\/en\/events\/2026-04-29\/?shortcode=394bcbf2\"\n\t\t\t\tclass=\"tribe-events-calendar-month__day-date-link\"\n\t\t\t\tdata-js=\"tribe-events-view-link\"\n\t\t\t\taria-label=\"29 April\"\n\t\t\t>\n\t\t\t\t29\t\t\t<\/a>\n\t\t\t<\/time>\n<\/h3>\n\n\t<div class=\"tribe-events-calendar-month__events\">\n\t\t\n\t\t\n\t\n\t\n<article  class=\"tribe-events-calendar-month__calendar-event post-10002191 tribe_events type-tribe_events status-publish has-post-thumbnail hentry tribe_events_cat-periodic-visits-paris tribe_events_cat-visit-paris cat_periodic-visits-paris cat_visit-paris\" >\n\n\t\n\t<div class=\"tribe-events-calendar-month__calendar-event-details\">\n\n\t\t<div class=\"tribe-events-calendar-month__calendar-event-datetime\">\n\t\t<time datetime=\"14:00\">\n\t\t14h00\t<\/time>\n\t\t\t<span class=\"tribe-events-calendar-month__calendar-event-datetime-separator\"> - <\/span>\n\t\t<time datetime=\"16:00\">\n\t\t\t16h00\t\t<\/time>\n\t\t<\/div>\n\t\t<div class=\"tribe-events-calendar-month__calendar-event-title tribe-common-h8 tribe-common-h--alt\">\n\t<a\n\t\thref=\"https:\/\/interkultur.fr\/en\/event\/passages-and-galeries-apr-29-2026\/\"\n\t\ttitle=\"Passages and Galeries &#8211; Apr\/29\/2026\"\n\t\trel=\"bookmark\"\n\t\tclass=\"tribe-events-calendar-month__calendar-event-title-link tribe-common-anchor-thin\"\n\t\tdata-js=\"tribe-events-tooltip\"\n\t\tdata-tooltip-content=\"#tribe-events-tooltip-content-10002191\"\n\t\taria-describedby=\"tribe-events-tooltip-content-10002191\"\n\t>\n\t\tPassages and Galeries &#8211; Apr\/29\/2026\t<\/a>\n<\/div>\n\n\t\t<div class=\"tribe-events-calendar-month__calendar-event-tooltip-template tribe-common-a11y-hidden\">\n\t<div\n\t\tclass=\"tribe-events-calendar-month__calendar-event-tooltip\"\n\t\tid=\"tribe-events-tooltip-content-10002191\"\n\t\trole=\"tooltip\"\n\t>\n\t\t<div class=\"tribe-events-calendar-month__calendar-event-tooltip-featured-image-wrapper\">\n\t<img\n\t\tclass=\"tribe-events-calendar-month__calendar-event-tooltip-featured-image\"\n\t\tsrc=\"https:\/\/interkultur.fr\/wp-content\/uploads\/2024\/02\/Passage-du-Grand-Cerf.jpg\"\n\t\t\t\t\tsrcset=\"https:\/\/interkultur.fr\/wp-content\/uploads\/2024\/02\/Passage-du-Grand-Cerf-200x267.jpg 200w, https:\/\/interkultur.fr\/wp-content\/uploads\/2024\/02\/Passage-du-Grand-Cerf-225x300.jpg 225w, https:\/\/interkultur.fr\/wp-content\/uploads\/2024\/02\/Passage-du-Grand-Cerf-400x534.jpg 400w, https:\/\/interkultur.fr\/wp-content\/uploads\/2024\/02\/Passage-du-Grand-Cerf.jpg 509w\"\n\t\t\t\t\t\t\talt=\"\"\n\t\t\t\/>\n<\/div>\n\t\t<div class=\"tribe-events-calendar-month__calendar-event-tooltip-datetime\">\n\t\t<time datetime=\"2026-04-29\">\n\t\t<span class=\"tribe-event-date-start\">29 April @ 14h00<\/span> - <span class=\"tribe-event-time\">16h00<\/span>\t<\/time>\n\t<\/div>\n\t\t<div class=\"tribe-events-calendar-month__calendar-event-tooltip-title tribe-common-h7\">\n\t<a\n\t\thref=\"https:\/\/interkultur.fr\/en\/event\/passages-and-galeries-apr-29-2026\/\"\n\t\ttitle=\"Passages and Galeries &#8211; Apr\/29\/2026\"\n\t\trel=\"bookmark\"\n\t\tclass=\"tribe-events-calendar-month__calendar-event-tooltip-title-link tribe-common-anchor-thin\"\n\t>\n\t\tPassages and Galeries &#8211; Apr\/29\/2026\t<\/a>\n<\/div>\n\t\t<div class=\"tribe-events-calendar-month__calendar-event-tooltip-description tribe-common-b3\">\n\t<p>Where can you experience what Paris was like before Haussmann  [...]<\/p>\n<\/div>\n\t\t<div class=\"tribe-events-c-small-cta tribe-common-b3 tribe-events-calendar-month__calendar-event-tooltip-cost\">\n\t\t\t<a\n\t\t\thref=\"https:\/\/interkultur.fr\/en\/event\/passages-and-galeries-apr-29-2026\/#tribe-tickets__tickets-form\"\n\t\t\tclass=\"tribe-events-c-small-cta__link tribe-common-cta tribe-common-cta--thin-alt\"\n\t\t>\n\t\t\tGet Tickets\t\t<\/a>\n\t\t\t<span class=\"tribe-events-c-small-cta__price\">\n\t\t&#8364;50.00\t<\/span>\n<\/div>\n\t<\/div>\n<\/div>\n\n\t<\/div>\n\n<\/article>\n\n\t<\/div>\n\n\t\n<\/div>\n<\/td>\n\n\t\t\t\n\t\t\t\t<td\n\t class=\"tribe-events-calendar-month__day\" \taria-labelledby=\"tribe-events-calendar-day-2026-04-30\"\n\tdata-js=\"tribe-events-month-grid-cell\"\n>\n\t<button\n\taria-expanded=\"false\"\n\taria-controls=\"tribe-events-calendar-mobile-day-2026-04-30\"\n\taria-label=\"April 30, 0 events, upcoming day\"\n\t class=\"tribe-events-calendar-month__day-cell tribe-events-calendar-month__day-cell--mobile\" \tdata-js=\"tribe-events-calendar-month-day-cell-mobile\"\n>\n\t<div class=\"tribe-events-calendar-month__day-date tribe-common-h6 tribe-common-h--alt\">\n\t\t<span class=\"tribe-common-a11y-visual-hide\">\n\t\t\t0 events\t\t<\/span>\n\t\t<time\n\t\t\tclass=\"tribe-events-calendar-month__day-date-daynum\"\n\t\t\tdatetime=\"2026-04-30\"\n\t\t>\n\t\t\t30\t\t<\/time>\n\t<\/div>\n\t\n<\/button>\n\t\n<div\n\tid=\"tribe-events-calendar-day-2026-04-30\"\n\tclass=\"tribe-events-calendar-month__day-cell tribe-events-calendar-month__day-cell--desktop tribe-common-a11y-hidden\"\n>\n\t\n<div class=\"tribe-events-calendar-month__day-date tribe-common-h4\">\n\t<span class=\"tribe-common-a11y-visual-hide\">\n\t\t0 events,\n\t<\/span>\n\t<time\n\t\tclass=\"tribe-events-calendar-month__day-date-daynum\"\n\t\tdatetime=\"2026-04-30\"\n\t>\n\t\t\t\t\t30\t\t\t<\/time>\n<\/div>\n\n\t<div class=\"tribe-events-calendar-month__events\">\n\t\t\n\t\t\t<\/div>\n\n\t\n<\/div>\n<\/td>\n\n\t\t\t\n\t\t\t\t<td\n\t class=\"tribe-events-calendar-month__day tribe-events-calendar-month__day--other-month tribe-events-calendar-month__day--next-month\" \taria-labelledby=\"tribe-events-calendar-day-2026-05-01\"\n\tdata-js=\"tribe-events-month-grid-cell\"\n>\n\t<button\n\taria-expanded=\"false\"\n\taria-controls=\"tribe-events-calendar-mobile-day-2026-05-1\"\n\taria-label=\"May 1, 1 event, upcoming day\"\n\t class=\"tribe-events-calendar-month__day-cell tribe-events-calendar-month__day-cell--mobile\" \tdata-js=\"tribe-events-calendar-month-day-cell-mobile\"\n>\n\t<h3 class=\"tribe-events-calendar-month__day-date tribe-common-h6 tribe-common-h--alt\">\n\t\t<span class=\"tribe-common-a11y-visual-hide\">\n\t\t\t1 event\t\t<\/span>\n\t\t<time\n\t\t\tclass=\"tribe-events-calendar-month__day-date-daynum\"\n\t\t\tdatetime=\"2026-05-01\"\n\t\t>\n\t\t\t1\t\t<\/time>\n\t<\/h3>\n\t\n\t<span class=\"tribe-events-calendar-month__mobile-events-icon tribe-events-calendar-month__mobile-events-icon--event\" >\n\t<\/span>\n<\/button>\n\t\n<div\n\tid=\"tribe-events-calendar-day-2026-05-01\"\n\tclass=\"tribe-events-calendar-month__day-cell tribe-events-calendar-month__day-cell--desktop tribe-common-a11y-hidden\"\n>\n\t\n<h3 class=\"tribe-events-calendar-month__day-date tribe-common-h4\">\n\t<span class=\"tribe-common-a11y-visual-hide\">\n\t\t1 event,\n\t<\/span>\n\t<time\n\t\tclass=\"tribe-events-calendar-month__day-date-daynum\"\n\t\tdatetime=\"2026-05-01\"\n\t>\n\t\t\t\t\t<a\n\t\t\t\thref=\"https:\/\/interkultur.fr\/en\/events\/2026-05-01\/?shortcode=394bcbf2\"\n\t\t\t\tclass=\"tribe-events-calendar-month__day-date-link\"\n\t\t\t\tdata-js=\"tribe-events-view-link\"\n\t\t\t\taria-label=\"1 May\"\n\t\t\t>\n\t\t\t\t1\t\t\t<\/a>\n\t\t\t<\/time>\n<\/h3>\n\n\t<div class=\"tribe-events-calendar-month__events\">\n\t\t\n\t\t\n\t\n\t\n<article  class=\"tribe-events-calendar-month__calendar-event post-10002175 tribe_events type-tribe_events status-publish has-post-thumbnail hentry tribe_events_cat-periodic-visits-paris tribe_events_cat-visit-paris cat_periodic-visits-paris cat_visit-paris\" >\n\n\t\n\t<div class=\"tribe-events-calendar-month__calendar-event-details\">\n\n\t\t<div class=\"tribe-events-calendar-month__calendar-event-datetime\">\n\t\t<time datetime=\"10:30\">\n\t\t10h30\t<\/time>\n\t\t\t<span class=\"tribe-events-calendar-month__calendar-event-datetime-separator\"> - <\/span>\n\t\t<time datetime=\"12:30\">\n\t\t\t12h30\t\t<\/time>\n\t\t<\/div>\n\t\t<div class=\"tribe-events-calendar-month__calendar-event-title tribe-common-h8 tribe-common-h--alt\">\n\t<a\n\t\thref=\"https:\/\/interkultur.fr\/en\/event\/the-jewish-marais-may-01-2026\/\"\n\t\ttitle=\"The Jewish Marais &#8211; May\/01\/2026\"\n\t\trel=\"bookmark\"\n\t\tclass=\"tribe-events-calendar-month__calendar-event-title-link tribe-common-anchor-thin\"\n\t\tdata-js=\"tribe-events-tooltip\"\n\t\tdata-tooltip-content=\"#tribe-events-tooltip-content-10002175\"\n\t\taria-describedby=\"tribe-events-tooltip-content-10002175\"\n\t>\n\t\tThe Jewish Marais &#8211; May\/01\/2026\t<\/a>\n<\/div>\n\n\t\t<div class=\"tribe-events-calendar-month__calendar-event-tooltip-template tribe-common-a11y-hidden\">\n\t<div\n\t\tclass=\"tribe-events-calendar-month__calendar-event-tooltip\"\n\t\tid=\"tribe-events-tooltip-content-10002175\"\n\t\trole=\"tooltip\"\n\t>\n\t\t<div class=\"tribe-events-calendar-month__calendar-event-tooltip-featured-image-wrapper\">\n\t<img\n\t\tclass=\"tribe-events-calendar-month__calendar-event-tooltip-featured-image\"\n\t\tsrc=\"https:\/\/interkultur.fr\/wp-content\/uploads\/2025\/02\/Synagogue-facade-scaled.jpg\"\n\t\t\t\t\tsrcset=\"https:\/\/interkultur.fr\/wp-content\/uploads\/2025\/02\/Synagogue-facade-200x267.jpg 200w, https:\/\/interkultur.fr\/wp-content\/uploads\/2025\/02\/Synagogue-facade-225x300.jpg 225w, https:\/\/interkultur.fr\/wp-content\/uploads\/2025\/02\/Synagogue-facade-400x533.jpg 400w, https:\/\/interkultur.fr\/wp-content\/uploads\/2025\/02\/Synagogue-facade-600x800.jpg 600w, https:\/\/interkultur.fr\/wp-content\/uploads\/2025\/02\/Synagogue-facade-700x933.jpg 700w, https:\/\/interkultur.fr\/wp-content\/uploads\/2025\/02\/Synagogue-facade-768x1024.jpg 768w, https:\/\/interkultur.fr\/wp-content\/uploads\/2025\/02\/Synagogue-facade-800x1067.jpg 800w, https:\/\/interkultur.fr\/wp-content\/uploads\/2025\/02\/Synagogue-facade-1152x1536.jpg 1152w, https:\/\/interkultur.fr\/wp-content\/uploads\/2025\/02\/Synagogue-facade-1200x1600.jpg 1200w, https:\/\/interkultur.fr\/wp-content\/uploads\/2025\/02\/Synagogue-facade-1536x2048.jpg 1536w, https:\/\/interkultur.fr\/wp-content\/uploads\/2025\/02\/Synagogue-facade-scaled.jpg 1920w\"\n\t\t\t\t\t\t\talt=\"\"\n\t\t\t\/>\n<\/div>\n\t\t<div class=\"tribe-events-calendar-month__calendar-event-tooltip-datetime\">\n\t\t<time datetime=\"2026-05-01\">\n\t\t<span class=\"tribe-event-date-start\">1 May @ 10h30<\/span> - <span class=\"tribe-event-time\">12h30<\/span>\t<\/time>\n\t<\/div>\n\t\t<div class=\"tribe-events-calendar-month__calendar-event-tooltip-title tribe-common-h7\">\n\t<a\n\t\thref=\"https:\/\/interkultur.fr\/en\/event\/the-jewish-marais-may-01-2026\/\"\n\t\ttitle=\"The Jewish Marais &#8211; May\/01\/2026\"\n\t\trel=\"bookmark\"\n\t\tclass=\"tribe-events-calendar-month__calendar-event-tooltip-title-link tribe-common-anchor-thin\"\n\t>\n\t\tThe Jewish Marais &#8211; May\/01\/2026\t<\/a>\n<\/div>\n\t\t<div class=\"tribe-events-calendar-month__calendar-event-tooltip-description tribe-common-b3\">\n\t<p>Historical walk into the most emblematic Jewish quarter of Paris  [...]<\/p>\n<\/div>\n\t\t<div class=\"tribe-events-c-small-cta tribe-common-b3 tribe-events-calendar-month__calendar-event-tooltip-cost\">\n\t\t\t<a\n\t\t\thref=\"https:\/\/interkultur.fr\/en\/event\/the-jewish-marais-may-01-2026\/#tribe-tickets__tickets-form\"\n\t\t\tclass=\"tribe-events-c-small-cta__link tribe-common-cta tribe-common-cta--thin-alt\"\n\t\t>\n\t\t\tGet Tickets\t\t<\/a>\n\t\t\t<span class=\"tribe-events-c-small-cta__price\">\n\t\t&#8364;50.00\t<\/span>\n<\/div>\n\t<\/div>\n<\/div>\n\n\t<\/div>\n\n<\/article>\n\n\t<\/div>\n\n\t\n<\/div>\n<\/td>\n\n\t\t\t\n\t\t\t\t<td\n\t class=\"tribe-events-calendar-month__day tribe-events-calendar-month__day--other-month tribe-events-calendar-month__day--next-month\" \taria-labelledby=\"tribe-events-calendar-day-2026-05-02\"\n\tdata-js=\"tribe-events-month-grid-cell\"\n>\n\t<button\n\taria-expanded=\"false\"\n\taria-controls=\"tribe-events-calendar-mobile-day-2026-05-2\"\n\taria-label=\"May 2, 0 events, upcoming day\"\n\t class=\"tribe-events-calendar-month__day-cell tribe-events-calendar-month__day-cell--mobile\" \tdata-js=\"tribe-events-calendar-month-day-cell-mobile\"\n>\n\t<div class=\"tribe-events-calendar-month__day-date tribe-common-h6 tribe-common-h--alt\">\n\t\t<span class=\"tribe-common-a11y-visual-hide\">\n\t\t\t0 events\t\t<\/span>\n\t\t<time\n\t\t\tclass=\"tribe-events-calendar-month__day-date-daynum\"\n\t\t\tdatetime=\"2026-05-02\"\n\t\t>\n\t\t\t2\t\t<\/time>\n\t<\/div>\n\t\n<\/button>\n\t\n<div\n\tid=\"tribe-events-calendar-day-2026-05-02\"\n\tclass=\"tribe-events-calendar-month__day-cell tribe-events-calendar-month__day-cell--desktop tribe-common-a11y-hidden\"\n>\n\t\n<div class=\"tribe-events-calendar-month__day-date tribe-common-h4\">\n\t<span class=\"tribe-common-a11y-visual-hide\">\n\t\t0 events,\n\t<\/span>\n\t<time\n\t\tclass=\"tribe-events-calendar-month__day-date-daynum\"\n\t\tdatetime=\"2026-05-02\"\n\t>\n\t\t\t\t\t2\t\t\t<\/time>\n<\/div>\n\n\t<div class=\"tribe-events-calendar-month__events\">\n\t\t\n\t\t\t<\/div>\n\n\t\n<\/div>\n<\/td>\n\n\t\t\t\n\t\t\t\t<td\n\t class=\"tribe-events-calendar-month__day tribe-events-calendar-month__day--other-month tribe-events-calendar-month__day--next-month\" \taria-labelledby=\"tribe-events-calendar-day-2026-05-03\"\n\tdata-js=\"tribe-events-month-grid-cell\"\n>\n\t<button\n\taria-expanded=\"false\"\n\taria-controls=\"tribe-events-calendar-mobile-day-2026-05-3\"\n\taria-label=\"May 3, 0 events, upcoming day\"\n\t class=\"tribe-events-calendar-month__day-cell tribe-events-calendar-month__day-cell--mobile\" \tdata-js=\"tribe-events-calendar-month-day-cell-mobile\"\n>\n\t<div class=\"tribe-events-calendar-month__day-date tribe-common-h6 tribe-common-h--alt\">\n\t\t<span class=\"tribe-common-a11y-visual-hide\">\n\t\t\t0 events\t\t<\/span>\n\t\t<time\n\t\t\tclass=\"tribe-events-calendar-month__day-date-daynum\"\n\t\t\tdatetime=\"2026-05-03\"\n\t\t>\n\t\t\t3\t\t<\/time>\n\t<\/div>\n\t\n<\/button>\n\t\n<div\n\tid=\"tribe-events-calendar-day-2026-05-03\"\n\tclass=\"tribe-events-calendar-month__day-cell tribe-events-calendar-month__day-cell--desktop tribe-common-a11y-hidden\"\n>\n\t\n<div class=\"tribe-events-calendar-month__day-date tribe-common-h4\">\n\t<span class=\"tribe-common-a11y-visual-hide\">\n\t\t0 events,\n\t<\/span>\n\t<time\n\t\tclass=\"tribe-events-calendar-month__day-date-daynum\"\n\t\tdatetime=\"2026-05-03\"\n\t>\n\t\t\t\t\t3\t\t\t<\/time>\n<\/div>\n\n\t<div class=\"tribe-events-calendar-month__events\">\n\t\t\n\t\t\t<\/div>\n\n\t\n<\/div>\n<\/td>\n\n\t\t\t\t\t<\/tr>\n\t<\/tbody>\n\n\t\t<\/table>\n\n\t\t\n\t\t<section class=\"tribe-events-calendar-month-mobile-events\" data-js=\"tribe-events-calendar-month-mobile-events\">\n\n\t\n\t\t\n<div  class=\"tribe-events-calendar-month-mobile-events__mobile-day\"  id=\"tribe-events-calendar-mobile-day-2026-03-30\">\n\n\t\n\t\t\t\t\t\n\t\t\t<div class=\"tribe-events-c-day-marker tribe-events-calendar-month-mobile-events__day-marker\">\n\t<time\n\t\tclass=\"tribe-events-c-day-marker__date tribe-common-h7 tribe-common-h--alt\"\n\t\tdatetime=\"2026-03-30\"\n\t>\n\t\t30 March\t<\/time>\n<\/div>\n\n\t\t\t\n\t\t\t\n<article  class=\"tribe-events-calendar-month-mobile-events__mobile-event post-10002151 tribe_events type-tribe_events status-publish has-post-thumbnail hentry tribe_events_cat-periodic-visits-paris tribe_events_cat-visit-paris cat_periodic-visits-paris cat_visit-paris\" >\n\n\t\n\t<div class=\"tribe-events-calendar-month-mobile-events__mobile-event-details\">\n\n\t\t<div class=\"tribe-events-calendar-month-mobile-events__mobile-event-datetime tribe-common-b2\">\n\t\t\t\t<time datetime=\"2026-03-30\">\n\t\t\t<span class=\"tribe-event-date-start\">30 March @ 10h30<\/span> - <span class=\"tribe-event-time\">12h30<\/span>\t\t<\/time>\n\t\t<\/div>\n\t\t<h3  class=\"tribe-events-calendar-month-mobile-events__mobile-event-title tribe-common-h7\" >\n\t<a\n\t\thref=\"https:\/\/interkultur.fr\/en\/event\/occupation-and-liberation-of-paris-mar-30-2026\/\"\n\t\ttitle=\"Occupation and Liberation of Paris Mar\/30\/2026\"\n\t\trel=\"bookmark\"\n\t\tclass=\"tribe-events-calendar-month-mobile-events__mobile-event-title-link tribe-common-anchor\"\n\t>\n\t\tOccupation and Liberation of Paris Mar\/30\/2026\t<\/a>\n<\/h3>\n\t\t\n\t<\/div>\n<\/article>\n\n\t\t\n\t\t\n\t<\/div>\n\n\t\n\t\t\n<div  class=\"tribe-events-calendar-month-mobile-events__mobile-day\"  id=\"tribe-events-calendar-mobile-day-2026-03-31\">\n\n\t\n\t\t<div  class=\"tribe-events-header__messages tribe-events-c-messages tribe-common-b2 tribe-events-header__messages--mobile tribe-events-header__messages--day\"  >\n\t\t\t<div class=\"tribe-events-c-messages__message tribe-events-c-messages__message--notice\" tabindex=\"0\" role=\"alert\" aria-live=\"assertive\">\n\t\t\t<svg\n\t class=\"tribe-common-c-svgicon tribe-common-c-svgicon--messages-not-found tribe-events-c-messages__message-icon-svg\" \taria-hidden=\"true\"\n\tviewBox=\"0 0 21 23\"\n\txmlns=\"http:\/\/www.w3.org\/2000\/svg\"\n>\n\t<g fill-rule=\"evenodd\">\n\t\t<path d=\"M.5 2.5h20v20H.5z\"\/>\n\t\t<path stroke-linecap=\"round\" d=\"M7.583 11.583l5.834 5.834m0-5.834l-5.834 5.834\" class=\"tribe-common-c-svgicon__svg-stroke\"\/>\n\t\t<path stroke-linecap=\"round\" d=\"M4.5.5v4m12-4v4\"\/>\n\t\t<path stroke-linecap=\"square\" d=\"M.5 7.5h20\"\/>\n\t<\/g>\n<\/svg>\n<span class=\"tribe-common-a11y-visual-hide\">\n\tNotice<\/span>\n\t\t\t\t\t\t\t<div\n\t\t\t\t\t data-key=\"no-events-in-day\" >\n\t\t\t\t\tThere are no events on this day.\t\t\t\t<\/div>\n\t\t\t\t\t<\/div>\n\t<\/div>\n\n\t<\/div>\n\n\t\n\t\t\n<div  class=\"tribe-events-calendar-month-mobile-events__mobile-day\"  id=\"tribe-events-calendar-mobile-day-2026-04-1\">\n\n\t\n\t\t\t\t\t\n\t\t\t<div class=\"tribe-events-c-day-marker tribe-events-calendar-month-mobile-events__day-marker\">\n\t<time\n\t\tclass=\"tribe-events-c-day-marker__date tribe-common-h7 tribe-common-h--alt\"\n\t\tdatetime=\"2026-04-01\"\n\t>\n\t\t1 April\t<\/time>\n<\/div>\n\n\t\t\t\n\t\t\t\n<article  class=\"tribe-events-calendar-month-mobile-events__mobile-event post-10002170 tribe_events type-tribe_events status-publish has-post-thumbnail hentry tribe_events_cat-periodic-visits-paris tribe_events_cat-visit-paris cat_periodic-visits-paris cat_visit-paris\" >\n\n\t\n\t<div class=\"tribe-events-calendar-month-mobile-events__mobile-event-details\">\n\n\t\t<div class=\"tribe-events-calendar-month-mobile-events__mobile-event-datetime tribe-common-b2\">\n\t\t\t\t<time datetime=\"2026-04-01\">\n\t\t\t<span class=\"tribe-event-date-start\">1 April @ 14h00<\/span> - <span class=\"tribe-event-time\">16h00<\/span>\t\t<\/time>\n\t\t<\/div>\n\t\t<h3  class=\"tribe-events-calendar-month-mobile-events__mobile-event-title tribe-common-h7\" >\n\t<a\n\t\thref=\"https:\/\/interkultur.fr\/en\/event\/passages-and-galeries-apr-01-2026\/\"\n\t\ttitle=\"Passages and Galeries &#8211; Apr\/01\/2026\"\n\t\trel=\"bookmark\"\n\t\tclass=\"tribe-events-calendar-month-mobile-events__mobile-event-title-link tribe-common-anchor\"\n\t>\n\t\tPassages and Galeries &#8211; Apr\/01\/2026\t<\/a>\n<\/h3>\n\t\t\n\t<\/div>\n<\/article>\n\n\t\t\n\t\t\n\t<\/div>\n\n\t\n\t\t\n<div  class=\"tribe-events-calendar-month-mobile-events__mobile-day\"  id=\"tribe-events-calendar-mobile-day-2026-04-2\">\n\n\t\n\t\t<div  class=\"tribe-events-header__messages tribe-events-c-messages tribe-common-b2 tribe-events-header__messages--mobile tribe-events-header__messages--day\"  >\n\t\t\t<div class=\"tribe-events-c-messages__message tribe-events-c-messages__message--notice\" tabindex=\"0\" role=\"alert\" aria-live=\"assertive\">\n\t\t\t<svg\n\t class=\"tribe-common-c-svgicon tribe-common-c-svgicon--messages-not-found tribe-events-c-messages__message-icon-svg\" \taria-hidden=\"true\"\n\tviewBox=\"0 0 21 23\"\n\txmlns=\"http:\/\/www.w3.org\/2000\/svg\"\n>\n\t<g fill-rule=\"evenodd\">\n\t\t<path d=\"M.5 2.5h20v20H.5z\"\/>\n\t\t<path stroke-linecap=\"round\" d=\"M7.583 11.583l5.834 5.834m0-5.834l-5.834 5.834\" class=\"tribe-common-c-svgicon__svg-stroke\"\/>\n\t\t<path stroke-linecap=\"round\" d=\"M4.5.5v4m12-4v4\"\/>\n\t\t<path stroke-linecap=\"square\" d=\"M.5 7.5h20\"\/>\n\t<\/g>\n<\/svg>\n<span class=\"tribe-common-a11y-visual-hide\">\n\tNotice<\/span>\n\t\t\t\t\t\t\t<div\n\t\t\t\t\t data-key=\"no-events-in-day\" >\n\t\t\t\t\tThere are no events on this day.\t\t\t\t<\/div>\n\t\t\t\t\t<\/div>\n\t<\/div>\n\n\t<\/div>\n\n\t\n\t\t\n<div  class=\"tribe-events-calendar-month-mobile-events__mobile-day\"  id=\"tribe-events-calendar-mobile-day-2026-04-3\">\n\n\t\n\t\t\t\t\t\n\t\t\t<div class=\"tribe-events-c-day-marker tribe-events-calendar-month-mobile-events__day-marker\">\n\t<time\n\t\tclass=\"tribe-events-c-day-marker__date tribe-common-h7 tribe-common-h--alt\"\n\t\tdatetime=\"2026-04-03\"\n\t>\n\t\t3 April\t<\/time>\n<\/div>\n\n\t\t\t\n\t\t\t\n<article  class=\"tribe-events-calendar-month-mobile-events__mobile-event post-10001851 tribe_events type-tribe_events status-publish has-post-thumbnail hentry tribe_events_cat-periodic-visits-paris tribe_events_cat-visit-paris cat_periodic-visits-paris cat_visit-paris\" >\n\n\t\n\t<div class=\"tribe-events-calendar-month-mobile-events__mobile-event-details\">\n\n\t\t<div class=\"tribe-events-calendar-month-mobile-events__mobile-event-datetime tribe-common-b2\">\n\t\t\t\t<time datetime=\"2026-04-03\">\n\t\t\t<span class=\"tribe-event-date-start\">3 April @ 10h30<\/span> - <span class=\"tribe-event-time\">12h30<\/span>\t\t<\/time>\n\t\t<\/div>\n\t\t<h3  class=\"tribe-events-calendar-month-mobile-events__mobile-event-title tribe-common-h7\" >\n\t<a\n\t\thref=\"https:\/\/interkultur.fr\/en\/event\/the-jewish-marais-apr-04-2026\/\"\n\t\ttitle=\"The Jewish Marais &#8211; Apr\/03\/2026\"\n\t\trel=\"bookmark\"\n\t\tclass=\"tribe-events-calendar-month-mobile-events__mobile-event-title-link tribe-common-anchor\"\n\t>\n\t\tThe Jewish Marais &#8211; Apr\/03\/2026\t<\/a>\n<\/h3>\n\t\t\n\t<\/div>\n<\/article>\n\n\t\t\t\t\t\n\t\t\t\n\t\t\t\n\t\t\t\n<article  class=\"tribe-events-calendar-month-mobile-events__mobile-event post-10002144 tribe_events type-tribe_events status-publish has-post-thumbnail hentry tribe_events_cat-periodic-visits-paris tribe_events_cat-visit-paris cat_periodic-visits-paris cat_visit-paris\" >\n\n\t\n\t<div class=\"tribe-events-calendar-month-mobile-events__mobile-event-details\">\n\n\t\t<div class=\"tribe-events-calendar-month-mobile-events__mobile-event-datetime tribe-common-b2\">\n\t\t\t\t<time datetime=\"2026-04-03\">\n\t\t\t<span class=\"tribe-event-date-start\">3 April @ 14h00<\/span> - <span class=\"tribe-event-time\">16h00<\/span>\t\t<\/time>\n\t\t<\/div>\n\t\t<h3  class=\"tribe-events-calendar-month-mobile-events__mobile-event-title tribe-common-h7\" >\n\t<a\n\t\thref=\"https:\/\/interkultur.fr\/en\/event\/vintage-shops-fun-walk\/\"\n\t\ttitle=\"Vintage shops fun walk\"\n\t\trel=\"bookmark\"\n\t\tclass=\"tribe-events-calendar-month-mobile-events__mobile-event-title-link tribe-common-anchor\"\n\t>\n\t\tVintage shops fun walk\t<\/a>\n<\/h3>\n\t\t\n\t<\/div>\n<\/article>\n\n\t\t\n\t\t\n\t<\/div>\n\n\t\n\t\t\n<div  class=\"tribe-events-calendar-month-mobile-events__mobile-day\"  id=\"tribe-events-calendar-mobile-day-2026-04-4\">\n\n\t\n\t\t<div  class=\"tribe-events-header__messages tribe-events-c-messages tribe-common-b2 tribe-events-header__messages--mobile tribe-events-header__messages--day\"  >\n\t\t\t<div class=\"tribe-events-c-messages__message tribe-events-c-messages__message--notice\" tabindex=\"0\" role=\"alert\" aria-live=\"assertive\">\n\t\t\t<svg\n\t class=\"tribe-common-c-svgicon tribe-common-c-svgicon--messages-not-found tribe-events-c-messages__message-icon-svg\" \taria-hidden=\"true\"\n\tviewBox=\"0 0 21 23\"\n\txmlns=\"http:\/\/www.w3.org\/2000\/svg\"\n>\n\t<g fill-rule=\"evenodd\">\n\t\t<path d=\"M.5 2.5h20v20H.5z\"\/>\n\t\t<path stroke-linecap=\"round\" d=\"M7.583 11.583l5.834 5.834m0-5.834l-5.834 5.834\" class=\"tribe-common-c-svgicon__svg-stroke\"\/>\n\t\t<path stroke-linecap=\"round\" d=\"M4.5.5v4m12-4v4\"\/>\n\t\t<path stroke-linecap=\"square\" d=\"M.5 7.5h20\"\/>\n\t<\/g>\n<\/svg>\n<span class=\"tribe-common-a11y-visual-hide\">\n\tNotice<\/span>\n\t\t\t\t\t\t\t<div\n\t\t\t\t\t data-key=\"no-events-in-day\" >\n\t\t\t\t\tThere are no events on this day.\t\t\t\t<\/div>\n\t\t\t\t\t<\/div>\n\t<\/div>\n\n\t<\/div>\n\n\t\n\t\t\n<div  class=\"tribe-events-calendar-month-mobile-events__mobile-day\"  id=\"tribe-events-calendar-mobile-day-2026-04-5\">\n\n\t\n\t\t<div  class=\"tribe-events-header__messages tribe-events-c-messages tribe-common-b2 tribe-events-header__messages--mobile tribe-events-header__messages--day\"  >\n\t\t\t<div class=\"tribe-events-c-messages__message tribe-events-c-messages__message--notice\" tabindex=\"0\" role=\"alert\" aria-live=\"assertive\">\n\t\t\t<svg\n\t class=\"tribe-common-c-svgicon tribe-common-c-svgicon--messages-not-found tribe-events-c-messages__message-icon-svg\" \taria-hidden=\"true\"\n\tviewBox=\"0 0 21 23\"\n\txmlns=\"http:\/\/www.w3.org\/2000\/svg\"\n>\n\t<g fill-rule=\"evenodd\">\n\t\t<path d=\"M.5 2.5h20v20H.5z\"\/>\n\t\t<path stroke-linecap=\"round\" d=\"M7.583 11.583l5.834 5.834m0-5.834l-5.834 5.834\" class=\"tribe-common-c-svgicon__svg-stroke\"\/>\n\t\t<path stroke-linecap=\"round\" d=\"M4.5.5v4m12-4v4\"\/>\n\t\t<path stroke-linecap=\"square\" d=\"M.5 7.5h20\"\/>\n\t<\/g>\n<\/svg>\n<span class=\"tribe-common-a11y-visual-hide\">\n\tNotice<\/span>\n\t\t\t\t\t\t\t<div\n\t\t\t\t\t data-key=\"no-events-in-day\" >\n\t\t\t\t\tThere are no events on this day.\t\t\t\t<\/div>\n\t\t\t\t\t<\/div>\n\t<\/div>\n\n\t<\/div>\n\n\t\n\t\t\n<div  class=\"tribe-events-calendar-month-mobile-events__mobile-day\"  id=\"tribe-events-calendar-mobile-day-2026-04-6\">\n\n\t\n\t\t\t\t\t\n\t\t\t<div class=\"tribe-events-c-day-marker tribe-events-calendar-month-mobile-events__day-marker\">\n\t<time\n\t\tclass=\"tribe-events-c-day-marker__date tribe-common-h7 tribe-common-h--alt\"\n\t\tdatetime=\"2026-04-06\"\n\t>\n\t\t6 April\t<\/time>\n<\/div>\n\n\t\t\t\n\t\t\t\n<article  class=\"tribe-events-calendar-month-mobile-events__mobile-event post-10002152 tribe_events type-tribe_events status-publish has-post-thumbnail hentry tribe_events_cat-periodic-visits-paris tribe_events_cat-visit-paris cat_periodic-visits-paris cat_visit-paris\" >\n\n\t\n\t<div class=\"tribe-events-calendar-month-mobile-events__mobile-event-details\">\n\n\t\t<div class=\"tribe-events-calendar-month-mobile-events__mobile-event-datetime tribe-common-b2\">\n\t\t\t\t<time datetime=\"2026-04-06\">\n\t\t\t<span class=\"tribe-event-date-start\">6 April @ 10h30<\/span> - <span class=\"tribe-event-time\">12h30<\/span>\t\t<\/time>\n\t\t<\/div>\n\t\t<h3  class=\"tribe-events-calendar-month-mobile-events__mobile-event-title tribe-common-h7\" >\n\t<a\n\t\thref=\"https:\/\/interkultur.fr\/en\/event\/occupation-and-liberation-of-paris-apr-06-2026\/\"\n\t\ttitle=\"Occupation and Liberation of Paris Apr\/06\/2026\"\n\t\trel=\"bookmark\"\n\t\tclass=\"tribe-events-calendar-month-mobile-events__mobile-event-title-link tribe-common-anchor\"\n\t>\n\t\tOccupation and Liberation of Paris Apr\/06\/2026\t<\/a>\n<\/h3>\n\t\t\n\t<\/div>\n<\/article>\n\n\t\t\n\t\t\n\t<\/div>\n\n\t\n\t\t\n<div  class=\"tribe-events-calendar-month-mobile-events__mobile-day\"  id=\"tribe-events-calendar-mobile-day-2026-04-7\">\n\n\t\n\t\t<div  class=\"tribe-events-header__messages tribe-events-c-messages tribe-common-b2 tribe-events-header__messages--mobile tribe-events-header__messages--day\"  >\n\t\t\t<div class=\"tribe-events-c-messages__message tribe-events-c-messages__message--notice\" tabindex=\"0\" role=\"alert\" aria-live=\"assertive\">\n\t\t\t<svg\n\t class=\"tribe-common-c-svgicon tribe-common-c-svgicon--messages-not-found tribe-events-c-messages__message-icon-svg\" \taria-hidden=\"true\"\n\tviewBox=\"0 0 21 23\"\n\txmlns=\"http:\/\/www.w3.org\/2000\/svg\"\n>\n\t<g fill-rule=\"evenodd\">\n\t\t<path d=\"M.5 2.5h20v20H.5z\"\/>\n\t\t<path stroke-linecap=\"round\" d=\"M7.583 11.583l5.834 5.834m0-5.834l-5.834 5.834\" class=\"tribe-common-c-svgicon__svg-stroke\"\/>\n\t\t<path stroke-linecap=\"round\" d=\"M4.5.5v4m12-4v4\"\/>\n\t\t<path stroke-linecap=\"square\" d=\"M.5 7.5h20\"\/>\n\t<\/g>\n<\/svg>\n<span class=\"tribe-common-a11y-visual-hide\">\n\tNotice<\/span>\n\t\t\t\t\t\t\t<div\n\t\t\t\t\t data-key=\"no-events-in-day\" >\n\t\t\t\t\tThere are no events on this day.\t\t\t\t<\/div>\n\t\t\t\t\t<\/div>\n\t<\/div>\n\n\t<\/div>\n\n\t\n\t\t\n<div  class=\"tribe-events-calendar-month-mobile-events__mobile-day\"  id=\"tribe-events-calendar-mobile-day-2026-04-8\">\n\n\t\n\t\t\t\t\t\n\t\t\t<div class=\"tribe-events-c-day-marker tribe-events-calendar-month-mobile-events__day-marker\">\n\t<time\n\t\tclass=\"tribe-events-c-day-marker__date tribe-common-h7 tribe-common-h--alt\"\n\t\tdatetime=\"2026-04-08\"\n\t>\n\t\t8 April\t<\/time>\n<\/div>\n\n\t\t\t\n\t\t\t\n<article  class=\"tribe-events-calendar-month-mobile-events__mobile-event post-10002187 tribe_events type-tribe_events status-publish has-post-thumbnail hentry tribe_events_cat-periodic-visits-paris tribe_events_cat-visit-paris cat_periodic-visits-paris cat_visit-paris\" >\n\n\t\n\t<div class=\"tribe-events-calendar-month-mobile-events__mobile-event-details\">\n\n\t\t<div class=\"tribe-events-calendar-month-mobile-events__mobile-event-datetime tribe-common-b2\">\n\t\t\t\t<time datetime=\"2026-04-08\">\n\t\t\t<span class=\"tribe-event-date-start\">8 April @ 14h00<\/span> - <span class=\"tribe-event-time\">16h00<\/span>\t\t<\/time>\n\t\t<\/div>\n\t\t<h3  class=\"tribe-events-calendar-month-mobile-events__mobile-event-title tribe-common-h7\" >\n\t<a\n\t\thref=\"https:\/\/interkultur.fr\/en\/event\/passages-and-galeries-apr-08-2026\/\"\n\t\ttitle=\"Passages and Galeries &#8211; Apr\/08\/2026\"\n\t\trel=\"bookmark\"\n\t\tclass=\"tribe-events-calendar-month-mobile-events__mobile-event-title-link tribe-common-anchor\"\n\t>\n\t\tPassages and Galeries &#8211; Apr\/08\/2026\t<\/a>\n<\/h3>\n\t\t\n\t<\/div>\n<\/article>\n\n\t\t\n\t\t\n\t<\/div>\n\n\t\n\t\t\n<div  class=\"tribe-events-calendar-month-mobile-events__mobile-day\"  id=\"tribe-events-calendar-mobile-day-2026-04-9\">\n\n\t\n\t\t<div  class=\"tribe-events-header__messages tribe-events-c-messages tribe-common-b2 tribe-events-header__messages--mobile tribe-events-header__messages--day\"  >\n\t\t\t<div class=\"tribe-events-c-messages__message tribe-events-c-messages__message--notice\" tabindex=\"0\" role=\"alert\" aria-live=\"assertive\">\n\t\t\t<svg\n\t class=\"tribe-common-c-svgicon tribe-common-c-svgicon--messages-not-found tribe-events-c-messages__message-icon-svg\" \taria-hidden=\"true\"\n\tviewBox=\"0 0 21 23\"\n\txmlns=\"http:\/\/www.w3.org\/2000\/svg\"\n>\n\t<g fill-rule=\"evenodd\">\n\t\t<path d=\"M.5 2.5h20v20H.5z\"\/>\n\t\t<path stroke-linecap=\"round\" d=\"M7.583 11.583l5.834 5.834m0-5.834l-5.834 5.834\" class=\"tribe-common-c-svgicon__svg-stroke\"\/>\n\t\t<path stroke-linecap=\"round\" d=\"M4.5.5v4m12-4v4\"\/>\n\t\t<path stroke-linecap=\"square\" d=\"M.5 7.5h20\"\/>\n\t<\/g>\n<\/svg>\n<span class=\"tribe-common-a11y-visual-hide\">\n\tNotice<\/span>\n\t\t\t\t\t\t\t<div\n\t\t\t\t\t data-key=\"no-events-in-day\" >\n\t\t\t\t\tThere are no events on this day.\t\t\t\t<\/div>\n\t\t\t\t\t<\/div>\n\t<\/div>\n\n\t<\/div>\n\n\t\n\t\t\n<div  class=\"tribe-events-calendar-month-mobile-events__mobile-day\"  id=\"tribe-events-calendar-mobile-day-2026-04-10\">\n\n\t\n\t\t\t\t\t\n\t\t\t<div class=\"tribe-events-c-day-marker tribe-events-calendar-month-mobile-events__day-marker\">\n\t<time\n\t\tclass=\"tribe-events-c-day-marker__date tribe-common-h7 tribe-common-h--alt\"\n\t\tdatetime=\"2026-04-10\"\n\t>\n\t\t10 April\t<\/time>\n<\/div>\n\n\t\t\t\n\t\t\t\n<article  class=\"tribe-events-calendar-month-mobile-events__mobile-event post-10002172 tribe_events type-tribe_events status-publish has-post-thumbnail hentry tribe_events_cat-periodic-visits-paris tribe_events_cat-visit-paris cat_periodic-visits-paris cat_visit-paris\" >\n\n\t\n\t<div class=\"tribe-events-calendar-month-mobile-events__mobile-event-details\">\n\n\t\t<div class=\"tribe-events-calendar-month-mobile-events__mobile-event-datetime tribe-common-b2\">\n\t\t\t\t<time datetime=\"2026-04-10\">\n\t\t\t<span class=\"tribe-event-date-start\">10 April @ 10h30<\/span> - <span class=\"tribe-event-time\">12h30<\/span>\t\t<\/time>\n\t\t<\/div>\n\t\t<h3  class=\"tribe-events-calendar-month-mobile-events__mobile-event-title tribe-common-h7\" >\n\t<a\n\t\thref=\"https:\/\/interkultur.fr\/en\/event\/the-jewish-marais-apr-10-2026\/\"\n\t\ttitle=\"The Jewish Marais &#8211; Apr\/10\/2026\"\n\t\trel=\"bookmark\"\n\t\tclass=\"tribe-events-calendar-month-mobile-events__mobile-event-title-link tribe-common-anchor\"\n\t>\n\t\tThe Jewish Marais &#8211; Apr\/10\/2026\t<\/a>\n<\/h3>\n\t\t\n\t<\/div>\n<\/article>\n\n\t\t\n\t\t\n\t<\/div>\n\n\t\n\t\t\n<div  class=\"tribe-events-calendar-month-mobile-events__mobile-day\"  id=\"tribe-events-calendar-mobile-day-2026-04-11\">\n\n\t\n\t\t<div  class=\"tribe-events-header__messages tribe-events-c-messages tribe-common-b2 tribe-events-header__messages--mobile tribe-events-header__messages--day\"  >\n\t\t\t<div class=\"tribe-events-c-messages__message tribe-events-c-messages__message--notice\" tabindex=\"0\" role=\"alert\" aria-live=\"assertive\">\n\t\t\t<svg\n\t class=\"tribe-common-c-svgicon tribe-common-c-svgicon--messages-not-found tribe-events-c-messages__message-icon-svg\" \taria-hidden=\"true\"\n\tviewBox=\"0 0 21 23\"\n\txmlns=\"http:\/\/www.w3.org\/2000\/svg\"\n>\n\t<g fill-rule=\"evenodd\">\n\t\t<path d=\"M.5 2.5h20v20H.5z\"\/>\n\t\t<path stroke-linecap=\"round\" d=\"M7.583 11.583l5.834 5.834m0-5.834l-5.834 5.834\" class=\"tribe-common-c-svgicon__svg-stroke\"\/>\n\t\t<path stroke-linecap=\"round\" d=\"M4.5.5v4m12-4v4\"\/>\n\t\t<path stroke-linecap=\"square\" d=\"M.5 7.5h20\"\/>\n\t<\/g>\n<\/svg>\n<span class=\"tribe-common-a11y-visual-hide\">\n\tNotice<\/span>\n\t\t\t\t\t\t\t<div\n\t\t\t\t\t data-key=\"no-events-in-day\" >\n\t\t\t\t\tThere are no events on this day.\t\t\t\t<\/div>\n\t\t\t\t\t<\/div>\n\t<\/div>\n\n\t<\/div>\n\n\t\n\t\t\n<div  class=\"tribe-events-calendar-month-mobile-events__mobile-day\"  id=\"tribe-events-calendar-mobile-day-2026-04-12\">\n\n\t\n\t\t<div  class=\"tribe-events-header__messages tribe-events-c-messages tribe-common-b2 tribe-events-header__messages--mobile tribe-events-header__messages--day\"  >\n\t\t\t<div class=\"tribe-events-c-messages__message tribe-events-c-messages__message--notice\" tabindex=\"0\" role=\"alert\" aria-live=\"assertive\">\n\t\t\t<svg\n\t class=\"tribe-common-c-svgicon tribe-common-c-svgicon--messages-not-found tribe-events-c-messages__message-icon-svg\" \taria-hidden=\"true\"\n\tviewBox=\"0 0 21 23\"\n\txmlns=\"http:\/\/www.w3.org\/2000\/svg\"\n>\n\t<g fill-rule=\"evenodd\">\n\t\t<path d=\"M.5 2.5h20v20H.5z\"\/>\n\t\t<path stroke-linecap=\"round\" d=\"M7.583 11.583l5.834 5.834m0-5.834l-5.834 5.834\" class=\"tribe-common-c-svgicon__svg-stroke\"\/>\n\t\t<path stroke-linecap=\"round\" d=\"M4.5.5v4m12-4v4\"\/>\n\t\t<path stroke-linecap=\"square\" d=\"M.5 7.5h20\"\/>\n\t<\/g>\n<\/svg>\n<span class=\"tribe-common-a11y-visual-hide\">\n\tNotice<\/span>\n\t\t\t\t\t\t\t<div\n\t\t\t\t\t data-key=\"no-events-in-day\" >\n\t\t\t\t\tThere are no events on this day.\t\t\t\t<\/div>\n\t\t\t\t\t<\/div>\n\t<\/div>\n\n\t<\/div>\n\n\t\n\t\t\n<div  class=\"tribe-events-calendar-month-mobile-events__mobile-day\"  id=\"tribe-events-calendar-mobile-day-2026-04-13\">\n\n\t\n\t\t\t\t\t\n\t\t\t<div class=\"tribe-events-c-day-marker tribe-events-calendar-month-mobile-events__day-marker\">\n\t<time\n\t\tclass=\"tribe-events-c-day-marker__date tribe-common-h7 tribe-common-h--alt\"\n\t\tdatetime=\"2026-04-13\"\n\t>\n\t\t13 April\t<\/time>\n<\/div>\n\n\t\t\t\n\t\t\t\n<article  class=\"tribe-events-calendar-month-mobile-events__mobile-event post-10002153 tribe_events type-tribe_events status-publish has-post-thumbnail hentry tribe_events_cat-periodic-visits-paris tribe_events_cat-visit-paris cat_periodic-visits-paris cat_visit-paris\" >\n\n\t\n\t<div class=\"tribe-events-calendar-month-mobile-events__mobile-event-details\">\n\n\t\t<div class=\"tribe-events-calendar-month-mobile-events__mobile-event-datetime tribe-common-b2\">\n\t\t\t\t<time datetime=\"2026-04-13\">\n\t\t\t<span class=\"tribe-event-date-start\">13 April @ 10h30<\/span> - <span class=\"tribe-event-time\">12h30<\/span>\t\t<\/time>\n\t\t<\/div>\n\t\t<h3  class=\"tribe-events-calendar-month-mobile-events__mobile-event-title tribe-common-h7\" >\n\t<a\n\t\thref=\"https:\/\/interkultur.fr\/en\/event\/occupation-and-liberation-of-paris-apr-13-2026\/\"\n\t\ttitle=\"Occupation and Liberation of Paris Apr\/13\/2026\"\n\t\trel=\"bookmark\"\n\t\tclass=\"tribe-events-calendar-month-mobile-events__mobile-event-title-link tribe-common-anchor\"\n\t>\n\t\tOccupation and Liberation of Paris Apr\/13\/2026\t<\/a>\n<\/h3>\n\t\t\n\t<\/div>\n<\/article>\n\n\t\t\n\t\t\n\t<\/div>\n\n\t\n\t\t\n<div  class=\"tribe-events-calendar-month-mobile-events__mobile-day\"  id=\"tribe-events-calendar-mobile-day-2026-04-14\">\n\n\t\n\t\t<div  class=\"tribe-events-header__messages tribe-events-c-messages tribe-common-b2 tribe-events-header__messages--mobile tribe-events-header__messages--day\"  >\n\t\t\t<div class=\"tribe-events-c-messages__message tribe-events-c-messages__message--notice\" tabindex=\"0\" role=\"alert\" aria-live=\"assertive\">\n\t\t\t<svg\n\t class=\"tribe-common-c-svgicon tribe-common-c-svgicon--messages-not-found tribe-events-c-messages__message-icon-svg\" \taria-hidden=\"true\"\n\tviewBox=\"0 0 21 23\"\n\txmlns=\"http:\/\/www.w3.org\/2000\/svg\"\n>\n\t<g fill-rule=\"evenodd\">\n\t\t<path d=\"M.5 2.5h20v20H.5z\"\/>\n\t\t<path stroke-linecap=\"round\" d=\"M7.583 11.583l5.834 5.834m0-5.834l-5.834 5.834\" class=\"tribe-common-c-svgicon__svg-stroke\"\/>\n\t\t<path stroke-linecap=\"round\" d=\"M4.5.5v4m12-4v4\"\/>\n\t\t<path stroke-linecap=\"square\" d=\"M.5 7.5h20\"\/>\n\t<\/g>\n<\/svg>\n<span class=\"tribe-common-a11y-visual-hide\">\n\tNotice<\/span>\n\t\t\t\t\t\t\t<div\n\t\t\t\t\t data-key=\"no-events-in-day\" >\n\t\t\t\t\tThere are no events on this day.\t\t\t\t<\/div>\n\t\t\t\t\t<\/div>\n\t<\/div>\n\n\t<\/div>\n\n\t\n\t\t\n<div  class=\"tribe-events-calendar-month-mobile-events__mobile-day\"  id=\"tribe-events-calendar-mobile-day-2026-04-15\">\n\n\t\n\t\t\t\t\t\n\t\t\t<div class=\"tribe-events-c-day-marker tribe-events-calendar-month-mobile-events__day-marker\">\n\t<time\n\t\tclass=\"tribe-events-c-day-marker__date tribe-common-h7 tribe-common-h--alt\"\n\t\tdatetime=\"2026-04-15\"\n\t>\n\t\t15 April\t<\/time>\n<\/div>\n\n\t\t\t\n\t\t\t\n<article  class=\"tribe-events-calendar-month-mobile-events__mobile-event post-10002186 tribe_events type-tribe_events status-publish has-post-thumbnail hentry tribe_events_cat-periodic-visits-paris tribe_events_cat-visit-paris cat_periodic-visits-paris cat_visit-paris\" >\n\n\t\n\t<div class=\"tribe-events-calendar-month-mobile-events__mobile-event-details\">\n\n\t\t<div class=\"tribe-events-calendar-month-mobile-events__mobile-event-datetime tribe-common-b2\">\n\t\t\t\t<time datetime=\"2026-04-15\">\n\t\t\t<span class=\"tribe-event-date-start\">15 April @ 14h00<\/span> - <span class=\"tribe-event-time\">16h00<\/span>\t\t<\/time>\n\t\t<\/div>\n\t\t<h3  class=\"tribe-events-calendar-month-mobile-events__mobile-event-title tribe-common-h7\" >\n\t<a\n\t\thref=\"https:\/\/interkultur.fr\/en\/event\/passages-and-galeries-apr-15-2026\/\"\n\t\ttitle=\"Passages and Galeries &#8211; Apr\/15\/2026\"\n\t\trel=\"bookmark\"\n\t\tclass=\"tribe-events-calendar-month-mobile-events__mobile-event-title-link tribe-common-anchor\"\n\t>\n\t\tPassages and Galeries &#8211; Apr\/15\/2026\t<\/a>\n<\/h3>\n\t\t\n\t<\/div>\n<\/article>\n\n\t\t\n\t\t\n\t<\/div>\n\n\t\n\t\t\n<div  class=\"tribe-events-calendar-month-mobile-events__mobile-day\"  id=\"tribe-events-calendar-mobile-day-2026-04-16\">\n\n\t\n\t\t<div  class=\"tribe-events-header__messages tribe-events-c-messages tribe-common-b2 tribe-events-header__messages--mobile tribe-events-header__messages--day\"  >\n\t\t\t<div class=\"tribe-events-c-messages__message tribe-events-c-messages__message--notice\" tabindex=\"0\" role=\"alert\" aria-live=\"assertive\">\n\t\t\t<svg\n\t class=\"tribe-common-c-svgicon tribe-common-c-svgicon--messages-not-found tribe-events-c-messages__message-icon-svg\" \taria-hidden=\"true\"\n\tviewBox=\"0 0 21 23\"\n\txmlns=\"http:\/\/www.w3.org\/2000\/svg\"\n>\n\t<g fill-rule=\"evenodd\">\n\t\t<path d=\"M.5 2.5h20v20H.5z\"\/>\n\t\t<path stroke-linecap=\"round\" d=\"M7.583 11.583l5.834 5.834m0-5.834l-5.834 5.834\" class=\"tribe-common-c-svgicon__svg-stroke\"\/>\n\t\t<path stroke-linecap=\"round\" d=\"M4.5.5v4m12-4v4\"\/>\n\t\t<path stroke-linecap=\"square\" d=\"M.5 7.5h20\"\/>\n\t<\/g>\n<\/svg>\n<span class=\"tribe-common-a11y-visual-hide\">\n\tNotice<\/span>\n\t\t\t\t\t\t\t<div\n\t\t\t\t\t data-key=\"no-events-in-day\" >\n\t\t\t\t\tThere are no events on this day.\t\t\t\t<\/div>\n\t\t\t\t\t<\/div>\n\t<\/div>\n\n\t<\/div>\n\n\t\n\t\t\n<div  class=\"tribe-events-calendar-month-mobile-events__mobile-day\"  id=\"tribe-events-calendar-mobile-day-2026-04-17\">\n\n\t\n\t\t\t\t\t\n\t\t\t<div class=\"tribe-events-c-day-marker tribe-events-calendar-month-mobile-events__day-marker\">\n\t<time\n\t\tclass=\"tribe-events-c-day-marker__date tribe-common-h7 tribe-common-h--alt\"\n\t\tdatetime=\"2026-04-17\"\n\t>\n\t\t17 April\t<\/time>\n<\/div>\n\n\t\t\t\n\t\t\t\n<article  class=\"tribe-events-calendar-month-mobile-events__mobile-event post-10002173 tribe_events type-tribe_events status-publish has-post-thumbnail hentry tribe_events_cat-periodic-visits-paris tribe_events_cat-visit-paris cat_periodic-visits-paris cat_visit-paris\" >\n\n\t\n\t<div class=\"tribe-events-calendar-month-mobile-events__mobile-event-details\">\n\n\t\t<div class=\"tribe-events-calendar-month-mobile-events__mobile-event-datetime tribe-common-b2\">\n\t\t\t\t<time datetime=\"2026-04-17\">\n\t\t\t<span class=\"tribe-event-date-start\">17 April @ 10h30<\/span> - <span class=\"tribe-event-time\">12h30<\/span>\t\t<\/time>\n\t\t<\/div>\n\t\t<h3  class=\"tribe-events-calendar-month-mobile-events__mobile-event-title tribe-common-h7\" >\n\t<a\n\t\thref=\"https:\/\/interkultur.fr\/en\/event\/the-jewish-marais-apr-17-2026\/\"\n\t\ttitle=\"The Jewish Marais &#8211; Apr\/17\/2026\"\n\t\trel=\"bookmark\"\n\t\tclass=\"tribe-events-calendar-month-mobile-events__mobile-event-title-link tribe-common-anchor\"\n\t>\n\t\tThe Jewish Marais &#8211; Apr\/17\/2026\t<\/a>\n<\/h3>\n\t\t\n\t<\/div>\n<\/article>\n\n\t\t\n\t\t\n\t<\/div>\n\n\t\n\t\t\n<div  class=\"tribe-events-calendar-month-mobile-events__mobile-day\"  id=\"tribe-events-calendar-mobile-day-2026-04-18\">\n\n\t\n\t\t<div  class=\"tribe-events-header__messages tribe-events-c-messages tribe-common-b2 tribe-events-header__messages--mobile tribe-events-header__messages--day\"  >\n\t\t\t<div class=\"tribe-events-c-messages__message tribe-events-c-messages__message--notice\" tabindex=\"0\" role=\"alert\" aria-live=\"assertive\">\n\t\t\t<svg\n\t class=\"tribe-common-c-svgicon tribe-common-c-svgicon--messages-not-found tribe-events-c-messages__message-icon-svg\" \taria-hidden=\"true\"\n\tviewBox=\"0 0 21 23\"\n\txmlns=\"http:\/\/www.w3.org\/2000\/svg\"\n>\n\t<g fill-rule=\"evenodd\">\n\t\t<path d=\"M.5 2.5h20v20H.5z\"\/>\n\t\t<path stroke-linecap=\"round\" d=\"M7.583 11.583l5.834 5.834m0-5.834l-5.834 5.834\" class=\"tribe-common-c-svgicon__svg-stroke\"\/>\n\t\t<path stroke-linecap=\"round\" d=\"M4.5.5v4m12-4v4\"\/>\n\t\t<path stroke-linecap=\"square\" d=\"M.5 7.5h20\"\/>\n\t<\/g>\n<\/svg>\n<span class=\"tribe-common-a11y-visual-hide\">\n\tNotice<\/span>\n\t\t\t\t\t\t\t<div\n\t\t\t\t\t data-key=\"no-events-in-day\" >\n\t\t\t\t\tThere are no events on this day.\t\t\t\t<\/div>\n\t\t\t\t\t<\/div>\n\t<\/div>\n\n\t<\/div>\n\n\t\n\t\t\n<div  class=\"tribe-events-calendar-month-mobile-events__mobile-day\"  id=\"tribe-events-calendar-mobile-day-2026-04-19\">\n\n\t\n\t\t<div  class=\"tribe-events-header__messages tribe-events-c-messages tribe-common-b2 tribe-events-header__messages--mobile tribe-events-header__messages--day\"  >\n\t\t\t<div class=\"tribe-events-c-messages__message tribe-events-c-messages__message--notice\" tabindex=\"0\" role=\"alert\" aria-live=\"assertive\">\n\t\t\t<svg\n\t class=\"tribe-common-c-svgicon tribe-common-c-svgicon--messages-not-found tribe-events-c-messages__message-icon-svg\" \taria-hidden=\"true\"\n\tviewBox=\"0 0 21 23\"\n\txmlns=\"http:\/\/www.w3.org\/2000\/svg\"\n>\n\t<g fill-rule=\"evenodd\">\n\t\t<path d=\"M.5 2.5h20v20H.5z\"\/>\n\t\t<path stroke-linecap=\"round\" d=\"M7.583 11.583l5.834 5.834m0-5.834l-5.834 5.834\" class=\"tribe-common-c-svgicon__svg-stroke\"\/>\n\t\t<path stroke-linecap=\"round\" d=\"M4.5.5v4m12-4v4\"\/>\n\t\t<path stroke-linecap=\"square\" d=\"M.5 7.5h20\"\/>\n\t<\/g>\n<\/svg>\n<span class=\"tribe-common-a11y-visual-hide\">\n\tNotice<\/span>\n\t\t\t\t\t\t\t<div\n\t\t\t\t\t data-key=\"no-events-in-day\" >\n\t\t\t\t\tThere are no events on this day.\t\t\t\t<\/div>\n\t\t\t\t\t<\/div>\n\t<\/div>\n\n\t<\/div>\n\n\t\n\t\t\n<div  class=\"tribe-events-calendar-month-mobile-events__mobile-day\"  id=\"tribe-events-calendar-mobile-day-2026-04-20\">\n\n\t\n\t\t\t\t\t\n\t\t\t<div class=\"tribe-events-c-day-marker tribe-events-calendar-month-mobile-events__day-marker\">\n\t<time\n\t\tclass=\"tribe-events-c-day-marker__date tribe-common-h7 tribe-common-h--alt\"\n\t\tdatetime=\"2026-04-20\"\n\t>\n\t\t20 April\t<\/time>\n<\/div>\n\n\t\t\t\n\t\t\t\n<article  class=\"tribe-events-calendar-month-mobile-events__mobile-event post-10002154 tribe_events type-tribe_events status-publish has-post-thumbnail hentry tribe_events_cat-periodic-visits-paris tribe_events_cat-visit-paris cat_periodic-visits-paris cat_visit-paris\" >\n\n\t\n\t<div class=\"tribe-events-calendar-month-mobile-events__mobile-event-details\">\n\n\t\t<div class=\"tribe-events-calendar-month-mobile-events__mobile-event-datetime tribe-common-b2\">\n\t\t\t\t<time datetime=\"2026-04-20\">\n\t\t\t<span class=\"tribe-event-date-start\">20 April @ 10h30<\/span> - <span class=\"tribe-event-time\">12h30<\/span>\t\t<\/time>\n\t\t<\/div>\n\t\t<h3  class=\"tribe-events-calendar-month-mobile-events__mobile-event-title tribe-common-h7\" >\n\t<a\n\t\thref=\"https:\/\/interkultur.fr\/en\/event\/occupation-and-liberation-of-paris-apr-20-2026\/\"\n\t\ttitle=\"Occupation and Liberation of Paris Apr\/20\/2026\"\n\t\trel=\"bookmark\"\n\t\tclass=\"tribe-events-calendar-month-mobile-events__mobile-event-title-link tribe-common-anchor\"\n\t>\n\t\tOccupation and Liberation of Paris Apr\/20\/2026\t<\/a>\n<\/h3>\n\t\t\n\t<\/div>\n<\/article>\n\n\t\t\n\t\t\n\t<\/div>\n\n\t\n\t\t\n<div  class=\"tribe-events-calendar-month-mobile-events__mobile-day\"  id=\"tribe-events-calendar-mobile-day-2026-04-21\">\n\n\t\n\t\t<div  class=\"tribe-events-header__messages tribe-events-c-messages tribe-common-b2 tribe-events-header__messages--mobile tribe-events-header__messages--day\"  >\n\t\t\t<div class=\"tribe-events-c-messages__message tribe-events-c-messages__message--notice\" tabindex=\"0\" role=\"alert\" aria-live=\"assertive\">\n\t\t\t<svg\n\t class=\"tribe-common-c-svgicon tribe-common-c-svgicon--messages-not-found tribe-events-c-messages__message-icon-svg\" \taria-hidden=\"true\"\n\tviewBox=\"0 0 21 23\"\n\txmlns=\"http:\/\/www.w3.org\/2000\/svg\"\n>\n\t<g fill-rule=\"evenodd\">\n\t\t<path d=\"M.5 2.5h20v20H.5z\"\/>\n\t\t<path stroke-linecap=\"round\" d=\"M7.583 11.583l5.834 5.834m0-5.834l-5.834 5.834\" class=\"tribe-common-c-svgicon__svg-stroke\"\/>\n\t\t<path stroke-linecap=\"round\" d=\"M4.5.5v4m12-4v4\"\/>\n\t\t<path stroke-linecap=\"square\" d=\"M.5 7.5h20\"\/>\n\t<\/g>\n<\/svg>\n<span class=\"tribe-common-a11y-visual-hide\">\n\tNotice<\/span>\n\t\t\t\t\t\t\t<div\n\t\t\t\t\t data-key=\"no-events-in-day\" >\n\t\t\t\t\tThere are no events on this day.\t\t\t\t<\/div>\n\t\t\t\t\t<\/div>\n\t<\/div>\n\n\t<\/div>\n\n\t\n\t\t\n<div  class=\"tribe-events-calendar-month-mobile-events__mobile-day\"  id=\"tribe-events-calendar-mobile-day-2026-04-22\">\n\n\t\n\t\t\t\t\t\n\t\t\t<div class=\"tribe-events-c-day-marker tribe-events-calendar-month-mobile-events__day-marker\">\n\t<time\n\t\tclass=\"tribe-events-c-day-marker__date tribe-common-h7 tribe-common-h--alt\"\n\t\tdatetime=\"2026-04-22\"\n\t>\n\t\t22 April\t<\/time>\n<\/div>\n\n\t\t\t\n\t\t\t\n<article  class=\"tribe-events-calendar-month-mobile-events__mobile-event post-10002188 tribe_events type-tribe_events status-publish has-post-thumbnail hentry tribe_events_cat-periodic-visits-paris tribe_events_cat-visit-paris cat_periodic-visits-paris cat_visit-paris\" >\n\n\t\n\t<div class=\"tribe-events-calendar-month-mobile-events__mobile-event-details\">\n\n\t\t<div class=\"tribe-events-calendar-month-mobile-events__mobile-event-datetime tribe-common-b2\">\n\t\t\t\t<time datetime=\"2026-04-22\">\n\t\t\t<span class=\"tribe-event-date-start\">22 April @ 14h00<\/span> - <span class=\"tribe-event-time\">16h00<\/span>\t\t<\/time>\n\t\t<\/div>\n\t\t<h3  class=\"tribe-events-calendar-month-mobile-events__mobile-event-title tribe-common-h7\" >\n\t<a\n\t\thref=\"https:\/\/interkultur.fr\/en\/event\/passages-and-galeries-apr-22-2026\/\"\n\t\ttitle=\"Passages and Galeries &#8211; Apr\/22\/2026\"\n\t\trel=\"bookmark\"\n\t\tclass=\"tribe-events-calendar-month-mobile-events__mobile-event-title-link tribe-common-anchor\"\n\t>\n\t\tPassages and Galeries &#8211; Apr\/22\/2026\t<\/a>\n<\/h3>\n\t\t\n\t<\/div>\n<\/article>\n\n\t\t\n\t\t\n\t<\/div>\n\n\t\n\t\t\n<div  class=\"tribe-events-calendar-month-mobile-events__mobile-day\"  id=\"tribe-events-calendar-mobile-day-2026-04-23\">\n\n\t\n\t\t<div  class=\"tribe-events-header__messages tribe-events-c-messages tribe-common-b2 tribe-events-header__messages--mobile tribe-events-header__messages--day\"  >\n\t\t\t<div class=\"tribe-events-c-messages__message tribe-events-c-messages__message--notice\" tabindex=\"0\" role=\"alert\" aria-live=\"assertive\">\n\t\t\t<svg\n\t class=\"tribe-common-c-svgicon tribe-common-c-svgicon--messages-not-found tribe-events-c-messages__message-icon-svg\" \taria-hidden=\"true\"\n\tviewBox=\"0 0 21 23\"\n\txmlns=\"http:\/\/www.w3.org\/2000\/svg\"\n>\n\t<g fill-rule=\"evenodd\">\n\t\t<path d=\"M.5 2.5h20v20H.5z\"\/>\n\t\t<path stroke-linecap=\"round\" d=\"M7.583 11.583l5.834 5.834m0-5.834l-5.834 5.834\" class=\"tribe-common-c-svgicon__svg-stroke\"\/>\n\t\t<path stroke-linecap=\"round\" d=\"M4.5.5v4m12-4v4\"\/>\n\t\t<path stroke-linecap=\"square\" d=\"M.5 7.5h20\"\/>\n\t<\/g>\n<\/svg>\n<span class=\"tribe-common-a11y-visual-hide\">\n\tNotice<\/span>\n\t\t\t\t\t\t\t<div\n\t\t\t\t\t data-key=\"no-events-in-day\" >\n\t\t\t\t\tThere are no events on this day.\t\t\t\t<\/div>\n\t\t\t\t\t<\/div>\n\t<\/div>\n\n\t<\/div>\n\n\t\n\t\t\n<div  class=\"tribe-events-calendar-month-mobile-events__mobile-day\"  id=\"tribe-events-calendar-mobile-day-2026-04-24\">\n\n\t\n\t\t\t\t\t\n\t\t\t<div class=\"tribe-events-c-day-marker tribe-events-calendar-month-mobile-events__day-marker\">\n\t<time\n\t\tclass=\"tribe-events-c-day-marker__date tribe-common-h7 tribe-common-h--alt\"\n\t\tdatetime=\"2026-04-24\"\n\t>\n\t\t24 April\t<\/time>\n<\/div>\n\n\t\t\t\n\t\t\t\n<article  class=\"tribe-events-calendar-month-mobile-events__mobile-event post-10002174 tribe_events type-tribe_events status-publish has-post-thumbnail hentry tribe_events_cat-periodic-visits-paris tribe_events_cat-visit-paris cat_periodic-visits-paris cat_visit-paris\" >\n\n\t\n\t<div class=\"tribe-events-calendar-month-mobile-events__mobile-event-details\">\n\n\t\t<div class=\"tribe-events-calendar-month-mobile-events__mobile-event-datetime tribe-common-b2\">\n\t\t\t\t<time datetime=\"2026-04-24\">\n\t\t\t<span class=\"tribe-event-date-start\">24 April @ 10h30<\/span> - <span class=\"tribe-event-time\">12h30<\/span>\t\t<\/time>\n\t\t<\/div>\n\t\t<h3  class=\"tribe-events-calendar-month-mobile-events__mobile-event-title tribe-common-h7\" >\n\t<a\n\t\thref=\"https:\/\/interkultur.fr\/en\/event\/the-jewish-marais-apr-24-2026\/\"\n\t\ttitle=\"The Jewish Marais &#8211; Apr\/24\/2026\"\n\t\trel=\"bookmark\"\n\t\tclass=\"tribe-events-calendar-month-mobile-events__mobile-event-title-link tribe-common-anchor\"\n\t>\n\t\tThe Jewish Marais &#8211; Apr\/24\/2026\t<\/a>\n<\/h3>\n\t\t\n\t<\/div>\n<\/article>\n\n\t\t\n\t\t\n\t<\/div>\n\n\t\n\t\t\n<div  class=\"tribe-events-calendar-month-mobile-events__mobile-day\"  id=\"tribe-events-calendar-mobile-day-2026-04-25\">\n\n\t\n\t\t<div  class=\"tribe-events-header__messages tribe-events-c-messages tribe-common-b2 tribe-events-header__messages--mobile tribe-events-header__messages--day\"  >\n\t\t\t<div class=\"tribe-events-c-messages__message tribe-events-c-messages__message--notice\" tabindex=\"0\" role=\"alert\" aria-live=\"assertive\">\n\t\t\t<svg\n\t class=\"tribe-common-c-svgicon tribe-common-c-svgicon--messages-not-found tribe-events-c-messages__message-icon-svg\" \taria-hidden=\"true\"\n\tviewBox=\"0 0 21 23\"\n\txmlns=\"http:\/\/www.w3.org\/2000\/svg\"\n>\n\t<g fill-rule=\"evenodd\">\n\t\t<path d=\"M.5 2.5h20v20H.5z\"\/>\n\t\t<path stroke-linecap=\"round\" d=\"M7.583 11.583l5.834 5.834m0-5.834l-5.834 5.834\" class=\"tribe-common-c-svgicon__svg-stroke\"\/>\n\t\t<path stroke-linecap=\"round\" d=\"M4.5.5v4m12-4v4\"\/>\n\t\t<path stroke-linecap=\"square\" d=\"M.5 7.5h20\"\/>\n\t<\/g>\n<\/svg>\n<span class=\"tribe-common-a11y-visual-hide\">\n\tNotice<\/span>\n\t\t\t\t\t\t\t<div\n\t\t\t\t\t data-key=\"no-events-in-day\" >\n\t\t\t\t\tThere are no events on this day.\t\t\t\t<\/div>\n\t\t\t\t\t<\/div>\n\t<\/div>\n\n\t<\/div>\n\n\t\n\t\t\n<div  class=\"tribe-events-calendar-month-mobile-events__mobile-day\"  id=\"tribe-events-calendar-mobile-day-2026-04-26\">\n\n\t\n\t\t<div  class=\"tribe-events-header__messages tribe-events-c-messages tribe-common-b2 tribe-events-header__messages--mobile tribe-events-header__messages--day\"  >\n\t\t\t<div class=\"tribe-events-c-messages__message tribe-events-c-messages__message--notice\" tabindex=\"0\" role=\"alert\" aria-live=\"assertive\">\n\t\t\t<svg\n\t class=\"tribe-common-c-svgicon tribe-common-c-svgicon--messages-not-found tribe-events-c-messages__message-icon-svg\" \taria-hidden=\"true\"\n\tviewBox=\"0 0 21 23\"\n\txmlns=\"http:\/\/www.w3.org\/2000\/svg\"\n>\n\t<g fill-rule=\"evenodd\">\n\t\t<path d=\"M.5 2.5h20v20H.5z\"\/>\n\t\t<path stroke-linecap=\"round\" d=\"M7.583 11.583l5.834 5.834m0-5.834l-5.834 5.834\" class=\"tribe-common-c-svgicon__svg-stroke\"\/>\n\t\t<path stroke-linecap=\"round\" d=\"M4.5.5v4m12-4v4\"\/>\n\t\t<path stroke-linecap=\"square\" d=\"M.5 7.5h20\"\/>\n\t<\/g>\n<\/svg>\n<span class=\"tribe-common-a11y-visual-hide\">\n\tNotice<\/span>\n\t\t\t\t\t\t\t<div\n\t\t\t\t\t data-key=\"no-events-in-day\" >\n\t\t\t\t\tThere are no events on this day.\t\t\t\t<\/div>\n\t\t\t\t\t<\/div>\n\t<\/div>\n\n\t<\/div>\n\n\t\n\t\t\n<div  class=\"tribe-events-calendar-month-mobile-events__mobile-day\"  id=\"tribe-events-calendar-mobile-day-2026-04-27\">\n\n\t\n\t\t\t\t\t\n\t\t\t<div class=\"tribe-events-c-day-marker tribe-events-calendar-month-mobile-events__day-marker\">\n\t<time\n\t\tclass=\"tribe-events-c-day-marker__date tribe-common-h7 tribe-common-h--alt\"\n\t\tdatetime=\"2026-04-27\"\n\t>\n\t\t27 April\t<\/time>\n<\/div>\n\n\t\t\t\n\t\t\t\n<article  class=\"tribe-events-calendar-month-mobile-events__mobile-event post-10002157 tribe_events type-tribe_events status-publish has-post-thumbnail hentry tribe_events_cat-periodic-visits-paris tribe_events_cat-visit-paris cat_periodic-visits-paris cat_visit-paris\" >\n\n\t\n\t<div class=\"tribe-events-calendar-month-mobile-events__mobile-event-details\">\n\n\t\t<div class=\"tribe-events-calendar-month-mobile-events__mobile-event-datetime tribe-common-b2\">\n\t\t\t\t<time datetime=\"2026-04-27\">\n\t\t\t<span class=\"tribe-event-date-start\">27 April @ 10h30<\/span> - <span class=\"tribe-event-time\">12h30<\/span>\t\t<\/time>\n\t\t<\/div>\n\t\t<h3  class=\"tribe-events-calendar-month-mobile-events__mobile-event-title tribe-common-h7\" >\n\t<a\n\t\thref=\"https:\/\/interkultur.fr\/en\/event\/occupation-and-liberation-of-paris-apr-27-2026\/\"\n\t\ttitle=\"Occupation and Liberation of Paris Apr\/27\/2026\"\n\t\trel=\"bookmark\"\n\t\tclass=\"tribe-events-calendar-month-mobile-events__mobile-event-title-link tribe-common-anchor\"\n\t>\n\t\tOccupation and Liberation of Paris Apr\/27\/2026\t<\/a>\n<\/h3>\n\t\t\n\t<\/div>\n<\/article>\n\n\t\t\n\t\t\n\t<\/div>\n\n\t\n\t\t\n<div  class=\"tribe-events-calendar-month-mobile-events__mobile-day tribe-events-calendar-month-mobile-events__mobile-day--show\"  id=\"tribe-events-calendar-mobile-day-2026-04-28\">\n\n\t\n\t\t\t\t\t\n\t\t\t<div class=\"tribe-events-c-day-marker tribe-events-calendar-month-mobile-events__day-marker\">\n\t<time\n\t\tclass=\"tribe-events-c-day-marker__date tribe-common-h7 tribe-common-h--alt\"\n\t\tdatetime=\"2026-04-28\"\n\t>\n\t\t28 April\t<\/time>\n<\/div>\n\n\t\t\t\n\t\t\t\n<article  class=\"tribe-events-calendar-month-mobile-events__mobile-event post-10002145 tribe_events type-tribe_events status-publish has-post-thumbnail hentry tribe_events_cat-request-visits-outside-paris tribe_events_cat-tours-france cat_request-visits-outside-paris cat_tours-france tribe-events-calendar-month-mobile-events__mobile-event--featured\" >\n\n\t<div class=\"tribe-events-calendar-month-mobile-events__mobile-event-featured-image-wrapper\">\n\t<img\n\t\tsrc=\"https:\/\/interkultur.fr\/wp-content\/uploads\/2026\/03\/rouen-centre-ville-gros-horloge.webp\"\n\t\t\t\t\tsrcset=\"https:\/\/interkultur.fr\/wp-content\/uploads\/2026\/03\/rouen-centre-ville-gros-horloge-200x133.webp 200w, https:\/\/interkultur.fr\/wp-content\/uploads\/2026\/03\/rouen-centre-ville-gros-horloge-300x200.webp 300w, https:\/\/interkultur.fr\/wp-content\/uploads\/2026\/03\/rouen-centre-ville-gros-horloge-400x266.webp 400w, https:\/\/interkultur.fr\/wp-content\/uploads\/2026\/03\/rouen-centre-ville-gros-horloge-600x400.webp 600w, https:\/\/interkultur.fr\/wp-content\/uploads\/2026\/03\/rouen-centre-ville-gros-horloge-700x466.webp 700w, https:\/\/interkultur.fr\/wp-content\/uploads\/2026\/03\/rouen-centre-ville-gros-horloge-768x512.webp 768w, https:\/\/interkultur.fr\/wp-content\/uploads\/2026\/03\/rouen-centre-ville-gros-horloge-800x533.webp 800w, https:\/\/interkultur.fr\/wp-content\/uploads\/2026\/03\/rouen-centre-ville-gros-horloge-1024x682.webp 1024w, https:\/\/interkultur.fr\/wp-content\/uploads\/2026\/03\/rouen-centre-ville-gros-horloge-1200x799.webp 1200w, https:\/\/interkultur.fr\/wp-content\/uploads\/2026\/03\/rouen-centre-ville-gros-horloge.webp 1536w\"\n\t\t\t\t\t\t\talt=\"\"\n\t\t\t\t\t\t\ttitle=\"rouen-centre-ville-gros-horloge\"\n\t\t\t\tclass=\"tribe-events-calendar-month-mobile-events__mobile-event-featured-image\"\n\t\t\t\t\twidth=\"1536\"\n\t\t\t\t\t\t\theight=\"1023\"\n\t\t\t\/>\n<\/div>\n\n\t<div class=\"tribe-events-calendar-month-mobile-events__mobile-event-details\">\n\n\t\t<div class=\"tribe-events-calendar-month-mobile-events__mobile-event-datetime tribe-common-b2\">\n\t<em class=\"tribe-events-calendar-month-mobile-events__mobile-event-datetime-featured-icon\">\n\t<svg\n\t class=\"tribe-common-c-svgicon tribe-common-c-svgicon--featured tribe-events-calendar-month-mobile-events__mobile-event-datetime-featured-icon-svg\" \taria-hidden=\"true\"\n\tviewBox=\"0 0 8 10\"\n\txmlns=\"http:\/\/www.w3.org\/2000\/svg\"\n>\n\t<path fill-rule=\"evenodd\" clip-rule=\"evenodd\" d=\"M0 0h8v10L4.049 7.439 0 10V0z\"\/>\n<\/svg>\n<\/em>\n<span class=\"tribe-events-calendar-month-mobile-events__mobile-event-datetime-featured-text tribe-common-a11y-visual-hide\">\n\tFeatured<\/span>\n\t\t\t<time datetime=\"2026-04-28\">\n\t\t\t<span class=\"tribe-event-date-start\">28 April @ 9h00<\/span> - <span class=\"tribe-event-time\">18h00<\/span>\t\t<\/time>\n\t\t<\/div>\n\t\t<h3  class=\"tribe-events-calendar-month-mobile-events__mobile-event-title tribe-common-h7\" >\n\t<a\n\t\thref=\"https:\/\/interkultur.fr\/en\/event\/a-day-in-rouen\/\"\n\t\ttitle=\"A day in Rouen\"\n\t\trel=\"bookmark\"\n\t\tclass=\"tribe-events-calendar-month-mobile-events__mobile-event-title-link tribe-common-anchor\"\n\t>\n\t\tA day in Rouen\t<\/a>\n<\/h3>\n\t\t<div class=\"tribe-events-c-small-cta tribe-common-b3 tribe-events-calendar-month-mobile-events__mobile-event-cost\">\n\t\t\t<span class=\"tribe-events-c-small-cta__price\">\n\t\t&#8364;80.00\t<\/span>\n\t<\/div>\n\n\t<\/div>\n<\/article>\n\n\t\t\n\t\t\n\t<\/div>\n\n\t\n\t\t\n<div  class=\"tribe-events-calendar-month-mobile-events__mobile-day\"  id=\"tribe-events-calendar-mobile-day-2026-04-29\">\n\n\t\n\t\t\t\t\t\n\t\t\t<div class=\"tribe-events-c-day-marker tribe-events-calendar-month-mobile-events__day-marker\">\n\t<time\n\t\tclass=\"tribe-events-c-day-marker__date tribe-common-h7 tribe-common-h--alt\"\n\t\tdatetime=\"2026-04-29\"\n\t>\n\t\t29 April\t<\/time>\n<\/div>\n\n\t\t\t\n\t\t\t\n<article  class=\"tribe-events-calendar-month-mobile-events__mobile-event post-10002191 tribe_events type-tribe_events status-publish has-post-thumbnail hentry tribe_events_cat-periodic-visits-paris tribe_events_cat-visit-paris cat_periodic-visits-paris cat_visit-paris\" >\n\n\t\n\t<div class=\"tribe-events-calendar-month-mobile-events__mobile-event-details\">\n\n\t\t<div class=\"tribe-events-calendar-month-mobile-events__mobile-event-datetime tribe-common-b2\">\n\t\t\t\t<time datetime=\"2026-04-29\">\n\t\t\t<span class=\"tribe-event-date-start\">29 April @ 14h00<\/span> - <span class=\"tribe-event-time\">16h00<\/span>\t\t<\/time>\n\t\t<\/div>\n\t\t<h3  class=\"tribe-events-calendar-month-mobile-events__mobile-event-title tribe-common-h7\" >\n\t<a\n\t\thref=\"https:\/\/interkultur.fr\/en\/event\/passages-and-galeries-apr-29-2026\/\"\n\t\ttitle=\"Passages and Galeries &#8211; Apr\/29\/2026\"\n\t\trel=\"bookmark\"\n\t\tclass=\"tribe-events-calendar-month-mobile-events__mobile-event-title-link tribe-common-anchor\"\n\t>\n\t\tPassages and Galeries &#8211; Apr\/29\/2026\t<\/a>\n<\/h3>\n\t\t\n\t<\/div>\n<\/article>\n\n\t\t\n\t\t\n\t<\/div>\n\n\t\n\t\t\n<div  class=\"tribe-events-calendar-month-mobile-events__mobile-day\"  id=\"tribe-events-calendar-mobile-day-2026-04-30\">\n\n\t\n\t\t<div  class=\"tribe-events-header__messages tribe-events-c-messages tribe-common-b2 tribe-events-header__messages--mobile tribe-events-header__messages--day\"  >\n\t\t\t<div class=\"tribe-events-c-messages__message tribe-events-c-messages__message--notice\" tabindex=\"0\" role=\"alert\" aria-live=\"assertive\">\n\t\t\t<svg\n\t class=\"tribe-common-c-svgicon tribe-common-c-svgicon--messages-not-found tribe-events-c-messages__message-icon-svg\" \taria-hidden=\"true\"\n\tviewBox=\"0 0 21 23\"\n\txmlns=\"http:\/\/www.w3.org\/2000\/svg\"\n>\n\t<g fill-rule=\"evenodd\">\n\t\t<path d=\"M.5 2.5h20v20H.5z\"\/>\n\t\t<path stroke-linecap=\"round\" d=\"M7.583 11.583l5.834 5.834m0-5.834l-5.834 5.834\" class=\"tribe-common-c-svgicon__svg-stroke\"\/>\n\t\t<path stroke-linecap=\"round\" d=\"M4.5.5v4m12-4v4\"\/>\n\t\t<path stroke-linecap=\"square\" d=\"M.5 7.5h20\"\/>\n\t<\/g>\n<\/svg>\n<span class=\"tribe-common-a11y-visual-hide\">\n\tNotice<\/span>\n\t\t\t\t\t\t\t<div\n\t\t\t\t\t data-key=\"no-events-in-day\" >\n\t\t\t\t\tThere are no events on this day.\t\t\t\t<\/div>\n\t\t\t\t\t<\/div>\n\t<\/div>\n\n\t<\/div>\n\n\t\n\t\t\n<div  class=\"tribe-events-calendar-month-mobile-events__mobile-day\"  id=\"tribe-events-calendar-mobile-day-2026-05-1\">\n\n\t\n\t\t\t\t\t\n\t\t\t<div class=\"tribe-events-c-day-marker tribe-events-calendar-month-mobile-events__day-marker\">\n\t<time\n\t\tclass=\"tribe-events-c-day-marker__date tribe-common-h7 tribe-common-h--alt\"\n\t\tdatetime=\"2026-05-01\"\n\t>\n\t\t1 May\t<\/time>\n<\/div>\n\n\t\t\t\n\t\t\t\n<article  class=\"tribe-events-calendar-month-mobile-events__mobile-event post-10002175 tribe_events type-tribe_events status-publish has-post-thumbnail hentry tribe_events_cat-periodic-visits-paris tribe_events_cat-visit-paris cat_periodic-visits-paris cat_visit-paris\" >\n\n\t\n\t<div class=\"tribe-events-calendar-month-mobile-events__mobile-event-details\">\n\n\t\t<div class=\"tribe-events-calendar-month-mobile-events__mobile-event-datetime tribe-common-b2\">\n\t\t\t\t<time datetime=\"2026-05-01\">\n\t\t\t<span class=\"tribe-event-date-start\">1 May @ 10h30<\/span> - <span class=\"tribe-event-time\">12h30<\/span>\t\t<\/time>\n\t\t<\/div>\n\t\t<h3  class=\"tribe-events-calendar-month-mobile-events__mobile-event-title tribe-common-h7\" >\n\t<a\n\t\thref=\"https:\/\/interkultur.fr\/en\/event\/the-jewish-marais-may-01-2026\/\"\n\t\ttitle=\"The Jewish Marais &#8211; May\/01\/2026\"\n\t\trel=\"bookmark\"\n\t\tclass=\"tribe-events-calendar-month-mobile-events__mobile-event-title-link tribe-common-anchor\"\n\t>\n\t\tThe Jewish Marais &#8211; May\/01\/2026\t<\/a>\n<\/h3>\n\t\t\n\t<\/div>\n<\/article>\n\n\t\t\n\t\t\n\t<\/div>\n\n\t\n\t\t\n<div  class=\"tribe-events-calendar-month-mobile-events__mobile-day\"  id=\"tribe-events-calendar-mobile-day-2026-05-2\">\n\n\t\n\t\t<div  class=\"tribe-events-header__messages tribe-events-c-messages tribe-common-b2 tribe-events-header__messages--mobile tribe-events-header__messages--day\"  >\n\t\t\t<div class=\"tribe-events-c-messages__message tribe-events-c-messages__message--notice\" tabindex=\"0\" role=\"alert\" aria-live=\"assertive\">\n\t\t\t<svg\n\t class=\"tribe-common-c-svgicon tribe-common-c-svgicon--messages-not-found tribe-events-c-messages__message-icon-svg\" \taria-hidden=\"true\"\n\tviewBox=\"0 0 21 23\"\n\txmlns=\"http:\/\/www.w3.org\/2000\/svg\"\n>\n\t<g fill-rule=\"evenodd\">\n\t\t<path d=\"M.5 2.5h20v20H.5z\"\/>\n\t\t<path stroke-linecap=\"round\" d=\"M7.583 11.583l5.834 5.834m0-5.834l-5.834 5.834\" class=\"tribe-common-c-svgicon__svg-stroke\"\/>\n\t\t<path stroke-linecap=\"round\" d=\"M4.5.5v4m12-4v4\"\/>\n\t\t<path stroke-linecap=\"square\" d=\"M.5 7.5h20\"\/>\n\t<\/g>\n<\/svg>\n<span class=\"tribe-common-a11y-visual-hide\">\n\tNotice<\/span>\n\t\t\t\t\t\t\t<div\n\t\t\t\t\t data-key=\"no-events-in-day\" >\n\t\t\t\t\tThere are no events on this day.\t\t\t\t<\/div>\n\t\t\t\t\t<\/div>\n\t<\/div>\n\n\t<\/div>\n\n\t\n\t\t\n<div  class=\"tribe-events-calendar-month-mobile-events__mobile-day\"  id=\"tribe-events-calendar-mobile-day-2026-05-3\">\n\n\t\n\t\t<div  class=\"tribe-events-header__messages tribe-events-c-messages tribe-common-b2 tribe-events-header__messages--mobile tribe-events-header__messages--day\"  >\n\t\t\t<div class=\"tribe-events-c-messages__message tribe-events-c-messages__message--notice\" tabindex=\"0\" role=\"alert\" aria-live=\"assertive\">\n\t\t\t<svg\n\t class=\"tribe-common-c-svgicon tribe-common-c-svgicon--messages-not-found tribe-events-c-messages__message-icon-svg\" \taria-hidden=\"true\"\n\tviewBox=\"0 0 21 23\"\n\txmlns=\"http:\/\/www.w3.org\/2000\/svg\"\n>\n\t<g fill-rule=\"evenodd\">\n\t\t<path d=\"M.5 2.5h20v20H.5z\"\/>\n\t\t<path stroke-linecap=\"round\" d=\"M7.583 11.583l5.834 5.834m0-5.834l-5.834 5.834\" class=\"tribe-common-c-svgicon__svg-stroke\"\/>\n\t\t<path stroke-linecap=\"round\" d=\"M4.5.5v4m12-4v4\"\/>\n\t\t<path stroke-linecap=\"square\" d=\"M.5 7.5h20\"\/>\n\t<\/g>\n<\/svg>\n<span class=\"tribe-common-a11y-visual-hide\">\n\tNotice<\/span>\n\t\t\t\t\t\t\t<div\n\t\t\t\t\t data-key=\"no-events-in-day\" >\n\t\t\t\t\tThere are no events on this day.\t\t\t\t<\/div>\n\t\t\t\t\t<\/div>\n\t<\/div>\n\n\t<\/div>\n\n\t\n\t<nav class=\"tribe-events-calendar-month-nav tribe-events-c-nav\">\n\t<ul class=\"tribe-events-c-nav__list\">\n\t\t<li class=\"tribe-events-c-nav__list-item tribe-events-c-nav__list-item--prev\">\n\t<a\n\t\thref=\"https:\/\/interkultur.fr\/en\/events\/month\/2026-03\/?shortcode=394bcbf2\"\n\t\trel=\"prev\"\n\t\tclass=\"tribe-events-c-nav__prev tribe-common-b2\"\n\t\tdata-js=\"tribe-events-view-link\"\n\t\taria-label=\"Previous month, Mar\"\n\t\ttitle=\"Previous month, Mar\"\n\t\trel=\"prev\"\n\t>\n\t\t<svg\n\t class=\"tribe-common-c-svgicon tribe-common-c-svgicon--caret-left tribe-events-c-nav__prev-icon-svg\" \taria-hidden=\"true\"\n\tviewBox=\"0 0 10 16\"\n\txmlns=\"http:\/\/www.w3.org\/2000\/svg\"\n>\n\t<path d=\"M9.7 14.4l-1.5 1.5L.3 8 8.2.1l1.5 1.5L3.3 8l6.4 6.4z\"\/>\n<\/svg>\n\t\tMar\t<\/a>\n<\/li>\n\n\t\t<li class=\"tribe-events-c-nav__list-item tribe-events-c-nav__list-item--today\">\n\t<a\n\t\thref=\"https:\/\/interkultur.fr\/en\/events\/month\/?rest_route=%2Fwp%2Fv2%2Fpages%2F3915&#038;shortcode=394bcbf2\"\n\t\tclass=\"tribe-events-c-nav__today tribe-common-b2\"\n\t\tdata-js=\"tribe-events-view-link\"\n\t\taria-label=\"Click to select the current month\"\n\t\ttitle=\"Click to select the current month\"\n\t>\n\t\tThis Month\t<\/a>\n<\/li>\n\n\t\t<li class=\"tribe-events-c-nav__list-item tribe-events-c-nav__list-item--next\">\n\t<a\n\t\thref=\"https:\/\/interkultur.fr\/en\/events\/month\/2026-05\/?shortcode=394bcbf2\"\n\t\trel=\"next\"\n\t\tclass=\"tribe-events-c-nav__next tribe-common-b2\"\n\t\tdata-js=\"tribe-events-view-link\"\n\t\taria-label=\"Next month, May\"\n\t\ttitle=\"Next month, May\"\n\t\trel=\"next\"\n\t>\n\t\tMay\t\t<svg\n\t class=\"tribe-common-c-svgicon tribe-common-c-svgicon--caret-right tribe-events-c-nav__next-icon-svg\" \taria-hidden=\"true\"\n\tviewBox=\"0 0 10 16\"\n\txmlns=\"http:\/\/www.w3.org\/2000\/svg\"\n>\n\t<path d=\"M.3 1.6L1.8.1 9.7 8l-7.9 7.9-1.5-1.5L6.7 8 .3 1.6z\"\/>\n<\/svg>\n\t<\/a>\n<\/li>\n\t<\/ul>\n<\/nav>\n\n<\/section>\n\n\t\t\n\t\t\n\t<\/section>\n\n<\/div>\n\n<script data-js='tribe-events-view-nonce-data' type='application\/json'>{\"tvn1\":\"bf69c3f6ba\",\"tvn2\":\"\"}<\/script><\/div><\/div><\/div><\/div><div class=\"fusion-fullwidth fullwidth-box fusion-builder-row-4 fusion-flex-container nonhundred-percent-fullwidth non-hundred-percent-height-scrolling\" style=\"--link_hover_color: #c0c479;--awb-border-sizes-top:0px;--awb-border-sizes-bottom:0px;--awb-border-sizes-left:0px;--awb-border-sizes-right:0px;--awb-border-radius-top-left:0px;--awb-border-radius-top-right:0px;--awb-border-radius-bottom-right:0px;--awb-border-radius-bottom-left:0px;--awb-padding-top:0px;--awb-padding-right:30px;--awb-padding-bottom:160px;--awb-padding-left:30px;--awb-margin-top:0px;--awb-margin-bottom:0px;--awb-margin-bottom-medium:70px;--awb-margin-bottom-small:60px;--awb-background-color:#ffffff;--awb-flex-wrap:wrap;\" ><div class=\"fusion-builder-row fusion-row fusion-flex-align-items-stretch fusion-flex-content-wrap\" style=\"max-width:1248px;margin-left: calc(-4% \/ 2 );margin-right: calc(-4% \/ 2 );\"><div class=\"fusion-layout-column fusion_builder_column fusion-builder-column-4 fusion_builder_column_1_1 1_1 fusion-flex-column fusion-animated\" style=\"--awb-bg-size:cover;--awb-width-large:100%;--awb-margin-top-large:0px;--awb-spacing-right-large:1.92%;--awb-margin-bottom-large:100px;--awb-spacing-left-large:1.92%;--awb-width-medium:100%;--awb-order-medium:0;--awb-spacing-right-medium:1.92%;--awb-margin-bottom-medium:70px;--awb-spacing-left-medium:1.92%;--awb-width-small:100%;--awb-order-small:0;--awb-spacing-right-small:1.92%;--awb-margin-bottom-small:60px;--awb-spacing-left-small:1.92%;\" data-animationType=\"fadeInUp\" data-animationDuration=\"1.3\" data-animationOffset=\"top-into-view\"><div class=\"fusion-column-wrapper fusion-column-has-shadow fusion-flex-justify-content-flex-start fusion-content-layout-column\"><div class=\"fusion-title title fusion-title-4 fusion-sep-none fusion-title-center fusion-title-text fusion-title-size-div\" style=\"--awb-text-color:var(--awb-color4);--awb-margin-top:0px;--awb-margin-bottom:10px;--awb-font-size:var(--awb-custom_typography_3-font-size);\"><div class=\"fusion-title-heading title-heading-center title-heading-tag fusion-responsive-typography-calculated\" style=\"font-family:var(--awb-custom_typography_3-font-family);font-weight:var(--awb-custom_typography_3-font-weight);font-style:var(--awb-custom_typography_3-font-style);margin:0;letter-spacing:var(--awb-custom_typography_3-letter-spacing);text-transform:var(--awb-custom_typography_3-text-transform);font-size:1em;--fontSize:22;--minFontSize:22;line-height:var(--awb-custom_typography_3-line-height);\">On request visits<\/div><\/div><div class=\"fusion-title title fusion-title-5 fusion-sep-none fusion-title-center fusion-title-text fusion-title-size-two\" style=\"--awb-text-color:var(--awb-color8);--awb-margin-top:0px;--awb-margin-bottom:30px;--awb-font-size:var(--awb-custom_typography_2-font-size);\"><h2 class=\"fusion-title-heading title-heading-center fusion-responsive-typography-calculated\" style=\"font-family:var(--awb-custom_typography_2-font-family);font-weight:var(--awb-custom_typography_2-font-weight);font-style:var(--awb-custom_typography_2-font-style);margin:0;letter-spacing:var(--awb-custom_typography_2-letter-spacing);text-transform:var(--awb-custom_typography_2-text-transform);font-size:1em;--fontSize:46;line-height:var(--awb-custom_typography_2-line-height);\">Paris<\/h2><\/div><div class=\"fusion-text fusion-text-3 fusion-text-no-margin\" style=\"--awb-content-alignment:center;--awb-font-size:var(--awb-typography4-font-size);--awb-line-height:var(--awb-typography4-line-height);--awb-letter-spacing:var(--awb-typography4-letter-spacing);--awb-text-transform:var(--awb-typography4-text-transform);--awb-text-color:var(--awb-color7);--awb-margin-right:20%;--awb-margin-left:20%;--awb-text-font-family:var(--awb-typography4-font-family);--awb-text-font-weight:var(--awb-typography4-font-weight);--awb-text-font-style:var(--awb-typography4-font-style);\"><p>These visits can be scheduled with you.<br \/>\nContact us for a quote and to arrange a date!<\/p>\n<\/div><\/div><\/div><div class=\"fusion-layout-column fusion_builder_column fusion-builder-column-5 fusion_builder_column_1_1 1_1 fusion-flex-column\" style=\"--awb-bg-size:cover;--awb-width-large:100%;--awb-margin-top-large:0px;--awb-spacing-right-large:1.92%;--awb-margin-bottom-large:20px;--awb-spacing-left-large:1.92%;--awb-width-medium:100%;--awb-order-medium:0;--awb-spacing-right-medium:1.92%;--awb-spacing-left-medium:1.92%;--awb-width-small:100%;--awb-order-small:0;--awb-spacing-right-small:1.92%;--awb-spacing-left-small:1.92%;\"><div class=\"fusion-column-wrapper fusion-column-has-shadow fusion-flex-justify-content-flex-start fusion-content-layout-column\"><div class=\"fusion-woo-featured-products-slider fusion-woo-slider\"><div class=\"awb-carousel awb-swiper awb-swiper-carousel fusion-carousel-title-below-image\" style=\"--awb-columns:4;--awb-column-spacing:15px;\" data-metacontent=\"yes\" data-autoplay=\"no\" data-columns=\"4\" data-itemmargin=\"15\" data-itemwidth=\"180\" data-touchscroll=\"no\" data-imagesize=\"fixed\"><div class=\"swiper-wrapper\"><div class=\"swiper-slide\"><div class=\"fusion-classic-product-image-wrapper\"><div class=\"fusion-carousel-item-wrapper\"><div  class=\"fusion-image-wrapper fusion-image-size-fixed\" aria-haspopup=\"true\">\n\t\t\t\t<div class=\"fusion-woo-badges-wrapper\">\n<\/div>\t\t\t<a href=\"https:\/\/interkultur.fr\/en\/produit\/highlights-of-paris-vip-custom-tour\/\" aria-label=\"Highlights of Paris VIP custom tour\">\n\t\t\t\t\t\t\t<img decoding=\"async\" width=\"510\" height=\"680\" src=\"https:\/\/interkultur.fr\/wp-content\/uploads\/2024\/02\/Luxury-shopping.jpg\" class=\"attachment-woocommerce_single size-woocommerce_single wp-post-image\" alt=\"\" srcset=\"https:\/\/interkultur.fr\/wp-content\/uploads\/2024\/02\/Luxury-shopping-200x267.jpg 200w, https:\/\/interkultur.fr\/wp-content\/uploads\/2024\/02\/Luxury-shopping-225x300.jpg 225w, https:\/\/interkultur.fr\/wp-content\/uploads\/2024\/02\/Luxury-shopping-400x533.jpg 400w, https:\/\/interkultur.fr\/wp-content\/uploads\/2024\/02\/Luxury-shopping.jpg 510w\" sizes=\"(max-width: 510px) 100vw, 510px\" \/><div class=\"cart-loading\"><i class=\"awb-icon-spinner\" aria-hidden=\"true\"><\/i><\/div>\t\t\t<\/a>\n\t\t\t\t\t\t\t<\/div>\n<h4 class=\"fusion-carousel-title product-title\"><a href=\"https:\/\/interkultur.fr\/en\/produit\/highlights-of-paris-vip-custom-tour\/\" target=\"_self\">Highlights of Paris VIP custom tour<\/a><\/h4><div class=\"fusion-carousel-meta\"><a href=\"https:\/\/interkultur.fr\/en\/categorie-produit\/visit-paris\/\" rel=\"tag\">Visits of Paris - On request visits<\/a><div class=\"fusion-carousel-price\">\n<\/div><\/div><\/div><\/div><\/div><div class=\"swiper-slide\"><div class=\"fusion-classic-product-image-wrapper\"><div class=\"fusion-carousel-item-wrapper\"><div  class=\"fusion-image-wrapper fusion-image-size-fixed\" aria-haspopup=\"true\">\n\t\t\t\t<div class=\"fusion-woo-badges-wrapper\">\n<\/div>\t\t\t<a href=\"https:\/\/interkultur.fr\/en\/produit\/paris-prestige\/\" aria-label=\"Paris Prestige\">\n\t\t\t\t\t\t\t<img decoding=\"async\" width=\"700\" height=\"464\" src=\"https:\/\/interkultur.fr\/wp-content\/uploads\/2024\/02\/arc-700x464.jpg\" class=\"attachment-woocommerce_single size-woocommerce_single wp-post-image\" alt=\"\" srcset=\"https:\/\/interkultur.fr\/wp-content\/uploads\/2024\/02\/arc-200x133.jpg 200w, https:\/\/interkultur.fr\/wp-content\/uploads\/2024\/02\/arc-300x199.jpg 300w, https:\/\/interkultur.fr\/wp-content\/uploads\/2024\/02\/arc-400x265.jpg 400w, https:\/\/interkultur.fr\/wp-content\/uploads\/2024\/02\/arc-600x398.jpg 600w, https:\/\/interkultur.fr\/wp-content\/uploads\/2024\/02\/arc-700x464.jpg 700w, https:\/\/interkultur.fr\/wp-content\/uploads\/2024\/02\/arc-768x509.jpg 768w, https:\/\/interkultur.fr\/wp-content\/uploads\/2024\/02\/arc-800x530.jpg 800w, https:\/\/interkultur.fr\/wp-content\/uploads\/2024\/02\/arc.jpg 960w\" sizes=\"(max-width: 700px) 100vw, 700px\" \/><div class=\"cart-loading\"><i class=\"awb-icon-spinner\" aria-hidden=\"true\"><\/i><\/div>\t\t\t<\/a>\n\t\t\t\t\t\t\t<\/div>\n<h4 class=\"fusion-carousel-title product-title\"><a href=\"https:\/\/interkultur.fr\/en\/produit\/paris-prestige\/\" target=\"_self\">Paris Prestige<\/a><\/h4><div class=\"fusion-carousel-meta\"><a href=\"https:\/\/interkultur.fr\/en\/categorie-produit\/visit-paris\/\" rel=\"tag\">Visits of Paris - On request visits<\/a><div class=\"fusion-carousel-price\">\n<\/div><\/div><\/div><\/div><\/div><div class=\"swiper-slide\"><div class=\"fusion-classic-product-image-wrapper\"><div class=\"fusion-carousel-item-wrapper\"><div  class=\"fusion-image-wrapper fusion-image-size-fixed\" aria-haspopup=\"true\">\n\t\t\t\t<div class=\"fusion-woo-badges-wrapper\">\n<\/div>\t\t\t<a href=\"https:\/\/interkultur.fr\/en\/produit\/jewish-marais\/\" aria-label=\"Jewish Marais\">\n\t\t\t\t\t\t\t<img decoding=\"async\" width=\"700\" height=\"464\" src=\"https:\/\/interkultur.fr\/wp-content\/uploads\/2023\/12\/oratoire-Fleichman-700x464.webp\" class=\"attachment-woocommerce_single size-woocommerce_single wp-post-image\" alt=\"\" srcset=\"https:\/\/interkultur.fr\/wp-content\/uploads\/2023\/12\/oratoire-Fleichman-200x133.webp 200w, https:\/\/interkultur.fr\/wp-content\/uploads\/2023\/12\/oratoire-Fleichman-300x199.webp 300w, https:\/\/interkultur.fr\/wp-content\/uploads\/2023\/12\/oratoire-Fleichman-400x265.webp 400w, https:\/\/interkultur.fr\/wp-content\/uploads\/2023\/12\/oratoire-Fleichman-600x398.webp 600w, https:\/\/interkultur.fr\/wp-content\/uploads\/2023\/12\/oratoire-Fleichman-700x464.webp 700w, https:\/\/interkultur.fr\/wp-content\/uploads\/2023\/12\/oratoire-Fleichman.webp 750w\" sizes=\"(max-width: 700px) 100vw, 700px\" \/><div class=\"cart-loading\"><i class=\"awb-icon-spinner\" aria-hidden=\"true\"><\/i><\/div>\t\t\t<\/a>\n\t\t\t\t\t\t\t<\/div>\n<h4 class=\"fusion-carousel-title product-title\"><a href=\"https:\/\/interkultur.fr\/en\/produit\/jewish-marais\/\" target=\"_self\">Jewish Marais<\/a><\/h4><div class=\"fusion-carousel-meta\"><a href=\"https:\/\/interkultur.fr\/en\/categorie-produit\/visit-paris\/\" rel=\"tag\">Visits of Paris - On request visits<\/a><div class=\"fusion-carousel-price\">\n<\/div><\/div><\/div><\/div><\/div><div class=\"swiper-slide\"><div class=\"fusion-classic-product-image-wrapper\"><div class=\"fusion-carousel-item-wrapper\"><div  class=\"fusion-image-wrapper fusion-image-size-fixed\" aria-haspopup=\"true\">\n\t\t\t\t<div class=\"fusion-woo-badges-wrapper\">\n<\/div>\t\t\t<a href=\"https:\/\/interkultur.fr\/en\/produit\/les-batignolles\/\" aria-label=\"Les Batignolles\">\n\t\t\t\t\t\t\t<img decoding=\"async\" width=\"510\" height=\"680\" src=\"https:\/\/interkultur.fr\/wp-content\/uploads\/2024\/02\/Cite-des-fleurs.jpg\" class=\"attachment-woocommerce_single size-woocommerce_single wp-post-image\" alt=\"\" srcset=\"https:\/\/interkultur.fr\/wp-content\/uploads\/2024\/02\/Cite-des-fleurs-200x267.jpg 200w, https:\/\/interkultur.fr\/wp-content\/uploads\/2024\/02\/Cite-des-fleurs-225x300.jpg 225w, https:\/\/interkultur.fr\/wp-content\/uploads\/2024\/02\/Cite-des-fleurs-400x533.jpg 400w, https:\/\/interkultur.fr\/wp-content\/uploads\/2024\/02\/Cite-des-fleurs.jpg 510w\" sizes=\"(max-width: 510px) 100vw, 510px\" \/><div class=\"cart-loading\"><i class=\"awb-icon-spinner\" aria-hidden=\"true\"><\/i><\/div>\t\t\t<\/a>\n\t\t\t\t\t\t\t<\/div>\n<h4 class=\"fusion-carousel-title product-title\"><a href=\"https:\/\/interkultur.fr\/en\/produit\/les-batignolles\/\" target=\"_self\">Les Batignolles<\/a><\/h4><div class=\"fusion-carousel-meta\"><a href=\"https:\/\/interkultur.fr\/en\/categorie-produit\/visit-paris\/\" rel=\"tag\">Visits of Paris - On request visits<\/a><div class=\"fusion-carousel-price\">\n<\/div><\/div><\/div><\/div><\/div><div class=\"swiper-slide\"><div class=\"fusion-classic-product-image-wrapper\"><div class=\"fusion-carousel-item-wrapper\"><div  class=\"fusion-image-wrapper fusion-image-size-fixed\" aria-haspopup=\"true\">\n\t\t\t\t<div class=\"fusion-woo-badges-wrapper\">\n<\/div>\t\t\t<a href=\"https:\/\/interkultur.fr\/en\/produit\/the-french-revolution\/\" aria-label=\"The French Revolution\">\n\t\t\t\t\t\t\t<img decoding=\"async\" width=\"700\" height=\"1024\" src=\"https:\/\/interkultur.fr\/wp-content\/uploads\/2024\/01\/guillotine-700x1024.jpg\" class=\"attachment-woocommerce_single size-woocommerce_single wp-post-image\" alt=\"\" srcset=\"https:\/\/interkultur.fr\/wp-content\/uploads\/2024\/01\/guillotine-200x293.jpg 200w, https:\/\/interkultur.fr\/wp-content\/uploads\/2024\/01\/guillotine-205x300.jpg 205w, https:\/\/interkultur.fr\/wp-content\/uploads\/2024\/01\/guillotine-400x585.jpg 400w, https:\/\/interkultur.fr\/wp-content\/uploads\/2024\/01\/guillotine-600x878.jpg 600w, https:\/\/interkultur.fr\/wp-content\/uploads\/2024\/01\/guillotine-700x1024.jpg 700w, https:\/\/interkultur.fr\/wp-content\/uploads\/2024\/01\/guillotine-768x1123.jpg 768w, https:\/\/interkultur.fr\/wp-content\/uploads\/2024\/01\/guillotine-800x1170.jpg 800w, https:\/\/interkultur.fr\/wp-content\/uploads\/2024\/01\/guillotine-1050x1536.jpg 1050w, https:\/\/interkultur.fr\/wp-content\/uploads\/2024\/01\/guillotine.jpg 1094w\" sizes=\"(max-width: 700px) 100vw, 700px\" \/><div class=\"cart-loading\"><i class=\"awb-icon-spinner\" aria-hidden=\"true\"><\/i><\/div>\t\t\t<\/a>\n\t\t\t\t\t\t\t<\/div>\n<h4 class=\"fusion-carousel-title product-title\"><a href=\"https:\/\/interkultur.fr\/en\/produit\/the-french-revolution\/\" target=\"_self\">The French Revolution<\/a><\/h4><div class=\"fusion-carousel-meta\"><a href=\"https:\/\/interkultur.fr\/en\/categorie-produit\/visit-paris\/\" rel=\"tag\">Visits of Paris - On request visits<\/a><div class=\"fusion-carousel-price\">\n<\/div><\/div><\/div><\/div><\/div><div class=\"swiper-slide\"><div class=\"fusion-classic-product-image-wrapper\"><div class=\"fusion-carousel-item-wrapper\"><div  class=\"fusion-image-wrapper fusion-image-size-fixed\" aria-haspopup=\"true\">\n\t\t\t\t<div class=\"fusion-woo-badges-wrapper\">\n<\/div>\t\t\t<a href=\"https:\/\/interkultur.fr\/en\/produit\/orientation-walk\/\" aria-label=\"Orientation walk\">\n\t\t\t\t\t\t\t<img decoding=\"async\" width=\"700\" height=\"525\" src=\"https:\/\/interkultur.fr\/wp-content\/uploads\/2024\/02\/Place-Vendome-700x525.jpg\" class=\"attachment-woocommerce_single size-woocommerce_single wp-post-image\" alt=\"\" srcset=\"https:\/\/interkultur.fr\/wp-content\/uploads\/2024\/02\/Place-Vendome-200x150.jpg 200w, https:\/\/interkultur.fr\/wp-content\/uploads\/2024\/02\/Place-Vendome-300x225.jpg 300w, https:\/\/interkultur.fr\/wp-content\/uploads\/2024\/02\/Place-Vendome-400x300.jpg 400w, https:\/\/interkultur.fr\/wp-content\/uploads\/2024\/02\/Place-Vendome-600x450.jpg 600w, https:\/\/interkultur.fr\/wp-content\/uploads\/2024\/02\/Place-Vendome-700x525.jpg 700w, https:\/\/interkultur.fr\/wp-content\/uploads\/2024\/02\/Place-Vendome-768x576.jpg 768w, https:\/\/interkultur.fr\/wp-content\/uploads\/2024\/02\/Place-Vendome-800x600.jpg 800w, https:\/\/interkultur.fr\/wp-content\/uploads\/2024\/02\/Place-Vendome.jpg 900w\" sizes=\"(max-width: 700px) 100vw, 700px\" \/><div class=\"cart-loading\"><i class=\"awb-icon-spinner\" aria-hidden=\"true\"><\/i><\/div>\t\t\t<\/a>\n\t\t\t\t\t\t\t<\/div>\n<h4 class=\"fusion-carousel-title product-title\"><a href=\"https:\/\/interkultur.fr\/en\/produit\/orientation-walk\/\" target=\"_self\">Orientation walk<\/a><\/h4><div class=\"fusion-carousel-meta\"><a href=\"https:\/\/interkultur.fr\/en\/categorie-produit\/visit-paris\/\" rel=\"tag\">Visits of Paris - On request visits<\/a><div class=\"fusion-carousel-price\">\n<\/div><\/div><\/div><\/div><\/div><div class=\"swiper-slide\"><div class=\"fusion-classic-product-image-wrapper\"><div class=\"fusion-carousel-item-wrapper\"><div  class=\"fusion-image-wrapper fusion-image-size-fixed\" aria-haspopup=\"true\">\n\t\t\t\t<div class=\"fusion-woo-badges-wrapper\">\n<\/div>\t\t\t<a href=\"https:\/\/interkultur.fr\/en\/produit\/the-napoleons-rooms\/\" aria-label=\"The Napoleon&#8217;s rooms\">\n\t\t\t\t\t\t\t<img decoding=\"async\" width=\"700\" height=\"933\" src=\"https:\/\/interkultur.fr\/wp-content\/uploads\/2024\/02\/IMG_5878-700x933.jpeg\" class=\"attachment-woocommerce_single size-woocommerce_single wp-post-image\" alt=\"\" srcset=\"https:\/\/interkultur.fr\/wp-content\/uploads\/2024\/02\/IMG_5878-200x267.jpeg 200w, https:\/\/interkultur.fr\/wp-content\/uploads\/2024\/02\/IMG_5878-225x300.jpeg 225w, https:\/\/interkultur.fr\/wp-content\/uploads\/2024\/02\/IMG_5878-400x533.jpeg 400w, https:\/\/interkultur.fr\/wp-content\/uploads\/2024\/02\/IMG_5878-600x800.jpeg 600w, https:\/\/interkultur.fr\/wp-content\/uploads\/2024\/02\/IMG_5878-700x933.jpeg 700w, https:\/\/interkultur.fr\/wp-content\/uploads\/2024\/02\/IMG_5878-768x1024.jpeg 768w, https:\/\/interkultur.fr\/wp-content\/uploads\/2024\/02\/IMG_5878-800x1067.jpeg 800w, https:\/\/interkultur.fr\/wp-content\/uploads\/2024\/02\/IMG_5878-1152x1536.jpeg 1152w, https:\/\/interkultur.fr\/wp-content\/uploads\/2024\/02\/IMG_5878-1200x1600.jpeg 1200w, https:\/\/interkultur.fr\/wp-content\/uploads\/2024\/02\/IMG_5878.jpeg 1536w\" sizes=\"(max-width: 700px) 100vw, 700px\" \/><div class=\"cart-loading\"><i class=\"awb-icon-spinner\" aria-hidden=\"true\"><\/i><\/div>\t\t\t<\/a>\n\t\t\t\t\t\t\t<\/div>\n<h4 class=\"fusion-carousel-title product-title\"><a href=\"https:\/\/interkultur.fr\/en\/produit\/the-napoleons-rooms\/\" target=\"_self\">The Napoleon&#8217;s rooms<\/a><\/h4><div class=\"fusion-carousel-meta\"><a href=\"https:\/\/interkultur.fr\/en\/categorie-produit\/visit-paris\/\" rel=\"tag\">Visits of Paris - On request visits<\/a><div class=\"fusion-carousel-price\">\n<\/div><\/div><\/div><\/div><\/div><div class=\"swiper-slide\"><div class=\"fusion-classic-product-image-wrapper\"><div class=\"fusion-carousel-item-wrapper\"><div  class=\"fusion-image-wrapper fusion-image-size-fixed\" aria-haspopup=\"true\">\n\t\t\t\t<div class=\"fusion-woo-badges-wrapper\">\n<\/div>\t\t\t<a href=\"https:\/\/interkultur.fr\/en\/produit\/immigration-and-other-faces-of-paris\/\" aria-label=\"Immigration and other faces of Paris\">\n\t\t\t\t\t\t\t<img decoding=\"async\" width=\"700\" height=\"525\" src=\"https:\/\/interkultur.fr\/wp-content\/uploads\/2024\/02\/Mosque-700x525.jpg\" class=\"attachment-woocommerce_single size-woocommerce_single wp-post-image\" alt=\"\" srcset=\"https:\/\/interkultur.fr\/wp-content\/uploads\/2024\/02\/Mosque-200x150.jpg 200w, https:\/\/interkultur.fr\/wp-content\/uploads\/2024\/02\/Mosque-300x225.jpg 300w, https:\/\/interkultur.fr\/wp-content\/uploads\/2024\/02\/Mosque-400x300.jpg 400w, https:\/\/interkultur.fr\/wp-content\/uploads\/2024\/02\/Mosque-600x450.jpg 600w, https:\/\/interkultur.fr\/wp-content\/uploads\/2024\/02\/Mosque-700x525.jpg 700w, https:\/\/interkultur.fr\/wp-content\/uploads\/2024\/02\/Mosque-768x576.jpg 768w, https:\/\/interkultur.fr\/wp-content\/uploads\/2024\/02\/Mosque.jpg 800w\" sizes=\"(max-width: 700px) 100vw, 700px\" \/><div class=\"cart-loading\"><i class=\"awb-icon-spinner\" aria-hidden=\"true\"><\/i><\/div>\t\t\t<\/a>\n\t\t\t\t\t\t\t<\/div>\n<h4 class=\"fusion-carousel-title product-title\"><a href=\"https:\/\/interkultur.fr\/en\/produit\/immigration-and-other-faces-of-paris\/\" target=\"_self\">Immigration and other faces of Paris<\/a><\/h4><div class=\"fusion-carousel-meta\"><a href=\"https:\/\/interkultur.fr\/en\/categorie-produit\/visit-paris\/\" rel=\"tag\">Visits of Paris - On request visits<\/a><div class=\"fusion-carousel-price\">\n<\/div><\/div><\/div><\/div><\/div><\/div><div class=\"awb-swiper-button awb-swiper-button-prev\"><i class=\"awb-icon-angle-left\" aria-hidden=\"true\"><\/i><\/div><div class=\"awb-swiper-button awb-swiper-button-next\"><i class=\"awb-icon-angle-right\" aria-hidden=\"true\"><\/i><\/div><\/div><\/div><div style=\"text-align:center;\"><a class=\"fusion-button button-flat fusion-button-default-size button-default fusion-button-default button-4 fusion-button-default-span \" style=\"--button_text_transform:var(--awb-custom_typography_6-text-transform);--button_font_size:var(--awb-custom_typography_6-font-size);--button_line_height:var(--awb-custom_typography_6-line-height);--button_padding-top:12px;--button_padding-right:22px;--button_padding-bottom:12px;--button_padding-left:22px;--button_typography-letter-spacing:var(--awb-custom_typography_6-letter-spacing);--button_typography-font-family:var(--awb-custom_typography_6-font-family);--button_typography-font-weight:var(--awb-custom_typography_6-font-weight);--button_typography-font-style:var(--awb-custom_typography_6-font-style);\" target=\"_self\" data-hover=\"icon_rotate\" href=\"\/en\/categorie-produit\/visit-paris\/\"><i class=\"fa-compass fas awb-button__icon awb-button__icon--default button-icon-left\" aria-hidden=\"true\"><\/i><span class=\"fusion-button-text awb-button__text awb-button__text--default\">See more<\/span><\/a><\/div><\/div><\/div><\/div><\/div><div class=\"fusion-fullwidth fullwidth-box fusion-builder-row-5 fusion-flex-container nonhundred-percent-fullwidth non-hundred-percent-height-scrolling\" style=\"--link_hover_color: #c0c479;--awb-border-sizes-top:0px;--awb-border-sizes-bottom:0px;--awb-border-sizes-left:0px;--awb-border-sizes-right:0px;--awb-border-radius-top-left:0px;--awb-border-radius-top-right:0px;--awb-border-radius-bottom-right:0px;--awb-border-radius-bottom-left:0px;--awb-padding-top:0px;--awb-padding-right:30px;--awb-padding-bottom:80px;--awb-padding-left:30px;--awb-margin-top:0px;--awb-margin-bottom:0px;--awb-margin-bottom-medium:70px;--awb-margin-bottom-small:60px;--awb-background-color:#ffffff;--awb-flex-wrap:wrap;\" ><div class=\"fusion-builder-row fusion-row fusion-flex-align-items-stretch fusion-flex-content-wrap\" style=\"max-width:1248px;margin-left: calc(-4% \/ 2 );margin-right: calc(-4% \/ 2 );\"><div class=\"fusion-layout-column fusion_builder_column fusion-builder-column-6 fusion_builder_column_3_5 3_5 fusion-flex-column\" style=\"--awb-bg-size:cover;--awb-width-large:60%;--awb-margin-top-large:0px;--awb-spacing-right-large:3.84%;--awb-margin-bottom-large:20px;--awb-spacing-left-large:3.2%;--awb-width-medium:50%;--awb-order-medium:0;--awb-spacing-right-medium:4.608%;--awb-spacing-left-medium:3.84%;--awb-width-small:100%;--awb-order-small:0;--awb-spacing-right-small:1.92%;--awb-margin-bottom-small:35px;--awb-spacing-left-small:1.92%;\"><div class=\"fusion-column-wrapper fusion-column-has-shadow fusion-flex-justify-content-flex-start fusion-content-layout-column\"><div class=\"fusion-image-element \" style=\"--awb-caption-title-font-family:var(--h2_typography-font-family);--awb-caption-title-font-weight:var(--h2_typography-font-weight);--awb-caption-title-font-style:var(--h2_typography-font-style);--awb-caption-title-size:var(--h2_typography-font-size);--awb-caption-title-transform:var(--h2_typography-text-transform);--awb-caption-title-line-height:var(--h2_typography-line-height);--awb-caption-title-letter-spacing:var(--h2_typography-letter-spacing);\"><span class=\" fusion-imageframe imageframe-none imageframe-2 hover-type-none\" style=\"border-radius:20px;\"><img decoding=\"async\" width=\"1300\" height=\"867\" title=\"chateaufrance_interkultur-paris\" src=\"https:\/\/interkultur.fr\/wp-content\/uploads\/2024\/01\/chateaufrance_interkultur-paris.jpg\" alt class=\"img-responsive wp-image-5303\" srcset=\"https:\/\/interkultur.fr\/wp-content\/uploads\/2024\/01\/chateaufrance_interkultur-paris-200x133.jpg 200w, https:\/\/interkultur.fr\/wp-content\/uploads\/2024\/01\/chateaufrance_interkultur-paris-400x267.jpg 400w, https:\/\/interkultur.fr\/wp-content\/uploads\/2024\/01\/chateaufrance_interkultur-paris-600x400.jpg 600w, https:\/\/interkultur.fr\/wp-content\/uploads\/2024\/01\/chateaufrance_interkultur-paris-800x534.jpg 800w, https:\/\/interkultur.fr\/wp-content\/uploads\/2024\/01\/chateaufrance_interkultur-paris-1200x800.jpg 1200w, https:\/\/interkultur.fr\/wp-content\/uploads\/2024\/01\/chateaufrance_interkultur-paris.jpg 1300w\" sizes=\"(max-width: 640px) 100vw, 800px\" \/><\/span><\/div><\/div><\/div><div class=\"fusion-layout-column fusion_builder_column fusion-builder-column-7 fusion_builder_column_2_5 2_5 fusion-flex-column fusion-flex-align-self-center fusion-animated\" style=\"--awb-bg-size:cover;--awb-width-large:40%;--awb-margin-top-large:0px;--awb-spacing-right-large:4.8%;--awb-margin-bottom-large:0px;--awb-spacing-left-large:12%;--awb-width-medium:50%;--awb-order-medium:0;--awb-spacing-right-medium:3.84%;--awb-margin-bottom-medium:0px;--awb-spacing-left-medium:9.6%;--awb-width-small:100%;--awb-order-small:1;--awb-spacing-right-small:1.92%;--awb-spacing-left-small:1.92%;\" data-animationType=\"fadeInLeft\" data-animationDuration=\"1.3\" data-animationOffset=\"top-into-view\"><div class=\"fusion-column-wrapper fusion-column-has-shadow fusion-flex-justify-content-flex-start fusion-content-layout-column\"><div class=\"fusion-title title fusion-title-6 fusion-sep-none fusion-title-text fusion-title-size-div\" style=\"--awb-text-color:var(--awb-color4);--awb-margin-top:0px;--awb-margin-bottom:10px;--awb-font-size:var(--awb-custom_typography_3-font-size);\"><div class=\"fusion-title-heading title-heading-left title-heading-tag fusion-responsive-typography-calculated\" style=\"font-family:var(--awb-custom_typography_3-font-family);font-weight:var(--awb-custom_typography_3-font-weight);font-style:var(--awb-custom_typography_3-font-style);margin:0;letter-spacing:var(--awb-custom_typography_3-letter-spacing);text-transform:var(--awb-custom_typography_3-text-transform);font-size:1em;--fontSize:22;--minFontSize:22;line-height:var(--awb-custom_typography_3-line-height);\">On request visits<\/div><\/div><div class=\"fusion-title title fusion-title-7 fusion-sep-none fusion-title-text fusion-title-size-two\" style=\"--awb-text-color:var(--awb-color8);--awb-margin-top:0px;--awb-margin-bottom:30px;--awb-font-size:var(--awb-custom_typography_2-font-size);\"><h2 class=\"fusion-title-heading title-heading-left fusion-responsive-typography-calculated\" style=\"font-family:var(--awb-custom_typography_2-font-family);font-weight:var(--awb-custom_typography_2-font-weight);font-style:var(--awb-custom_typography_2-font-style);margin:0;letter-spacing:var(--awb-custom_typography_2-letter-spacing);text-transform:var(--awb-custom_typography_2-text-transform);font-size:1em;--fontSize:46;line-height:var(--awb-custom_typography_2-line-height);\">Tours in France<\/h2><\/div><div class=\"fusion-text fusion-text-4\" style=\"--awb-content-alignment:left;--awb-font-size:var(--awb-typography4-font-size);--awb-line-height:var(--awb-typography4-line-height);--awb-letter-spacing:var(--awb-typography4-letter-spacing);--awb-text-transform:var(--awb-typography4-text-transform);--awb-text-color:var(--awb-color7);--awb-margin-right:15%;--awb-text-font-family:var(--awb-typography4-font-family);--awb-text-font-weight:var(--awb-typography4-font-weight);--awb-text-font-style:var(--awb-typography4-font-style);\"><p>These visits can be scheduled with you.<br \/>\nContact us for a quote and to arrange a date!<\/p>\n<\/div><\/div><\/div><\/div><\/div><div class=\"fusion-fullwidth fullwidth-box fusion-builder-row-6 fusion-flex-container nonhundred-percent-fullwidth non-hundred-percent-height-scrolling\" style=\"--link_hover_color: #c0c479;--awb-border-sizes-top:0px;--awb-border-sizes-bottom:0px;--awb-border-sizes-left:0px;--awb-border-sizes-right:0px;--awb-border-radius-top-left:0px;--awb-border-radius-top-right:0px;--awb-border-radius-bottom-right:0px;--awb-border-radius-bottom-left:0px;--awb-padding-top:0px;--awb-padding-right:30px;--awb-padding-bottom:140px;--awb-padding-left:30px;--awb-margin-top:0px;--awb-margin-bottom:0px;--awb-margin-bottom-medium:70px;--awb-margin-bottom-small:60px;--awb-background-color:#ffffff;--awb-flex-wrap:wrap;\" ><div class=\"fusion-builder-row fusion-row fusion-flex-align-items-stretch fusion-flex-content-wrap\" style=\"max-width:1248px;margin-left: calc(-4% \/ 2 );margin-right: calc(-4% \/ 2 );\"><div class=\"fusion-layout-column fusion_builder_column fusion-builder-column-8 fusion_builder_column_1_1 1_1 fusion-flex-column\" style=\"--awb-bg-size:cover;--awb-width-large:100%;--awb-margin-top-large:0px;--awb-spacing-right-large:1.92%;--awb-margin-bottom-large:20px;--awb-spacing-left-large:1.92%;--awb-width-medium:100%;--awb-order-medium:0;--awb-spacing-right-medium:1.92%;--awb-spacing-left-medium:1.92%;--awb-width-small:100%;--awb-order-small:0;--awb-spacing-right-small:1.92%;--awb-spacing-left-small:1.92%;\"><div class=\"fusion-column-wrapper fusion-column-has-shadow fusion-flex-justify-content-flex-start fusion-content-layout-column\"><div class=\"fusion-woo-featured-products-slider fusion-woo-slider\"><div class=\"awb-carousel awb-swiper awb-swiper-carousel fusion-carousel-title-below-image\" style=\"--awb-columns:4;--awb-column-spacing:15px;\" data-metacontent=\"yes\" data-autoplay=\"no\" data-columns=\"4\" data-itemmargin=\"15\" data-itemwidth=\"180\" data-touchscroll=\"no\" data-imagesize=\"fixed\"><div class=\"swiper-wrapper\"><div class=\"swiper-slide\"><div class=\"fusion-classic-product-image-wrapper\"><div class=\"fusion-carousel-item-wrapper\"><div  class=\"fusion-image-wrapper fusion-image-size-fixed\" aria-haspopup=\"true\">\n\t\t\t\t<div class=\"fusion-woo-badges-wrapper\">\n<\/div>\t\t\t<a href=\"https:\/\/interkultur.fr\/en\/produit\/a-day-with-napoleon\/\" aria-label=\"A day with Napoleon\">\n\t\t\t\t\t\t\t<img decoding=\"async\" width=\"700\" height=\"700\" src=\"https:\/\/interkultur.fr\/wp-content\/uploads\/2024\/02\/Napoleon-Canova-700x700.jpg\" class=\"attachment-woocommerce_single size-woocommerce_single wp-post-image\" alt=\"\" srcset=\"https:\/\/interkultur.fr\/wp-content\/uploads\/2024\/02\/Napoleon-Canova-66x66.jpg 66w, https:\/\/interkultur.fr\/wp-content\/uploads\/2024\/02\/Napoleon-Canova-150x150.jpg 150w, https:\/\/interkultur.fr\/wp-content\/uploads\/2024\/02\/Napoleon-Canova-200x200.jpg 200w, https:\/\/interkultur.fr\/wp-content\/uploads\/2024\/02\/Napoleon-Canova-300x300.jpg 300w, https:\/\/interkultur.fr\/wp-content\/uploads\/2024\/02\/Napoleon-Canova-400x400.jpg 400w, https:\/\/interkultur.fr\/wp-content\/uploads\/2024\/02\/Napoleon-Canova-500x500.jpg 500w, https:\/\/interkultur.fr\/wp-content\/uploads\/2024\/02\/Napoleon-Canova-600x600.jpg 600w, https:\/\/interkultur.fr\/wp-content\/uploads\/2024\/02\/Napoleon-Canova-700x700.jpg 700w, https:\/\/interkultur.fr\/wp-content\/uploads\/2024\/02\/Napoleon-Canova-768x768.jpg 768w, https:\/\/interkultur.fr\/wp-content\/uploads\/2024\/02\/Napoleon-Canova-800x800.jpg 800w, https:\/\/interkultur.fr\/wp-content\/uploads\/2024\/02\/Napoleon-Canova-1024x1024.jpg 1024w, https:\/\/interkultur.fr\/wp-content\/uploads\/2024\/02\/Napoleon-Canova.jpg 1080w\" sizes=\"(max-width: 700px) 100vw, 700px\" \/><div class=\"cart-loading\"><i class=\"awb-icon-spinner\" aria-hidden=\"true\"><\/i><\/div>\t\t\t<\/a>\n\t\t\t\t\t\t\t<\/div>\n<h4 class=\"fusion-carousel-title product-title\"><a href=\"https:\/\/interkultur.fr\/en\/produit\/a-day-with-napoleon\/\" target=\"_self\">A day with Napoleon<\/a><\/h4><div class=\"fusion-carousel-meta\"><a href=\"https:\/\/interkultur.fr\/en\/categorie-produit\/tours-france\/\" rel=\"tag\">Tours in France - On request visits<\/a><div class=\"fusion-carousel-price\">\n<\/div><\/div><\/div><\/div><\/div><div class=\"swiper-slide\"><div class=\"fusion-classic-product-image-wrapper\"><div class=\"fusion-carousel-item-wrapper\"><div  class=\"fusion-image-wrapper fusion-image-size-fixed\" aria-haspopup=\"true\">\n\t\t\t\t<div class=\"fusion-woo-badges-wrapper\">\n<\/div>\t\t\t<a href=\"https:\/\/interkultur.fr\/en\/produit\/ecouen\/\" aria-label=\"Ecouen\">\n\t\t\t\t\t\t\t<img decoding=\"async\" width=\"700\" height=\"525\" src=\"https:\/\/interkultur.fr\/wp-content\/uploads\/2024\/02\/Ecouen-chateau-700x525.jpg\" class=\"attachment-woocommerce_single size-woocommerce_single wp-post-image\" alt=\"\" srcset=\"https:\/\/interkultur.fr\/wp-content\/uploads\/2024\/02\/Ecouen-chateau-200x150.jpg 200w, https:\/\/interkultur.fr\/wp-content\/uploads\/2024\/02\/Ecouen-chateau-300x225.jpg 300w, https:\/\/interkultur.fr\/wp-content\/uploads\/2024\/02\/Ecouen-chateau-400x300.jpg 400w, https:\/\/interkultur.fr\/wp-content\/uploads\/2024\/02\/Ecouen-chateau-600x450.jpg 600w, https:\/\/interkultur.fr\/wp-content\/uploads\/2024\/02\/Ecouen-chateau-700x525.jpg 700w, https:\/\/interkultur.fr\/wp-content\/uploads\/2024\/02\/Ecouen-chateau-768x576.jpg 768w, https:\/\/interkultur.fr\/wp-content\/uploads\/2024\/02\/Ecouen-chateau-800x600.jpg 800w, https:\/\/interkultur.fr\/wp-content\/uploads\/2024\/02\/Ecouen-chateau-1024x768.jpg 1024w, https:\/\/interkultur.fr\/wp-content\/uploads\/2024\/02\/Ecouen-chateau-1200x900.jpg 1200w, https:\/\/interkultur.fr\/wp-content\/uploads\/2024\/02\/Ecouen-chateau-1536x1152.jpg 1536w\" sizes=\"(max-width: 700px) 100vw, 700px\" \/><div class=\"cart-loading\"><i class=\"awb-icon-spinner\" aria-hidden=\"true\"><\/i><\/div>\t\t\t<\/a>\n\t\t\t\t\t\t\t<\/div>\n<h4 class=\"fusion-carousel-title product-title\"><a href=\"https:\/\/interkultur.fr\/en\/produit\/ecouen\/\" target=\"_self\">Ecouen<\/a><\/h4><div class=\"fusion-carousel-meta\"><a href=\"https:\/\/interkultur.fr\/en\/categorie-produit\/tours-france\/\" rel=\"tag\">Tours in France - On request visits<\/a><div class=\"fusion-carousel-price\">\n<\/div><\/div><\/div><\/div><\/div><div class=\"swiper-slide\"><div class=\"fusion-classic-product-image-wrapper\"><div class=\"fusion-carousel-item-wrapper\"><div  class=\"fusion-image-wrapper fusion-image-size-fixed\" aria-haspopup=\"true\">\n\t\t\t\t<div class=\"fusion-woo-badges-wrapper\">\n<\/div>\t\t\t<a href=\"https:\/\/interkultur.fr\/en\/produit\/chartres\/\" aria-label=\"Chartres\">\n\t\t\t\t\t\t\t<img decoding=\"async\" width=\"700\" height=\"461\" src=\"https:\/\/interkultur.fr\/wp-content\/uploads\/2024\/02\/Chartres-700x461.jpg\" class=\"attachment-woocommerce_single size-woocommerce_single wp-post-image\" alt=\"\" srcset=\"https:\/\/interkultur.fr\/wp-content\/uploads\/2024\/02\/Chartres-200x132.jpg 200w, https:\/\/interkultur.fr\/wp-content\/uploads\/2024\/02\/Chartres-300x197.jpg 300w, https:\/\/interkultur.fr\/wp-content\/uploads\/2024\/02\/Chartres-400x263.jpg 400w, https:\/\/interkultur.fr\/wp-content\/uploads\/2024\/02\/Chartres-600x395.jpg 600w, https:\/\/interkultur.fr\/wp-content\/uploads\/2024\/02\/Chartres-700x461.jpg 700w, https:\/\/interkultur.fr\/wp-content\/uploads\/2024\/02\/Chartres-768x506.jpg 768w, https:\/\/interkultur.fr\/wp-content\/uploads\/2024\/02\/Chartres-800x527.jpg 800w, https:\/\/interkultur.fr\/wp-content\/uploads\/2024\/02\/Chartres-1024x674.jpg 1024w, https:\/\/interkultur.fr\/wp-content\/uploads\/2024\/02\/Chartres-1200x790.jpg 1200w, https:\/\/interkultur.fr\/wp-content\/uploads\/2024\/02\/Chartres-1536x1011.jpg 1536w\" sizes=\"(max-width: 700px) 100vw, 700px\" \/><div class=\"cart-loading\"><i class=\"awb-icon-spinner\" aria-hidden=\"true\"><\/i><\/div>\t\t\t<\/a>\n\t\t\t\t\t\t\t<\/div>\n<h4 class=\"fusion-carousel-title product-title\"><a href=\"https:\/\/interkultur.fr\/en\/produit\/chartres\/\" target=\"_self\">Chartres<\/a><\/h4><div class=\"fusion-carousel-meta\"><a href=\"https:\/\/interkultur.fr\/en\/categorie-produit\/tours-france\/\" rel=\"tag\">Tours in France - On request visits<\/a><div class=\"fusion-carousel-price\">\n<\/div><\/div><\/div><\/div><\/div><div class=\"swiper-slide\"><div class=\"fusion-classic-product-image-wrapper\"><div class=\"fusion-carousel-item-wrapper\"><div  class=\"fusion-image-wrapper fusion-image-size-fixed\" aria-haspopup=\"true\">\n\t\t\t\t<div class=\"fusion-woo-badges-wrapper\">\n<\/div>\t\t\t<a href=\"https:\/\/interkultur.fr\/en\/produit\/normandy-battlefields\/\" aria-label=\"Normandy battlefields\">\n\t\t\t\t\t\t\t<img decoding=\"async\" width=\"700\" height=\"525\" src=\"https:\/\/interkultur.fr\/wp-content\/uploads\/2024\/02\/Pointe-du-Hoc-700x525.jpeg\" class=\"attachment-woocommerce_single size-woocommerce_single wp-post-image\" alt=\"\" srcset=\"https:\/\/interkultur.fr\/wp-content\/uploads\/2024\/02\/Pointe-du-Hoc-200x150.jpeg 200w, https:\/\/interkultur.fr\/wp-content\/uploads\/2024\/02\/Pointe-du-Hoc-300x225.jpeg 300w, https:\/\/interkultur.fr\/wp-content\/uploads\/2024\/02\/Pointe-du-Hoc-400x300.jpeg 400w, https:\/\/interkultur.fr\/wp-content\/uploads\/2024\/02\/Pointe-du-Hoc-600x450.jpeg 600w, https:\/\/interkultur.fr\/wp-content\/uploads\/2024\/02\/Pointe-du-Hoc-700x525.jpeg 700w, https:\/\/interkultur.fr\/wp-content\/uploads\/2024\/02\/Pointe-du-Hoc-768x576.jpeg 768w, https:\/\/interkultur.fr\/wp-content\/uploads\/2024\/02\/Pointe-du-Hoc-800x600.jpeg 800w, https:\/\/interkultur.fr\/wp-content\/uploads\/2024\/02\/Pointe-du-Hoc-1024x768.jpeg 1024w, https:\/\/interkultur.fr\/wp-content\/uploads\/2024\/02\/Pointe-du-Hoc-1200x900.jpeg 1200w, https:\/\/interkultur.fr\/wp-content\/uploads\/2024\/02\/Pointe-du-Hoc-1536x1152.jpeg 1536w\" sizes=\"(max-width: 700px) 100vw, 700px\" \/><div class=\"cart-loading\"><i class=\"awb-icon-spinner\" aria-hidden=\"true\"><\/i><\/div>\t\t\t<\/a>\n\t\t\t\t\t\t\t<\/div>\n<h4 class=\"fusion-carousel-title product-title\"><a href=\"https:\/\/interkultur.fr\/en\/produit\/normandy-battlefields\/\" target=\"_self\">Normandy battlefields<\/a><\/h4><div class=\"fusion-carousel-meta\"><a href=\"https:\/\/interkultur.fr\/en\/categorie-produit\/tours-france\/\" rel=\"tag\">Tours in France - On request visits<\/a><div class=\"fusion-carousel-price\">\n<\/div><\/div><\/div><\/div><\/div><div class=\"swiper-slide\"><div class=\"fusion-classic-product-image-wrapper\"><div class=\"fusion-carousel-item-wrapper\"><div  class=\"fusion-image-wrapper fusion-image-size-fixed\" aria-haspopup=\"true\">\n\t\t\t\t<div class=\"fusion-woo-badges-wrapper\">\n<\/div>\t\t\t<a href=\"https:\/\/interkultur.fr\/en\/produit\/study-abroad-program\/\" aria-label=\"Study Abroad Program\">\n\t\t\t\t\t\t\t<img decoding=\"async\" width=\"700\" height=\"525\" src=\"https:\/\/interkultur.fr\/wp-content\/uploads\/2024\/02\/Study-Abroad-Program-700x525.jpg\" class=\"attachment-woocommerce_single size-woocommerce_single wp-post-image\" alt=\"\" srcset=\"https:\/\/interkultur.fr\/wp-content\/uploads\/2024\/02\/Study-Abroad-Program-200x150.jpg 200w, https:\/\/interkultur.fr\/wp-content\/uploads\/2024\/02\/Study-Abroad-Program-300x225.jpg 300w, https:\/\/interkultur.fr\/wp-content\/uploads\/2024\/02\/Study-Abroad-Program-400x300.jpg 400w, https:\/\/interkultur.fr\/wp-content\/uploads\/2024\/02\/Study-Abroad-Program-600x450.jpg 600w, https:\/\/interkultur.fr\/wp-content\/uploads\/2024\/02\/Study-Abroad-Program-700x525.jpg 700w, https:\/\/interkultur.fr\/wp-content\/uploads\/2024\/02\/Study-Abroad-Program-768x576.jpg 768w, https:\/\/interkultur.fr\/wp-content\/uploads\/2024\/02\/Study-Abroad-Program-800x600.jpg 800w, https:\/\/interkultur.fr\/wp-content\/uploads\/2024\/02\/Study-Abroad-Program-1024x768.jpg 1024w, https:\/\/interkultur.fr\/wp-content\/uploads\/2024\/02\/Study-Abroad-Program-1200x900.jpg 1200w, https:\/\/interkultur.fr\/wp-content\/uploads\/2024\/02\/Study-Abroad-Program-1536x1152.jpg 1536w\" sizes=\"(max-width: 700px) 100vw, 700px\" \/><div class=\"cart-loading\"><i class=\"awb-icon-spinner\" aria-hidden=\"true\"><\/i><\/div>\t\t\t<\/a>\n\t\t\t\t\t\t\t<\/div>\n<h4 class=\"fusion-carousel-title product-title\"><a href=\"https:\/\/interkultur.fr\/en\/produit\/study-abroad-program\/\" target=\"_self\">Study Abroad Program<\/a><\/h4><div class=\"fusion-carousel-meta\"><a href=\"https:\/\/interkultur.fr\/en\/categorie-produit\/tours-france\/\" rel=\"tag\">Tours in France - On request visits<\/a><div class=\"fusion-carousel-price\">\n<\/div><\/div><\/div><\/div><\/div><div class=\"swiper-slide\"><div class=\"fusion-classic-product-image-wrapper\"><div class=\"fusion-carousel-item-wrapper\"><div  class=\"fusion-image-wrapper fusion-image-size-fixed\" aria-haspopup=\"true\">\n\t\t\t\t<div class=\"fusion-woo-badges-wrapper\">\n<\/div>\t\t\t<a href=\"https:\/\/interkultur.fr\/en\/produit\/exemple-11-excursion-en-france-en\/\" aria-label=\"The Alabaster coast in Normandy\">\n\t\t\t\t\t\t\t<img decoding=\"async\" width=\"700\" height=\"472\" src=\"https:\/\/interkultur.fr\/wp-content\/uploads\/2023\/06\/visitealademande-excursionenfrance_normandy_interkultur-paris_3slide-700x472.jpg\" class=\"attachment-woocommerce_single size-woocommerce_single wp-post-image\" alt=\"\" srcset=\"https:\/\/interkultur.fr\/wp-content\/uploads\/2023\/06\/visitealademande-excursionenfrance_normandy_interkultur-paris_3slide-200x135.jpg 200w, https:\/\/interkultur.fr\/wp-content\/uploads\/2023\/06\/visitealademande-excursionenfrance_normandy_interkultur-paris_3slide-300x202.jpg 300w, https:\/\/interkultur.fr\/wp-content\/uploads\/2023\/06\/visitealademande-excursionenfrance_normandy_interkultur-paris_3slide-400x270.jpg 400w, https:\/\/interkultur.fr\/wp-content\/uploads\/2023\/06\/visitealademande-excursionenfrance_normandy_interkultur-paris_3slide-600x404.jpg 600w, https:\/\/interkultur.fr\/wp-content\/uploads\/2023\/06\/visitealademande-excursionenfrance_normandy_interkultur-paris_3slide-700x472.jpg 700w, https:\/\/interkultur.fr\/wp-content\/uploads\/2023\/06\/visitealademande-excursionenfrance_normandy_interkultur-paris_3slide-768x518.jpg 768w, https:\/\/interkultur.fr\/wp-content\/uploads\/2023\/06\/visitealademande-excursionenfrance_normandy_interkultur-paris_3slide-800x539.jpg 800w, https:\/\/interkultur.fr\/wp-content\/uploads\/2023\/06\/visitealademande-excursionenfrance_normandy_interkultur-paris_3slide-1024x690.jpg 1024w, https:\/\/interkultur.fr\/wp-content\/uploads\/2023\/06\/visitealademande-excursionenfrance_normandy_interkultur-paris_3slide-1200x809.jpg 1200w, https:\/\/interkultur.fr\/wp-content\/uploads\/2023\/06\/visitealademande-excursionenfrance_normandy_interkultur-paris_3slide-1536x1035.jpg 1536w, https:\/\/interkultur.fr\/wp-content\/uploads\/2023\/06\/visitealademande-excursionenfrance_normandy_interkultur-paris_3slide.jpg 1800w\" sizes=\"(max-width: 700px) 100vw, 700px\" \/><div class=\"cart-loading\"><i class=\"awb-icon-spinner\" aria-hidden=\"true\"><\/i><\/div>\t\t\t<\/a>\n\t\t\t\t\t\t\t<\/div>\n<h4 class=\"fusion-carousel-title product-title\"><a href=\"https:\/\/interkultur.fr\/en\/produit\/exemple-11-excursion-en-france-en\/\" target=\"_self\">The Alabaster coast in Normandy<\/a><\/h4><div class=\"fusion-carousel-meta\"><a href=\"https:\/\/interkultur.fr\/en\/categorie-produit\/tours-france\/\" rel=\"tag\">Tours in France - On request visits<\/a><div class=\"fusion-carousel-price\">\n<\/div><\/div><\/div><\/div><\/div><div class=\"swiper-slide\"><div class=\"fusion-classic-product-image-wrapper\"><div class=\"fusion-carousel-item-wrapper\"><div  class=\"fusion-image-wrapper fusion-image-size-fixed\" aria-haspopup=\"true\">\n\t\t\t\t<div class=\"fusion-woo-badges-wrapper\">\n<\/div>\t\t\t<a href=\"https:\/\/interkultur.fr\/en\/produit\/exemple-10-excursion-en-france-en-2\/\" aria-label=\"Chantilly\">\n\t\t\t\t\t\t\t<img decoding=\"async\" width=\"700\" height=\"451\" src=\"https:\/\/interkultur.fr\/wp-content\/uploads\/2024\/02\/Chateau-Chantilly-700x451.jpg\" class=\"attachment-woocommerce_single size-woocommerce_single wp-post-image\" alt=\"\" srcset=\"https:\/\/interkultur.fr\/wp-content\/uploads\/2024\/02\/Chateau-Chantilly-200x129.jpg 200w, https:\/\/interkultur.fr\/wp-content\/uploads\/2024\/02\/Chateau-Chantilly-300x193.jpg 300w, https:\/\/interkultur.fr\/wp-content\/uploads\/2024\/02\/Chateau-Chantilly-400x257.jpg 400w, https:\/\/interkultur.fr\/wp-content\/uploads\/2024\/02\/Chateau-Chantilly-460x295.jpg 460w, https:\/\/interkultur.fr\/wp-content\/uploads\/2024\/02\/Chateau-Chantilly-600x386.jpg 600w, https:\/\/interkultur.fr\/wp-content\/uploads\/2024\/02\/Chateau-Chantilly-700x451.jpg 700w, https:\/\/interkultur.fr\/wp-content\/uploads\/2024\/02\/Chateau-Chantilly-768x494.jpg 768w, https:\/\/interkultur.fr\/wp-content\/uploads\/2024\/02\/Chateau-Chantilly-800x515.jpg 800w, https:\/\/interkultur.fr\/wp-content\/uploads\/2024\/02\/Chateau-Chantilly-1024x659.jpg 1024w, https:\/\/interkultur.fr\/wp-content\/uploads\/2024\/02\/Chateau-Chantilly-1200x772.jpg 1200w, https:\/\/interkultur.fr\/wp-content\/uploads\/2024\/02\/Chateau-Chantilly-1536x989.jpg 1536w\" sizes=\"(max-width: 700px) 100vw, 700px\" \/><div class=\"cart-loading\"><i class=\"awb-icon-spinner\" aria-hidden=\"true\"><\/i><\/div>\t\t\t<\/a>\n\t\t\t\t\t\t\t<\/div>\n<h4 class=\"fusion-carousel-title product-title\"><a href=\"https:\/\/interkultur.fr\/en\/produit\/exemple-10-excursion-en-france-en-2\/\" target=\"_self\">Chantilly<\/a><\/h4><div class=\"fusion-carousel-meta\"><a href=\"https:\/\/interkultur.fr\/en\/categorie-produit\/tours-france\/\" rel=\"tag\">Tours in France - On request visits<\/a><div class=\"fusion-carousel-price\">\n<\/div><\/div><\/div><\/div><\/div><div class=\"swiper-slide\"><div class=\"fusion-classic-product-image-wrapper\"><div class=\"fusion-carousel-item-wrapper\"><div  class=\"fusion-image-wrapper fusion-image-size-fixed\" aria-haspopup=\"true\">\n\t\t\t\t<div class=\"fusion-woo-badges-wrapper\">\n<\/div>\t\t\t<a href=\"https:\/\/interkultur.fr\/en\/produit\/a-day-in-metz\/\" aria-label=\"A day in Metz\">\n\t\t\t\t\t\t\t<img decoding=\"async\" width=\"700\" height=\"933\" src=\"https:\/\/interkultur.fr\/wp-content\/uploads\/2024\/02\/Temple-700x933.jpg\" class=\"attachment-woocommerce_single size-woocommerce_single wp-post-image\" alt=\"\" srcset=\"https:\/\/interkultur.fr\/wp-content\/uploads\/2024\/02\/Temple-200x267.jpg 200w, https:\/\/interkultur.fr\/wp-content\/uploads\/2024\/02\/Temple-225x300.jpg 225w, https:\/\/interkultur.fr\/wp-content\/uploads\/2024\/02\/Temple-400x533.jpg 400w, https:\/\/interkultur.fr\/wp-content\/uploads\/2024\/02\/Temple-600x800.jpg 600w, https:\/\/interkultur.fr\/wp-content\/uploads\/2024\/02\/Temple-700x933.jpg 700w, https:\/\/interkultur.fr\/wp-content\/uploads\/2024\/02\/Temple-768x1024.jpg 768w, https:\/\/interkultur.fr\/wp-content\/uploads\/2024\/02\/Temple-800x1067.jpg 800w, https:\/\/interkultur.fr\/wp-content\/uploads\/2024\/02\/Temple-1152x1536.jpg 1152w, https:\/\/interkultur.fr\/wp-content\/uploads\/2024\/02\/Temple-1200x1600.jpg 1200w, https:\/\/interkultur.fr\/wp-content\/uploads\/2024\/02\/Temple-1536x2048.jpg 1536w, https:\/\/interkultur.fr\/wp-content\/uploads\/2024\/02\/Temple-scaled.jpg 1920w\" sizes=\"(max-width: 700px) 100vw, 700px\" \/><div class=\"cart-loading\"><i class=\"awb-icon-spinner\" aria-hidden=\"true\"><\/i><\/div>\t\t\t<\/a>\n\t\t\t\t\t\t\t<\/div>\n<h4 class=\"fusion-carousel-title product-title\"><a href=\"https:\/\/interkultur.fr\/en\/produit\/a-day-in-metz\/\" target=\"_self\">A day in Metz<\/a><\/h4><div class=\"fusion-carousel-meta\"><a href=\"https:\/\/interkultur.fr\/en\/categorie-produit\/tours-france\/\" rel=\"tag\">Tours in France - On request visits<\/a><div class=\"fusion-carousel-price\">\n<\/div><\/div><\/div><\/div><\/div><\/div><div class=\"awb-swiper-button awb-swiper-button-prev\"><i class=\"awb-icon-angle-left\" aria-hidden=\"true\"><\/i><\/div><div class=\"awb-swiper-button awb-swiper-button-next\"><i class=\"awb-icon-angle-right\" aria-hidden=\"true\"><\/i><\/div><\/div><\/div><div style=\"text-align:center;\"><a class=\"fusion-button button-flat fusion-button-default-size button-default fusion-button-default button-5 fusion-button-default-span \" style=\"--button_text_transform:var(--awb-custom_typography_6-text-transform);--button_font_size:var(--awb-custom_typography_6-font-size);--button_line_height:var(--awb-custom_typography_6-line-height);--button_padding-top:12px;--button_padding-right:22px;--button_padding-bottom:12px;--button_padding-left:22px;--button_typography-letter-spacing:var(--awb-custom_typography_6-letter-spacing);--button_typography-font-family:var(--awb-custom_typography_6-font-family);--button_typography-font-weight:var(--awb-custom_typography_6-font-weight);--button_typography-font-style:var(--awb-custom_typography_6-font-style);\" target=\"_self\" data-hover=\"icon_rotate\" href=\"\/en\/categorie-produit\/tours-france\/\"><i class=\"fa-compass fas awb-button__icon awb-button__icon--default button-icon-left\" aria-hidden=\"true\"><\/i><span class=\"fusion-button-text awb-button__text awb-button__text--default\">See more<\/span><\/a><\/div><\/div><\/div><\/div><\/div><\/p>\n","protected":false},"excerpt":{"rendered":"","protected":false},"author":1,"featured_media":0,"parent":0,"menu_order":0,"comment_status":"closed","ping_status":"closed","template":"100-width.php","meta":{"_price":"","_stock":"","_tribe_ticket_header":"","_tribe_default_ticket_provider":"","_tribe_ticket_capacity":"0","_ticket_start_date":"","_ticket_end_date":"","_tribe_ticket_show_description":"","_tribe_ticket_show_not_going":false,"_tribe_ticket_use_global_stock":"","_tribe_ticket_global_stock_level":"","_global_stock_mode":"","_global_stock_cap":"","_tribe_rsvp_for_event":"","_tribe_ticket_going_count":"","_tribe_ticket_not_going_count":"","_tribe_tickets_list":"[]","_tribe_ticket_has_attendee_info_fields":false,"footnotes":""},"class_list":["post-3915","page","type-page","status-publish","hentry"],"yoast_head":"<!-- This site is optimized with the Yoast SEO plugin v27.4 - https:\/\/yoast.com\/product\/yoast-seo-wordpress\/ -->\n<title>All Visits - Interkultur<\/title>\n<meta name=\"robots\" content=\"index, follow, max-snippet:-1, max-image-preview:large, max-video-preview:-1\" \/>\n<link rel=\"canonical\" href=\"https:\/\/interkultur.fr\/en\/all-visits\/\" \/>\n<meta property=\"og:locale\" content=\"en_US\" \/>\n<meta property=\"og:type\" content=\"article\" \/>\n<meta property=\"og:title\" content=\"All Visits - Interkultur\" \/>\n<meta property=\"og:url\" content=\"https:\/\/interkultur.fr\/en\/all-visits\/\" \/>\n<meta property=\"og:site_name\" content=\"Interkultur\" \/>\n<meta property=\"article:modified_time\" content=\"2024-02-16T17:18:08+00:00\" \/>\n<meta name=\"twitter:card\" content=\"summary_large_image\" \/>\n<script type=\"application\/ld+json\" class=\"yoast-schema-graph\">{\"@context\":\"https:\\\/\\\/schema.org\",\"@graph\":[{\"@type\":\"WebPage\",\"@id\":\"https:\\\/\\\/interkultur.fr\\\/en\\\/all-visits\\\/\",\"url\":\"https:\\\/\\\/interkultur.fr\\\/en\\\/all-visits\\\/\",\"name\":\"All Visits - Interkultur\",\"isPartOf\":{\"@id\":\"https:\\\/\\\/interkultur.fr\\\/en\\\/#website\"},\"datePublished\":\"2023-04-18T15:26:39+00:00\",\"dateModified\":\"2024-02-16T17:18:08+00:00\",\"breadcrumb\":{\"@id\":\"https:\\\/\\\/interkultur.fr\\\/en\\\/all-visits\\\/#breadcrumb\"},\"inLanguage\":\"en-US\",\"potentialAction\":[{\"@type\":\"ReadAction\",\"target\":[\"https:\\\/\\\/interkultur.fr\\\/en\\\/all-visits\\\/\"]}]},{\"@type\":\"BreadcrumbList\",\"@id\":\"https:\\\/\\\/interkultur.fr\\\/en\\\/all-visits\\\/#breadcrumb\",\"itemListElement\":[{\"@type\":\"ListItem\",\"position\":1,\"name\":\"Accueil\",\"item\":\"https:\\\/\\\/interkultur.fr\\\/en\\\/\"},{\"@type\":\"ListItem\",\"position\":2,\"name\":\"All Visits\"}]},{\"@type\":\"WebSite\",\"@id\":\"https:\\\/\\\/interkultur.fr\\\/en\\\/#website\",\"url\":\"https:\\\/\\\/interkultur.fr\\\/en\\\/\",\"name\":\"Interkultur\",\"description\":\"Visites et \u00e9v\u00e9nements culturels dans le Paris secret li\u00e9s \u00e0 l\u2019Histoire, l\u2019art, et la valorisation du patrimoine et des savoirs faire.\",\"potentialAction\":[{\"@type\":\"SearchAction\",\"target\":{\"@type\":\"EntryPoint\",\"urlTemplate\":\"https:\\\/\\\/interkultur.fr\\\/en\\\/?s={search_term_string}\"},\"query-input\":{\"@type\":\"PropertyValueSpecification\",\"valueRequired\":true,\"valueName\":\"search_term_string\"}}],\"inLanguage\":\"en-US\"},{\"@type\":\"Event\",\"name\":\"Occupation and Liberation of Paris Mar\\\/30\\\/2026\",\"description\":\"\",\"image\":{\"@type\":\"ImageObject\",\"inLanguage\":\"en-US\",\"@id\":\"https:\\\/\\\/interkultur.fr\\\/en\\\/event\\\/occupation-and-liberation-of-paris-mar-30-2026\\\/#primaryimage\",\"url\":\"https:\\\/\\\/interkultur.fr\\\/wp-content\\\/uploads\\\/2023\\\/12\\\/e0.jpg\",\"contentUrl\":\"https:\\\/\\\/interkultur.fr\\\/wp-content\\\/uploads\\\/2023\\\/12\\\/e0.jpg\",\"width\":719,\"height\":480},\"url\":\"https:\\\/\\\/interkultur.fr\\\/en\\\/event\\\/occupation-and-liberation-of-paris-mar-30-2026\\\/\",\"offers\":[{\"@type\":\"Offer\",\"url\":\"https:\\\/\\\/interkultur.fr\\\/en\\\/event\\\/occupation-and-liberation-of-paris-mar-30-2026\\\/\",\"price\":\"50\",\"availability\":\"InStock\",\"priceCurrency\":\"USD\",\"validFrom\":\"2024-03-01T00:00:00+00:00\",\"validThrough\":\"2026-03-30T00:00:00+00:00\"}],\"eventAttendanceMode\":\"https:\\\/\\\/schema.org\\\/OfflineEventAttendanceMode\",\"eventStatus\":\"https:\\\/\\\/schema.org\\\/EventScheduled\",\"startDate\":\"2026-03-30T10:30:00+02:00\",\"endDate\":\"2026-03-30T12:30:00+02:00\",\"location\":{\"@type\":\"Place\",\"name\":\"Outside paradox Museum\",\"description\":\"\",\"url\":\"https:\\\/\\\/interkultur.fr\\\/en\\\/venue\\\/outside-paradox-museum\\\/\",\"address\":{\"@type\":\"PostalAddress\",\"streetAddress\":\"38, Bd des Italiens\",\"addressLocality\":\"Paris\",\"postalCode\":\"75009\",\"addressCountry\":\"France\"},\"telephone\":\"\",\"sameAs\":\"\"},\"organizer\":{\"@type\":\"Person\",\"name\":\"Interkultur Paris\",\"description\":\"\",\"url\":\"\",\"telephone\":\"\",\"email\":\"&#99;o&#110;t&#97;&#99;&#116;&#64;i&#110;&#116;&#101;&#114;&#107;&#117;l&#116;u&#114;.&#102;r\"},\"@id\":\"https:\\\/\\\/interkultur.fr\\\/en\\\/event\\\/occupation-and-liberation-of-paris-mar-30-2026\\\/#event\"},{\"@type\":\"Event\",\"name\":\"Passages and Galeries &#8211; Apr\\\/01\\\/2026\",\"description\":\"Where can you experience what Paris was like before Haussmann  [...]\",\"image\":{\"@type\":\"ImageObject\",\"inLanguage\":\"en-US\",\"@id\":\"https:\\\/\\\/interkultur.fr\\\/en\\\/event\\\/passages-and-galeries-apr-01-2026\\\/#primaryimage\",\"url\":\"https:\\\/\\\/interkultur.fr\\\/wp-content\\\/uploads\\\/2024\\\/02\\\/Passage-du-Grand-Cerf.jpg\",\"contentUrl\":\"https:\\\/\\\/interkultur.fr\\\/wp-content\\\/uploads\\\/2024\\\/02\\\/Passage-du-Grand-Cerf.jpg\",\"width\":509,\"height\":680},\"url\":\"https:\\\/\\\/interkultur.fr\\\/en\\\/event\\\/passages-and-galeries-apr-01-2026\\\/\",\"offers\":[{\"@type\":\"Offer\",\"url\":\"https:\\\/\\\/interkultur.fr\\\/en\\\/event\\\/passages-and-galeries-apr-01-2026\\\/\",\"price\":\"50\",\"availability\":\"LimitedAvailability\",\"priceCurrency\":\"USD\",\"validFrom\":\"2024-08-01T00:00:00+00:00\",\"validThrough\":\"2026-04-01T00:00:00+00:00\"}],\"eventAttendanceMode\":\"https:\\\/\\\/schema.org\\\/OfflineEventAttendanceMode\",\"eventStatus\":\"https:\\\/\\\/schema.org\\\/EventScheduled\",\"startDate\":\"2026-04-01T14:00:00+02:00\",\"endDate\":\"2026-04-01T16:00:00+02:00\",\"location\":{\"@type\":\"Place\",\"name\":\"Outside Grands Boulevards metro station exit 1\",\"description\":\"\",\"url\":\"https:\\\/\\\/interkultur.fr\\\/en\\\/venue\\\/outside-grands-boulevards-metro-station-exit-1\\\/\",\"address\":{\"@type\":\"PostalAddress\",\"streetAddress\":\"32, Boulevard Poissonni\u00e8re\",\"addressLocality\":\"Paris\",\"postalCode\":\"75009\",\"addressCountry\":\"France\"},\"telephone\":\"\",\"sameAs\":\"\"},\"organizer\":{\"@type\":\"Person\",\"name\":\"Interkultur Paris\",\"description\":\"\",\"url\":\"\",\"telephone\":\"\",\"email\":\"&#99;&#111;n&#116;ac&#116;&#64;&#105;nterkultur.f&#114;\"},\"@id\":\"https:\\\/\\\/interkultur.fr\\\/en\\\/event\\\/passages-and-galeries-apr-01-2026\\\/#event\"},{\"@type\":\"Event\",\"name\":\"The Jewish Marais &#8211; Apr\\\/03\\\/2026\",\"description\":\"Historical walk into the most emblematic Jewish quarter of Paris  [...]\",\"image\":{\"@type\":\"ImageObject\",\"inLanguage\":\"en-US\",\"@id\":\"https:\\\/\\\/interkultur.fr\\\/en\\\/event\\\/the-jewish-marais-apr-04-2026\\\/#primaryimage\",\"url\":\"https:\\\/\\\/interkultur.fr\\\/wp-content\\\/uploads\\\/2025\\\/02\\\/Synagogue-facade-scaled.jpg\",\"contentUrl\":\"https:\\\/\\\/interkultur.fr\\\/wp-content\\\/uploads\\\/2025\\\/02\\\/Synagogue-facade-scaled.jpg\",\"width\":1920,\"height\":2560},\"url\":\"https:\\\/\\\/interkultur.fr\\\/en\\\/event\\\/the-jewish-marais-apr-04-2026\\\/\",\"offers\":[{\"@type\":\"Offer\",\"url\":\"https:\\\/\\\/interkultur.fr\\\/en\\\/event\\\/the-jewish-marais-apr-04-2026\\\/\",\"price\":\"50\",\"availability\":\"LimitedAvailability\",\"priceCurrency\":\"USD\",\"validFrom\":\"2024-01-01T00:00:00+00:00\",\"validThrough\":\"2026-04-03T00:00:00+00:00\"}],\"eventAttendanceMode\":\"https:\\\/\\\/schema.org\\\/OfflineEventAttendanceMode\",\"eventStatus\":\"https:\\\/\\\/schema.org\\\/EventScheduled\",\"startDate\":\"2026-04-03T10:30:00+02:00\",\"endDate\":\"2026-04-03T12:30:00+02:00\",\"location\":{\"@type\":\"Place\",\"name\":\"Exit metro Saint Paul\",\"description\":\"\",\"url\":\"https:\\\/\\\/interkultur.fr\\\/en\\\/venue\\\/exit-metro-saint-paul\\\/\",\"address\":{\"@type\":\"PostalAddress\",\"streetAddress\":\"133, rue Saint Antoine\",\"addressLocality\":\"Paris\",\"postalCode\":\"75004\",\"addressCountry\":\"France\"},\"telephone\":\"\",\"sameAs\":\"\"},\"organizer\":{\"@type\":\"Person\",\"name\":\"Interkultur Paris\",\"description\":\"\",\"url\":\"\",\"telephone\":\"\",\"email\":\"c&#111;&#110;ta&#99;&#116;&#64;int&#101;&#114;k&#117;&#108;tu&#114;.fr\"},\"@id\":\"https:\\\/\\\/interkultur.fr\\\/en\\\/event\\\/the-jewish-marais-apr-04-2026\\\/#event\"},{\"@type\":\"Event\",\"name\":\"Vintage shops fun walk\",\"description\":\"&nbsp; Step into the vibrant world of vintage fashion with  [...]\",\"image\":{\"@type\":\"ImageObject\",\"inLanguage\":\"en-US\",\"@id\":\"https:\\\/\\\/interkultur.fr\\\/en\\\/event\\\/vintage-shops-fun-walk\\\/#primaryimage\",\"url\":\"https:\\\/\\\/interkultur.fr\\\/wp-content\\\/uploads\\\/2024\\\/10\\\/vintage-shop-collage.png\",\"contentUrl\":\"https:\\\/\\\/interkultur.fr\\\/wp-content\\\/uploads\\\/2024\\\/10\\\/vintage-shop-collage.png\",\"width\":2386,\"height\":1484},\"url\":\"https:\\\/\\\/interkultur.fr\\\/en\\\/event\\\/vintage-shops-fun-walk\\\/\",\"offers\":[{\"@type\":\"Offer\",\"url\":\"https:\\\/\\\/interkultur.fr\\\/en\\\/event\\\/vintage-shops-fun-walk\\\/\",\"price\":\"60\",\"availability\":\"InStock\",\"priceCurrency\":\"USD\",\"validFrom\":\"2024-08-01T00:00:00+00:00\",\"validThrough\":\"2026-04-03T00:00:00+00:00\"}],\"eventAttendanceMode\":\"https:\\\/\\\/schema.org\\\/OfflineEventAttendanceMode\",\"eventStatus\":\"https:\\\/\\\/schema.org\\\/EventScheduled\",\"startDate\":\"2026-04-03T14:00:00+02:00\",\"endDate\":\"2026-04-03T16:00:00+02:00\",\"organizer\":{\"@type\":\"Person\",\"name\":\"Interkultur Paris\",\"description\":\"\",\"url\":\"\",\"telephone\":\"\",\"email\":\"cont&#97;ct&#64;i&#110;&#116;&#101;rku&#108;t&#117;&#114;.fr\"},\"@id\":\"https:\\\/\\\/interkultur.fr\\\/en\\\/event\\\/vintage-shops-fun-walk\\\/#event\"},{\"@type\":\"Event\",\"name\":\"Occupation and Liberation of Paris Apr\\\/06\\\/2026\",\"description\":\"\",\"image\":{\"@type\":\"ImageObject\",\"inLanguage\":\"en-US\",\"@id\":\"https:\\\/\\\/interkultur.fr\\\/en\\\/event\\\/occupation-and-liberation-of-paris-apr-06-2026\\\/#primaryimage\",\"url\":\"https:\\\/\\\/interkultur.fr\\\/wp-content\\\/uploads\\\/2023\\\/12\\\/e0.jpg\",\"contentUrl\":\"https:\\\/\\\/interkultur.fr\\\/wp-content\\\/uploads\\\/2023\\\/12\\\/e0.jpg\",\"width\":719,\"height\":480},\"url\":\"https:\\\/\\\/interkultur.fr\\\/en\\\/event\\\/occupation-and-liberation-of-paris-apr-06-2026\\\/\",\"offers\":[{\"@type\":\"Offer\",\"url\":\"https:\\\/\\\/interkultur.fr\\\/en\\\/event\\\/occupation-and-liberation-of-paris-apr-06-2026\\\/\",\"price\":\"50\",\"availability\":\"InStock\",\"priceCurrency\":\"USD\",\"validFrom\":\"2024-03-01T00:00:00+00:00\",\"validThrough\":\"2026-06-15T00:00:00+00:00\"}],\"eventAttendanceMode\":\"https:\\\/\\\/schema.org\\\/OfflineEventAttendanceMode\",\"eventStatus\":\"https:\\\/\\\/schema.org\\\/EventScheduled\",\"startDate\":\"2026-04-06T10:30:00+02:00\",\"endDate\":\"2026-04-06T12:30:00+02:00\",\"location\":{\"@type\":\"Place\",\"name\":\"Outside paradox Museum\",\"description\":\"\",\"url\":\"https:\\\/\\\/interkultur.fr\\\/en\\\/venue\\\/outside-paradox-museum\\\/\",\"address\":{\"@type\":\"PostalAddress\",\"streetAddress\":\"38, Bd des Italiens\",\"addressLocality\":\"Paris\",\"postalCode\":\"75009\",\"addressCountry\":\"France\"},\"telephone\":\"\",\"sameAs\":\"\"},\"organizer\":{\"@type\":\"Person\",\"name\":\"Interkultur Paris\",\"description\":\"\",\"url\":\"\",\"telephone\":\"\",\"email\":\"&#99;&#111;&#110;tact&#64;&#105;nte&#114;&#107;&#117;&#108;t&#117;r.f&#114;\"},\"@id\":\"https:\\\/\\\/interkultur.fr\\\/en\\\/event\\\/occupation-and-liberation-of-paris-apr-06-2026\\\/#event\"},{\"@type\":\"Event\",\"name\":\"Passages and Galeries &#8211; Apr\\\/08\\\/2026\",\"description\":\"Where can you experience what Paris was like before Haussmann  [...]\",\"image\":{\"@type\":\"ImageObject\",\"inLanguage\":\"en-US\",\"@id\":\"https:\\\/\\\/interkultur.fr\\\/en\\\/event\\\/passages-and-galeries-apr-08-2026\\\/#primaryimage\",\"url\":\"https:\\\/\\\/interkultur.fr\\\/wp-content\\\/uploads\\\/2024\\\/02\\\/Passage-du-Grand-Cerf.jpg\",\"contentUrl\":\"https:\\\/\\\/interkultur.fr\\\/wp-content\\\/uploads\\\/2024\\\/02\\\/Passage-du-Grand-Cerf.jpg\",\"width\":509,\"height\":680},\"url\":\"https:\\\/\\\/interkultur.fr\\\/en\\\/event\\\/passages-and-galeries-apr-08-2026\\\/\",\"offers\":[{\"@type\":\"Offer\",\"url\":\"https:\\\/\\\/interkultur.fr\\\/en\\\/event\\\/passages-and-galeries-apr-08-2026\\\/\",\"price\":\"50\",\"availability\":\"LimitedAvailability\",\"priceCurrency\":\"USD\",\"validFrom\":\"2024-08-01T00:00:00+00:00\",\"validThrough\":\"2026-04-08T14:00:00+00:00\"}],\"eventAttendanceMode\":\"https:\\\/\\\/schema.org\\\/OfflineEventAttendanceMode\",\"eventStatus\":\"https:\\\/\\\/schema.org\\\/EventScheduled\",\"startDate\":\"2026-04-08T14:00:00+02:00\",\"endDate\":\"2026-04-08T16:00:00+02:00\",\"location\":{\"@type\":\"Place\",\"name\":\"Outside Grands Boulevards metro station exit 1\",\"description\":\"\",\"url\":\"https:\\\/\\\/interkultur.fr\\\/en\\\/venue\\\/outside-grands-boulevards-metro-station-exit-1\\\/\",\"address\":{\"@type\":\"PostalAddress\",\"streetAddress\":\"32, Boulevard Poissonni\u00e8re\",\"addressLocality\":\"Paris\",\"postalCode\":\"75009\",\"addressCountry\":\"France\"},\"telephone\":\"\",\"sameAs\":\"\"},\"organizer\":{\"@type\":\"Person\",\"name\":\"Interkultur Paris\",\"description\":\"\",\"url\":\"\",\"telephone\":\"\",\"email\":\"&#99;&#111;&#110;ta&#99;&#116;&#64;&#105;n&#116;&#101;&#114;&#107;u&#108;tu&#114;&#46;&#102;&#114;\"},\"@id\":\"https:\\\/\\\/interkultur.fr\\\/en\\\/event\\\/passages-and-galeries-apr-08-2026\\\/#event\"},{\"@type\":\"Event\",\"name\":\"The Jewish Marais &#8211; Apr\\\/10\\\/2026\",\"description\":\"Historical walk into the most emblematic Jewish quarter of Paris  [...]\",\"image\":{\"@type\":\"ImageObject\",\"inLanguage\":\"en-US\",\"@id\":\"https:\\\/\\\/interkultur.fr\\\/en\\\/event\\\/the-jewish-marais-apr-10-2026\\\/#primaryimage\",\"url\":\"https:\\\/\\\/interkultur.fr\\\/wp-content\\\/uploads\\\/2025\\\/02\\\/Synagogue-facade-scaled.jpg\",\"contentUrl\":\"https:\\\/\\\/interkultur.fr\\\/wp-content\\\/uploads\\\/2025\\\/02\\\/Synagogue-facade-scaled.jpg\",\"width\":1920,\"height\":2560},\"url\":\"https:\\\/\\\/interkultur.fr\\\/en\\\/event\\\/the-jewish-marais-apr-10-2026\\\/\",\"offers\":[{\"@type\":\"Offer\",\"url\":\"https:\\\/\\\/interkultur.fr\\\/en\\\/event\\\/the-jewish-marais-apr-10-2026\\\/\",\"price\":\"50\",\"availability\":\"LimitedAvailability\",\"priceCurrency\":\"USD\",\"validFrom\":\"2024-01-01T00:00:00+00:00\",\"validThrough\":\"2026-04-10T00:00:00+00:00\"}],\"eventAttendanceMode\":\"https:\\\/\\\/schema.org\\\/OfflineEventAttendanceMode\",\"eventStatus\":\"https:\\\/\\\/schema.org\\\/EventScheduled\",\"startDate\":\"2026-04-10T10:30:00+02:00\",\"endDate\":\"2026-04-10T12:30:00+02:00\",\"location\":{\"@type\":\"Place\",\"name\":\"Exit metro Saint Paul\",\"description\":\"\",\"url\":\"https:\\\/\\\/interkultur.fr\\\/en\\\/venue\\\/exit-metro-saint-paul\\\/\",\"address\":{\"@type\":\"PostalAddress\",\"streetAddress\":\"133, rue Saint Antoine\",\"addressLocality\":\"Paris\",\"postalCode\":\"75004\",\"addressCountry\":\"France\"},\"telephone\":\"\",\"sameAs\":\"\"},\"organizer\":{\"@type\":\"Person\",\"name\":\"Interkultur Paris\",\"description\":\"\",\"url\":\"\",\"telephone\":\"\",\"email\":\"&#99;on&#116;ac&#116;&#64;&#105;&#110;&#116;e&#114;&#107;ult&#117;r.&#102;&#114;\"},\"@id\":\"https:\\\/\\\/interkultur.fr\\\/en\\\/event\\\/the-jewish-marais-apr-10-2026\\\/#event\"},{\"@type\":\"Event\",\"name\":\"Occupation and Liberation of Paris Apr\\\/13\\\/2026\",\"description\":\"\",\"image\":{\"@type\":\"ImageObject\",\"inLanguage\":\"en-US\",\"@id\":\"https:\\\/\\\/interkultur.fr\\\/en\\\/event\\\/occupation-and-liberation-of-paris-apr-13-2026\\\/#primaryimage\",\"url\":\"https:\\\/\\\/interkultur.fr\\\/wp-content\\\/uploads\\\/2023\\\/12\\\/e0.jpg\",\"contentUrl\":\"https:\\\/\\\/interkultur.fr\\\/wp-content\\\/uploads\\\/2023\\\/12\\\/e0.jpg\",\"width\":719,\"height\":480},\"url\":\"https:\\\/\\\/interkultur.fr\\\/en\\\/event\\\/occupation-and-liberation-of-paris-apr-13-2026\\\/\",\"offers\":[{\"@type\":\"Offer\",\"url\":\"https:\\\/\\\/interkultur.fr\\\/en\\\/event\\\/occupation-and-liberation-of-paris-apr-13-2026\\\/\",\"price\":\"50\",\"availability\":\"InStock\",\"priceCurrency\":\"USD\",\"validFrom\":\"2024-03-01T00:00:00+00:00\",\"validThrough\":\"2026-04-13T00:00:00+00:00\"}],\"eventAttendanceMode\":\"https:\\\/\\\/schema.org\\\/OfflineEventAttendanceMode\",\"eventStatus\":\"https:\\\/\\\/schema.org\\\/EventScheduled\",\"startDate\":\"2026-04-13T10:30:00+02:00\",\"endDate\":\"2026-04-13T12:30:00+02:00\",\"location\":{\"@type\":\"Place\",\"name\":\"Outside paradox Museum\",\"description\":\"\",\"url\":\"https:\\\/\\\/interkultur.fr\\\/en\\\/venue\\\/outside-paradox-museum\\\/\",\"address\":{\"@type\":\"PostalAddress\",\"streetAddress\":\"38, Bd des Italiens\",\"addressLocality\":\"Paris\",\"postalCode\":\"75009\",\"addressCountry\":\"France\"},\"telephone\":\"\",\"sameAs\":\"\"},\"organizer\":{\"@type\":\"Person\",\"name\":\"Interkultur Paris\",\"description\":\"\",\"url\":\"\",\"telephone\":\"\",\"email\":\"co&#110;t&#97;ct&#64;i&#110;te&#114;kult&#117;&#114;.&#102;r\"},\"@id\":\"https:\\\/\\\/interkultur.fr\\\/en\\\/event\\\/occupation-and-liberation-of-paris-apr-13-2026\\\/#event\"},{\"@type\":\"Event\",\"name\":\"Passages and Galeries &#8211; Apr\\\/15\\\/2026\",\"description\":\"Where can you experience what Paris was like before Haussmann  [...]\",\"image\":{\"@type\":\"ImageObject\",\"inLanguage\":\"en-US\",\"@id\":\"https:\\\/\\\/interkultur.fr\\\/en\\\/event\\\/passages-and-galeries-apr-15-2026\\\/#primaryimage\",\"url\":\"https:\\\/\\\/interkultur.fr\\\/wp-content\\\/uploads\\\/2024\\\/02\\\/Passage-du-Grand-Cerf.jpg\",\"contentUrl\":\"https:\\\/\\\/interkultur.fr\\\/wp-content\\\/uploads\\\/2024\\\/02\\\/Passage-du-Grand-Cerf.jpg\",\"width\":509,\"height\":680},\"url\":\"https:\\\/\\\/interkultur.fr\\\/en\\\/event\\\/passages-and-galeries-apr-15-2026\\\/\",\"offers\":[{\"@type\":\"Offer\",\"url\":\"https:\\\/\\\/interkultur.fr\\\/en\\\/event\\\/passages-and-galeries-apr-15-2026\\\/\",\"price\":\"50\",\"availability\":\"LimitedAvailability\",\"priceCurrency\":\"USD\",\"validFrom\":\"2024-08-01T00:00:00+00:00\",\"validThrough\":\"2026-04-15T00:00:00+00:00\"}],\"eventAttendanceMode\":\"https:\\\/\\\/schema.org\\\/OfflineEventAttendanceMode\",\"eventStatus\":\"https:\\\/\\\/schema.org\\\/EventScheduled\",\"startDate\":\"2026-04-15T14:00:00+02:00\",\"endDate\":\"2026-04-15T16:00:00+02:00\",\"location\":{\"@type\":\"Place\",\"name\":\"Outside Grands Boulevards metro station exit 1\",\"description\":\"\",\"url\":\"https:\\\/\\\/interkultur.fr\\\/en\\\/venue\\\/outside-grands-boulevards-metro-station-exit-1\\\/\",\"address\":{\"@type\":\"PostalAddress\",\"streetAddress\":\"32, Boulevard Poissonni\u00e8re\",\"addressLocality\":\"Paris\",\"postalCode\":\"75009\",\"addressCountry\":\"France\"},\"telephone\":\"\",\"sameAs\":\"\"},\"organizer\":{\"@type\":\"Person\",\"name\":\"Interkultur Paris\",\"description\":\"\",\"url\":\"\",\"telephone\":\"\",\"email\":\"cont&#97;c&#116;&#64;in&#116;e&#114;k&#117;&#108;&#116;ur&#46;fr\"},\"@id\":\"https:\\\/\\\/interkultur.fr\\\/en\\\/event\\\/passages-and-galeries-apr-15-2026\\\/#event\"},{\"@type\":\"Event\",\"name\":\"The Jewish Marais &#8211; Apr\\\/17\\\/2026\",\"description\":\"Historical walk into the most emblematic Jewish quarter of Paris  [...]\",\"image\":{\"@type\":\"ImageObject\",\"inLanguage\":\"en-US\",\"@id\":\"https:\\\/\\\/interkultur.fr\\\/en\\\/event\\\/the-jewish-marais-apr-17-2026\\\/#primaryimage\",\"url\":\"https:\\\/\\\/interkultur.fr\\\/wp-content\\\/uploads\\\/2025\\\/02\\\/Synagogue-facade-scaled.jpg\",\"contentUrl\":\"https:\\\/\\\/interkultur.fr\\\/wp-content\\\/uploads\\\/2025\\\/02\\\/Synagogue-facade-scaled.jpg\",\"width\":1920,\"height\":2560},\"url\":\"https:\\\/\\\/interkultur.fr\\\/en\\\/event\\\/the-jewish-marais-apr-17-2026\\\/\",\"offers\":[{\"@type\":\"Offer\",\"url\":\"https:\\\/\\\/interkultur.fr\\\/en\\\/event\\\/the-jewish-marais-apr-17-2026\\\/\",\"price\":\"50\",\"availability\":\"LimitedAvailability\",\"priceCurrency\":\"USD\",\"validFrom\":\"2024-01-01T00:00:00+00:00\",\"validThrough\":\"2026-04-17T00:00:00+00:00\"}],\"eventAttendanceMode\":\"https:\\\/\\\/schema.org\\\/OfflineEventAttendanceMode\",\"eventStatus\":\"https:\\\/\\\/schema.org\\\/EventScheduled\",\"startDate\":\"2026-04-17T10:30:00+02:00\",\"endDate\":\"2026-04-17T12:30:00+02:00\",\"location\":{\"@type\":\"Place\",\"name\":\"Exit metro Saint Paul\",\"description\":\"\",\"url\":\"https:\\\/\\\/interkultur.fr\\\/en\\\/venue\\\/exit-metro-saint-paul\\\/\",\"address\":{\"@type\":\"PostalAddress\",\"streetAddress\":\"133, rue Saint Antoine\",\"addressLocality\":\"Paris\",\"postalCode\":\"75004\",\"addressCountry\":\"France\"},\"telephone\":\"\",\"sameAs\":\"\"},\"organizer\":{\"@type\":\"Person\",\"name\":\"Interkultur Paris\",\"description\":\"\",\"url\":\"\",\"telephone\":\"\",\"email\":\"co&#110;&#116;&#97;ct&#64;i&#110;terk&#117;&#108;&#116;&#117;r&#46;fr\"},\"@id\":\"https:\\\/\\\/interkultur.fr\\\/en\\\/event\\\/the-jewish-marais-apr-17-2026\\\/#event\"},{\"@type\":\"Event\",\"name\":\"Occupation and Liberation of Paris Apr\\\/20\\\/2026\",\"description\":\"\",\"image\":{\"@type\":\"ImageObject\",\"inLanguage\":\"en-US\",\"@id\":\"https:\\\/\\\/interkultur.fr\\\/en\\\/event\\\/occupation-and-liberation-of-paris-apr-20-2026\\\/#primaryimage\",\"url\":\"https:\\\/\\\/interkultur.fr\\\/wp-content\\\/uploads\\\/2023\\\/12\\\/e0.jpg\",\"contentUrl\":\"https:\\\/\\\/interkultur.fr\\\/wp-content\\\/uploads\\\/2023\\\/12\\\/e0.jpg\",\"width\":719,\"height\":480},\"url\":\"https:\\\/\\\/interkultur.fr\\\/en\\\/event\\\/occupation-and-liberation-of-paris-apr-20-2026\\\/\",\"offers\":[{\"@type\":\"Offer\",\"url\":\"https:\\\/\\\/interkultur.fr\\\/en\\\/event\\\/occupation-and-liberation-of-paris-apr-20-2026\\\/\",\"price\":\"50\",\"availability\":\"InStock\",\"priceCurrency\":\"USD\",\"validFrom\":\"2024-03-01T00:00:00+00:00\",\"validThrough\":\"2026-04-20T00:00:00+00:00\"}],\"eventAttendanceMode\":\"https:\\\/\\\/schema.org\\\/OfflineEventAttendanceMode\",\"eventStatus\":\"https:\\\/\\\/schema.org\\\/EventScheduled\",\"startDate\":\"2026-04-20T10:30:00+02:00\",\"endDate\":\"2026-04-20T12:30:00+02:00\",\"location\":{\"@type\":\"Place\",\"name\":\"Outside paradox Museum\",\"description\":\"\",\"url\":\"https:\\\/\\\/interkultur.fr\\\/en\\\/venue\\\/outside-paradox-museum\\\/\",\"address\":{\"@type\":\"PostalAddress\",\"streetAddress\":\"38, Bd des Italiens\",\"addressLocality\":\"Paris\",\"postalCode\":\"75009\",\"addressCountry\":\"France\"},\"telephone\":\"\",\"sameAs\":\"\"},\"organizer\":{\"@type\":\"Person\",\"name\":\"Interkultur Paris\",\"description\":\"\",\"url\":\"\",\"telephone\":\"\",\"email\":\"con&#116;a&#99;t&#64;in&#116;&#101;rk&#117;ltu&#114;.f&#114;\"},\"@id\":\"https:\\\/\\\/interkultur.fr\\\/en\\\/event\\\/occupation-and-liberation-of-paris-apr-20-2026\\\/#event\"},{\"@type\":\"Event\",\"name\":\"Passages and Galeries &#8211; Apr\\\/22\\\/2026\",\"description\":\"Where can you experience what Paris was like before Haussmann  [...]\",\"image\":{\"@type\":\"ImageObject\",\"inLanguage\":\"en-US\",\"@id\":\"https:\\\/\\\/interkultur.fr\\\/en\\\/event\\\/passages-and-galeries-apr-22-2026\\\/#primaryimage\",\"url\":\"https:\\\/\\\/interkultur.fr\\\/wp-content\\\/uploads\\\/2024\\\/02\\\/Passage-du-Grand-Cerf.jpg\",\"contentUrl\":\"https:\\\/\\\/interkultur.fr\\\/wp-content\\\/uploads\\\/2024\\\/02\\\/Passage-du-Grand-Cerf.jpg\",\"width\":509,\"height\":680},\"url\":\"https:\\\/\\\/interkultur.fr\\\/en\\\/event\\\/passages-and-galeries-apr-22-2026\\\/\",\"offers\":[{\"@type\":\"Offer\",\"url\":\"https:\\\/\\\/interkultur.fr\\\/en\\\/event\\\/passages-and-galeries-apr-22-2026\\\/\",\"price\":\"50\",\"availability\":\"LimitedAvailability\",\"priceCurrency\":\"USD\",\"validFrom\":\"2024-08-01T00:00:00+00:00\",\"validThrough\":\"2026-04-22T00:00:00+00:00\"}],\"eventAttendanceMode\":\"https:\\\/\\\/schema.org\\\/OfflineEventAttendanceMode\",\"eventStatus\":\"https:\\\/\\\/schema.org\\\/EventScheduled\",\"startDate\":\"2026-04-22T14:00:00+02:00\",\"endDate\":\"2026-04-22T16:00:00+02:00\",\"location\":{\"@type\":\"Place\",\"name\":\"Outside Grands Boulevards metro station exit 1\",\"description\":\"\",\"url\":\"https:\\\/\\\/interkultur.fr\\\/en\\\/venue\\\/outside-grands-boulevards-metro-station-exit-1\\\/\",\"address\":{\"@type\":\"PostalAddress\",\"streetAddress\":\"32, Boulevard Poissonni\u00e8re\",\"addressLocality\":\"Paris\",\"postalCode\":\"75009\",\"addressCountry\":\"France\"},\"telephone\":\"\",\"sameAs\":\"\"},\"organizer\":{\"@type\":\"Person\",\"name\":\"Interkultur Paris\",\"description\":\"\",\"url\":\"\",\"telephone\":\"\",\"email\":\"c&#111;&#110;&#116;&#97;&#99;&#116;&#64;i&#110;terk&#117;ltur.fr\"},\"@id\":\"https:\\\/\\\/interkultur.fr\\\/en\\\/event\\\/passages-and-galeries-apr-22-2026\\\/#event\"},{\"@type\":\"Event\",\"name\":\"The Jewish Marais &#8211; Apr\\\/24\\\/2026\",\"description\":\"Historical walk into the most emblematic Jewish quarter of Paris  [...]\",\"image\":{\"@type\":\"ImageObject\",\"inLanguage\":\"en-US\",\"@id\":\"https:\\\/\\\/interkultur.fr\\\/en\\\/event\\\/the-jewish-marais-apr-24-2026\\\/#primaryimage\",\"url\":\"https:\\\/\\\/interkultur.fr\\\/wp-content\\\/uploads\\\/2025\\\/02\\\/Synagogue-facade-scaled.jpg\",\"contentUrl\":\"https:\\\/\\\/interkultur.fr\\\/wp-content\\\/uploads\\\/2025\\\/02\\\/Synagogue-facade-scaled.jpg\",\"width\":1920,\"height\":2560},\"url\":\"https:\\\/\\\/interkultur.fr\\\/en\\\/event\\\/the-jewish-marais-apr-24-2026\\\/\",\"offers\":[{\"@type\":\"Offer\",\"url\":\"https:\\\/\\\/interkultur.fr\\\/en\\\/event\\\/the-jewish-marais-apr-24-2026\\\/\",\"price\":\"50\",\"availability\":\"LimitedAvailability\",\"priceCurrency\":\"USD\",\"validFrom\":\"2024-01-01T00:00:00+00:00\",\"validThrough\":\"2026-04-24T00:00:00+00:00\"}],\"eventAttendanceMode\":\"https:\\\/\\\/schema.org\\\/OfflineEventAttendanceMode\",\"eventStatus\":\"https:\\\/\\\/schema.org\\\/EventScheduled\",\"startDate\":\"2026-04-24T10:30:00+02:00\",\"endDate\":\"2026-04-24T12:30:00+02:00\",\"location\":{\"@type\":\"Place\",\"name\":\"Exit metro Saint Paul\",\"description\":\"\",\"url\":\"https:\\\/\\\/interkultur.fr\\\/en\\\/venue\\\/exit-metro-saint-paul\\\/\",\"address\":{\"@type\":\"PostalAddress\",\"streetAddress\":\"133, rue Saint Antoine\",\"addressLocality\":\"Paris\",\"postalCode\":\"75004\",\"addressCountry\":\"France\"},\"telephone\":\"\",\"sameAs\":\"\"},\"organizer\":{\"@type\":\"Person\",\"name\":\"Interkultur Paris\",\"description\":\"\",\"url\":\"\",\"telephone\":\"\",\"email\":\"co&#110;&#116;&#97;ct&#64;&#105;n&#116;e&#114;&#107;&#117;l&#116;&#117;r.f&#114;\"},\"@id\":\"https:\\\/\\\/interkultur.fr\\\/en\\\/event\\\/the-jewish-marais-apr-24-2026\\\/#event\"},{\"@type\":\"Event\",\"name\":\"Occupation and Liberation of Paris Apr\\\/27\\\/2026\",\"description\":\"\",\"image\":{\"@type\":\"ImageObject\",\"inLanguage\":\"en-US\",\"@id\":\"https:\\\/\\\/interkultur.fr\\\/en\\\/event\\\/occupation-and-liberation-of-paris-apr-27-2026\\\/#primaryimage\",\"url\":\"https:\\\/\\\/interkultur.fr\\\/wp-content\\\/uploads\\\/2023\\\/12\\\/e0.jpg\",\"contentUrl\":\"https:\\\/\\\/interkultur.fr\\\/wp-content\\\/uploads\\\/2023\\\/12\\\/e0.jpg\",\"width\":719,\"height\":480},\"url\":\"https:\\\/\\\/interkultur.fr\\\/en\\\/event\\\/occupation-and-liberation-of-paris-apr-27-2026\\\/\",\"offers\":[{\"@type\":\"Offer\",\"url\":\"https:\\\/\\\/interkultur.fr\\\/en\\\/event\\\/occupation-and-liberation-of-paris-apr-27-2026\\\/\",\"price\":\"50\",\"availability\":\"InStock\",\"priceCurrency\":\"USD\",\"validFrom\":\"2024-03-01T00:00:00+00:00\",\"validThrough\":\"2026-04-27T00:00:00+00:00\"}],\"eventAttendanceMode\":\"https:\\\/\\\/schema.org\\\/OfflineEventAttendanceMode\",\"eventStatus\":\"https:\\\/\\\/schema.org\\\/EventScheduled\",\"startDate\":\"2026-04-27T10:30:00+02:00\",\"endDate\":\"2026-04-27T12:30:00+02:00\",\"location\":{\"@type\":\"Place\",\"name\":\"Outside paradox Museum\",\"description\":\"\",\"url\":\"https:\\\/\\\/interkultur.fr\\\/en\\\/venue\\\/outside-paradox-museum\\\/\",\"address\":{\"@type\":\"PostalAddress\",\"streetAddress\":\"38, Bd des Italiens\",\"addressLocality\":\"Paris\",\"postalCode\":\"75009\",\"addressCountry\":\"France\"},\"telephone\":\"\",\"sameAs\":\"\"},\"organizer\":{\"@type\":\"Person\",\"name\":\"Interkultur Paris\",\"description\":\"\",\"url\":\"\",\"telephone\":\"\",\"email\":\"c&#111;&#110;t&#97;c&#116;&#64;&#105;n&#116;&#101;r&#107;ultu&#114;&#46;fr\"},\"@id\":\"https:\\\/\\\/interkultur.fr\\\/en\\\/event\\\/occupation-and-liberation-of-paris-apr-27-2026\\\/#event\"},{\"@type\":\"Event\",\"name\":\"A day in Rouen\",\"description\":\"A Day in Rouen Visit the capital of Normandy, with  [...]\",\"image\":{\"@type\":\"ImageObject\",\"inLanguage\":\"en-US\",\"@id\":\"https:\\\/\\\/interkultur.fr\\\/en\\\/event\\\/a-day-in-rouen\\\/#primaryimage\",\"url\":\"https:\\\/\\\/interkultur.fr\\\/wp-content\\\/uploads\\\/2026\\\/03\\\/rouen-centre-ville-gros-horloge.webp\",\"contentUrl\":\"https:\\\/\\\/interkultur.fr\\\/wp-content\\\/uploads\\\/2026\\\/03\\\/rouen-centre-ville-gros-horloge.webp\",\"width\":1536,\"height\":1023},\"url\":\"https:\\\/\\\/interkultur.fr\\\/en\\\/event\\\/a-day-in-rouen\\\/\",\"offers\":[{\"@type\":\"Offer\",\"url\":\"https:\\\/\\\/interkultur.fr\\\/en\\\/event\\\/a-day-in-rouen\\\/\",\"price\":\"80\",\"availability\":\"InStock\",\"priceCurrency\":\"USD\",\"validFrom\":\"2026-02-26T00:00:00+00:00\",\"validThrough\":\"2026-04-28T00:00:00+00:00\"}],\"eventAttendanceMode\":\"https:\\\/\\\/schema.org\\\/OfflineEventAttendanceMode\",\"eventStatus\":\"https:\\\/\\\/schema.org\\\/EventScheduled\",\"startDate\":\"2026-04-28T09:00:00+02:00\",\"endDate\":\"2026-04-28T18:00:00+02:00\",\"location\":{\"@type\":\"Place\",\"name\":\"Gare Saint Lazare\",\"description\":\"\",\"url\":\"https:\\\/\\\/interkultur.fr\\\/venue\\\/gare-saint-lazare\\\/\",\"address\":{\"@type\":\"PostalAddress\",\"streetAddress\":\"Gare Saint lazare\",\"addressLocality\":\"Paris\",\"postalCode\":\"75008\",\"addressCountry\":\"France\"},\"telephone\":\"\",\"sameAs\":\"\"},\"organizer\":{\"@type\":\"Person\",\"name\":\"Interkultur Paris\",\"description\":\"\",\"url\":\"\",\"telephone\":\"\",\"email\":\"&#99;&#111;ntact&#64;int&#101;rku&#108;&#116;&#117;r&#46;fr\"},\"@id\":\"https:\\\/\\\/interkultur.fr\\\/en\\\/event\\\/a-day-in-rouen\\\/#event\"},{\"@type\":\"Event\",\"name\":\"Passages and Galeries &#8211; Apr\\\/29\\\/2026\",\"description\":\"Where can you experience what Paris was like before Haussmann  [...]\",\"image\":{\"@type\":\"ImageObject\",\"inLanguage\":\"en-US\",\"@id\":\"https:\\\/\\\/interkultur.fr\\\/en\\\/event\\\/passages-and-galeries-apr-29-2026\\\/#primaryimage\",\"url\":\"https:\\\/\\\/interkultur.fr\\\/wp-content\\\/uploads\\\/2024\\\/02\\\/Passage-du-Grand-Cerf.jpg\",\"contentUrl\":\"https:\\\/\\\/interkultur.fr\\\/wp-content\\\/uploads\\\/2024\\\/02\\\/Passage-du-Grand-Cerf.jpg\",\"width\":509,\"height\":680},\"url\":\"https:\\\/\\\/interkultur.fr\\\/en\\\/event\\\/passages-and-galeries-apr-29-2026\\\/\",\"offers\":[{\"@type\":\"Offer\",\"url\":\"https:\\\/\\\/interkultur.fr\\\/en\\\/event\\\/passages-and-galeries-apr-29-2026\\\/\",\"price\":\"50\",\"availability\":\"LimitedAvailability\",\"priceCurrency\":\"USD\",\"validFrom\":\"2024-08-01T00:00:00+00:00\",\"validThrough\":\"2026-04-29T00:00:00+00:00\"}],\"eventAttendanceMode\":\"https:\\\/\\\/schema.org\\\/OfflineEventAttendanceMode\",\"eventStatus\":\"https:\\\/\\\/schema.org\\\/EventScheduled\",\"startDate\":\"2026-04-29T14:00:00+02:00\",\"endDate\":\"2026-04-29T16:00:00+02:00\",\"location\":{\"@type\":\"Place\",\"name\":\"Outside Grands Boulevards metro station exit 1\",\"description\":\"\",\"url\":\"https:\\\/\\\/interkultur.fr\\\/en\\\/venue\\\/outside-grands-boulevards-metro-station-exit-1\\\/\",\"address\":{\"@type\":\"PostalAddress\",\"streetAddress\":\"32, Boulevard Poissonni\u00e8re\",\"addressLocality\":\"Paris\",\"postalCode\":\"75009\",\"addressCountry\":\"France\"},\"telephone\":\"\",\"sameAs\":\"\"},\"organizer\":{\"@type\":\"Person\",\"name\":\"Interkultur Paris\",\"description\":\"\",\"url\":\"\",\"telephone\":\"\",\"email\":\"&#99;&#111;&#110;&#116;&#97;&#99;t&#64;in&#116;&#101;&#114;k&#117;&#108;&#116;&#117;&#114;&#46;&#102;&#114;\"},\"@id\":\"https:\\\/\\\/interkultur.fr\\\/en\\\/event\\\/passages-and-galeries-apr-29-2026\\\/#event\"},{\"@type\":\"Event\",\"name\":\"The Jewish Marais &#8211; May\\\/01\\\/2026\",\"description\":\"Historical walk into the most emblematic Jewish quarter of Paris  [...]\",\"image\":{\"@type\":\"ImageObject\",\"inLanguage\":\"en-US\",\"@id\":\"https:\\\/\\\/interkultur.fr\\\/en\\\/event\\\/the-jewish-marais-may-01-2026\\\/#primaryimage\",\"url\":\"https:\\\/\\\/interkultur.fr\\\/wp-content\\\/uploads\\\/2025\\\/02\\\/Synagogue-facade-scaled.jpg\",\"contentUrl\":\"https:\\\/\\\/interkultur.fr\\\/wp-content\\\/uploads\\\/2025\\\/02\\\/Synagogue-facade-scaled.jpg\",\"width\":1920,\"height\":2560},\"url\":\"https:\\\/\\\/interkultur.fr\\\/en\\\/event\\\/the-jewish-marais-may-01-2026\\\/\",\"offers\":[{\"@type\":\"Offer\",\"url\":\"https:\\\/\\\/interkultur.fr\\\/en\\\/event\\\/the-jewish-marais-may-01-2026\\\/\",\"price\":\"50\",\"availability\":\"LimitedAvailability\",\"priceCurrency\":\"USD\",\"validFrom\":\"2024-01-01T00:00:00+00:00\",\"validThrough\":\"2026-05-01T00:00:00+00:00\"}],\"eventAttendanceMode\":\"https:\\\/\\\/schema.org\\\/OfflineEventAttendanceMode\",\"eventStatus\":\"https:\\\/\\\/schema.org\\\/EventScheduled\",\"startDate\":\"2026-05-01T10:30:00+02:00\",\"endDate\":\"2026-05-01T12:30:00+02:00\",\"location\":{\"@type\":\"Place\",\"name\":\"Exit metro Saint Paul\",\"description\":\"\",\"url\":\"https:\\\/\\\/interkultur.fr\\\/en\\\/venue\\\/exit-metro-saint-paul\\\/\",\"address\":{\"@type\":\"PostalAddress\",\"streetAddress\":\"133, rue Saint Antoine\",\"addressLocality\":\"Paris\",\"postalCode\":\"75004\",\"addressCountry\":\"France\"},\"telephone\":\"\",\"sameAs\":\"\"},\"organizer\":{\"@type\":\"Person\",\"name\":\"Interkultur Paris\",\"description\":\"\",\"url\":\"\",\"telephone\":\"\",\"email\":\"&#99;&#111;nt&#97;&#99;&#116;&#64;in&#116;e&#114;k&#117;&#108;&#116;u&#114;&#46;&#102;r\"},\"@id\":\"https:\\\/\\\/interkultur.fr\\\/en\\\/event\\\/the-jewish-marais-may-01-2026\\\/#event\"}]}<\/script>\n<!-- \/ Yoast SEO plugin. -->","yoast_head_json":{"title":"All Visits - Interkultur","robots":{"index":"index","follow":"follow","max-snippet":"max-snippet:-1","max-image-preview":"max-image-preview:large","max-video-preview":"max-video-preview:-1"},"canonical":"https:\/\/interkultur.fr\/en\/all-visits\/","og_locale":"en_US","og_type":"article","og_title":"All Visits - Interkultur","og_url":"https:\/\/interkultur.fr\/en\/all-visits\/","og_site_name":"Interkultur","article_modified_time":"2024-02-16T17:18:08+00:00","twitter_card":"summary_large_image","schema":{"@context":"https:\/\/schema.org","@graph":[{"@type":"WebPage","@id":"https:\/\/interkultur.fr\/en\/all-visits\/","url":"https:\/\/interkultur.fr\/en\/all-visits\/","name":"All Visits - Interkultur","isPartOf":{"@id":"https:\/\/interkultur.fr\/en\/#website"},"datePublished":"2023-04-18T15:26:39+00:00","dateModified":"2024-02-16T17:18:08+00:00","breadcrumb":{"@id":"https:\/\/interkultur.fr\/en\/all-visits\/#breadcrumb"},"inLanguage":"en-US","potentialAction":[{"@type":"ReadAction","target":["https:\/\/interkultur.fr\/en\/all-visits\/"]}]},{"@type":"BreadcrumbList","@id":"https:\/\/interkultur.fr\/en\/all-visits\/#breadcrumb","itemListElement":[{"@type":"ListItem","position":1,"name":"Accueil","item":"https:\/\/interkultur.fr\/en\/"},{"@type":"ListItem","position":2,"name":"All Visits"}]},{"@type":"WebSite","@id":"https:\/\/interkultur.fr\/en\/#website","url":"https:\/\/interkultur.fr\/en\/","name":"Interkultur","description":"Visites et \u00e9v\u00e9nements culturels dans le Paris secret li\u00e9s \u00e0 l\u2019Histoire, l\u2019art, et la valorisation du patrimoine et des savoirs faire.","potentialAction":[{"@type":"SearchAction","target":{"@type":"EntryPoint","urlTemplate":"https:\/\/interkultur.fr\/en\/?s={search_term_string}"},"query-input":{"@type":"PropertyValueSpecification","valueRequired":true,"valueName":"search_term_string"}}],"inLanguage":"en-US"}]}},"_links":{"self":[{"href":"https:\/\/interkultur.fr\/en\/wp-json\/wp\/v2\/pages\/3915","targetHints":{"allow":["GET"]}}],"collection":[{"href":"https:\/\/interkultur.fr\/en\/wp-json\/wp\/v2\/pages"}],"about":[{"href":"https:\/\/interkultur.fr\/en\/wp-json\/wp\/v2\/types\/page"}],"author":[{"embeddable":true,"href":"https:\/\/interkultur.fr\/en\/wp-json\/wp\/v2\/users\/1"}],"replies":[{"embeddable":true,"href":"https:\/\/interkultur.fr\/en\/wp-json\/wp\/v2\/comments?post=3915"}],"version-history":[{"count":0,"href":"https:\/\/interkultur.fr\/en\/wp-json\/wp\/v2\/pages\/3915\/revisions"}],"wp:attachment":[{"href":"https:\/\/interkultur.fr\/en\/wp-json\/wp\/v2\/media?parent=3915"}],"curies":[{"name":"wp","href":"https:\/\/api.w.org\/{rel}","templated":true}]}}