{"id":19677,"date":"2026-09-03T20:37:13","date_gmt":"2026-09-03T18:37:13","guid":{"rendered":"https:\/\/interkultur.fr\/?post_type=tribe_events&#038;p=19677"},"modified":"2026-09-03T20:41:15","modified_gmt":"2026-09-03T18:41:15","slug":"migration-neighborhoods","status":"publish","type":"tribe_events","link":"https:\/\/interkultur.fr\/en\/event\/migration-neighborhoods\/","title":{"rendered":"Migration neighborhoods"},"content":{"rendered":"\r\n\r\n\r\n\n\t\t<style>\n\t\t\t#gallery-1 {\n\t\t\t\tmargin: auto;\n\t\t\t}\n\t\t\t#gallery-1 .gallery-item {\n\t\t\t\tfloat: left;\n\t\t\t\tmargin-top: 10px;\n\t\t\t\ttext-align: center;\n\t\t\t\twidth: 33%;\n\t\t\t}\n\t\t\t#gallery-1 img {\n\t\t\t\tborder: 2px solid #cfcfcf;\n\t\t\t}\n\t\t\t#gallery-1 .gallery-caption {\n\t\t\t\tmargin-left: 0;\n\t\t\t}\n\t\t\t\/* see gallery_shortcode() in wp-includes\/media.php *\/\n\t\t<\/style>\n\t\t<div id='gallery-1' class='gallery galleryid-19677 gallery-columns-3 gallery-size-thumbnail'><dl class='gallery-item'>\n\t\t\t<dt class='gallery-icon landscape'>\n\t\t\t\t<a data-rel=\"iLightbox[postimages]\" data-title=\"Chateau rouge\" data-caption=\"\" href='https:\/\/interkultur.fr\/wp-content\/uploads\/2024\/02\/Chateau-rouge-scaled.webp'><img decoding=\"async\" width=\"150\" height=\"150\" src=\"https:\/\/interkultur.fr\/wp-content\/uploads\/2024\/02\/Chateau-rouge-150x150.jpg\" class=\"attachment-thumbnail size-thumbnail\" alt=\"\" srcset=\"https:\/\/interkultur.fr\/wp-content\/uploads\/2024\/02\/Chateau-rouge-66x66.jpg 66w, https:\/\/interkultur.fr\/wp-content\/uploads\/2024\/02\/Chateau-rouge-150x150.jpg 150w, https:\/\/interkultur.fr\/wp-content\/uploads\/2024\/02\/Chateau-rouge-scaled-200x200.webp 200w\" sizes=\"(max-width: 150px) 100vw, 150px\" \/><\/a>\n\t\t\t<\/dt><\/dl><dl class='gallery-item'>\n\t\t\t<dt class='gallery-icon landscape'>\n\t\t\t\t<a data-rel=\"iLightbox[postimages]\" data-title=\"market\" data-caption=\"\" href='https:\/\/interkultur.fr\/wp-content\/uploads\/2024\/02\/market.webp'><img decoding=\"async\" width=\"150\" height=\"150\" src=\"https:\/\/interkultur.fr\/wp-content\/uploads\/2024\/02\/market-150x150.jpg\" class=\"attachment-thumbnail size-thumbnail\" alt=\"\" srcset=\"https:\/\/interkultur.fr\/wp-content\/uploads\/2024\/02\/market-66x66.jpg 66w, https:\/\/interkultur.fr\/wp-content\/uploads\/2024\/02\/market-150x150.jpg 150w, https:\/\/interkultur.fr\/wp-content\/uploads\/2024\/02\/market-200x200.webp 200w\" sizes=\"(max-width: 150px) 100vw, 150px\" \/><\/a>\n\t\t\t<\/dt><\/dl><dl class='gallery-item'>\n\t\t\t<dt class='gallery-icon landscape'>\n\t\t\t\t<a data-rel=\"iLightbox[postimages]\" data-title=\"textile market\" data-caption=\"\" href='https:\/\/interkultur.fr\/wp-content\/uploads\/2024\/02\/textile-market.webp'><img decoding=\"async\" width=\"150\" height=\"150\" src=\"https:\/\/interkultur.fr\/wp-content\/uploads\/2024\/02\/textile-market-150x150.jpg\" class=\"attachment-thumbnail size-thumbnail\" alt=\"\" srcset=\"https:\/\/interkultur.fr\/wp-content\/uploads\/2024\/02\/textile-market-66x66.jpg 66w, https:\/\/interkultur.fr\/wp-content\/uploads\/2024\/02\/textile-market-150x150.jpg 150w, https:\/\/interkultur.fr\/wp-content\/uploads\/2024\/02\/textile-market-200x200.webp 200w\" sizes=\"(max-width: 150px) 100vw, 150px\" \/><\/a>\n\t\t\t<\/dt><\/dl><br style=\"clear: both\" \/><dl class='gallery-item'>\n\t\t\t<dt class='gallery-icon landscape'>\n\t\t\t\t<a data-rel=\"iLightbox[postimages]\" data-title=\"Mosque\" data-caption=\"\" href='https:\/\/interkultur.fr\/wp-content\/uploads\/2024\/02\/Mosque.webp'><img decoding=\"async\" width=\"150\" height=\"150\" src=\"https:\/\/interkultur.fr\/wp-content\/uploads\/2024\/02\/Mosque-150x150.jpg\" class=\"attachment-thumbnail size-thumbnail\" alt=\"\" srcset=\"https:\/\/interkultur.fr\/wp-content\/uploads\/2024\/02\/Mosque-66x66.jpg 66w, https:\/\/interkultur.fr\/wp-content\/uploads\/2024\/02\/Mosque-150x150.jpg 150w, https:\/\/interkultur.fr\/wp-content\/uploads\/2024\/02\/Mosque-200x200.webp 200w\" sizes=\"(max-width: 150px) 100vw, 150px\" \/><\/a>\n\t\t\t<\/dt><\/dl><dl class='gallery-item'>\n\t\t\t<dt class='gallery-icon landscape'>\n\t\t\t\t<a data-rel=\"iLightbox[postimages]\" data-title=\"Restaurant\" data-caption=\"\" href='https:\/\/interkultur.fr\/wp-content\/uploads\/2024\/02\/Restaurant.webp'><img decoding=\"async\" width=\"150\" height=\"150\" src=\"https:\/\/interkultur.fr\/wp-content\/uploads\/2024\/02\/Restaurant-150x150.jpg\" class=\"attachment-thumbnail size-thumbnail\" alt=\"\" srcset=\"https:\/\/interkultur.fr\/wp-content\/uploads\/2024\/02\/Restaurant-66x66.jpg 66w, https:\/\/interkultur.fr\/wp-content\/uploads\/2024\/02\/Restaurant-150x150.jpg 150w, https:\/\/interkultur.fr\/wp-content\/uploads\/2024\/02\/Restaurant-200x200.webp 200w\" sizes=\"(max-width: 150px) 100vw, 150px\" \/><\/a>\n\t\t\t<\/dt><\/dl>\n\t\t\t<br style='clear: both' \/>\n\t\t<\/div>\n\r\n<p><br \/>Migration and multi cultural Paris : From the <strong>first migrant workers<\/strong> who came as a result of the Industrial Revolution in the 1840\u2019s to <strong>massive immigration<\/strong> in the 1960\u2019s.<\/p>\r\n<p>This walk will explore <strong>different faces<\/strong> of Paris through <strong>various districts<\/strong> in the North and East of the city. Lively and creative neighborhoods such as Barb\u00e9s and Chateau Rouge, with typical stores and restaurants. The\u00a0Indian subcontinent district will follow, with exotic temples and food.\u00a0<br \/>After a short metro break, we&#8217;ll explore Belleville, one of the most vibrant districts in Pairs. Tunisian Muslim and Jewish communities share the streets with young Anglo-Saxon and French crowds coming for the nightlife. Belleville also hosts the second largest Asian district in Paris.<\/p>\r\n<p>Starting with the lively Barb\u00e8s market underneath the elevated m\u00e9tro and ending with a mint tea as well as a platter of delicious Arabic snacks at the <strong>superb Paris Great Mosque.<\/strong> This will be the final break after the walk. And also where the current situation as well as related topics and <strong>overall migration questions<\/strong> will be <strong>debated<\/strong>.<\/p>\r\n\r\n\r\n\r\n\r\n\r\n\r\n\r\n\r\n\r\n\r\n\r\n\r\n","protected":false},"excerpt":{"rendered":"<p>Migration and multi cultural Paris : From the first migrant  [&#8230;]<\/p>\n","protected":false},"author":4,"featured_media":19680,"template":"","meta":{"_price":"","_stock":"","_tribe_ticket_header":"","_tribe_default_ticket_provider":"TEC\\Tickets\\Commerce\\Module","_tribe_ticket_capacity":"","_ticket_start_date":"","_ticket_end_date":"","_tribe_ticket_show_description":"","_tribe_ticket_show_not_going":false,"_tribe_ticket_use_global_stock":"1","_tribe_ticket_global_stock_level":"0","_global_stock_mode":"","_global_stock_cap":"","_tribe_rsvp_for_event":"","_tribe_ticket_going_count":"","_tribe_ticket_not_going_count":"","_tribe_tickets_list":"[{\"id\":19678,\"type\":\"default\",\"title\":\"Full Ticket\",\"description\":\"\",\"capacityType\":\"own\",\"price\":\"50\",\"capacity\":20,\"available\":20,\"sharedCapacity\":20,\"sold\":0,\"shareSold\":0,\"isShared\":false,\"currencyDecimalPoint\":\".\",\"currencyNumberOfDecimals\":2,\"currencyPosition\":\"prefix\",\"currencySymbol\":\"\\u20ac\",\"currencyThousandsSep\":\",\"}]","_tribe_ticket_has_attendee_info_fields":false,"_tribe_events_status":"","_tribe_events_status_reason":"","_tribe_events_is_hybrid":"","_tribe_events_is_virtual":"","_tribe_events_virtual_video_source":"","_tribe_events_virtual_embed_video":"","_tribe_events_virtual_linked_button_text":"","_tribe_events_virtual_linked_button":"","_tribe_events_virtual_show_embed_at":"","_tribe_events_virtual_show_embed_to":[],"_tribe_events_virtual_show_on_event":"","_tribe_events_virtual_show_on_views":"","_tribe_events_virtual_url":"","footnotes":"","_tec_slr_enabled":"","_tec_slr_layout":""},"tags":[],"tribe_events_cat":[138,136],"class_list":["post-19677","tribe_events","type-tribe_events","status-publish","has-post-thumbnail","hentry","tribe_events_cat-periodic-visits-paris","tribe_events_cat-visit-paris","cat_periodic-visits-paris","cat_visit-paris"],"yoast_head":"<!-- This site is optimized with the Yoast SEO plugin v28.4 - https:\/\/yoast.com\/product\/yoast-seo-wordpress\/ -->\n<title>Migration neighborhoods - Interkultur<\/title>\n<meta name=\"description\" content=\"Explore the migration districts with Interkultur Paris guide, taste and drink Arabic snacks at the great Mosque\" \/>\n<meta name=\"robots\" content=\"index, follow, max-snippet:-1, max-image-preview:large, max-video-preview:-1\" \/>\n<link rel=\"canonical\" href=\"https:\/\/interkultur.fr\/en\/event\/migration-neighborhoods\/\" \/>\n<meta property=\"og:locale\" content=\"en_US\" \/>\n<meta property=\"og:type\" content=\"article\" \/>\n<meta property=\"og:title\" content=\"Migration neighborhoods - Interkultur\" \/>\n<meta property=\"og:description\" content=\"Explore the migration districts with Interkultur Paris guide, taste and drink Arabic snacks at the great Mosque\" \/>\n<meta property=\"og:url\" content=\"https:\/\/interkultur.fr\/en\/event\/migration-neighborhoods\/\" \/>\n<meta property=\"og:site_name\" content=\"Interkultur\" \/>\n<meta property=\"article:modified_time\" content=\"2026-09-03T18:41:15+00:00\" \/>\n<meta property=\"og:image\" content=\"https:\/\/interkultur.fr\/wp-content\/uploads\/2026\/09\/migration-mosque-scaled.jpg\" \/>\n\t<meta property=\"og:image:width\" content=\"1920\" \/>\n\t<meta property=\"og:image:height\" content=\"2560\" \/>\n\t<meta property=\"og:image:type\" content=\"image\/jpeg\" \/>\n<meta name=\"twitter:card\" content=\"summary_large_image\" \/>\n<script type=\"application\/ld+json\" class=\"yoast-schema-graph\">{\"@context\":\"https:\\\/\\\/schema.org\",\"@graph\":[{\"@type\":\"WebPage\",\"@id\":\"https:\\\/\\\/interkultur.fr\\\/en\\\/event\\\/migration-neighborhoods\\\/\",\"url\":\"https:\\\/\\\/interkultur.fr\\\/en\\\/event\\\/migration-neighborhoods\\\/\",\"name\":\"Migration neighborhoods - Interkultur\",\"isPartOf\":{\"@id\":\"https:\\\/\\\/interkultur.fr\\\/en\\\/#website\"},\"primaryImageOfPage\":{\"@id\":\"https:\\\/\\\/interkultur.fr\\\/en\\\/event\\\/migration-neighborhoods\\\/#primaryimage\"},\"image\":{\"@id\":\"https:\\\/\\\/interkultur.fr\\\/en\\\/event\\\/migration-neighborhoods\\\/#primaryimage\"},\"thumbnailUrl\":\"https:\\\/\\\/interkultur.fr\\\/wp-content\\\/uploads\\\/2026\\\/09\\\/migration-mosque-scaled.jpg\",\"datePublished\":\"2026-09-03T18:37:13+00:00\",\"dateModified\":\"2026-09-03T18:41:15+00:00\",\"description\":\"Explore the migration districts with Interkultur Paris guide, taste and drink Arabic snacks at the great Mosque\",\"breadcrumb\":{\"@id\":\"https:\\\/\\\/interkultur.fr\\\/en\\\/event\\\/migration-neighborhoods\\\/#breadcrumb\"},\"inLanguage\":\"en-US\",\"potentialAction\":[{\"@type\":\"ReadAction\",\"target\":[\"https:\\\/\\\/interkultur.fr\\\/en\\\/event\\\/migration-neighborhoods\\\/\"]}]},{\"@type\":\"ImageObject\",\"inLanguage\":\"en-US\",\"@id\":\"https:\\\/\\\/interkultur.fr\\\/en\\\/event\\\/migration-neighborhoods\\\/#primaryimage\",\"url\":\"https:\\\/\\\/interkultur.fr\\\/wp-content\\\/uploads\\\/2026\\\/09\\\/migration-mosque-scaled.jpg\",\"contentUrl\":\"https:\\\/\\\/interkultur.fr\\\/wp-content\\\/uploads\\\/2026\\\/09\\\/migration-mosque-scaled.jpg\",\"width\":1920,\"height\":2560},{\"@type\":\"BreadcrumbList\",\"@id\":\"https:\\\/\\\/interkultur.fr\\\/en\\\/event\\\/migration-neighborhoods\\\/#breadcrumb\",\"itemListElement\":[{\"@type\":\"ListItem\",\"position\":1,\"name\":\"Accueil\",\"item\":\"https:\\\/\\\/interkultur.fr\\\/en\\\/\"},{\"@type\":\"ListItem\",\"position\":2,\"name\":\"Events\",\"item\":\"https:\\\/\\\/interkultur.fr\\\/en\\\/events\\\/\"},{\"@type\":\"ListItem\",\"position\":3,\"name\":\"Migration neighborhoods\"}]},{\"@type\":\"WebSite\",\"@id\":\"https:\\\/\\\/interkultur.fr\\\/en\\\/#website\",\"url\":\"https:\\\/\\\/interkultur.fr\\\/en\\\/\",\"name\":\"Interkultur\",\"description\":\"Visites et \u00e9v\u00e9nements culturels dans le Paris secret li\u00e9s \u00e0 l\u2019Histoire, l\u2019art, et la valorisation du patrimoine et des savoirs faire.\",\"potentialAction\":[{\"@type\":\"SearchAction\",\"target\":{\"@type\":\"EntryPoint\",\"urlTemplate\":\"https:\\\/\\\/interkultur.fr\\\/en\\\/?s={search_term_string}\"},\"query-input\":{\"@type\":\"PropertyValueSpecification\",\"valueRequired\":true,\"valueName\":\"search_term_string\"}}],\"inLanguage\":\"en-US\"}]}<\/script>\n<!-- \/ Yoast SEO plugin. -->","yoast_head_json":{"title":"Migration neighborhoods - Interkultur","description":"Explore the migration districts with Interkultur Paris guide, taste and drink Arabic snacks at the great Mosque","robots":{"index":"index","follow":"follow","max-snippet":"max-snippet:-1","max-image-preview":"max-image-preview:large","max-video-preview":"max-video-preview:-1"},"canonical":"https:\/\/interkultur.fr\/en\/event\/migration-neighborhoods\/","og_locale":"en_US","og_type":"article","og_title":"Migration neighborhoods - Interkultur","og_description":"Explore the migration districts with Interkultur Paris guide, taste and drink Arabic snacks at the great Mosque","og_url":"https:\/\/interkultur.fr\/en\/event\/migration-neighborhoods\/","og_site_name":"Interkultur","article_modified_time":"2026-09-03T18:41:15+00:00","og_image":[{"width":1920,"height":2560,"url":"https:\/\/interkultur.fr\/wp-content\/uploads\/2026\/09\/migration-mosque-scaled.jpg","type":"image\/jpeg"}],"twitter_card":"summary_large_image","schema":{"@context":"https:\/\/schema.org","@graph":[{"@type":"WebPage","@id":"https:\/\/interkultur.fr\/en\/event\/migration-neighborhoods\/","url":"https:\/\/interkultur.fr\/en\/event\/migration-neighborhoods\/","name":"Migration neighborhoods - Interkultur","isPartOf":{"@id":"https:\/\/interkultur.fr\/en\/#website"},"primaryImageOfPage":{"@id":"https:\/\/interkultur.fr\/en\/event\/migration-neighborhoods\/#primaryimage"},"image":{"@id":"https:\/\/interkultur.fr\/en\/event\/migration-neighborhoods\/#primaryimage"},"thumbnailUrl":"https:\/\/interkultur.fr\/wp-content\/uploads\/2026\/09\/migration-mosque-scaled.jpg","datePublished":"2026-09-03T18:37:13+00:00","dateModified":"2026-09-03T18:41:15+00:00","description":"Explore the migration districts with Interkultur Paris guide, taste and drink Arabic snacks at the great Mosque","breadcrumb":{"@id":"https:\/\/interkultur.fr\/en\/event\/migration-neighborhoods\/#breadcrumb"},"inLanguage":"en-US","potentialAction":[{"@type":"ReadAction","target":["https:\/\/interkultur.fr\/en\/event\/migration-neighborhoods\/"]}]},{"@type":"ImageObject","inLanguage":"en-US","@id":"https:\/\/interkultur.fr\/en\/event\/migration-neighborhoods\/#primaryimage","url":"https:\/\/interkultur.fr\/wp-content\/uploads\/2026\/09\/migration-mosque-scaled.jpg","contentUrl":"https:\/\/interkultur.fr\/wp-content\/uploads\/2026\/09\/migration-mosque-scaled.jpg","width":1920,"height":2560},{"@type":"BreadcrumbList","@id":"https:\/\/interkultur.fr\/en\/event\/migration-neighborhoods\/#breadcrumb","itemListElement":[{"@type":"ListItem","position":1,"name":"Accueil","item":"https:\/\/interkultur.fr\/en\/"},{"@type":"ListItem","position":2,"name":"Events","item":"https:\/\/interkultur.fr\/en\/events\/"},{"@type":"ListItem","position":3,"name":"Migration neighborhoods"}]},{"@type":"WebSite","@id":"https:\/\/interkultur.fr\/en\/#website","url":"https:\/\/interkultur.fr\/en\/","name":"Interkultur","description":"Visites et \u00e9v\u00e9nements culturels dans le Paris secret li\u00e9s \u00e0 l\u2019Histoire, l\u2019art, et la valorisation du patrimoine et des savoirs faire.","potentialAction":[{"@type":"SearchAction","target":{"@type":"EntryPoint","urlTemplate":"https:\/\/interkultur.fr\/en\/?s={search_term_string}"},"query-input":{"@type":"PropertyValueSpecification","valueRequired":true,"valueName":"search_term_string"}}],"inLanguage":"en-US"}]}},"ticketed":["tc"],"_links":{"self":[{"href":"https:\/\/interkultur.fr\/en\/wp-json\/wp\/v2\/tribe_events\/19677","targetHints":{"allow":["GET"]}}],"collection":[{"href":"https:\/\/interkultur.fr\/en\/wp-json\/wp\/v2\/tribe_events"}],"about":[{"href":"https:\/\/interkultur.fr\/en\/wp-json\/wp\/v2\/types\/tribe_events"}],"author":[{"embeddable":true,"href":"https:\/\/interkultur.fr\/en\/wp-json\/wp\/v2\/users\/4"}],"version-history":[{"count":3,"href":"https:\/\/interkultur.fr\/en\/wp-json\/wp\/v2\/tribe_events\/19677\/revisions"}],"predecessor-version":[{"id":19687,"href":"https:\/\/interkultur.fr\/en\/wp-json\/wp\/v2\/tribe_events\/19677\/revisions\/19687"}],"wp:featuredmedia":[{"embeddable":true,"href":"https:\/\/interkultur.fr\/en\/wp-json\/wp\/v2\/media\/19680"}],"wp:attachment":[{"href":"https:\/\/interkultur.fr\/en\/wp-json\/wp\/v2\/media?parent=19677"}],"wp:term":[{"taxonomy":"post_tag","embeddable":true,"href":"https:\/\/interkultur.fr\/en\/wp-json\/wp\/v2\/tags?post=19677"},{"taxonomy":"tribe_events_cat","embeddable":true,"href":"https:\/\/interkultur.fr\/en\/wp-json\/wp\/v2\/tribe_events_cat?post=19677"}],"curies":[{"name":"wp","href":"https:\/\/api.w.org\/{rel}","templated":true}]}}