{"id":9618,"date":"2024-09-11T16:40:41","date_gmt":"2024-09-11T14:40:41","guid":{"rendered":"https:\/\/interkultur.fr\/?post_type=tribe_events&#038;p=9618"},"modified":"2024-10-01T23:30:06","modified_gmt":"2024-10-01T21:30:06","slug":"art-deco-wonders","status":"publish","type":"tribe_events","link":"https:\/\/interkultur.fr\/en\/event\/art-deco-wonders\/","title":{"rendered":"Art Deco wonders"},"content":{"rendered":"\r\n\r\n\r\n\r\n\r\n\n\t\t<style type=\"text\/css\">\n\t\t\t#gallery-1 {\n\t\t\t\tmargin: auto;\n\t\t\t}\n\t\t\t#gallery-1 .gallery-item {\n\t\t\t\tfloat: left;\n\t\t\t\tmargin-top: 10px;\n\t\t\t\ttext-align: center;\n\t\t\t\twidth: 33%;\n\t\t\t}\n\t\t\t#gallery-1 img {\n\t\t\t\tborder: 2px solid #cfcfcf;\n\t\t\t}\n\t\t\t#gallery-1 .gallery-caption {\n\t\t\t\tmargin-left: 0;\n\t\t\t}\n\t\t\t\/* see gallery_shortcode() in wp-includes\/media.php *\/\n\t\t<\/style>\n\t\t<div id='gallery-1' class='gallery galleryid-9618 gallery-columns-3 gallery-size-thumbnail'><dl class='gallery-item'>\n\t\t\t<dt class='gallery-icon portrait'>\n\t\t\t\t<a data-rel=\"iLightbox[postimages]\" data-title=\"Immeuble-moderne\" data-caption=\"\" href='https:\/\/interkultur.fr\/wp-content\/uploads\/2024\/09\/Immeuble-moderne.jpg'><img decoding=\"async\" width=\"150\" height=\"150\" src=\"https:\/\/interkultur.fr\/wp-content\/uploads\/2024\/09\/Immeuble-moderne-150x150.jpg\" class=\"attachment-thumbnail size-thumbnail\" alt=\"\" srcset=\"https:\/\/interkultur.fr\/wp-content\/uploads\/2024\/09\/Immeuble-moderne-66x66.jpg 66w, https:\/\/interkultur.fr\/wp-content\/uploads\/2024\/09\/Immeuble-moderne-150x150.jpg 150w, https:\/\/interkultur.fr\/wp-content\/uploads\/2024\/09\/Immeuble-moderne-200x200.jpg 200w, https:\/\/interkultur.fr\/wp-content\/uploads\/2024\/09\/Immeuble-moderne-500x500.jpg 500w\" sizes=\"(max-width: 150px) 100vw, 150px\" \/><\/a>\n\t\t\t<\/dt><\/dl><dl class='gallery-item'>\n\t\t\t<dt class='gallery-icon portrait'>\n\t\t\t\t<a data-rel=\"iLightbox[postimages]\" data-title=\"Hotel-Martel\" data-caption=\"\" href='https:\/\/interkultur.fr\/wp-content\/uploads\/2024\/09\/Hotel-Martel.jpg'><img decoding=\"async\" width=\"150\" height=\"150\" src=\"https:\/\/interkultur.fr\/wp-content\/uploads\/2024\/09\/Hotel-Martel-150x150.jpg\" class=\"attachment-thumbnail size-thumbnail\" alt=\"\" srcset=\"https:\/\/interkultur.fr\/wp-content\/uploads\/2024\/09\/Hotel-Martel-66x66.jpg 66w, https:\/\/interkultur.fr\/wp-content\/uploads\/2024\/09\/Hotel-Martel-150x150.jpg 150w, https:\/\/interkultur.fr\/wp-content\/uploads\/2024\/09\/Hotel-Martel-200x200.jpg 200w, https:\/\/interkultur.fr\/wp-content\/uploads\/2024\/09\/Hotel-Martel-500x500.jpg 500w\" sizes=\"(max-width: 150px) 100vw, 150px\" \/><\/a>\n\t\t\t<\/dt><\/dl><dl class='gallery-item'>\n\t\t\t<dt class='gallery-icon landscape'>\n\t\t\t\t<a data-rel=\"iLightbox[postimages]\" data-title=\"Fondation-le-Corbusier\" data-caption=\"\" href='https:\/\/interkultur.fr\/wp-content\/uploads\/2024\/09\/Fondation-le-Corbusier.jpg'><img decoding=\"async\" width=\"150\" height=\"150\" src=\"https:\/\/interkultur.fr\/wp-content\/uploads\/2024\/09\/Fondation-le-Corbusier-150x150.jpg\" class=\"attachment-thumbnail size-thumbnail\" alt=\"\" srcset=\"https:\/\/interkultur.fr\/wp-content\/uploads\/2024\/09\/Fondation-le-Corbusier-66x66.jpg 66w, https:\/\/interkultur.fr\/wp-content\/uploads\/2024\/09\/Fondation-le-Corbusier-150x150.jpg 150w, https:\/\/interkultur.fr\/wp-content\/uploads\/2024\/09\/Fondation-le-Corbusier-200x200.jpg 200w, https:\/\/interkultur.fr\/wp-content\/uploads\/2024\/09\/Fondation-le-Corbusier-500x500.jpg 500w\" sizes=\"(max-width: 150px) 100vw, 150px\" \/><\/a>\n\t\t\t<\/dt><\/dl><br style=\"clear: both\" \/><dl class='gallery-item'>\n\t\t\t<dt class='gallery-icon landscape'>\n\t\t\t\t<a data-rel=\"iLightbox[postimages]\" data-title=\"Art-Deco-hotel\" data-caption=\"\" href='https:\/\/interkultur.fr\/wp-content\/uploads\/2024\/09\/Art-Deco-hotel.jpg'><img decoding=\"async\" width=\"150\" height=\"150\" src=\"https:\/\/interkultur.fr\/wp-content\/uploads\/2024\/09\/Art-Deco-hotel-150x150.jpg\" class=\"attachment-thumbnail size-thumbnail\" alt=\"\" srcset=\"https:\/\/interkultur.fr\/wp-content\/uploads\/2024\/09\/Art-Deco-hotel-66x66.jpg 66w, https:\/\/interkultur.fr\/wp-content\/uploads\/2024\/09\/Art-Deco-hotel-150x150.jpg 150w, https:\/\/interkultur.fr\/wp-content\/uploads\/2024\/09\/Art-Deco-hotel-200x200.jpg 200w, https:\/\/interkultur.fr\/wp-content\/uploads\/2024\/09\/Art-Deco-hotel-500x500.jpg 500w\" sizes=\"(max-width: 150px) 100vw, 150px\" \/><\/a>\n\t\t\t<\/dt><\/dl><dl class='gallery-item'>\n\t\t\t<dt class='gallery-icon landscape'>\n\t\t\t\t<a data-rel=\"iLightbox[postimages]\" data-title=\"Collectionneur-reception\" data-caption=\"\" href='https:\/\/interkultur.fr\/wp-content\/uploads\/2024\/09\/Collectionneur-reception-scaled.jpg'><img decoding=\"async\" width=\"150\" height=\"150\" src=\"https:\/\/interkultur.fr\/wp-content\/uploads\/2024\/09\/Collectionneur-reception-150x150.jpg\" class=\"attachment-thumbnail size-thumbnail\" alt=\"\" srcset=\"https:\/\/interkultur.fr\/wp-content\/uploads\/2024\/09\/Collectionneur-reception-66x66.jpg 66w, https:\/\/interkultur.fr\/wp-content\/uploads\/2024\/09\/Collectionneur-reception-150x150.jpg 150w, https:\/\/interkultur.fr\/wp-content\/uploads\/2024\/09\/Collectionneur-reception-200x200.jpg 200w, https:\/\/interkultur.fr\/wp-content\/uploads\/2024\/09\/Collectionneur-reception-500x500.jpg 500w\" sizes=\"(max-width: 150px) 100vw, 150px\" \/><\/a>\n\t\t\t<\/dt><\/dl><dl class='gallery-item'>\n\t\t\t<dt class='gallery-icon portrait'>\n\t\t\t\t<a data-rel=\"iLightbox[postimages]\" data-title=\"collectionneur-detail\" data-caption=\"\" href='https:\/\/interkultur.fr\/wp-content\/uploads\/2024\/09\/collectionneur-detail-scaled.jpg'><img decoding=\"async\" width=\"150\" height=\"150\" src=\"https:\/\/interkultur.fr\/wp-content\/uploads\/2024\/09\/collectionneur-detail-150x150.jpg\" class=\"attachment-thumbnail size-thumbnail\" alt=\"\" srcset=\"https:\/\/interkultur.fr\/wp-content\/uploads\/2024\/09\/collectionneur-detail-66x66.jpg 66w, https:\/\/interkultur.fr\/wp-content\/uploads\/2024\/09\/collectionneur-detail-150x150.jpg 150w, https:\/\/interkultur.fr\/wp-content\/uploads\/2024\/09\/collectionneur-detail-200x200.jpg 200w, https:\/\/interkultur.fr\/wp-content\/uploads\/2024\/09\/collectionneur-detail-500x500.jpg 500w\" sizes=\"(max-width: 150px) 100vw, 150px\" \/><\/a>\n\t\t\t<\/dt><\/dl><br style=\"clear: both\" \/>\n\t\t<\/div>\n\r\n<p style=\"text-align: justify;\">A\u00a0 small group walk for <strong>Paris architecture lovers<\/strong>.<\/p>\r\n<p style=\"text-align: justify;\">A first stretch in the 16th arrondissement will recall <strong>Art Deco&#8217;s origins and diffusion<\/strong>, highlighted with several houses built in the same street by key architects.\u00a0<br \/>Just a block away, another amazing place, built by leading 1930&#8217;s architect <strong>Le Corbusier<\/strong>, gives another orientation to <strong>modernist style<\/strong>. The compound, now partly housing the International le Corbusier Foundation, is a real <strong>manifesto<\/strong> to the famous architect&#8217;s guidelines. A visit (10\u20ac) will show the different elements: common area, perspectives, art gallery as well as private rooms for the owner, the banker and art collector Raoul la Roche.<br \/>Several Art Deco buildings will follow on the way to the nearest metro station.<\/p>\r\n<p style=\"text-align: justify;\">After a short metro trip, a stop will take place outside one of the most <strong>beautiful and typical restaurants<\/strong> in Paris, rich with anecdotes. Across the street, is another example of Art Deco buildings, directly inspired by <strong>American high rises <\/strong>from the 1930&#8217;s.<\/p>\r\n<p style=\"text-align: justify;\">The end of the tour will take place in a <strong>fantastic hotel<\/strong> built as a tribute to the great <strong>1925 Art Deco exhibition<\/strong>, filled with the most refined furniture, frescoes, and decors.<\/p>\r\n<p>The meeting point is just outside Ranelagh metro station Exit number 1.<\/p>\r\n\r\n\r\n\r\n\r\n\r\n\r\n\r\n\r\n\r\n\r\n\r\n\r\n\r\n\r\n","protected":false},"excerpt":{"rendered":"<p>A\u00a0 small group walk for Paris architecture lovers. A first  [&#8230;]<\/p>\n","protected":false},"author":4,"featured_media":9620,"template":"","meta":{"_price":"","_stock":"","_tribe_ticket_header":"","_tribe_default_ticket_provider":"TEC\\Tickets\\Commerce\\Module","_tribe_ticket_capacity":"","_ticket_start_date":"","_ticket_end_date":"","_tribe_ticket_show_description":"","_tribe_ticket_show_not_going":false,"_tribe_ticket_use_global_stock":"","_tribe_ticket_global_stock_level":"","_global_stock_mode":"","_global_stock_cap":"","_tribe_rsvp_for_event":"","_tribe_ticket_going_count":"","_tribe_ticket_not_going_count":"","_tribe_tickets_list":"[{\"id\":9619,\"type\":\"default\",\"title\":\"Full ticket\",\"description\":\"\",\"capacityType\":\"own\",\"price\":\"30\",\"capacity\":15,\"available\":9,\"sharedCapacity\":15,\"sold\":5,\"shareSold\":5,\"isShared\":false,\"currencyDecimalPoint\":\".\",\"currencyNumberOfDecimals\":2,\"currencyPosition\":\"prefix\",\"currencySymbol\":\"\\u20ac\",\"currencyThousandsSep\":\",\"}]","_tribe_ticket_has_attendee_info_fields":false,"_tribe_events_status":"","_tribe_events_status_reason":"","_tribe_events_is_hybrid":"","_tribe_events_is_virtual":"","_tribe_events_virtual_video_source":"","_tribe_events_virtual_embed_video":"","_tribe_events_virtual_linked_button_text":"","_tribe_events_virtual_linked_button":"","_tribe_events_virtual_show_embed_at":"","_tribe_events_virtual_show_embed_to":[],"_tribe_events_virtual_show_on_event":"","_tribe_events_virtual_show_on_views":"","_tribe_events_virtual_url":"","footnotes":"","_tec_slr_enabled":"","_tec_slr_layout":""},"tags":[],"tribe_events_cat":[138,136],"class_list":["post-9618","tribe_events","type-tribe_events","status-publish","has-post-thumbnail","hentry","tribe_events_cat-periodic-visits-paris","tribe_events_cat-visit-paris","cat_periodic-visits-paris","cat_visit-paris"],"yoast_head":"<!-- This site is optimized with the Yoast SEO plugin v27.5 - https:\/\/yoast.com\/product\/yoast-seo-wordpress\/ -->\n<title>Art Deco wonders - Interkultur<\/title>\n<meta name=\"description\" content=\"Stroll Paris for some of the most beautiful Art Deco wonders from le Corbusier to the American influence and the great 1925 exhibition\" \/>\n<meta name=\"robots\" content=\"index, follow, max-snippet:-1, max-image-preview:large, max-video-preview:-1\" \/>\n<link rel=\"canonical\" href=\"https:\/\/interkultur.fr\/en\/event\/art-deco-wonders\/\" \/>\n<meta property=\"og:locale\" content=\"en_US\" \/>\n<meta property=\"og:type\" content=\"article\" \/>\n<meta property=\"og:title\" content=\"Art Deco wonders - Interkultur\" \/>\n<meta property=\"og:description\" content=\"Stroll Paris for some of the most beautiful Art Deco wonders from le Corbusier to the American influence and the great 1925 exhibition\" \/>\n<meta property=\"og:url\" content=\"https:\/\/interkultur.fr\/en\/event\/art-deco-wonders\/\" \/>\n<meta property=\"og:site_name\" content=\"Interkultur\" \/>\n<meta property=\"article:modified_time\" content=\"2024-10-01T21:30:06+00:00\" \/>\n<meta property=\"og:image\" content=\"https:\/\/interkultur.fr\/wp-content\/uploads\/2024\/09\/Art-Deco-dancer.jpg\" \/>\n\t<meta property=\"og:image:width\" content=\"420\" \/>\n\t<meta property=\"og:image:height\" content=\"560\" \/>\n\t<meta property=\"og:image:type\" content=\"image\/jpeg\" \/>\n<meta name=\"twitter:card\" content=\"summary_large_image\" \/>\n<script type=\"application\/ld+json\" class=\"yoast-schema-graph\">{\"@context\":\"https:\\\/\\\/schema.org\",\"@graph\":[{\"@type\":\"WebPage\",\"@id\":\"https:\\\/\\\/interkultur.fr\\\/en\\\/event\\\/art-deco-wonders\\\/\",\"url\":\"https:\\\/\\\/interkultur.fr\\\/en\\\/event\\\/art-deco-wonders\\\/\",\"name\":\"Art Deco wonders - Interkultur\",\"isPartOf\":{\"@id\":\"https:\\\/\\\/interkultur.fr\\\/en\\\/#website\"},\"primaryImageOfPage\":{\"@id\":\"https:\\\/\\\/interkultur.fr\\\/en\\\/event\\\/art-deco-wonders\\\/#primaryimage\"},\"image\":{\"@id\":\"https:\\\/\\\/interkultur.fr\\\/en\\\/event\\\/art-deco-wonders\\\/#primaryimage\"},\"thumbnailUrl\":\"https:\\\/\\\/interkultur.fr\\\/wp-content\\\/uploads\\\/2024\\\/09\\\/Art-Deco-dancer.jpg\",\"datePublished\":\"2024-09-11T14:40:41+00:00\",\"dateModified\":\"2024-10-01T21:30:06+00:00\",\"description\":\"Stroll Paris for some of the most beautiful Art Deco wonders from le Corbusier to the American influence and the great 1925 exhibition\",\"breadcrumb\":{\"@id\":\"https:\\\/\\\/interkultur.fr\\\/en\\\/event\\\/art-deco-wonders\\\/#breadcrumb\"},\"inLanguage\":\"en-US\",\"potentialAction\":[{\"@type\":\"ReadAction\",\"target\":[\"https:\\\/\\\/interkultur.fr\\\/en\\\/event\\\/art-deco-wonders\\\/\"]}]},{\"@type\":\"ImageObject\",\"inLanguage\":\"en-US\",\"@id\":\"https:\\\/\\\/interkultur.fr\\\/en\\\/event\\\/art-deco-wonders\\\/#primaryimage\",\"url\":\"https:\\\/\\\/interkultur.fr\\\/wp-content\\\/uploads\\\/2024\\\/09\\\/Art-Deco-dancer.jpg\",\"contentUrl\":\"https:\\\/\\\/interkultur.fr\\\/wp-content\\\/uploads\\\/2024\\\/09\\\/Art-Deco-dancer.jpg\",\"width\":420,\"height\":560},{\"@type\":\"BreadcrumbList\",\"@id\":\"https:\\\/\\\/interkultur.fr\\\/en\\\/event\\\/art-deco-wonders\\\/#breadcrumb\",\"itemListElement\":[{\"@type\":\"ListItem\",\"position\":1,\"name\":\"Accueil\",\"item\":\"https:\\\/\\\/interkultur.fr\\\/en\\\/\"},{\"@type\":\"ListItem\",\"position\":2,\"name\":\"Events\",\"item\":\"https:\\\/\\\/interkultur.fr\\\/en\\\/events\\\/\"},{\"@type\":\"ListItem\",\"position\":3,\"name\":\"Art Deco wonders\"}]},{\"@type\":\"WebSite\",\"@id\":\"https:\\\/\\\/interkultur.fr\\\/en\\\/#website\",\"url\":\"https:\\\/\\\/interkultur.fr\\\/en\\\/\",\"name\":\"Interkultur\",\"description\":\"Visites et \u00e9v\u00e9nements culturels dans le Paris secret li\u00e9s \u00e0 l\u2019Histoire, l\u2019art, et la valorisation du patrimoine et des savoirs faire.\",\"potentialAction\":[{\"@type\":\"SearchAction\",\"target\":{\"@type\":\"EntryPoint\",\"urlTemplate\":\"https:\\\/\\\/interkultur.fr\\\/en\\\/?s={search_term_string}\"},\"query-input\":{\"@type\":\"PropertyValueSpecification\",\"valueRequired\":true,\"valueName\":\"search_term_string\"}}],\"inLanguage\":\"en-US\"}]}<\/script>\n<!-- \/ Yoast SEO plugin. -->","yoast_head_json":{"title":"Art Deco wonders - Interkultur","description":"Stroll Paris for some of the most beautiful Art Deco wonders from le Corbusier to the American influence and the great 1925 exhibition","robots":{"index":"index","follow":"follow","max-snippet":"max-snippet:-1","max-image-preview":"max-image-preview:large","max-video-preview":"max-video-preview:-1"},"canonical":"https:\/\/interkultur.fr\/en\/event\/art-deco-wonders\/","og_locale":"en_US","og_type":"article","og_title":"Art Deco wonders - Interkultur","og_description":"Stroll Paris for some of the most beautiful Art Deco wonders from le Corbusier to the American influence and the great 1925 exhibition","og_url":"https:\/\/interkultur.fr\/en\/event\/art-deco-wonders\/","og_site_name":"Interkultur","article_modified_time":"2024-10-01T21:30:06+00:00","og_image":[{"width":420,"height":560,"url":"https:\/\/interkultur.fr\/wp-content\/uploads\/2024\/09\/Art-Deco-dancer.jpg","type":"image\/jpeg"}],"twitter_card":"summary_large_image","schema":{"@context":"https:\/\/schema.org","@graph":[{"@type":"WebPage","@id":"https:\/\/interkultur.fr\/en\/event\/art-deco-wonders\/","url":"https:\/\/interkultur.fr\/en\/event\/art-deco-wonders\/","name":"Art Deco wonders - Interkultur","isPartOf":{"@id":"https:\/\/interkultur.fr\/en\/#website"},"primaryImageOfPage":{"@id":"https:\/\/interkultur.fr\/en\/event\/art-deco-wonders\/#primaryimage"},"image":{"@id":"https:\/\/interkultur.fr\/en\/event\/art-deco-wonders\/#primaryimage"},"thumbnailUrl":"https:\/\/interkultur.fr\/wp-content\/uploads\/2024\/09\/Art-Deco-dancer.jpg","datePublished":"2024-09-11T14:40:41+00:00","dateModified":"2024-10-01T21:30:06+00:00","description":"Stroll Paris for some of the most beautiful Art Deco wonders from le Corbusier to the American influence and the great 1925 exhibition","breadcrumb":{"@id":"https:\/\/interkultur.fr\/en\/event\/art-deco-wonders\/#breadcrumb"},"inLanguage":"en-US","potentialAction":[{"@type":"ReadAction","target":["https:\/\/interkultur.fr\/en\/event\/art-deco-wonders\/"]}]},{"@type":"ImageObject","inLanguage":"en-US","@id":"https:\/\/interkultur.fr\/en\/event\/art-deco-wonders\/#primaryimage","url":"https:\/\/interkultur.fr\/wp-content\/uploads\/2024\/09\/Art-Deco-dancer.jpg","contentUrl":"https:\/\/interkultur.fr\/wp-content\/uploads\/2024\/09\/Art-Deco-dancer.jpg","width":420,"height":560},{"@type":"BreadcrumbList","@id":"https:\/\/interkultur.fr\/en\/event\/art-deco-wonders\/#breadcrumb","itemListElement":[{"@type":"ListItem","position":1,"name":"Accueil","item":"https:\/\/interkultur.fr\/en\/"},{"@type":"ListItem","position":2,"name":"Events","item":"https:\/\/interkultur.fr\/en\/events\/"},{"@type":"ListItem","position":3,"name":"Art Deco wonders"}]},{"@type":"WebSite","@id":"https:\/\/interkultur.fr\/en\/#website","url":"https:\/\/interkultur.fr\/en\/","name":"Interkultur","description":"Visites et \u00e9v\u00e9nements culturels dans le Paris secret li\u00e9s \u00e0 l\u2019Histoire, l\u2019art, et la valorisation du patrimoine et des savoirs faire.","potentialAction":[{"@type":"SearchAction","target":{"@type":"EntryPoint","urlTemplate":"https:\/\/interkultur.fr\/en\/?s={search_term_string}"},"query-input":{"@type":"PropertyValueSpecification","valueRequired":true,"valueName":"search_term_string"}}],"inLanguage":"en-US"}]}},"ticketed":["tc"],"_links":{"self":[{"href":"https:\/\/interkultur.fr\/en\/wp-json\/wp\/v2\/tribe_events\/9618","targetHints":{"allow":["GET"]}}],"collection":[{"href":"https:\/\/interkultur.fr\/en\/wp-json\/wp\/v2\/tribe_events"}],"about":[{"href":"https:\/\/interkultur.fr\/en\/wp-json\/wp\/v2\/types\/tribe_events"}],"author":[{"embeddable":true,"href":"https:\/\/interkultur.fr\/en\/wp-json\/wp\/v2\/users\/4"}],"version-history":[{"count":0,"href":"https:\/\/interkultur.fr\/en\/wp-json\/wp\/v2\/tribe_events\/9618\/revisions"}],"wp:featuredmedia":[{"embeddable":true,"href":"https:\/\/interkultur.fr\/en\/wp-json\/wp\/v2\/media\/9620"}],"wp:attachment":[{"href":"https:\/\/interkultur.fr\/en\/wp-json\/wp\/v2\/media?parent=9618"}],"wp:term":[{"taxonomy":"post_tag","embeddable":true,"href":"https:\/\/interkultur.fr\/en\/wp-json\/wp\/v2\/tags?post=9618"},{"taxonomy":"tribe_events_cat","embeddable":true,"href":"https:\/\/interkultur.fr\/en\/wp-json\/wp\/v2\/tribe_events_cat?post=9618"}],"curies":[{"name":"wp","href":"https:\/\/api.w.org\/{rel}","templated":true}]}}